{"id":18935,"date":"2020-11-18T17:00:47","date_gmt":"2020-11-18T17:00:47","guid":{"rendered":"http:\/\/aikikai-international-geneve.ch\/web?page_id=18935"},"modified":"2020-11-18T17:00:48","modified_gmt":"2020-11-18T17:00:48","slug":"cursos-y-seminarios","status":"publish","type":"page","link":"https:\/\/aikikai-international-geneve.ch\/?page_id=18935&lang=es","title":{"rendered":"Cursos y Seminarios"},"content":{"rendered":"\t\t<div data-elementor-type=\"wp-page\" data-elementor-id=\"18935\" class=\"elementor elementor-18935 elementor-16736\" data-elementor-post-type=\"page\">\n\t\t\t\t\t\t<section class=\"elementor-section elementor-top-section elementor-element elementor-element-1a8b55f elementor-section-boxed elementor-section-height-default elementor-section-height-default\" data-id=\"1a8b55f\" data-element_type=\"section\" data-e-type=\"section\" data-settings=\"{&quot;background_background&quot;:&quot;classic&quot;}\">\n\t\t\t\t\t\t<div class=\"elementor-container elementor-column-gap-default\">\n\t\t\t\t\t<div class=\"elementor-column elementor-col-100 elementor-top-column elementor-element elementor-element-2e72933\" data-id=\"2e72933\" data-element_type=\"column\" data-e-type=\"column\">\n\t\t\t<div class=\"elementor-widget-wrap elementor-element-populated\">\n\t\t\t\t\t\t<div class=\"elementor-element elementor-element-766761f elementor-widget elementor-widget-heading\" data-id=\"766761f\" data-element_type=\"widget\" data-e-type=\"widget\" data-widget_type=\"heading.default\">\n\t\t\t\t<div class=\"elementor-widget-container\">\n\t\t\t\t\t<h3 class=\"elementor-heading-title elementor-size-default\">Cursos y Seminarios<\/h3>\t\t\t\t<\/div>\n\t\t\t\t<\/div>\n\t\t\t\t<div class=\"elementor-element elementor-element-8f8e0c0 elementor-widget elementor-widget-gallery\" data-id=\"8f8e0c0\" data-element_type=\"widget\" data-e-type=\"widget\" data-settings=\"{&quot;gallery_layout&quot;:&quot;masonry&quot;,&quot;lazyload&quot;:&quot;yes&quot;,&quot;columns&quot;:4,&quot;columns_tablet&quot;:2,&quot;columns_mobile&quot;:1,&quot;gap&quot;:{&quot;unit&quot;:&quot;px&quot;,&quot;size&quot;:10,&quot;sizes&quot;:[]},&quot;gap_tablet&quot;:{&quot;unit&quot;:&quot;px&quot;,&quot;size&quot;:10,&quot;sizes&quot;:[]},&quot;gap_mobile&quot;:{&quot;unit&quot;:&quot;px&quot;,&quot;size&quot;:10,&quot;sizes&quot;:[]},&quot;link_to&quot;:&quot;file&quot;,&quot;overlay_background&quot;:&quot;yes&quot;,&quot;content_hover_animation&quot;:&quot;fade-in&quot;}\" data-widget_type=\"gallery.default\">\n\t\t\t\t<div class=\"elementor-widget-container\">\n\t\t\t\t\t\t\t\t<div class=\"elementor-gallery__titles-container e--pointer-underline e--animation-fade\" aria-label=\"Filtro de galer\u00eda\">\n\t\t\t\t\n\t\t\t\t\t\t\t\t\t<a class=\"elementor-item elementor-gallery-title\" role=\"button\" tabindex=\"0\" data-gallery-index=\"0\">\n\t\t\t\t\t\tUrdorf 2016\t\t\t\t\t<\/a>\n\t\t\t\t\t\t\t\t\t\t<a class=\"elementor-item elementor-gallery-title\" role=\"button\" tabindex=\"0\" data-gallery-index=\"1\">\n\t\t\t\t\t\tACSA 2015\t\t\t\t\t<\/a>\n\t\t\t\t\t\t\t\t\t\t<a class=\"elementor-item elementor-gallery-title\" role=\"button\" tabindex=\"0\" data-gallery-index=\"2\">\n\t\t\t\t\t\tPrague 2015\t\t\t\t\t<\/a>\n\t\t\t\t\t\t\t\t\t\t<a class=\"elementor-item elementor-gallery-title\" role=\"button\" tabindex=\"0\" data-gallery-index=\"3\">\n\t\t\t\t\t\tKenjutsu 2014\t\t\t\t\t<\/a>\n\t\t\t\t\t\t\t\t\t\t<a class=\"elementor-item elementor-gallery-title\" role=\"button\" tabindex=\"0\" data-gallery-index=\"4\">\n\t\t\t\t\t\tGildo 2013\t\t\t\t\t<\/a>\n\t\t\t\t\t\t\t\t\t\t<a class=\"elementor-item elementor-gallery-title\" role=\"button\" tabindex=\"0\" data-gallery-index=\"5\">\n\t\t\t\t\t\tMeyrin 2013\t\t\t\t\t<\/a>\n\t\t\t\t\t\t\t\t\t\t<a class=\"elementor-item elementor-gallery-title\" role=\"button\" tabindex=\"0\" data-gallery-index=\"6\">\n\t\t\t\t\t\tInitiation 2013\t\t\t\t\t<\/a>\n\t\t\t\t\t\t\t\t\t\t<a class=\"elementor-item elementor-gallery-title\" role=\"button\" tabindex=\"0\" data-gallery-index=\"7\">\n\t\t\t\t\t\tUrdorf 2013\t\t\t\t\t<\/a>\n\t\t\t\t\t\t\t\t\t\t<a class=\"elementor-item elementor-gallery-title\" role=\"button\" tabindex=\"0\" data-gallery-index=\"8\">\n\t\t\t\t\t\tPrague 2012\t\t\t\t\t<\/a>\n\t\t\t\t\t\t\t\t\t\t<a class=\"elementor-item elementor-gallery-title\" role=\"button\" tabindex=\"0\" data-gallery-index=\"9\">\n\t\t\t\t\t\tSursee 2012\t\t\t\t\t<\/a>\n\t\t\t\t\t\t\t\t<\/div>\n\t\t\t\t\t<div class=\"elementor-gallery__container\">\n\t\t\t\t\t\t\t<a class=\"e-gallery-item elementor-gallery-item elementor-animated-content\" data-e-gallery-tags=\"0\" href=\"https:\/\/aikikai-international-geneve.ch\/wp-content\/uploads\/2019\/11\/image-1.jpg\" data-elementor-open-lightbox=\"yes\" data-elementor-lightbox-slideshow=\"8f8e0c0\" data-elementor-lightbox-title=\"Yudansha \u00e0 Urdorf 3 d\u00e9cembre 2016\" data-e-action-hash=\"#elementor-action%3Aaction%3Dlightbox%26settings%3DeyJpZCI6MTY5MTIsInVybCI6Imh0dHBzOlwvXC9haWtpa2FpLWludGVybmF0aW9uYWwtZ2VuZXZlLmNoXC93cC1jb250ZW50XC91cGxvYWRzXC8yMDE5XC8xMVwvaW1hZ2UtMS5qcGciLCJzbGlkZXNob3ciOiI4ZjhlMGMwIn0%3D\">\n\t\t\t\t\t<div class=\"e-gallery-image elementor-gallery-item__image\" data-thumbnail=\"https:\/\/aikikai-international-geneve.ch\/wp-content\/uploads\/2019\/11\/image-1-300x200.jpg\" data-width=\"300\" data-height=\"200\" aria-label=\"\" role=\"img\" ><\/div>\n\t\t\t\t\t\t\t\t\t\t\t<div class=\"elementor-gallery-item__overlay\"><\/div>\n\t\t\t\t\t\t\t\t\t\t\t\t\t\t<\/a>\n\t\t\t\t\t\t\t<a class=\"e-gallery-item elementor-gallery-item elementor-animated-content\" data-e-gallery-tags=\"0\" href=\"https:\/\/aikikai-international-geneve.ch\/wp-content\/uploads\/2019\/11\/image-2.jpg\" data-elementor-open-lightbox=\"yes\" data-elementor-lightbox-slideshow=\"8f8e0c0\" data-elementor-lightbox-title=\"Yudansha \u00e0 Urdorf 3 d\u00e9cembre 2016\" data-e-action-hash=\"#elementor-action%3Aaction%3Dlightbox%26settings%3DeyJpZCI6MTY5MDYsInVybCI6Imh0dHBzOlwvXC9haWtpa2FpLWludGVybmF0aW9uYWwtZ2VuZXZlLmNoXC93cC1jb250ZW50XC91cGxvYWRzXC8yMDE5XC8xMVwvaW1hZ2UtMi5qcGciLCJzbGlkZXNob3ciOiI4ZjhlMGMwIn0%3D\">\n\t\t\t\t\t<div class=\"e-gallery-image elementor-gallery-item__image\" data-thumbnail=\"https:\/\/aikikai-international-geneve.ch\/wp-content\/uploads\/2019\/11\/image-2-300x200.jpg\" data-width=\"300\" data-height=\"200\" aria-label=\"\" role=\"img\" ><\/div>\n\t\t\t\t\t\t\t\t\t\t\t<div class=\"elementor-gallery-item__overlay\"><\/div>\n\t\t\t\t\t\t\t\t\t\t\t\t\t\t<\/a>\n\t\t\t\t\t\t\t<a class=\"e-gallery-item elementor-gallery-item elementor-animated-content\" data-e-gallery-tags=\"0\" href=\"https:\/\/aikikai-international-geneve.ch\/wp-content\/uploads\/2019\/11\/image-3.jpg\" data-elementor-open-lightbox=\"yes\" data-elementor-lightbox-slideshow=\"8f8e0c0\" data-elementor-lightbox-title=\"Yudansha \u00e0 Urdorf 3 d\u00e9cembre 2016\" data-e-action-hash=\"#elementor-action%3Aaction%3Dlightbox%26settings%3DeyJpZCI6MTY5MDAsInVybCI6Imh0dHBzOlwvXC9haWtpa2FpLWludGVybmF0aW9uYWwtZ2VuZXZlLmNoXC93cC1jb250ZW50XC91cGxvYWRzXC8yMDE5XC8xMVwvaW1hZ2UtMy5qcGciLCJzbGlkZXNob3ciOiI4ZjhlMGMwIn0%3D\">\n\t\t\t\t\t<div class=\"e-gallery-image elementor-gallery-item__image\" data-thumbnail=\"https:\/\/aikikai-international-geneve.ch\/wp-content\/uploads\/2019\/11\/image-3-300x200.jpg\" data-width=\"300\" data-height=\"200\" aria-label=\"\" role=\"img\" ><\/div>\n\t\t\t\t\t\t\t\t\t\t\t<div class=\"elementor-gallery-item__overlay\"><\/div>\n\t\t\t\t\t\t\t\t\t\t\t\t\t\t<\/a>\n\t\t\t\t\t\t\t<a class=\"e-gallery-item elementor-gallery-item elementor-animated-content\" data-e-gallery-tags=\"0\" href=\"https:\/\/aikikai-international-geneve.ch\/wp-content\/uploads\/2019\/11\/image-4.jpg\" data-elementor-open-lightbox=\"yes\" data-elementor-lightbox-slideshow=\"8f8e0c0\" data-elementor-lightbox-title=\"Yudansha \u00e0 Urdorf 3 d\u00e9cembre 2016\" data-e-action-hash=\"#elementor-action%3Aaction%3Dlightbox%26settings%3DeyJpZCI6MTY4OTQsInVybCI6Imh0dHBzOlwvXC9haWtpa2FpLWludGVybmF0aW9uYWwtZ2VuZXZlLmNoXC93cC1jb250ZW50XC91cGxvYWRzXC8yMDE5XC8xMVwvaW1hZ2UtNC5qcGciLCJzbGlkZXNob3ciOiI4ZjhlMGMwIn0%3D\">\n\t\t\t\t\t<div class=\"e-gallery-image elementor-gallery-item__image\" data-thumbnail=\"https:\/\/aikikai-international-geneve.ch\/wp-content\/uploads\/2019\/11\/image-4-300x200.jpg\" data-width=\"300\" data-height=\"200\" aria-label=\"\" role=\"img\" ><\/div>\n\t\t\t\t\t\t\t\t\t\t\t<div class=\"elementor-gallery-item__overlay\"><\/div>\n\t\t\t\t\t\t\t\t\t\t\t\t\t\t<\/a>\n\t\t\t\t\t\t\t<a class=\"e-gallery-item elementor-gallery-item elementor-animated-content\" data-e-gallery-tags=\"0\" href=\"https:\/\/aikikai-international-geneve.ch\/wp-content\/uploads\/2019\/11\/image-5.jpg\" data-elementor-open-lightbox=\"yes\" data-elementor-lightbox-slideshow=\"8f8e0c0\" data-elementor-lightbox-title=\"Yudansha \u00e0 Urdorf 3 d\u00e9cembre 2016\" data-e-action-hash=\"#elementor-action%3Aaction%3Dlightbox%26settings%3DeyJpZCI6MTY4ODgsInVybCI6Imh0dHBzOlwvXC9haWtpa2FpLWludGVybmF0aW9uYWwtZ2VuZXZlLmNoXC93cC1jb250ZW50XC91cGxvYWRzXC8yMDE5XC8xMVwvaW1hZ2UtNS5qcGciLCJzbGlkZXNob3ciOiI4ZjhlMGMwIn0%3D\">\n\t\t\t\t\t<div class=\"e-gallery-image elementor-gallery-item__image\" data-thumbnail=\"https:\/\/aikikai-international-geneve.ch\/wp-content\/uploads\/2019\/11\/image-5-300x200.jpg\" data-width=\"300\" data-height=\"200\" aria-label=\"\" role=\"img\" ><\/div>\n\t\t\t\t\t\t\t\t\t\t\t<div class=\"elementor-gallery-item__overlay\"><\/div>\n\t\t\t\t\t\t\t\t\t\t\t\t\t\t<\/a>\n\t\t\t\t\t\t\t<a class=\"e-gallery-item elementor-gallery-item elementor-animated-content\" data-e-gallery-tags=\"0\" href=\"https:\/\/aikikai-international-geneve.ch\/wp-content\/uploads\/2019\/11\/image-6.jpg\" data-elementor-open-lightbox=\"yes\" data-elementor-lightbox-slideshow=\"8f8e0c0\" data-elementor-lightbox-title=\"Yudansha \u00e0 Urdorf 3 d\u00e9cembre 2016\" data-e-action-hash=\"#elementor-action%3Aaction%3Dlightbox%26settings%3DeyJpZCI6MTY4ODIsInVybCI6Imh0dHBzOlwvXC9haWtpa2FpLWludGVybmF0aW9uYWwtZ2VuZXZlLmNoXC93cC1jb250ZW50XC91cGxvYWRzXC8yMDE5XC8xMVwvaW1hZ2UtNi5qcGciLCJzbGlkZXNob3ciOiI4ZjhlMGMwIn0%3D\">\n\t\t\t\t\t<div class=\"e-gallery-image elementor-gallery-item__image\" data-thumbnail=\"https:\/\/aikikai-international-geneve.ch\/wp-content\/uploads\/2019\/11\/image-6-300x200.jpg\" data-width=\"300\" data-height=\"200\" aria-label=\"\" role=\"img\" ><\/div>\n\t\t\t\t\t\t\t\t\t\t\t<div class=\"elementor-gallery-item__overlay\"><\/div>\n\t\t\t\t\t\t\t\t\t\t\t\t\t\t<\/a>\n\t\t\t\t\t\t\t<a class=\"e-gallery-item elementor-gallery-item elementor-animated-content\" data-e-gallery-tags=\"0\" href=\"https:\/\/aikikai-international-geneve.ch\/wp-content\/uploads\/2019\/11\/image-8.jpg\" data-elementor-open-lightbox=\"yes\" data-elementor-lightbox-slideshow=\"8f8e0c0\" data-elementor-lightbox-title=\"Yudansha \u00e0 Urdorf 3 d\u00e9cembre 2016\" data-e-action-hash=\"#elementor-action%3Aaction%3Dlightbox%26settings%3DeyJpZCI6MTY4NzYsInVybCI6Imh0dHBzOlwvXC9haWtpa2FpLWludGVybmF0aW9uYWwtZ2VuZXZlLmNoXC93cC1jb250ZW50XC91cGxvYWRzXC8yMDE5XC8xMVwvaW1hZ2UtOC5qcGciLCJzbGlkZXNob3ciOiI4ZjhlMGMwIn0%3D\">\n\t\t\t\t\t<div class=\"e-gallery-image elementor-gallery-item__image\" data-thumbnail=\"https:\/\/aikikai-international-geneve.ch\/wp-content\/uploads\/2019\/11\/image-8-300x200.jpg\" data-width=\"300\" data-height=\"200\" aria-label=\"\" role=\"img\" ><\/div>\n\t\t\t\t\t\t\t\t\t\t\t<div class=\"elementor-gallery-item__overlay\"><\/div>\n\t\t\t\t\t\t\t\t\t\t\t\t\t\t<\/a>\n\t\t\t\t\t\t\t<a class=\"e-gallery-item elementor-gallery-item elementor-animated-content\" data-e-gallery-tags=\"0\" href=\"https:\/\/aikikai-international-geneve.ch\/wp-content\/uploads\/2019\/11\/image-9.jpg\" data-elementor-open-lightbox=\"yes\" data-elementor-lightbox-slideshow=\"8f8e0c0\" data-elementor-lightbox-title=\"Yudansha \u00e0 Urdorf 3 d\u00e9cembre 2016\" data-e-action-hash=\"#elementor-action%3Aaction%3Dlightbox%26settings%3DeyJpZCI6MTY4NzAsInVybCI6Imh0dHBzOlwvXC9haWtpa2FpLWludGVybmF0aW9uYWwtZ2VuZXZlLmNoXC93cC1jb250ZW50XC91cGxvYWRzXC8yMDE5XC8xMVwvaW1hZ2UtOS5qcGciLCJzbGlkZXNob3ciOiI4ZjhlMGMwIn0%3D\">\n\t\t\t\t\t<div class=\"e-gallery-image elementor-gallery-item__image\" data-thumbnail=\"https:\/\/aikikai-international-geneve.ch\/wp-content\/uploads\/2019\/11\/image-9-300x225.jpg\" data-width=\"300\" data-height=\"225\" aria-label=\"\" role=\"img\" ><\/div>\n\t\t\t\t\t\t\t\t\t\t\t<div class=\"elementor-gallery-item__overlay\"><\/div>\n\t\t\t\t\t\t\t\t\t\t\t\t\t\t<\/a>\n\t\t\t\t\t\t\t<a class=\"e-gallery-item elementor-gallery-item elementor-animated-content\" data-e-gallery-tags=\"0\" href=\"https:\/\/aikikai-international-geneve.ch\/wp-content\/uploads\/2019\/11\/image-10.jpg\" data-elementor-open-lightbox=\"yes\" data-elementor-lightbox-slideshow=\"8f8e0c0\" data-elementor-lightbox-title=\"Yudansha \u00e0 Urdorf 3 d\u00e9cembre 2016\" data-e-action-hash=\"#elementor-action%3Aaction%3Dlightbox%26settings%3DeyJpZCI6MTY4NjQsInVybCI6Imh0dHBzOlwvXC9haWtpa2FpLWludGVybmF0aW9uYWwtZ2VuZXZlLmNoXC93cC1jb250ZW50XC91cGxvYWRzXC8yMDE5XC8xMVwvaW1hZ2UtMTAuanBnIiwic2xpZGVzaG93IjoiOGY4ZTBjMCJ9\">\n\t\t\t\t\t<div class=\"e-gallery-image elementor-gallery-item__image\" data-thumbnail=\"https:\/\/aikikai-international-geneve.ch\/wp-content\/uploads\/2019\/11\/image-10-300x225.jpg\" data-width=\"300\" data-height=\"225\" aria-label=\"\" role=\"img\" ><\/div>\n\t\t\t\t\t\t\t\t\t\t\t<div class=\"elementor-gallery-item__overlay\"><\/div>\n\t\t\t\t\t\t\t\t\t\t\t\t\t\t<\/a>\n\t\t\t\t\t\t\t<a class=\"e-gallery-item elementor-gallery-item elementor-animated-content\" data-e-gallery-tags=\"0\" href=\"https:\/\/aikikai-international-geneve.ch\/wp-content\/uploads\/2019\/11\/image-11.jpg\" data-elementor-open-lightbox=\"yes\" data-elementor-lightbox-slideshow=\"8f8e0c0\" data-elementor-lightbox-title=\"Yudansha \u00e0 Urdorf 3 d\u00e9cembre 2016\" data-e-action-hash=\"#elementor-action%3Aaction%3Dlightbox%26settings%3DeyJpZCI6MTY4NTgsInVybCI6Imh0dHBzOlwvXC9haWtpa2FpLWludGVybmF0aW9uYWwtZ2VuZXZlLmNoXC93cC1jb250ZW50XC91cGxvYWRzXC8yMDE5XC8xMVwvaW1hZ2UtMTEuanBnIiwic2xpZGVzaG93IjoiOGY4ZTBjMCJ9\">\n\t\t\t\t\t<div class=\"e-gallery-image elementor-gallery-item__image\" data-thumbnail=\"https:\/\/aikikai-international-geneve.ch\/wp-content\/uploads\/2019\/11\/image-11-300x225.jpg\" data-width=\"300\" data-height=\"225\" aria-label=\"\" role=\"img\" ><\/div>\n\t\t\t\t\t\t\t\t\t\t\t<div class=\"elementor-gallery-item__overlay\"><\/div>\n\t\t\t\t\t\t\t\t\t\t\t\t\t\t<\/a>\n\t\t\t\t\t\t\t<a class=\"e-gallery-item elementor-gallery-item elementor-animated-content\" data-e-gallery-tags=\"0\" href=\"https:\/\/aikikai-international-geneve.ch\/wp-content\/uploads\/2019\/11\/image-12.jpg\" data-elementor-open-lightbox=\"yes\" data-elementor-lightbox-slideshow=\"8f8e0c0\" data-elementor-lightbox-title=\"Yudansha \u00e0 Urdorf 3 d\u00e9cembre 2016\" data-e-action-hash=\"#elementor-action%3Aaction%3Dlightbox%26settings%3DeyJpZCI6MTY4NTIsInVybCI6Imh0dHBzOlwvXC9haWtpa2FpLWludGVybmF0aW9uYWwtZ2VuZXZlLmNoXC93cC1jb250ZW50XC91cGxvYWRzXC8yMDE5XC8xMVwvaW1hZ2UtMTIuanBnIiwic2xpZGVzaG93IjoiOGY4ZTBjMCJ9\">\n\t\t\t\t\t<div class=\"e-gallery-image elementor-gallery-item__image\" data-thumbnail=\"https:\/\/aikikai-international-geneve.ch\/wp-content\/uploads\/2019\/11\/image-12-300x225.jpg\" data-width=\"300\" data-height=\"225\" aria-label=\"\" role=\"img\" ><\/div>\n\t\t\t\t\t\t\t\t\t\t\t<div class=\"elementor-gallery-item__overlay\"><\/div>\n\t\t\t\t\t\t\t\t\t\t\t\t\t\t<\/a>\n\t\t\t\t\t\t\t<a class=\"e-gallery-item elementor-gallery-item elementor-animated-content\" data-e-gallery-tags=\"0\" href=\"https:\/\/aikikai-international-geneve.ch\/wp-content\/uploads\/2019\/11\/image-13.jpg\" data-elementor-open-lightbox=\"yes\" data-elementor-lightbox-slideshow=\"8f8e0c0\" data-elementor-lightbox-title=\"Yudansha \u00e0 Urdorf 3 d\u00e9cembre 2016\" data-e-action-hash=\"#elementor-action%3Aaction%3Dlightbox%26settings%3DeyJpZCI6MTY4NDYsInVybCI6Imh0dHBzOlwvXC9haWtpa2FpLWludGVybmF0aW9uYWwtZ2VuZXZlLmNoXC93cC1jb250ZW50XC91cGxvYWRzXC8yMDE5XC8xMVwvaW1hZ2UtMTMuanBnIiwic2xpZGVzaG93IjoiOGY4ZTBjMCJ9\">\n\t\t\t\t\t<div class=\"e-gallery-image elementor-gallery-item__image\" data-thumbnail=\"https:\/\/aikikai-international-geneve.ch\/wp-content\/uploads\/2019\/11\/image-13-300x225.jpg\" data-width=\"300\" data-height=\"225\" aria-label=\"\" role=\"img\" ><\/div>\n\t\t\t\t\t\t\t\t\t\t\t<div class=\"elementor-gallery-item__overlay\"><\/div>\n\t\t\t\t\t\t\t\t\t\t\t\t\t\t<\/a>\n\t\t\t\t\t\t\t<a class=\"e-gallery-item elementor-gallery-item elementor-animated-content\" data-e-gallery-tags=\"0\" href=\"https:\/\/aikikai-international-geneve.ch\/wp-content\/uploads\/2019\/11\/image-14.jpg\" data-elementor-open-lightbox=\"yes\" data-elementor-lightbox-slideshow=\"8f8e0c0\" data-elementor-lightbox-title=\"Yudansha \u00e0 Urdorf 3 d\u00e9cembre 2016\" data-e-action-hash=\"#elementor-action%3Aaction%3Dlightbox%26settings%3DeyJpZCI6MTY4NDAsInVybCI6Imh0dHBzOlwvXC9haWtpa2FpLWludGVybmF0aW9uYWwtZ2VuZXZlLmNoXC93cC1jb250ZW50XC91cGxvYWRzXC8yMDE5XC8xMVwvaW1hZ2UtMTQuanBnIiwic2xpZGVzaG93IjoiOGY4ZTBjMCJ9\">\n\t\t\t\t\t<div class=\"e-gallery-image elementor-gallery-item__image\" data-thumbnail=\"https:\/\/aikikai-international-geneve.ch\/wp-content\/uploads\/2019\/11\/image-14-300x225.jpg\" data-width=\"300\" data-height=\"225\" aria-label=\"\" role=\"img\" ><\/div>\n\t\t\t\t\t\t\t\t\t\t\t<div class=\"elementor-gallery-item__overlay\"><\/div>\n\t\t\t\t\t\t\t\t\t\t\t\t\t\t<\/a>\n\t\t\t\t\t\t\t<a class=\"e-gallery-item elementor-gallery-item elementor-animated-content\" data-e-gallery-tags=\"0\" href=\"https:\/\/aikikai-international-geneve.ch\/wp-content\/uploads\/2019\/11\/image-15.jpg\" data-elementor-open-lightbox=\"yes\" data-elementor-lightbox-slideshow=\"8f8e0c0\" data-elementor-lightbox-title=\"Yudansha \u00e0 Urdorf 3 d\u00e9cembre 2016\" data-e-action-hash=\"#elementor-action%3Aaction%3Dlightbox%26settings%3DeyJpZCI6MTY4MzQsInVybCI6Imh0dHBzOlwvXC9haWtpa2FpLWludGVybmF0aW9uYWwtZ2VuZXZlLmNoXC93cC1jb250ZW50XC91cGxvYWRzXC8yMDE5XC8xMVwvaW1hZ2UtMTUuanBnIiwic2xpZGVzaG93IjoiOGY4ZTBjMCJ9\">\n\t\t\t\t\t<div class=\"e-gallery-image elementor-gallery-item__image\" data-thumbnail=\"https:\/\/aikikai-international-geneve.ch\/wp-content\/uploads\/2019\/11\/image-15-300x225.jpg\" data-width=\"300\" data-height=\"225\" aria-label=\"\" role=\"img\" ><\/div>\n\t\t\t\t\t\t\t\t\t\t\t<div class=\"elementor-gallery-item__overlay\"><\/div>\n\t\t\t\t\t\t\t\t\t\t\t\t\t\t<\/a>\n\t\t\t\t\t\t\t<a class=\"e-gallery-item elementor-gallery-item elementor-animated-content\" data-e-gallery-tags=\"0\" href=\"https:\/\/aikikai-international-geneve.ch\/wp-content\/uploads\/2019\/11\/image-16.jpg\" data-elementor-open-lightbox=\"yes\" data-elementor-lightbox-slideshow=\"8f8e0c0\" data-elementor-lightbox-title=\"Yudansha \u00e0 Urdorf 3 d\u00e9cembre 2016\" data-e-action-hash=\"#elementor-action%3Aaction%3Dlightbox%26settings%3DeyJpZCI6MTY4MjgsInVybCI6Imh0dHBzOlwvXC9haWtpa2FpLWludGVybmF0aW9uYWwtZ2VuZXZlLmNoXC93cC1jb250ZW50XC91cGxvYWRzXC8yMDE5XC8xMVwvaW1hZ2UtMTYuanBnIiwic2xpZGVzaG93IjoiOGY4ZTBjMCJ9\">\n\t\t\t\t\t<div class=\"e-gallery-image elementor-gallery-item__image\" data-thumbnail=\"https:\/\/aikikai-international-geneve.ch\/wp-content\/uploads\/2019\/11\/image-16-300x225.jpg\" data-width=\"300\" data-height=\"225\" aria-label=\"\" role=\"img\" ><\/div>\n\t\t\t\t\t\t\t\t\t\t\t<div class=\"elementor-gallery-item__overlay\"><\/div>\n\t\t\t\t\t\t\t\t\t\t\t\t\t\t<\/a>\n\t\t\t\t\t\t\t<a class=\"e-gallery-item elementor-gallery-item elementor-animated-content\" data-e-gallery-tags=\"0\" href=\"https:\/\/aikikai-international-geneve.ch\/wp-content\/uploads\/2019\/11\/image-17.jpg\" data-elementor-open-lightbox=\"yes\" data-elementor-lightbox-slideshow=\"8f8e0c0\" data-elementor-lightbox-title=\"Yudansha \u00e0 Urdorf 3 d\u00e9cembre 2016\" data-e-action-hash=\"#elementor-action%3Aaction%3Dlightbox%26settings%3DeyJpZCI6MTY4MjIsInVybCI6Imh0dHBzOlwvXC9haWtpa2FpLWludGVybmF0aW9uYWwtZ2VuZXZlLmNoXC93cC1jb250ZW50XC91cGxvYWRzXC8yMDE5XC8xMVwvaW1hZ2UtMTcuanBnIiwic2xpZGVzaG93IjoiOGY4ZTBjMCJ9\">\n\t\t\t\t\t<div class=\"e-gallery-image elementor-gallery-item__image\" data-thumbnail=\"https:\/\/aikikai-international-geneve.ch\/wp-content\/uploads\/2019\/11\/image-17-300x225.jpg\" data-width=\"300\" data-height=\"225\" aria-label=\"\" role=\"img\" ><\/div>\n\t\t\t\t\t\t\t\t\t\t\t<div class=\"elementor-gallery-item__overlay\"><\/div>\n\t\t\t\t\t\t\t\t\t\t\t\t\t\t<\/a>\n\t\t\t\t\t\t\t<a class=\"e-gallery-item elementor-gallery-item elementor-animated-content\" data-e-gallery-tags=\"0\" href=\"https:\/\/aikikai-international-geneve.ch\/wp-content\/uploads\/2019\/11\/image-18.jpg\" data-elementor-open-lightbox=\"yes\" data-elementor-lightbox-slideshow=\"8f8e0c0\" data-elementor-lightbox-title=\"Yudansha \u00e0 Urdorf 3 d\u00e9cembre 2016\" data-e-action-hash=\"#elementor-action%3Aaction%3Dlightbox%26settings%3DeyJpZCI6MTY4MTYsInVybCI6Imh0dHBzOlwvXC9haWtpa2FpLWludGVybmF0aW9uYWwtZ2VuZXZlLmNoXC93cC1jb250ZW50XC91cGxvYWRzXC8yMDE5XC8xMVwvaW1hZ2UtMTguanBnIiwic2xpZGVzaG93IjoiOGY4ZTBjMCJ9\">\n\t\t\t\t\t<div class=\"e-gallery-image elementor-gallery-item__image\" data-thumbnail=\"https:\/\/aikikai-international-geneve.ch\/wp-content\/uploads\/2019\/11\/image-18-300x225.jpg\" data-width=\"300\" data-height=\"225\" aria-label=\"\" role=\"img\" ><\/div>\n\t\t\t\t\t\t\t\t\t\t\t<div class=\"elementor-gallery-item__overlay\"><\/div>\n\t\t\t\t\t\t\t\t\t\t\t\t\t\t<\/a>\n\t\t\t\t\t\t\t<a class=\"e-gallery-item elementor-gallery-item elementor-animated-content\" data-e-gallery-tags=\"0\" href=\"https:\/\/aikikai-international-geneve.ch\/wp-content\/uploads\/2019\/11\/image-19.jpg\" data-elementor-open-lightbox=\"yes\" data-elementor-lightbox-slideshow=\"8f8e0c0\" data-elementor-lightbox-title=\"Yudansha \u00e0 Urdorf 3 d\u00e9cembre 2016\" data-e-action-hash=\"#elementor-action%3Aaction%3Dlightbox%26settings%3DeyJpZCI6MTY4MTAsInVybCI6Imh0dHBzOlwvXC9haWtpa2FpLWludGVybmF0aW9uYWwtZ2VuZXZlLmNoXC93cC1jb250ZW50XC91cGxvYWRzXC8yMDE5XC8xMVwvaW1hZ2UtMTkuanBnIiwic2xpZGVzaG93IjoiOGY4ZTBjMCJ9\">\n\t\t\t\t\t<div class=\"e-gallery-image elementor-gallery-item__image\" data-thumbnail=\"https:\/\/aikikai-international-geneve.ch\/wp-content\/uploads\/2019\/11\/image-19-300x225.jpg\" data-width=\"300\" data-height=\"225\" aria-label=\"\" role=\"img\" ><\/div>\n\t\t\t\t\t\t\t\t\t\t\t<div class=\"elementor-gallery-item__overlay\"><\/div>\n\t\t\t\t\t\t\t\t\t\t\t\t\t\t<\/a>\n\t\t\t\t\t\t\t<a class=\"e-gallery-item elementor-gallery-item elementor-animated-content\" data-e-gallery-tags=\"0\" href=\"https:\/\/aikikai-international-geneve.ch\/wp-content\/uploads\/2019\/11\/image-20.jpg\" data-elementor-open-lightbox=\"yes\" data-elementor-lightbox-slideshow=\"8f8e0c0\" data-elementor-lightbox-title=\"Yudansha \u00e0 Urdorf 3 d\u00e9cembre 2016\" data-e-action-hash=\"#elementor-action%3Aaction%3Dlightbox%26settings%3DeyJpZCI6MTY4MDQsInVybCI6Imh0dHBzOlwvXC9haWtpa2FpLWludGVybmF0aW9uYWwtZ2VuZXZlLmNoXC93cC1jb250ZW50XC91cGxvYWRzXC8yMDE5XC8xMVwvaW1hZ2UtMjAuanBnIiwic2xpZGVzaG93IjoiOGY4ZTBjMCJ9\">\n\t\t\t\t\t<div class=\"e-gallery-image elementor-gallery-item__image\" data-thumbnail=\"https:\/\/aikikai-international-geneve.ch\/wp-content\/uploads\/2019\/11\/image-20-300x225.jpg\" data-width=\"300\" data-height=\"225\" aria-label=\"\" role=\"img\" ><\/div>\n\t\t\t\t\t\t\t\t\t\t\t<div class=\"elementor-gallery-item__overlay\"><\/div>\n\t\t\t\t\t\t\t\t\t\t\t\t\t\t<\/a>\n\t\t\t\t\t\t\t<a class=\"e-gallery-item elementor-gallery-item elementor-animated-content\" data-e-gallery-tags=\"0\" href=\"https:\/\/aikikai-international-geneve.ch\/wp-content\/uploads\/2019\/11\/image-21.jpg\" data-elementor-open-lightbox=\"yes\" data-elementor-lightbox-slideshow=\"8f8e0c0\" data-elementor-lightbox-title=\"Yudansha \u00e0 Urdorf 3 d\u00e9cembre 2016\" data-e-action-hash=\"#elementor-action%3Aaction%3Dlightbox%26settings%3DeyJpZCI6MTY3OTgsInVybCI6Imh0dHBzOlwvXC9haWtpa2FpLWludGVybmF0aW9uYWwtZ2VuZXZlLmNoXC93cC1jb250ZW50XC91cGxvYWRzXC8yMDE5XC8xMVwvaW1hZ2UtMjEuanBnIiwic2xpZGVzaG93IjoiOGY4ZTBjMCJ9\">\n\t\t\t\t\t<div class=\"e-gallery-image elementor-gallery-item__image\" data-thumbnail=\"https:\/\/aikikai-international-geneve.ch\/wp-content\/uploads\/2019\/11\/image-21-300x169.jpg\" data-width=\"300\" data-height=\"169\" aria-label=\"\" role=\"img\" ><\/div>\n\t\t\t\t\t\t\t\t\t\t\t<div class=\"elementor-gallery-item__overlay\"><\/div>\n\t\t\t\t\t\t\t\t\t\t\t\t\t\t<\/a>\n\t\t\t\t\t\t\t<a class=\"e-gallery-item elementor-gallery-item elementor-animated-content\" data-e-gallery-tags=\"0\" href=\"https:\/\/aikikai-international-geneve.ch\/wp-content\/uploads\/2019\/11\/image-22.jpg\" data-elementor-open-lightbox=\"yes\" data-elementor-lightbox-slideshow=\"8f8e0c0\" data-elementor-lightbox-title=\"Yudansha \u00e0 Urdorf 3 d\u00e9cembre 2016\" data-e-action-hash=\"#elementor-action%3Aaction%3Dlightbox%26settings%3DeyJpZCI6MTY3OTIsInVybCI6Imh0dHBzOlwvXC9haWtpa2FpLWludGVybmF0aW9uYWwtZ2VuZXZlLmNoXC93cC1jb250ZW50XC91cGxvYWRzXC8yMDE5XC8xMVwvaW1hZ2UtMjIuanBnIiwic2xpZGVzaG93IjoiOGY4ZTBjMCJ9\">\n\t\t\t\t\t<div class=\"e-gallery-image elementor-gallery-item__image\" data-thumbnail=\"https:\/\/aikikai-international-geneve.ch\/wp-content\/uploads\/2019\/11\/image-22-300x225.jpg\" data-width=\"300\" data-height=\"225\" aria-label=\"\" role=\"img\" ><\/div>\n\t\t\t\t\t\t\t\t\t\t\t<div class=\"elementor-gallery-item__overlay\"><\/div>\n\t\t\t\t\t\t\t\t\t\t\t\t\t\t<\/a>\n\t\t\t\t\t\t\t<a class=\"e-gallery-item elementor-gallery-item elementor-animated-content\" data-e-gallery-tags=\"0\" href=\"https:\/\/aikikai-international-geneve.ch\/wp-content\/uploads\/2019\/11\/image-23.jpg\" data-elementor-open-lightbox=\"yes\" data-elementor-lightbox-slideshow=\"8f8e0c0\" data-elementor-lightbox-title=\"Yudansha \u00e0 Urdorf 3 d\u00e9cembre 2016\" data-e-action-hash=\"#elementor-action%3Aaction%3Dlightbox%26settings%3DeyJpZCI6MTY3ODYsInVybCI6Imh0dHBzOlwvXC9haWtpa2FpLWludGVybmF0aW9uYWwtZ2VuZXZlLmNoXC93cC1jb250ZW50XC91cGxvYWRzXC8yMDE5XC8xMVwvaW1hZ2UtMjMuanBnIiwic2xpZGVzaG93IjoiOGY4ZTBjMCJ9\">\n\t\t\t\t\t<div class=\"e-gallery-image elementor-gallery-item__image\" data-thumbnail=\"https:\/\/aikikai-international-geneve.ch\/wp-content\/uploads\/2019\/11\/image-23-300x225.jpg\" data-width=\"300\" data-height=\"225\" aria-label=\"\" role=\"img\" ><\/div>\n\t\t\t\t\t\t\t\t\t\t\t<div class=\"elementor-gallery-item__overlay\"><\/div>\n\t\t\t\t\t\t\t\t\t\t\t\t\t\t<\/a>\n\t\t\t\t\t\t\t<a class=\"e-gallery-item elementor-gallery-item elementor-animated-content\" data-e-gallery-tags=\"0\" href=\"https:\/\/aikikai-international-geneve.ch\/wp-content\/uploads\/2019\/11\/image-24.jpg\" data-elementor-open-lightbox=\"yes\" data-elementor-lightbox-slideshow=\"8f8e0c0\" data-elementor-lightbox-title=\"Yudansha \u00e0 Urdorf 3 d\u00e9cembre 2016\" data-e-action-hash=\"#elementor-action%3Aaction%3Dlightbox%26settings%3DeyJpZCI6MTY3ODAsInVybCI6Imh0dHBzOlwvXC9haWtpa2FpLWludGVybmF0aW9uYWwtZ2VuZXZlLmNoXC93cC1jb250ZW50XC91cGxvYWRzXC8yMDE5XC8xMVwvaW1hZ2UtMjQuanBnIiwic2xpZGVzaG93IjoiOGY4ZTBjMCJ9\">\n\t\t\t\t\t<div class=\"e-gallery-image elementor-gallery-item__image\" data-thumbnail=\"https:\/\/aikikai-international-geneve.ch\/wp-content\/uploads\/2019\/11\/image-24-300x225.jpg\" data-width=\"300\" data-height=\"225\" aria-label=\"\" role=\"img\" ><\/div>\n\t\t\t\t\t\t\t\t\t\t\t<div class=\"elementor-gallery-item__overlay\"><\/div>\n\t\t\t\t\t\t\t\t\t\t\t\t\t\t<\/a>\n\t\t\t\t\t\t\t<a class=\"e-gallery-item elementor-gallery-item elementor-animated-content\" data-e-gallery-tags=\"0\" href=\"https:\/\/aikikai-international-geneve.ch\/wp-content\/uploads\/2019\/11\/image-25.jpg\" data-elementor-open-lightbox=\"yes\" data-elementor-lightbox-slideshow=\"8f8e0c0\" data-elementor-lightbox-title=\"Yudansha \u00e0 Urdorf 3 d\u00e9cembre 2016\" data-e-action-hash=\"#elementor-action%3Aaction%3Dlightbox%26settings%3DeyJpZCI6MTY3NzQsInVybCI6Imh0dHBzOlwvXC9haWtpa2FpLWludGVybmF0aW9uYWwtZ2VuZXZlLmNoXC93cC1jb250ZW50XC91cGxvYWRzXC8yMDE5XC8xMVwvaW1hZ2UtMjUuanBnIiwic2xpZGVzaG93IjoiOGY4ZTBjMCJ9\">\n\t\t\t\t\t<div class=\"e-gallery-image elementor-gallery-item__image\" data-thumbnail=\"https:\/\/aikikai-international-geneve.ch\/wp-content\/uploads\/2019\/11\/image-25-300x225.jpg\" data-width=\"300\" data-height=\"225\" aria-label=\"\" role=\"img\" ><\/div>\n\t\t\t\t\t\t\t\t\t\t\t<div class=\"elementor-gallery-item__overlay\"><\/div>\n\t\t\t\t\t\t\t\t\t\t\t\t\t\t<\/a>\n\t\t\t\t\t\t\t<a class=\"e-gallery-item elementor-gallery-item elementor-animated-content\" data-e-gallery-tags=\"0\" href=\"https:\/\/aikikai-international-geneve.ch\/wp-content\/uploads\/2019\/11\/image-26.jpg\" data-elementor-open-lightbox=\"yes\" data-elementor-lightbox-slideshow=\"8f8e0c0\" data-elementor-lightbox-title=\"Yudansha \u00e0 Urdorf 3 d\u00e9cembre 2016\" data-e-action-hash=\"#elementor-action%3Aaction%3Dlightbox%26settings%3DeyJpZCI6MTY3NjgsInVybCI6Imh0dHBzOlwvXC9haWtpa2FpLWludGVybmF0aW9uYWwtZ2VuZXZlLmNoXC93cC1jb250ZW50XC91cGxvYWRzXC8yMDE5XC8xMVwvaW1hZ2UtMjYuanBnIiwic2xpZGVzaG93IjoiOGY4ZTBjMCJ9\">\n\t\t\t\t\t<div class=\"e-gallery-image elementor-gallery-item__image\" data-thumbnail=\"https:\/\/aikikai-international-geneve.ch\/wp-content\/uploads\/2019\/11\/image-26-300x225.jpg\" data-width=\"300\" data-height=\"225\" aria-label=\"\" role=\"img\" ><\/div>\n\t\t\t\t\t\t\t\t\t\t\t<div class=\"elementor-gallery-item__overlay\"><\/div>\n\t\t\t\t\t\t\t\t\t\t\t\t\t\t<\/a>\n\t\t\t\t\t\t\t<a class=\"e-gallery-item elementor-gallery-item elementor-animated-content\" data-e-gallery-tags=\"0\" href=\"https:\/\/aikikai-international-geneve.ch\/wp-content\/uploads\/2019\/11\/image-27.jpg\" data-elementor-open-lightbox=\"yes\" data-elementor-lightbox-slideshow=\"8f8e0c0\" data-elementor-lightbox-title=\"Yudansha \u00e0 Urdorf 3 d\u00e9cembre 2016\" data-e-action-hash=\"#elementor-action%3Aaction%3Dlightbox%26settings%3DeyJpZCI6MTY3NjIsInVybCI6Imh0dHBzOlwvXC9haWtpa2FpLWludGVybmF0aW9uYWwtZ2VuZXZlLmNoXC93cC1jb250ZW50XC91cGxvYWRzXC8yMDE5XC8xMVwvaW1hZ2UtMjcuanBnIiwic2xpZGVzaG93IjoiOGY4ZTBjMCJ9\">\n\t\t\t\t\t<div class=\"e-gallery-image elementor-gallery-item__image\" data-thumbnail=\"https:\/\/aikikai-international-geneve.ch\/wp-content\/uploads\/2019\/11\/image-27-300x225.jpg\" data-width=\"300\" data-height=\"225\" aria-label=\"\" role=\"img\" ><\/div>\n\t\t\t\t\t\t\t\t\t\t\t<div class=\"elementor-gallery-item__overlay\"><\/div>\n\t\t\t\t\t\t\t\t\t\t\t\t\t\t<\/a>\n\t\t\t\t\t\t\t<a class=\"e-gallery-item elementor-gallery-item elementor-animated-content\" data-e-gallery-tags=\"0\" href=\"https:\/\/aikikai-international-geneve.ch\/wp-content\/uploads\/2019\/11\/image-28.jpg\" data-elementor-open-lightbox=\"yes\" data-elementor-lightbox-slideshow=\"8f8e0c0\" data-elementor-lightbox-title=\"Yudansha \u00e0 Urdorf 3 d\u00e9cembre 2016\" data-e-action-hash=\"#elementor-action%3Aaction%3Dlightbox%26settings%3DeyJpZCI6MTY3NTYsInVybCI6Imh0dHBzOlwvXC9haWtpa2FpLWludGVybmF0aW9uYWwtZ2VuZXZlLmNoXC93cC1jb250ZW50XC91cGxvYWRzXC8yMDE5XC8xMVwvaW1hZ2UtMjguanBnIiwic2xpZGVzaG93IjoiOGY4ZTBjMCJ9\">\n\t\t\t\t\t<div class=\"e-gallery-image elementor-gallery-item__image\" data-thumbnail=\"https:\/\/aikikai-international-geneve.ch\/wp-content\/uploads\/2019\/11\/image-28-300x200.jpg\" data-width=\"300\" data-height=\"200\" aria-label=\"\" role=\"img\" ><\/div>\n\t\t\t\t\t\t\t\t\t\t\t<div class=\"elementor-gallery-item__overlay\"><\/div>\n\t\t\t\t\t\t\t\t\t\t\t\t\t\t<\/a>\n\t\t\t\t\t\t\t<a class=\"e-gallery-item elementor-gallery-item elementor-animated-content\" data-e-gallery-tags=\"0\" href=\"https:\/\/aikikai-international-geneve.ch\/wp-content\/uploads\/2019\/11\/image-29.jpg\" data-elementor-open-lightbox=\"yes\" data-elementor-lightbox-slideshow=\"8f8e0c0\" data-elementor-lightbox-title=\"Yudansha \u00e0 Urdorf 3 d\u00e9cembre 2016\" data-e-action-hash=\"#elementor-action%3Aaction%3Dlightbox%26settings%3DeyJpZCI6MTY3NTAsInVybCI6Imh0dHBzOlwvXC9haWtpa2FpLWludGVybmF0aW9uYWwtZ2VuZXZlLmNoXC93cC1jb250ZW50XC91cGxvYWRzXC8yMDE5XC8xMVwvaW1hZ2UtMjkuanBnIiwic2xpZGVzaG93IjoiOGY4ZTBjMCJ9\">\n\t\t\t\t\t<div class=\"e-gallery-image elementor-gallery-item__image\" data-thumbnail=\"https:\/\/aikikai-international-geneve.ch\/wp-content\/uploads\/2019\/11\/image-29-300x200.jpg\" data-width=\"300\" data-height=\"200\" aria-label=\"\" role=\"img\" ><\/div>\n\t\t\t\t\t\t\t\t\t\t\t<div class=\"elementor-gallery-item__overlay\"><\/div>\n\t\t\t\t\t\t\t\t\t\t\t\t\t\t<\/a>\n\t\t\t\t\t\t\t<a class=\"e-gallery-item elementor-gallery-item elementor-animated-content\" data-e-gallery-tags=\"0\" href=\"https:\/\/aikikai-international-geneve.ch\/wp-content\/uploads\/2019\/11\/image.jpg\" data-elementor-open-lightbox=\"yes\" data-elementor-lightbox-slideshow=\"8f8e0c0\" data-elementor-lightbox-title=\"Yudansha \u00e0 Urdorf 3 d\u00e9cembre 2016\" data-e-action-hash=\"#elementor-action%3Aaction%3Dlightbox%26settings%3DeyJpZCI6MTY3NDQsInVybCI6Imh0dHBzOlwvXC9haWtpa2FpLWludGVybmF0aW9uYWwtZ2VuZXZlLmNoXC93cC1jb250ZW50XC91cGxvYWRzXC8yMDE5XC8xMVwvaW1hZ2UuanBnIiwic2xpZGVzaG93IjoiOGY4ZTBjMCJ9\">\n\t\t\t\t\t<div class=\"e-gallery-image elementor-gallery-item__image\" data-thumbnail=\"https:\/\/aikikai-international-geneve.ch\/wp-content\/uploads\/2019\/11\/image-300x200.jpg\" data-width=\"300\" data-height=\"200\" aria-label=\"\" role=\"img\" ><\/div>\n\t\t\t\t\t\t\t\t\t\t\t<div class=\"elementor-gallery-item__overlay\"><\/div>\n\t\t\t\t\t\t\t\t\t\t\t\t\t\t<\/a>\n\t\t\t\t\t\t\t<a class=\"e-gallery-item elementor-gallery-item elementor-animated-content\" data-e-gallery-tags=\"0\" href=\"https:\/\/aikikai-international-geneve.ch\/wp-content\/uploads\/2019\/11\/yudansha-2016.jpg\" data-elementor-open-lightbox=\"yes\" data-elementor-lightbox-slideshow=\"8f8e0c0\" data-elementor-lightbox-title=\"Yudansha \u00e0 Urdorf 3 d\u00e9cembre 2016\" data-e-action-hash=\"#elementor-action%3Aaction%3Dlightbox%26settings%3DeyJpZCI6MTY3MzgsInVybCI6Imh0dHBzOlwvXC9haWtpa2FpLWludGVybmF0aW9uYWwtZ2VuZXZlLmNoXC93cC1jb250ZW50XC91cGxvYWRzXC8yMDE5XC8xMVwveXVkYW5zaGEtMjAxNi5qcGciLCJzbGlkZXNob3ciOiI4ZjhlMGMwIn0%3D\">\n\t\t\t\t\t<div class=\"e-gallery-image elementor-gallery-item__image\" data-thumbnail=\"https:\/\/aikikai-international-geneve.ch\/wp-content\/uploads\/2019\/11\/yudansha-2016-300x200.jpg\" data-width=\"300\" data-height=\"200\" aria-label=\"\" role=\"img\" ><\/div>\n\t\t\t\t\t\t\t\t\t\t\t<div class=\"elementor-gallery-item__overlay\"><\/div>\n\t\t\t\t\t\t\t\t\t\t\t\t\t\t<\/a>\n\t\t\t\t\t\t\t<a class=\"e-gallery-item elementor-gallery-item elementor-animated-content\" data-e-gallery-tags=\"1\" href=\"https:\/\/aikikai-international-geneve.ch\/wp-content\/uploads\/2019\/11\/acsa-matin.jpg\" data-elementor-open-lightbox=\"yes\" data-elementor-lightbox-slideshow=\"8f8e0c0\" data-elementor-lightbox-title=\"Stage ACSA avec Gildo Mezzo et Hans-Peter H\u00e4derli le 26-9-2015 matin\" data-e-action-hash=\"#elementor-action%3Aaction%3Dlightbox%26settings%3DeyJpZCI6MTU1NjYsInVybCI6Imh0dHBzOlwvXC9haWtpa2FpLWludGVybmF0aW9uYWwtZ2VuZXZlLmNoXC93cC1jb250ZW50XC91cGxvYWRzXC8yMDE5XC8xMVwvYWNzYS1tYXRpbi5qcGciLCJzbGlkZXNob3ciOiI4ZjhlMGMwIn0%3D\">\n\t\t\t\t\t<div class=\"e-gallery-image elementor-gallery-item__image\" data-thumbnail=\"https:\/\/aikikai-international-geneve.ch\/wp-content\/uploads\/2019\/11\/acsa-matin-300x225.jpg\" data-width=\"300\" data-height=\"225\" aria-label=\"\" role=\"img\" ><\/div>\n\t\t\t\t\t\t\t\t\t\t\t<div class=\"elementor-gallery-item__overlay\"><\/div>\n\t\t\t\t\t\t\t\t\t\t\t\t\t\t<\/a>\n\t\t\t\t\t\t\t<a class=\"e-gallery-item elementor-gallery-item elementor-animated-content\" data-e-gallery-tags=\"1\" href=\"https:\/\/aikikai-international-geneve.ch\/wp-content\/uploads\/2019\/11\/acsa-apres-midi.jpg\" data-elementor-open-lightbox=\"yes\" data-elementor-lightbox-slideshow=\"8f8e0c0\" data-elementor-lightbox-title=\"Stage ACSA avec Gildo Mezzo et Hans-Peter H\u00e4derli le 26-9-2015 apres-midi\" data-e-action-hash=\"#elementor-action%3Aaction%3Dlightbox%26settings%3DeyJpZCI6MTU1NzIsInVybCI6Imh0dHBzOlwvXC9haWtpa2FpLWludGVybmF0aW9uYWwtZ2VuZXZlLmNoXC93cC1jb250ZW50XC91cGxvYWRzXC8yMDE5XC8xMVwvYWNzYS1hcHJlcy1taWRpLmpwZyIsInNsaWRlc2hvdyI6IjhmOGUwYzAifQ%3D%3D\">\n\t\t\t\t\t<div class=\"e-gallery-image elementor-gallery-item__image\" data-thumbnail=\"https:\/\/aikikai-international-geneve.ch\/wp-content\/uploads\/2019\/11\/acsa-apres-midi-300x225.jpg\" data-width=\"300\" data-height=\"225\" aria-label=\"\" role=\"img\" ><\/div>\n\t\t\t\t\t\t\t\t\t\t\t<div class=\"elementor-gallery-item__overlay\"><\/div>\n\t\t\t\t\t\t\t\t\t\t\t\t\t\t<\/a>\n\t\t\t\t\t\t\t<a class=\"e-gallery-item elementor-gallery-item elementor-animated-content\" data-e-gallery-tags=\"1\" href=\"https:\/\/aikikai-international-geneve.ch\/wp-content\/uploads\/2019\/11\/acsa-13.jpg\" data-elementor-open-lightbox=\"yes\" data-elementor-lightbox-slideshow=\"8f8e0c0\" data-elementor-lightbox-title=\"Stage ACSA avec Gildo Mezzo et Hans-Peter H\u00e4derli le 26-9-2015\" data-e-action-hash=\"#elementor-action%3Aaction%3Dlightbox%26settings%3DeyJpZCI6MTU1NzgsInVybCI6Imh0dHBzOlwvXC9haWtpa2FpLWludGVybmF0aW9uYWwtZ2VuZXZlLmNoXC93cC1jb250ZW50XC91cGxvYWRzXC8yMDE5XC8xMVwvYWNzYS0xMy5qcGciLCJzbGlkZXNob3ciOiI4ZjhlMGMwIn0%3D\">\n\t\t\t\t\t<div class=\"e-gallery-image elementor-gallery-item__image\" data-thumbnail=\"https:\/\/aikikai-international-geneve.ch\/wp-content\/uploads\/2019\/11\/acsa-13-300x225.jpg\" data-width=\"300\" data-height=\"225\" aria-label=\"\" role=\"img\" ><\/div>\n\t\t\t\t\t\t\t\t\t\t\t<div class=\"elementor-gallery-item__overlay\"><\/div>\n\t\t\t\t\t\t\t\t\t\t\t\t\t\t<\/a>\n\t\t\t\t\t\t\t<a class=\"e-gallery-item elementor-gallery-item elementor-animated-content\" data-e-gallery-tags=\"1\" href=\"https:\/\/aikikai-international-geneve.ch\/wp-content\/uploads\/2019\/11\/acsa-12.jpg\" data-elementor-open-lightbox=\"yes\" data-elementor-lightbox-slideshow=\"8f8e0c0\" data-elementor-lightbox-title=\"Stage ACSA avec Gildo Mezzo et Hans-Peter H\u00e4derli le 26-9-2015\" data-e-action-hash=\"#elementor-action%3Aaction%3Dlightbox%26settings%3DeyJpZCI6MTU1ODQsInVybCI6Imh0dHBzOlwvXC9haWtpa2FpLWludGVybmF0aW9uYWwtZ2VuZXZlLmNoXC93cC1jb250ZW50XC91cGxvYWRzXC8yMDE5XC8xMVwvYWNzYS0xMi5qcGciLCJzbGlkZXNob3ciOiI4ZjhlMGMwIn0%3D\">\n\t\t\t\t\t<div class=\"e-gallery-image elementor-gallery-item__image\" data-thumbnail=\"https:\/\/aikikai-international-geneve.ch\/wp-content\/uploads\/2019\/11\/acsa-12-300x225.jpg\" data-width=\"300\" data-height=\"225\" aria-label=\"\" role=\"img\" ><\/div>\n\t\t\t\t\t\t\t\t\t\t\t<div class=\"elementor-gallery-item__overlay\"><\/div>\n\t\t\t\t\t\t\t\t\t\t\t\t\t\t<\/a>\n\t\t\t\t\t\t\t<a class=\"e-gallery-item elementor-gallery-item elementor-animated-content\" data-e-gallery-tags=\"1\" href=\"https:\/\/aikikai-international-geneve.ch\/wp-content\/uploads\/2019\/11\/acsa-11.jpg\" data-elementor-open-lightbox=\"yes\" data-elementor-lightbox-slideshow=\"8f8e0c0\" data-elementor-lightbox-title=\"Stage ACSA avec Gildo Mezzo et Hans-Peter H\u00e4derli le 26-9-2015\" data-e-action-hash=\"#elementor-action%3Aaction%3Dlightbox%26settings%3DeyJpZCI6MTU1OTAsInVybCI6Imh0dHBzOlwvXC9haWtpa2FpLWludGVybmF0aW9uYWwtZ2VuZXZlLmNoXC93cC1jb250ZW50XC91cGxvYWRzXC8yMDE5XC8xMVwvYWNzYS0xMS5qcGciLCJzbGlkZXNob3ciOiI4ZjhlMGMwIn0%3D\">\n\t\t\t\t\t<div class=\"e-gallery-image elementor-gallery-item__image\" data-thumbnail=\"https:\/\/aikikai-international-geneve.ch\/wp-content\/uploads\/2019\/11\/acsa-11-300x225.jpg\" data-width=\"300\" data-height=\"225\" aria-label=\"\" role=\"img\" ><\/div>\n\t\t\t\t\t\t\t\t\t\t\t<div class=\"elementor-gallery-item__overlay\"><\/div>\n\t\t\t\t\t\t\t\t\t\t\t\t\t\t<\/a>\n\t\t\t\t\t\t\t<a class=\"e-gallery-item elementor-gallery-item elementor-animated-content\" data-e-gallery-tags=\"1\" href=\"https:\/\/aikikai-international-geneve.ch\/wp-content\/uploads\/2019\/11\/acsa-10.jpg\" data-elementor-open-lightbox=\"yes\" data-elementor-lightbox-slideshow=\"8f8e0c0\" data-elementor-lightbox-title=\"Stage ACSA avec Gildo Mezzo et Hans-Peter H\u00e4derli le 26-9-2015\" data-e-action-hash=\"#elementor-action%3Aaction%3Dlightbox%26settings%3DeyJpZCI6MTU1OTYsInVybCI6Imh0dHBzOlwvXC9haWtpa2FpLWludGVybmF0aW9uYWwtZ2VuZXZlLmNoXC93cC1jb250ZW50XC91cGxvYWRzXC8yMDE5XC8xMVwvYWNzYS0xMC5qcGciLCJzbGlkZXNob3ciOiI4ZjhlMGMwIn0%3D\">\n\t\t\t\t\t<div class=\"e-gallery-image elementor-gallery-item__image\" data-thumbnail=\"https:\/\/aikikai-international-geneve.ch\/wp-content\/uploads\/2019\/11\/acsa-10-300x225.jpg\" data-width=\"300\" data-height=\"225\" aria-label=\"\" role=\"img\" ><\/div>\n\t\t\t\t\t\t\t\t\t\t\t<div class=\"elementor-gallery-item__overlay\"><\/div>\n\t\t\t\t\t\t\t\t\t\t\t\t\t\t<\/a>\n\t\t\t\t\t\t\t<a class=\"e-gallery-item elementor-gallery-item elementor-animated-content\" data-e-gallery-tags=\"1\" href=\"https:\/\/aikikai-international-geneve.ch\/wp-content\/uploads\/2019\/11\/acsa-9.jpg\" data-elementor-open-lightbox=\"yes\" data-elementor-lightbox-slideshow=\"8f8e0c0\" data-elementor-lightbox-title=\"Stage ACSA avec Gildo Mezzo et Hans-Peter H\u00e4derli le 26-9-2015\" data-e-action-hash=\"#elementor-action%3Aaction%3Dlightbox%26settings%3DeyJpZCI6MTU2MDIsInVybCI6Imh0dHBzOlwvXC9haWtpa2FpLWludGVybmF0aW9uYWwtZ2VuZXZlLmNoXC93cC1jb250ZW50XC91cGxvYWRzXC8yMDE5XC8xMVwvYWNzYS05LmpwZyIsInNsaWRlc2hvdyI6IjhmOGUwYzAifQ%3D%3D\">\n\t\t\t\t\t<div class=\"e-gallery-image elementor-gallery-item__image\" data-thumbnail=\"https:\/\/aikikai-international-geneve.ch\/wp-content\/uploads\/2019\/11\/acsa-9-300x225.jpg\" data-width=\"300\" data-height=\"225\" aria-label=\"\" role=\"img\" ><\/div>\n\t\t\t\t\t\t\t\t\t\t\t<div class=\"elementor-gallery-item__overlay\"><\/div>\n\t\t\t\t\t\t\t\t\t\t\t\t\t\t<\/a>\n\t\t\t\t\t\t\t<a class=\"e-gallery-item elementor-gallery-item elementor-animated-content\" data-e-gallery-tags=\"1\" href=\"https:\/\/aikikai-international-geneve.ch\/wp-content\/uploads\/2019\/11\/acsa-8.jpg\" data-elementor-open-lightbox=\"yes\" data-elementor-lightbox-slideshow=\"8f8e0c0\" data-elementor-lightbox-title=\"Stage ACSA avec Gildo Mezzo et Hans-Peter H\u00e4derli le 26-9-2015\" data-e-action-hash=\"#elementor-action%3Aaction%3Dlightbox%26settings%3DeyJpZCI6MTU2MDgsInVybCI6Imh0dHBzOlwvXC9haWtpa2FpLWludGVybmF0aW9uYWwtZ2VuZXZlLmNoXC93cC1jb250ZW50XC91cGxvYWRzXC8yMDE5XC8xMVwvYWNzYS04LmpwZyIsInNsaWRlc2hvdyI6IjhmOGUwYzAifQ%3D%3D\">\n\t\t\t\t\t<div class=\"e-gallery-image elementor-gallery-item__image\" data-thumbnail=\"https:\/\/aikikai-international-geneve.ch\/wp-content\/uploads\/2019\/11\/acsa-8-300x225.jpg\" data-width=\"300\" data-height=\"225\" aria-label=\"\" role=\"img\" ><\/div>\n\t\t\t\t\t\t\t\t\t\t\t<div class=\"elementor-gallery-item__overlay\"><\/div>\n\t\t\t\t\t\t\t\t\t\t\t\t\t\t<\/a>\n\t\t\t\t\t\t\t<a class=\"e-gallery-item elementor-gallery-item elementor-animated-content\" data-e-gallery-tags=\"1\" href=\"https:\/\/aikikai-international-geneve.ch\/wp-content\/uploads\/2019\/11\/acsa-7.jpg\" data-elementor-open-lightbox=\"yes\" data-elementor-lightbox-slideshow=\"8f8e0c0\" data-elementor-lightbox-title=\"Stage ACSA avec Gildo Mezzo et Hans-Peter H\u00e4derli le 26-9-2015\" data-e-action-hash=\"#elementor-action%3Aaction%3Dlightbox%26settings%3DeyJpZCI6MTU2MTQsInVybCI6Imh0dHBzOlwvXC9haWtpa2FpLWludGVybmF0aW9uYWwtZ2VuZXZlLmNoXC93cC1jb250ZW50XC91cGxvYWRzXC8yMDE5XC8xMVwvYWNzYS03LmpwZyIsInNsaWRlc2hvdyI6IjhmOGUwYzAifQ%3D%3D\">\n\t\t\t\t\t<div class=\"e-gallery-image elementor-gallery-item__image\" data-thumbnail=\"https:\/\/aikikai-international-geneve.ch\/wp-content\/uploads\/2019\/11\/acsa-7-300x225.jpg\" data-width=\"300\" data-height=\"225\" aria-label=\"\" role=\"img\" ><\/div>\n\t\t\t\t\t\t\t\t\t\t\t<div class=\"elementor-gallery-item__overlay\"><\/div>\n\t\t\t\t\t\t\t\t\t\t\t\t\t\t<\/a>\n\t\t\t\t\t\t\t<a class=\"e-gallery-item elementor-gallery-item elementor-animated-content\" data-e-gallery-tags=\"1\" href=\"https:\/\/aikikai-international-geneve.ch\/wp-content\/uploads\/2019\/11\/acsa-6.jpg\" data-elementor-open-lightbox=\"yes\" data-elementor-lightbox-slideshow=\"8f8e0c0\" data-elementor-lightbox-title=\"Stage ACSA avec Gildo Mezzo et Hans-Peter H\u00e4derli le 26-9-2015\" data-e-action-hash=\"#elementor-action%3Aaction%3Dlightbox%26settings%3DeyJpZCI6MTU2MjAsInVybCI6Imh0dHBzOlwvXC9haWtpa2FpLWludGVybmF0aW9uYWwtZ2VuZXZlLmNoXC93cC1jb250ZW50XC91cGxvYWRzXC8yMDE5XC8xMVwvYWNzYS02LmpwZyIsInNsaWRlc2hvdyI6IjhmOGUwYzAifQ%3D%3D\">\n\t\t\t\t\t<div class=\"e-gallery-image elementor-gallery-item__image\" data-thumbnail=\"https:\/\/aikikai-international-geneve.ch\/wp-content\/uploads\/2019\/11\/acsa-6-300x225.jpg\" data-width=\"300\" data-height=\"225\" aria-label=\"\" role=\"img\" ><\/div>\n\t\t\t\t\t\t\t\t\t\t\t<div class=\"elementor-gallery-item__overlay\"><\/div>\n\t\t\t\t\t\t\t\t\t\t\t\t\t\t<\/a>\n\t\t\t\t\t\t\t<a class=\"e-gallery-item elementor-gallery-item elementor-animated-content\" data-e-gallery-tags=\"1\" href=\"https:\/\/aikikai-international-geneve.ch\/wp-content\/uploads\/2019\/11\/acsa-5.jpg\" data-elementor-open-lightbox=\"yes\" data-elementor-lightbox-slideshow=\"8f8e0c0\" data-elementor-lightbox-title=\"Stage ACSA avec Gildo Mezzo et Hans-Peter H\u00e4derli le 26-9-2015\" data-e-action-hash=\"#elementor-action%3Aaction%3Dlightbox%26settings%3DeyJpZCI6MTU2MjYsInVybCI6Imh0dHBzOlwvXC9haWtpa2FpLWludGVybmF0aW9uYWwtZ2VuZXZlLmNoXC93cC1jb250ZW50XC91cGxvYWRzXC8yMDE5XC8xMVwvYWNzYS01LmpwZyIsInNsaWRlc2hvdyI6IjhmOGUwYzAifQ%3D%3D\">\n\t\t\t\t\t<div class=\"e-gallery-image elementor-gallery-item__image\" data-thumbnail=\"https:\/\/aikikai-international-geneve.ch\/wp-content\/uploads\/2019\/11\/acsa-5-300x225.jpg\" data-width=\"300\" data-height=\"225\" aria-label=\"\" role=\"img\" ><\/div>\n\t\t\t\t\t\t\t\t\t\t\t<div class=\"elementor-gallery-item__overlay\"><\/div>\n\t\t\t\t\t\t\t\t\t\t\t\t\t\t<\/a>\n\t\t\t\t\t\t\t<a class=\"e-gallery-item elementor-gallery-item elementor-animated-content\" data-e-gallery-tags=\"1\" href=\"https:\/\/aikikai-international-geneve.ch\/wp-content\/uploads\/2019\/11\/acsa-4.jpg\" data-elementor-open-lightbox=\"yes\" data-elementor-lightbox-slideshow=\"8f8e0c0\" data-elementor-lightbox-title=\"Stage ACSA avec Gildo Mezzo et Hans-Peter H\u00e4derli le 26-9-2015\" data-e-action-hash=\"#elementor-action%3Aaction%3Dlightbox%26settings%3DeyJpZCI6MTU2MzIsInVybCI6Imh0dHBzOlwvXC9haWtpa2FpLWludGVybmF0aW9uYWwtZ2VuZXZlLmNoXC93cC1jb250ZW50XC91cGxvYWRzXC8yMDE5XC8xMVwvYWNzYS00LmpwZyIsInNsaWRlc2hvdyI6IjhmOGUwYzAifQ%3D%3D\">\n\t\t\t\t\t<div class=\"e-gallery-image elementor-gallery-item__image\" data-thumbnail=\"https:\/\/aikikai-international-geneve.ch\/wp-content\/uploads\/2019\/11\/acsa-4-300x225.jpg\" data-width=\"300\" data-height=\"225\" aria-label=\"\" role=\"img\" ><\/div>\n\t\t\t\t\t\t\t\t\t\t\t<div class=\"elementor-gallery-item__overlay\"><\/div>\n\t\t\t\t\t\t\t\t\t\t\t\t\t\t<\/a>\n\t\t\t\t\t\t\t<a class=\"e-gallery-item elementor-gallery-item elementor-animated-content\" data-e-gallery-tags=\"1\" href=\"https:\/\/aikikai-international-geneve.ch\/wp-content\/uploads\/2019\/11\/acsa-3.jpg\" data-elementor-open-lightbox=\"yes\" data-elementor-lightbox-slideshow=\"8f8e0c0\" data-elementor-lightbox-title=\"Stage ACSA avec Gildo Mezzo et Hans-Peter H\u00e4derli le 26-9-2015\" data-e-action-hash=\"#elementor-action%3Aaction%3Dlightbox%26settings%3DeyJpZCI6MTU2MzgsInVybCI6Imh0dHBzOlwvXC9haWtpa2FpLWludGVybmF0aW9uYWwtZ2VuZXZlLmNoXC93cC1jb250ZW50XC91cGxvYWRzXC8yMDE5XC8xMVwvYWNzYS0zLmpwZyIsInNsaWRlc2hvdyI6IjhmOGUwYzAifQ%3D%3D\">\n\t\t\t\t\t<div class=\"e-gallery-image elementor-gallery-item__image\" data-thumbnail=\"https:\/\/aikikai-international-geneve.ch\/wp-content\/uploads\/2019\/11\/acsa-3-300x225.jpg\" data-width=\"300\" data-height=\"225\" aria-label=\"\" role=\"img\" ><\/div>\n\t\t\t\t\t\t\t\t\t\t\t<div class=\"elementor-gallery-item__overlay\"><\/div>\n\t\t\t\t\t\t\t\t\t\t\t\t\t\t<\/a>\n\t\t\t\t\t\t\t<a class=\"e-gallery-item elementor-gallery-item elementor-animated-content\" data-e-gallery-tags=\"1\" href=\"https:\/\/aikikai-international-geneve.ch\/wp-content\/uploads\/2019\/11\/acsa-2.jpg\" data-elementor-open-lightbox=\"yes\" data-elementor-lightbox-slideshow=\"8f8e0c0\" data-elementor-lightbox-title=\"Stage ACSA avec Gildo Mezzo et Hans-Peter H\u00e4derli le 26-9-2015\" data-e-action-hash=\"#elementor-action%3Aaction%3Dlightbox%26settings%3DeyJpZCI6MTU2NDQsInVybCI6Imh0dHBzOlwvXC9haWtpa2FpLWludGVybmF0aW9uYWwtZ2VuZXZlLmNoXC93cC1jb250ZW50XC91cGxvYWRzXC8yMDE5XC8xMVwvYWNzYS0yLmpwZyIsInNsaWRlc2hvdyI6IjhmOGUwYzAifQ%3D%3D\">\n\t\t\t\t\t<div class=\"e-gallery-image elementor-gallery-item__image\" data-thumbnail=\"https:\/\/aikikai-international-geneve.ch\/wp-content\/uploads\/2019\/11\/acsa-2-300x225.jpg\" data-width=\"300\" data-height=\"225\" aria-label=\"\" role=\"img\" ><\/div>\n\t\t\t\t\t\t\t\t\t\t\t<div class=\"elementor-gallery-item__overlay\"><\/div>\n\t\t\t\t\t\t\t\t\t\t\t\t\t\t<\/a>\n\t\t\t\t\t\t\t<a class=\"e-gallery-item elementor-gallery-item elementor-animated-content\" data-e-gallery-tags=\"1\" href=\"https:\/\/aikikai-international-geneve.ch\/wp-content\/uploads\/2019\/11\/acsa-1.jpg\" data-elementor-open-lightbox=\"yes\" data-elementor-lightbox-slideshow=\"8f8e0c0\" data-elementor-lightbox-title=\"Stage ACSA avec Gildo Mezzo et Hans-Peter H\u00e4derli le 26-9-2015\" data-e-action-hash=\"#elementor-action%3Aaction%3Dlightbox%26settings%3DeyJpZCI6MTU2NTAsInVybCI6Imh0dHBzOlwvXC9haWtpa2FpLWludGVybmF0aW9uYWwtZ2VuZXZlLmNoXC93cC1jb250ZW50XC91cGxvYWRzXC8yMDE5XC8xMVwvYWNzYS0xLmpwZyIsInNsaWRlc2hvdyI6IjhmOGUwYzAifQ%3D%3D\">\n\t\t\t\t\t<div class=\"e-gallery-image elementor-gallery-item__image\" data-thumbnail=\"https:\/\/aikikai-international-geneve.ch\/wp-content\/uploads\/2019\/11\/acsa-1-300x225.jpg\" data-width=\"300\" data-height=\"225\" aria-label=\"\" role=\"img\" ><\/div>\n\t\t\t\t\t\t\t\t\t\t\t<div class=\"elementor-gallery-item__overlay\"><\/div>\n\t\t\t\t\t\t\t\t\t\t\t\t\t\t<\/a>\n\t\t\t\t\t\t\t<a class=\"e-gallery-item elementor-gallery-item elementor-animated-content\" data-e-gallery-tags=\"2\" href=\"https:\/\/aikikai-international-geneve.ch\/wp-content\/uploads\/2019\/11\/isba-2015-6005a.jpg\" data-elementor-open-lightbox=\"yes\" data-elementor-lightbox-slideshow=\"8f8e0c0\" data-elementor-lightbox-title=\"S\u00e9minaire ISBAS \u00e0 Prague du 18 au 25 ao\u00fbt 2015\" data-e-action-hash=\"#elementor-action%3Aaction%3Dlightbox%26settings%3DeyJpZCI6MTYyODYsInVybCI6Imh0dHBzOlwvXC9haWtpa2FpLWludGVybmF0aW9uYWwtZ2VuZXZlLmNoXC93cC1jb250ZW50XC91cGxvYWRzXC8yMDE5XC8xMVwvaXNiYS0yMDE1LTYwMDVhLmpwZyIsInNsaWRlc2hvdyI6IjhmOGUwYzAifQ%3D%3D\">\n\t\t\t\t\t<div class=\"e-gallery-image elementor-gallery-item__image\" data-thumbnail=\"https:\/\/aikikai-international-geneve.ch\/wp-content\/uploads\/2019\/11\/isba-2015-6005a-300x203.jpg\" data-width=\"300\" data-height=\"203\" aria-label=\"\" role=\"img\" ><\/div>\n\t\t\t\t\t\t\t\t\t\t\t<div class=\"elementor-gallery-item__overlay\"><\/div>\n\t\t\t\t\t\t\t\t\t\t\t\t\t\t<\/a>\n\t\t\t\t\t\t\t<a class=\"e-gallery-item elementor-gallery-item elementor-animated-content\" data-e-gallery-tags=\"2\" href=\"https:\/\/aikikai-international-geneve.ch\/wp-content\/uploads\/2019\/11\/isbas-2015-1a.jpg\" data-elementor-open-lightbox=\"yes\" data-elementor-lightbox-slideshow=\"8f8e0c0\" data-elementor-lightbox-title=\"S\u00e9minaire ISBAS \u00e0 Prague du 18 au 25 ao\u00fbt 2015\" data-e-action-hash=\"#elementor-action%3Aaction%3Dlightbox%26settings%3DeyJpZCI6MTYyODAsInVybCI6Imh0dHBzOlwvXC9haWtpa2FpLWludGVybmF0aW9uYWwtZ2VuZXZlLmNoXC93cC1jb250ZW50XC91cGxvYWRzXC8yMDE5XC8xMVwvaXNiYXMtMjAxNS0xYS5qcGciLCJzbGlkZXNob3ciOiI4ZjhlMGMwIn0%3D\">\n\t\t\t\t\t<div class=\"e-gallery-image elementor-gallery-item__image\" data-thumbnail=\"https:\/\/aikikai-international-geneve.ch\/wp-content\/uploads\/2019\/11\/isbas-2015-1a-225x300.jpg\" data-width=\"225\" data-height=\"300\" aria-label=\"\" role=\"img\" ><\/div>\n\t\t\t\t\t\t\t\t\t\t\t<div class=\"elementor-gallery-item__overlay\"><\/div>\n\t\t\t\t\t\t\t\t\t\t\t\t\t\t<\/a>\n\t\t\t\t\t\t\t<a class=\"e-gallery-item elementor-gallery-item elementor-animated-content\" data-e-gallery-tags=\"2\" href=\"https:\/\/aikikai-international-geneve.ch\/wp-content\/uploads\/2019\/11\/isbas-2015-2a.jpg\" data-elementor-open-lightbox=\"yes\" data-elementor-lightbox-slideshow=\"8f8e0c0\" data-elementor-lightbox-title=\"S\u00e9minaire ISBAS \u00e0 Prague du 18 au 25 ao\u00fbt 2015\" data-e-action-hash=\"#elementor-action%3Aaction%3Dlightbox%26settings%3DeyJpZCI6MTYyNzQsInVybCI6Imh0dHBzOlwvXC9haWtpa2FpLWludGVybmF0aW9uYWwtZ2VuZXZlLmNoXC93cC1jb250ZW50XC91cGxvYWRzXC8yMDE5XC8xMVwvaXNiYXMtMjAxNS0yYS5qcGciLCJzbGlkZXNob3ciOiI4ZjhlMGMwIn0%3D\">\n\t\t\t\t\t<div class=\"e-gallery-image elementor-gallery-item__image\" data-thumbnail=\"https:\/\/aikikai-international-geneve.ch\/wp-content\/uploads\/2019\/11\/isbas-2015-2a-225x300.jpg\" data-width=\"225\" data-height=\"300\" aria-label=\"\" role=\"img\" ><\/div>\n\t\t\t\t\t\t\t\t\t\t\t<div class=\"elementor-gallery-item__overlay\"><\/div>\n\t\t\t\t\t\t\t\t\t\t\t\t\t\t<\/a>\n\t\t\t\t\t\t\t<a class=\"e-gallery-item elementor-gallery-item elementor-animated-content\" data-e-gallery-tags=\"2\" href=\"https:\/\/aikikai-international-geneve.ch\/wp-content\/uploads\/2019\/11\/isbas-2015-3a.jpg\" data-elementor-open-lightbox=\"yes\" data-elementor-lightbox-slideshow=\"8f8e0c0\" data-elementor-lightbox-title=\"S\u00e9minaire ISBAS \u00e0 Prague du 18 au 25 ao\u00fbt 2015\" data-e-action-hash=\"#elementor-action%3Aaction%3Dlightbox%26settings%3DeyJpZCI6MTYyNjgsInVybCI6Imh0dHBzOlwvXC9haWtpa2FpLWludGVybmF0aW9uYWwtZ2VuZXZlLmNoXC93cC1jb250ZW50XC91cGxvYWRzXC8yMDE5XC8xMVwvaXNiYXMtMjAxNS0zYS5qcGciLCJzbGlkZXNob3ciOiI4ZjhlMGMwIn0%3D\">\n\t\t\t\t\t<div class=\"e-gallery-image elementor-gallery-item__image\" data-thumbnail=\"https:\/\/aikikai-international-geneve.ch\/wp-content\/uploads\/2019\/11\/isbas-2015-3a-225x300.jpg\" data-width=\"225\" data-height=\"300\" aria-label=\"\" role=\"img\" ><\/div>\n\t\t\t\t\t\t\t\t\t\t\t<div class=\"elementor-gallery-item__overlay\"><\/div>\n\t\t\t\t\t\t\t\t\t\t\t\t\t\t<\/a>\n\t\t\t\t\t\t\t<a class=\"e-gallery-item elementor-gallery-item elementor-animated-content\" data-e-gallery-tags=\"2\" href=\"https:\/\/aikikai-international-geneve.ch\/wp-content\/uploads\/2019\/11\/isbas-2015-4a.jpg\" data-elementor-open-lightbox=\"yes\" data-elementor-lightbox-slideshow=\"8f8e0c0\" data-elementor-lightbox-title=\"S\u00e9minaire ISBAS \u00e0 Prague du 18 au 25 ao\u00fbt 2015\" data-e-action-hash=\"#elementor-action%3Aaction%3Dlightbox%26settings%3DeyJpZCI6MTYyNjIsInVybCI6Imh0dHBzOlwvXC9haWtpa2FpLWludGVybmF0aW9uYWwtZ2VuZXZlLmNoXC93cC1jb250ZW50XC91cGxvYWRzXC8yMDE5XC8xMVwvaXNiYXMtMjAxNS00YS5qcGciLCJzbGlkZXNob3ciOiI4ZjhlMGMwIn0%3D\">\n\t\t\t\t\t<div class=\"e-gallery-image elementor-gallery-item__image\" data-thumbnail=\"https:\/\/aikikai-international-geneve.ch\/wp-content\/uploads\/2019\/11\/isbas-2015-4a-225x300.jpg\" data-width=\"225\" data-height=\"300\" aria-label=\"\" role=\"img\" ><\/div>\n\t\t\t\t\t\t\t\t\t\t\t<div class=\"elementor-gallery-item__overlay\"><\/div>\n\t\t\t\t\t\t\t\t\t\t\t\t\t\t<\/a>\n\t\t\t\t\t\t\t<a class=\"e-gallery-item elementor-gallery-item elementor-animated-content\" data-e-gallery-tags=\"2\" href=\"https:\/\/aikikai-international-geneve.ch\/wp-content\/uploads\/2019\/11\/isbas-2015-5003a.jpg\" data-elementor-open-lightbox=\"yes\" data-elementor-lightbox-slideshow=\"8f8e0c0\" data-elementor-lightbox-title=\"S\u00e9minaire ISBAS \u00e0 Prague du 18 au 25 ao\u00fbt 2015\" data-e-action-hash=\"#elementor-action%3Aaction%3Dlightbox%26settings%3DeyJpZCI6MTYyNTYsInVybCI6Imh0dHBzOlwvXC9haWtpa2FpLWludGVybmF0aW9uYWwtZ2VuZXZlLmNoXC93cC1jb250ZW50XC91cGxvYWRzXC8yMDE5XC8xMVwvaXNiYXMtMjAxNS01MDAzYS5qcGciLCJzbGlkZXNob3ciOiI4ZjhlMGMwIn0%3D\">\n\t\t\t\t\t<div class=\"e-gallery-image elementor-gallery-item__image\" data-thumbnail=\"https:\/\/aikikai-international-geneve.ch\/wp-content\/uploads\/2019\/11\/isbas-2015-5003a-300x203.jpg\" data-width=\"300\" data-height=\"203\" aria-label=\"\" role=\"img\" ><\/div>\n\t\t\t\t\t\t\t\t\t\t\t<div class=\"elementor-gallery-item__overlay\"><\/div>\n\t\t\t\t\t\t\t\t\t\t\t\t\t\t<\/a>\n\t\t\t\t\t\t\t<a class=\"e-gallery-item elementor-gallery-item elementor-animated-content\" data-e-gallery-tags=\"2\" href=\"https:\/\/aikikai-international-geneve.ch\/wp-content\/uploads\/2019\/11\/isbas-2015-5016a.jpg\" data-elementor-open-lightbox=\"yes\" data-elementor-lightbox-slideshow=\"8f8e0c0\" data-elementor-lightbox-title=\"S\u00e9minaire ISBAS \u00e0 Prague du 18 au 25 ao\u00fbt 2015\" data-e-action-hash=\"#elementor-action%3Aaction%3Dlightbox%26settings%3DeyJpZCI6MTYyNTAsInVybCI6Imh0dHBzOlwvXC9haWtpa2FpLWludGVybmF0aW9uYWwtZ2VuZXZlLmNoXC93cC1jb250ZW50XC91cGxvYWRzXC8yMDE5XC8xMVwvaXNiYXMtMjAxNS01MDE2YS5qcGciLCJzbGlkZXNob3ciOiI4ZjhlMGMwIn0%3D\">\n\t\t\t\t\t<div class=\"e-gallery-image elementor-gallery-item__image\" data-thumbnail=\"https:\/\/aikikai-international-geneve.ch\/wp-content\/uploads\/2019\/11\/isbas-2015-5016a-300x203.jpg\" data-width=\"300\" data-height=\"203\" aria-label=\"\" role=\"img\" ><\/div>\n\t\t\t\t\t\t\t\t\t\t\t<div class=\"elementor-gallery-item__overlay\"><\/div>\n\t\t\t\t\t\t\t\t\t\t\t\t\t\t<\/a>\n\t\t\t\t\t\t\t<a class=\"e-gallery-item elementor-gallery-item elementor-animated-content\" data-e-gallery-tags=\"2\" href=\"https:\/\/aikikai-international-geneve.ch\/wp-content\/uploads\/2019\/11\/isbas-2015-5033a.jpg\" data-elementor-open-lightbox=\"yes\" data-elementor-lightbox-slideshow=\"8f8e0c0\" data-elementor-lightbox-title=\"S\u00e9minaire ISBAS \u00e0 Prague du 18 au 25 ao\u00fbt 2015\" data-e-action-hash=\"#elementor-action%3Aaction%3Dlightbox%26settings%3DeyJpZCI6MTYyNDQsInVybCI6Imh0dHBzOlwvXC9haWtpa2FpLWludGVybmF0aW9uYWwtZ2VuZXZlLmNoXC93cC1jb250ZW50XC91cGxvYWRzXC8yMDE5XC8xMVwvaXNiYXMtMjAxNS01MDMzYS5qcGciLCJzbGlkZXNob3ciOiI4ZjhlMGMwIn0%3D\">\n\t\t\t\t\t<div class=\"e-gallery-image elementor-gallery-item__image\" data-thumbnail=\"https:\/\/aikikai-international-geneve.ch\/wp-content\/uploads\/2019\/11\/isbas-2015-5033a-300x203.jpg\" data-width=\"300\" data-height=\"203\" aria-label=\"\" role=\"img\" ><\/div>\n\t\t\t\t\t\t\t\t\t\t\t<div class=\"elementor-gallery-item__overlay\"><\/div>\n\t\t\t\t\t\t\t\t\t\t\t\t\t\t<\/a>\n\t\t\t\t\t\t\t<a class=\"e-gallery-item elementor-gallery-item elementor-animated-content\" data-e-gallery-tags=\"2\" href=\"https:\/\/aikikai-international-geneve.ch\/wp-content\/uploads\/2019\/11\/isbas-2015-sdka.jpg\" data-elementor-open-lightbox=\"yes\" data-elementor-lightbox-slideshow=\"8f8e0c0\" data-elementor-lightbox-title=\"S\u00e9minaire ISBAS \u00e0 Prague du 18 au 25 ao\u00fbt 2015\" data-e-action-hash=\"#elementor-action%3Aaction%3Dlightbox%26settings%3DeyJpZCI6MTYyMzgsInVybCI6Imh0dHBzOlwvXC9haWtpa2FpLWludGVybmF0aW9uYWwtZ2VuZXZlLmNoXC93cC1jb250ZW50XC91cGxvYWRzXC8yMDE5XC8xMVwvaXNiYXMtMjAxNS1zZGthLmpwZyIsInNsaWRlc2hvdyI6IjhmOGUwYzAifQ%3D%3D\">\n\t\t\t\t\t<div class=\"e-gallery-image elementor-gallery-item__image\" data-thumbnail=\"https:\/\/aikikai-international-geneve.ch\/wp-content\/uploads\/2019\/11\/isbas-2015-sdka-300x203.jpg\" data-width=\"300\" data-height=\"203\" aria-label=\"\" role=\"img\" ><\/div>\n\t\t\t\t\t\t\t\t\t\t\t<div class=\"elementor-gallery-item__overlay\"><\/div>\n\t\t\t\t\t\t\t\t\t\t\t\t\t\t<\/a>\n\t\t\t\t\t\t\t<a class=\"e-gallery-item elementor-gallery-item elementor-animated-content\" data-e-gallery-tags=\"2\" href=\"https:\/\/aikikai-international-geneve.ch\/wp-content\/uploads\/2019\/11\/isbas-praha-2015-souvenir-dojoa.jpg\" data-elementor-open-lightbox=\"yes\" data-elementor-lightbox-slideshow=\"8f8e0c0\" data-elementor-lightbox-title=\"S\u00e9minaire ISBAS \u00e0 Prague du 18 au 25 ao\u00fbt 2015\" data-e-action-hash=\"#elementor-action%3Aaction%3Dlightbox%26settings%3DeyJpZCI6MTYyMzIsInVybCI6Imh0dHBzOlwvXC9haWtpa2FpLWludGVybmF0aW9uYWwtZ2VuZXZlLmNoXC93cC1jb250ZW50XC91cGxvYWRzXC8yMDE5XC8xMVwvaXNiYXMtcHJhaGEtMjAxNS1zb3V2ZW5pci1kb2pvYS5qcGciLCJzbGlkZXNob3ciOiI4ZjhlMGMwIn0%3D\">\n\t\t\t\t\t<div class=\"e-gallery-image elementor-gallery-item__image\" data-thumbnail=\"https:\/\/aikikai-international-geneve.ch\/wp-content\/uploads\/2019\/11\/isbas-praha-2015-souvenir-dojoa-300x169.jpg\" data-width=\"300\" data-height=\"169\" aria-label=\"\" role=\"img\" ><\/div>\n\t\t\t\t\t\t\t\t\t\t\t<div class=\"elementor-gallery-item__overlay\"><\/div>\n\t\t\t\t\t\t\t\t\t\t\t\t\t\t<\/a>\n\t\t\t\t\t\t\t<a class=\"e-gallery-item elementor-gallery-item elementor-animated-content\" data-e-gallery-tags=\"2\" href=\"https:\/\/aikikai-international-geneve.ch\/wp-content\/uploads\/2019\/11\/isbas-praha-2015-souvenir-photoa.jpg\" data-elementor-open-lightbox=\"yes\" data-elementor-lightbox-slideshow=\"8f8e0c0\" data-elementor-lightbox-title=\"Charles Bridge, Vltava river, Hradcany Castle, Prague, Czech republic\" data-e-action-hash=\"#elementor-action%3Aaction%3Dlightbox%26settings%3DeyJpZCI6MTYyMjYsInVybCI6Imh0dHBzOlwvXC9haWtpa2FpLWludGVybmF0aW9uYWwtZ2VuZXZlLmNoXC93cC1jb250ZW50XC91cGxvYWRzXC8yMDE5XC8xMVwvaXNiYXMtcHJhaGEtMjAxNS1zb3V2ZW5pci1waG90b2EuanBnIiwic2xpZGVzaG93IjoiOGY4ZTBjMCJ9\">\n\t\t\t\t\t<div class=\"e-gallery-image elementor-gallery-item__image\" data-thumbnail=\"https:\/\/aikikai-international-geneve.ch\/wp-content\/uploads\/2019\/11\/isbas-praha-2015-souvenir-photoa-300x200.jpg\" data-width=\"300\" data-height=\"200\" aria-label=\"\" role=\"img\" ><\/div>\n\t\t\t\t\t\t\t\t\t\t\t<div class=\"elementor-gallery-item__overlay\"><\/div>\n\t\t\t\t\t\t\t\t\t\t\t\t\t\t<\/a>\n\t\t\t\t\t\t\t<a class=\"e-gallery-item elementor-gallery-item elementor-animated-content\" data-e-gallery-tags=\"2\" href=\"https:\/\/aikikai-international-geneve.ch\/wp-content\/uploads\/2019\/11\/isbas2015c2007a.jpg\" data-elementor-open-lightbox=\"yes\" data-elementor-lightbox-slideshow=\"8f8e0c0\" data-elementor-lightbox-title=\"S\u00e9minaire ISBAS \u00e0 Prague du 18 au 25 ao\u00fbt 2015\" data-e-action-hash=\"#elementor-action%3Aaction%3Dlightbox%26settings%3DeyJpZCI6MTYyMTQsInVybCI6Imh0dHBzOlwvXC9haWtpa2FpLWludGVybmF0aW9uYWwtZ2VuZXZlLmNoXC93cC1jb250ZW50XC91cGxvYWRzXC8yMDE5XC8xMVwvaXNiYXMyMDE1YzIwMDdhLmpwZyIsInNsaWRlc2hvdyI6IjhmOGUwYzAifQ%3D%3D\">\n\t\t\t\t\t<div class=\"e-gallery-image elementor-gallery-item__image\" data-thumbnail=\"https:\/\/aikikai-international-geneve.ch\/wp-content\/uploads\/2019\/11\/isbas2015c2007a-300x203.jpg\" data-width=\"300\" data-height=\"203\" aria-label=\"\" role=\"img\" ><\/div>\n\t\t\t\t\t\t\t\t\t\t\t<div class=\"elementor-gallery-item__overlay\"><\/div>\n\t\t\t\t\t\t\t\t\t\t\t\t\t\t<\/a>\n\t\t\t\t\t\t\t<a class=\"e-gallery-item elementor-gallery-item elementor-animated-content\" data-e-gallery-tags=\"2\" href=\"https:\/\/aikikai-international-geneve.ch\/wp-content\/uploads\/2019\/11\/isbas2015c2002a.jpg\" data-elementor-open-lightbox=\"yes\" data-elementor-lightbox-slideshow=\"8f8e0c0\" data-elementor-lightbox-title=\"S\u00e9minaire ISBAS \u00e0 Prague du 18 au 25 ao\u00fbt 2015\" data-e-action-hash=\"#elementor-action%3Aaction%3Dlightbox%26settings%3DeyJpZCI6MTYyMjAsInVybCI6Imh0dHBzOlwvXC9haWtpa2FpLWludGVybmF0aW9uYWwtZ2VuZXZlLmNoXC93cC1jb250ZW50XC91cGxvYWRzXC8yMDE5XC8xMVwvaXNiYXMyMDE1YzIwMDJhLmpwZyIsInNsaWRlc2hvdyI6IjhmOGUwYzAifQ%3D%3D\">\n\t\t\t\t\t<div class=\"e-gallery-image elementor-gallery-item__image\" data-thumbnail=\"https:\/\/aikikai-international-geneve.ch\/wp-content\/uploads\/2019\/11\/isbas2015c2002a-300x203.jpg\" data-width=\"300\" data-height=\"203\" aria-label=\"\" role=\"img\" ><\/div>\n\t\t\t\t\t\t\t\t\t\t\t<div class=\"elementor-gallery-item__overlay\"><\/div>\n\t\t\t\t\t\t\t\t\t\t\t\t\t\t<\/a>\n\t\t\t\t\t\t\t<a class=\"e-gallery-item elementor-gallery-item elementor-animated-content\" data-e-gallery-tags=\"2\" href=\"https:\/\/aikikai-international-geneve.ch\/wp-content\/uploads\/2019\/11\/isbas2015c2011a.jpg\" data-elementor-open-lightbox=\"yes\" data-elementor-lightbox-slideshow=\"8f8e0c0\" data-elementor-lightbox-title=\"S\u00e9minaire ISBAS \u00e0 Prague du 18 au 25 ao\u00fbt 2015\" data-e-action-hash=\"#elementor-action%3Aaction%3Dlightbox%26settings%3DeyJpZCI6MTYyMDgsInVybCI6Imh0dHBzOlwvXC9haWtpa2FpLWludGVybmF0aW9uYWwtZ2VuZXZlLmNoXC93cC1jb250ZW50XC91cGxvYWRzXC8yMDE5XC8xMVwvaXNiYXMyMDE1YzIwMTFhLmpwZyIsInNsaWRlc2hvdyI6IjhmOGUwYzAifQ%3D%3D\">\n\t\t\t\t\t<div class=\"e-gallery-image elementor-gallery-item__image\" data-thumbnail=\"https:\/\/aikikai-international-geneve.ch\/wp-content\/uploads\/2019\/11\/isbas2015c2011a-300x203.jpg\" data-width=\"300\" data-height=\"203\" aria-label=\"\" role=\"img\" ><\/div>\n\t\t\t\t\t\t\t\t\t\t\t<div class=\"elementor-gallery-item__overlay\"><\/div>\n\t\t\t\t\t\t\t\t\t\t\t\t\t\t<\/a>\n\t\t\t\t\t\t\t<a class=\"e-gallery-item elementor-gallery-item elementor-animated-content\" data-e-gallery-tags=\"2\" href=\"https:\/\/aikikai-international-geneve.ch\/wp-content\/uploads\/2019\/11\/isbas2015c2014a.jpg\" data-elementor-open-lightbox=\"yes\" data-elementor-lightbox-slideshow=\"8f8e0c0\" data-elementor-lightbox-title=\"S\u00e9minaire ISBAS \u00e0 Prague du 18 au 25 ao\u00fbt 2015\" data-e-action-hash=\"#elementor-action%3Aaction%3Dlightbox%26settings%3DeyJpZCI6MTYyMDIsInVybCI6Imh0dHBzOlwvXC9haWtpa2FpLWludGVybmF0aW9uYWwtZ2VuZXZlLmNoXC93cC1jb250ZW50XC91cGxvYWRzXC8yMDE5XC8xMVwvaXNiYXMyMDE1YzIwMTRhLmpwZyIsInNsaWRlc2hvdyI6IjhmOGUwYzAifQ%3D%3D\">\n\t\t\t\t\t<div class=\"e-gallery-image elementor-gallery-item__image\" data-thumbnail=\"https:\/\/aikikai-international-geneve.ch\/wp-content\/uploads\/2019\/11\/isbas2015c2014a-300x203.jpg\" data-width=\"300\" data-height=\"203\" aria-label=\"\" role=\"img\" ><\/div>\n\t\t\t\t\t\t\t\t\t\t\t<div class=\"elementor-gallery-item__overlay\"><\/div>\n\t\t\t\t\t\t\t\t\t\t\t\t\t\t<\/a>\n\t\t\t\t\t\t\t<a class=\"e-gallery-item elementor-gallery-item elementor-animated-content\" data-e-gallery-tags=\"2\" href=\"https:\/\/aikikai-international-geneve.ch\/wp-content\/uploads\/2019\/11\/isbas2015c2015a.jpg\" data-elementor-open-lightbox=\"yes\" data-elementor-lightbox-slideshow=\"8f8e0c0\" data-elementor-lightbox-title=\"S\u00e9minaire ISBAS \u00e0 Prague du 18 au 25 ao\u00fbt 2015\" data-e-action-hash=\"#elementor-action%3Aaction%3Dlightbox%26settings%3DeyJpZCI6MTYxOTYsInVybCI6Imh0dHBzOlwvXC9haWtpa2FpLWludGVybmF0aW9uYWwtZ2VuZXZlLmNoXC93cC1jb250ZW50XC91cGxvYWRzXC8yMDE5XC8xMVwvaXNiYXMyMDE1YzIwMTVhLmpwZyIsInNsaWRlc2hvdyI6IjhmOGUwYzAifQ%3D%3D\">\n\t\t\t\t\t<div class=\"e-gallery-image elementor-gallery-item__image\" data-thumbnail=\"https:\/\/aikikai-international-geneve.ch\/wp-content\/uploads\/2019\/11\/isbas2015c2015a-300x203.jpg\" data-width=\"300\" data-height=\"203\" aria-label=\"\" role=\"img\" ><\/div>\n\t\t\t\t\t\t\t\t\t\t\t<div class=\"elementor-gallery-item__overlay\"><\/div>\n\t\t\t\t\t\t\t\t\t\t\t\t\t\t<\/a>\n\t\t\t\t\t\t\t<a class=\"e-gallery-item elementor-gallery-item elementor-animated-content\" data-e-gallery-tags=\"2\" href=\"https:\/\/aikikai-international-geneve.ch\/wp-content\/uploads\/2019\/11\/isbas2015c2019a.jpg\" data-elementor-open-lightbox=\"yes\" data-elementor-lightbox-slideshow=\"8f8e0c0\" data-elementor-lightbox-title=\"S\u00e9minaire ISBAS \u00e0 Prague du 18 au 25 ao\u00fbt 2015\" data-e-action-hash=\"#elementor-action%3Aaction%3Dlightbox%26settings%3DeyJpZCI6MTYxOTAsInVybCI6Imh0dHBzOlwvXC9haWtpa2FpLWludGVybmF0aW9uYWwtZ2VuZXZlLmNoXC93cC1jb250ZW50XC91cGxvYWRzXC8yMDE5XC8xMVwvaXNiYXMyMDE1YzIwMTlhLmpwZyIsInNsaWRlc2hvdyI6IjhmOGUwYzAifQ%3D%3D\">\n\t\t\t\t\t<div class=\"e-gallery-image elementor-gallery-item__image\" data-thumbnail=\"https:\/\/aikikai-international-geneve.ch\/wp-content\/uploads\/2019\/11\/isbas2015c2019a-300x203.jpg\" data-width=\"300\" data-height=\"203\" aria-label=\"\" role=\"img\" ><\/div>\n\t\t\t\t\t\t\t\t\t\t\t<div class=\"elementor-gallery-item__overlay\"><\/div>\n\t\t\t\t\t\t\t\t\t\t\t\t\t\t<\/a>\n\t\t\t\t\t\t\t<a class=\"e-gallery-item elementor-gallery-item elementor-animated-content\" data-e-gallery-tags=\"2\" href=\"https:\/\/aikikai-international-geneve.ch\/wp-content\/uploads\/2019\/11\/isbas2015c2027a.jpg\" data-elementor-open-lightbox=\"yes\" data-elementor-lightbox-slideshow=\"8f8e0c0\" data-elementor-lightbox-title=\"S\u00e9minaire ISBAS \u00e0 Prague du 18 au 25 ao\u00fbt 2015\" data-e-action-hash=\"#elementor-action%3Aaction%3Dlightbox%26settings%3DeyJpZCI6MTYxODQsInVybCI6Imh0dHBzOlwvXC9haWtpa2FpLWludGVybmF0aW9uYWwtZ2VuZXZlLmNoXC93cC1jb250ZW50XC91cGxvYWRzXC8yMDE5XC8xMVwvaXNiYXMyMDE1YzIwMjdhLmpwZyIsInNsaWRlc2hvdyI6IjhmOGUwYzAifQ%3D%3D\">\n\t\t\t\t\t<div class=\"e-gallery-image elementor-gallery-item__image\" data-thumbnail=\"https:\/\/aikikai-international-geneve.ch\/wp-content\/uploads\/2019\/11\/isbas2015c2027a-300x203.jpg\" data-width=\"300\" data-height=\"203\" aria-label=\"\" role=\"img\" ><\/div>\n\t\t\t\t\t\t\t\t\t\t\t<div class=\"elementor-gallery-item__overlay\"><\/div>\n\t\t\t\t\t\t\t\t\t\t\t\t\t\t<\/a>\n\t\t\t\t\t\t\t<a class=\"e-gallery-item elementor-gallery-item elementor-animated-content\" data-e-gallery-tags=\"3\" href=\"https:\/\/aikikai-international-geneve.ch\/wp-content\/uploads\/2019\/11\/1.jpg\" data-elementor-open-lightbox=\"yes\" data-elementor-lightbox-slideshow=\"8f8e0c0\" data-elementor-lightbox-title=\"S\u00e9minaire avec ARAYA kancho du 4 au 8 juin 2014\" data-e-action-hash=\"#elementor-action%3Aaction%3Dlightbox%26settings%3DeyJpZCI6MTU5MDgsInVybCI6Imh0dHBzOlwvXC9haWtpa2FpLWludGVybmF0aW9uYWwtZ2VuZXZlLmNoXC93cC1jb250ZW50XC91cGxvYWRzXC8yMDE5XC8xMVwvMS5qcGciLCJzbGlkZXNob3ciOiI4ZjhlMGMwIn0%3D\">\n\t\t\t\t\t<div class=\"e-gallery-image elementor-gallery-item__image\" data-thumbnail=\"https:\/\/aikikai-international-geneve.ch\/wp-content\/uploads\/2019\/11\/1-118x300.jpg\" data-width=\"118\" data-height=\"300\" aria-label=\"\" role=\"img\" ><\/div>\n\t\t\t\t\t\t\t\t\t\t\t<div class=\"elementor-gallery-item__overlay\"><\/div>\n\t\t\t\t\t\t\t\t\t\t\t\t\t\t<\/a>\n\t\t\t\t\t\t\t<a class=\"e-gallery-item elementor-gallery-item elementor-animated-content\" data-e-gallery-tags=\"3\" href=\"https:\/\/aikikai-international-geneve.ch\/wp-content\/uploads\/2019\/11\/2.jpg\" data-elementor-open-lightbox=\"yes\" data-elementor-lightbox-slideshow=\"8f8e0c0\" data-elementor-lightbox-title=\"S\u00e9minaire avec ARAYA kancho du 4 au 8 juin 2014\" data-e-action-hash=\"#elementor-action%3Aaction%3Dlightbox%26settings%3DeyJpZCI6MTU5MDIsInVybCI6Imh0dHBzOlwvXC9haWtpa2FpLWludGVybmF0aW9uYWwtZ2VuZXZlLmNoXC93cC1jb250ZW50XC91cGxvYWRzXC8yMDE5XC8xMVwvMi5qcGciLCJzbGlkZXNob3ciOiI4ZjhlMGMwIn0%3D\">\n\t\t\t\t\t<div class=\"e-gallery-image elementor-gallery-item__image\" data-thumbnail=\"https:\/\/aikikai-international-geneve.ch\/wp-content\/uploads\/2019\/11\/2-300x200.jpg\" data-width=\"300\" data-height=\"200\" aria-label=\"\" role=\"img\" ><\/div>\n\t\t\t\t\t\t\t\t\t\t\t<div class=\"elementor-gallery-item__overlay\"><\/div>\n\t\t\t\t\t\t\t\t\t\t\t\t\t\t<\/a>\n\t\t\t\t\t\t\t<a class=\"e-gallery-item elementor-gallery-item elementor-animated-content\" data-e-gallery-tags=\"3\" href=\"https:\/\/aikikai-international-geneve.ch\/wp-content\/uploads\/2019\/11\/3.jpg\" data-elementor-open-lightbox=\"yes\" data-elementor-lightbox-slideshow=\"8f8e0c0\" data-elementor-lightbox-title=\"S\u00e9minaire avec ARAYA kancho du 4 au 8 juin 2014\" data-e-action-hash=\"#elementor-action%3Aaction%3Dlightbox%26settings%3DeyJpZCI6MTU4OTYsInVybCI6Imh0dHBzOlwvXC9haWtpa2FpLWludGVybmF0aW9uYWwtZ2VuZXZlLmNoXC93cC1jb250ZW50XC91cGxvYWRzXC8yMDE5XC8xMVwvMy5qcGciLCJzbGlkZXNob3ciOiI4ZjhlMGMwIn0%3D\">\n\t\t\t\t\t<div class=\"e-gallery-image elementor-gallery-item__image\" data-thumbnail=\"https:\/\/aikikai-international-geneve.ch\/wp-content\/uploads\/2019\/11\/3-200x300.jpg\" data-width=\"200\" data-height=\"300\" aria-label=\"\" role=\"img\" ><\/div>\n\t\t\t\t\t\t\t\t\t\t\t<div class=\"elementor-gallery-item__overlay\"><\/div>\n\t\t\t\t\t\t\t\t\t\t\t\t\t\t<\/a>\n\t\t\t\t\t\t\t<a class=\"e-gallery-item elementor-gallery-item elementor-animated-content\" data-e-gallery-tags=\"3\" href=\"https:\/\/aikikai-international-geneve.ch\/wp-content\/uploads\/2019\/11\/4.jpg\" data-elementor-open-lightbox=\"yes\" data-elementor-lightbox-slideshow=\"8f8e0c0\" data-elementor-lightbox-title=\"S\u00e9minaire avec ARAYA kancho du 4 au 8 juin 2014\" data-e-action-hash=\"#elementor-action%3Aaction%3Dlightbox%26settings%3DeyJpZCI6MTU4OTAsInVybCI6Imh0dHBzOlwvXC9haWtpa2FpLWludGVybmF0aW9uYWwtZ2VuZXZlLmNoXC93cC1jb250ZW50XC91cGxvYWRzXC8yMDE5XC8xMVwvNC5qcGciLCJzbGlkZXNob3ciOiI4ZjhlMGMwIn0%3D\">\n\t\t\t\t\t<div class=\"e-gallery-image elementor-gallery-item__image\" data-thumbnail=\"https:\/\/aikikai-international-geneve.ch\/wp-content\/uploads\/2019\/11\/4-200x300.jpg\" data-width=\"200\" data-height=\"300\" aria-label=\"\" role=\"img\" ><\/div>\n\t\t\t\t\t\t\t\t\t\t\t<div class=\"elementor-gallery-item__overlay\"><\/div>\n\t\t\t\t\t\t\t\t\t\t\t\t\t\t<\/a>\n\t\t\t\t\t\t\t<a class=\"e-gallery-item elementor-gallery-item elementor-animated-content\" data-e-gallery-tags=\"3\" href=\"https:\/\/aikikai-international-geneve.ch\/wp-content\/uploads\/2019\/11\/5.jpg\" data-elementor-open-lightbox=\"yes\" data-elementor-lightbox-slideshow=\"8f8e0c0\" data-elementor-lightbox-title=\"S\u00e9minaire avec ARAYA kancho du 4 au 8 juin 2014\" data-e-action-hash=\"#elementor-action%3Aaction%3Dlightbox%26settings%3DeyJpZCI6MTU4ODQsInVybCI6Imh0dHBzOlwvXC9haWtpa2FpLWludGVybmF0aW9uYWwtZ2VuZXZlLmNoXC93cC1jb250ZW50XC91cGxvYWRzXC8yMDE5XC8xMVwvNS5qcGciLCJzbGlkZXNob3ciOiI4ZjhlMGMwIn0%3D\">\n\t\t\t\t\t<div class=\"e-gallery-image elementor-gallery-item__image\" data-thumbnail=\"https:\/\/aikikai-international-geneve.ch\/wp-content\/uploads\/2019\/11\/5-300x200.jpg\" data-width=\"300\" data-height=\"200\" aria-label=\"\" role=\"img\" ><\/div>\n\t\t\t\t\t\t\t\t\t\t\t<div class=\"elementor-gallery-item__overlay\"><\/div>\n\t\t\t\t\t\t\t\t\t\t\t\t\t\t<\/a>\n\t\t\t\t\t\t\t<a class=\"e-gallery-item elementor-gallery-item elementor-animated-content\" data-e-gallery-tags=\"3\" href=\"https:\/\/aikikai-international-geneve.ch\/wp-content\/uploads\/2019\/11\/6.jpg\" data-elementor-open-lightbox=\"yes\" data-elementor-lightbox-slideshow=\"8f8e0c0\" data-elementor-lightbox-title=\"S\u00e9minaire avec ARAYA kancho du 4 au 8 juin 2014\" data-e-action-hash=\"#elementor-action%3Aaction%3Dlightbox%26settings%3DeyJpZCI6MTU4NzgsInVybCI6Imh0dHBzOlwvXC9haWtpa2FpLWludGVybmF0aW9uYWwtZ2VuZXZlLmNoXC93cC1jb250ZW50XC91cGxvYWRzXC8yMDE5XC8xMVwvNi5qcGciLCJzbGlkZXNob3ciOiI4ZjhlMGMwIn0%3D\">\n\t\t\t\t\t<div class=\"e-gallery-image elementor-gallery-item__image\" data-thumbnail=\"https:\/\/aikikai-international-geneve.ch\/wp-content\/uploads\/2019\/11\/6-300x200.jpg\" data-width=\"300\" data-height=\"200\" aria-label=\"\" role=\"img\" ><\/div>\n\t\t\t\t\t\t\t\t\t\t\t<div class=\"elementor-gallery-item__overlay\"><\/div>\n\t\t\t\t\t\t\t\t\t\t\t\t\t\t<\/a>\n\t\t\t\t\t\t\t<a class=\"e-gallery-item elementor-gallery-item elementor-animated-content\" data-e-gallery-tags=\"3\" href=\"https:\/\/aikikai-international-geneve.ch\/wp-content\/uploads\/2019\/11\/7.jpg\" data-elementor-open-lightbox=\"yes\" data-elementor-lightbox-slideshow=\"8f8e0c0\" data-elementor-lightbox-title=\"S\u00e9minaire avec ARAYA kancho du 4 au 8 juin 2014\" data-e-action-hash=\"#elementor-action%3Aaction%3Dlightbox%26settings%3DeyJpZCI6MTU4NzIsInVybCI6Imh0dHBzOlwvXC9haWtpa2FpLWludGVybmF0aW9uYWwtZ2VuZXZlLmNoXC93cC1jb250ZW50XC91cGxvYWRzXC8yMDE5XC8xMVwvNy5qcGciLCJzbGlkZXNob3ciOiI4ZjhlMGMwIn0%3D\">\n\t\t\t\t\t<div class=\"e-gallery-image elementor-gallery-item__image\" data-thumbnail=\"https:\/\/aikikai-international-geneve.ch\/wp-content\/uploads\/2019\/11\/7-300x200.jpg\" data-width=\"300\" data-height=\"200\" aria-label=\"\" role=\"img\" ><\/div>\n\t\t\t\t\t\t\t\t\t\t\t<div class=\"elementor-gallery-item__overlay\"><\/div>\n\t\t\t\t\t\t\t\t\t\t\t\t\t\t<\/a>\n\t\t\t\t\t\t\t<a class=\"e-gallery-item elementor-gallery-item elementor-animated-content\" data-e-gallery-tags=\"3\" href=\"https:\/\/aikikai-international-geneve.ch\/wp-content\/uploads\/2019\/11\/8.jpg\" data-elementor-open-lightbox=\"yes\" data-elementor-lightbox-slideshow=\"8f8e0c0\" data-elementor-lightbox-title=\"S\u00e9minaire avec ARAYA kancho du 4 au 8 juin 2014\" data-e-action-hash=\"#elementor-action%3Aaction%3Dlightbox%26settings%3DeyJpZCI6MTU4NjYsInVybCI6Imh0dHBzOlwvXC9haWtpa2FpLWludGVybmF0aW9uYWwtZ2VuZXZlLmNoXC93cC1jb250ZW50XC91cGxvYWRzXC8yMDE5XC8xMVwvOC5qcGciLCJzbGlkZXNob3ciOiI4ZjhlMGMwIn0%3D\">\n\t\t\t\t\t<div class=\"e-gallery-image elementor-gallery-item__image\" data-thumbnail=\"https:\/\/aikikai-international-geneve.ch\/wp-content\/uploads\/2019\/11\/8-300x200.jpg\" data-width=\"300\" data-height=\"200\" aria-label=\"\" role=\"img\" ><\/div>\n\t\t\t\t\t\t\t\t\t\t\t<div class=\"elementor-gallery-item__overlay\"><\/div>\n\t\t\t\t\t\t\t\t\t\t\t\t\t\t<\/a>\n\t\t\t\t\t\t\t<a class=\"e-gallery-item elementor-gallery-item elementor-animated-content\" data-e-gallery-tags=\"3\" href=\"https:\/\/aikikai-international-geneve.ch\/wp-content\/uploads\/2019\/11\/9.jpg\" data-elementor-open-lightbox=\"yes\" data-elementor-lightbox-slideshow=\"8f8e0c0\" data-elementor-lightbox-title=\"S\u00e9minaire avec ARAYA kancho du 4 au 8 juin 2014\" data-e-action-hash=\"#elementor-action%3Aaction%3Dlightbox%26settings%3DeyJpZCI6MTU4NjAsInVybCI6Imh0dHBzOlwvXC9haWtpa2FpLWludGVybmF0aW9uYWwtZ2VuZXZlLmNoXC93cC1jb250ZW50XC91cGxvYWRzXC8yMDE5XC8xMVwvOS5qcGciLCJzbGlkZXNob3ciOiI4ZjhlMGMwIn0%3D\">\n\t\t\t\t\t<div class=\"e-gallery-image elementor-gallery-item__image\" data-thumbnail=\"https:\/\/aikikai-international-geneve.ch\/wp-content\/uploads\/2019\/11\/9-200x300.jpg\" data-width=\"200\" data-height=\"300\" aria-label=\"\" role=\"img\" ><\/div>\n\t\t\t\t\t\t\t\t\t\t\t<div class=\"elementor-gallery-item__overlay\"><\/div>\n\t\t\t\t\t\t\t\t\t\t\t\t\t\t<\/a>\n\t\t\t\t\t\t\t<a class=\"e-gallery-item elementor-gallery-item elementor-animated-content\" data-e-gallery-tags=\"3\" href=\"https:\/\/aikikai-international-geneve.ch\/wp-content\/uploads\/2019\/11\/10.jpg\" data-elementor-open-lightbox=\"yes\" data-elementor-lightbox-slideshow=\"8f8e0c0\" data-elementor-lightbox-title=\"S\u00e9minaire avec ARAYA kancho du 4 au 8 juin 2014\" data-e-action-hash=\"#elementor-action%3Aaction%3Dlightbox%26settings%3DeyJpZCI6MTU4NTQsInVybCI6Imh0dHBzOlwvXC9haWtpa2FpLWludGVybmF0aW9uYWwtZ2VuZXZlLmNoXC93cC1jb250ZW50XC91cGxvYWRzXC8yMDE5XC8xMVwvMTAuanBnIiwic2xpZGVzaG93IjoiOGY4ZTBjMCJ9\">\n\t\t\t\t\t<div class=\"e-gallery-image elementor-gallery-item__image\" data-thumbnail=\"https:\/\/aikikai-international-geneve.ch\/wp-content\/uploads\/2019\/11\/10-300x200.jpg\" data-width=\"300\" data-height=\"200\" aria-label=\"\" role=\"img\" ><\/div>\n\t\t\t\t\t\t\t\t\t\t\t<div class=\"elementor-gallery-item__overlay\"><\/div>\n\t\t\t\t\t\t\t\t\t\t\t\t\t\t<\/a>\n\t\t\t\t\t\t\t<a class=\"e-gallery-item elementor-gallery-item elementor-animated-content\" data-e-gallery-tags=\"3\" href=\"https:\/\/aikikai-international-geneve.ch\/wp-content\/uploads\/2019\/11\/11.jpg\" data-elementor-open-lightbox=\"yes\" data-elementor-lightbox-slideshow=\"8f8e0c0\" data-elementor-lightbox-title=\"S\u00e9minaire avec ARAYA kancho du 4 au 8 juin 2014\" data-e-action-hash=\"#elementor-action%3Aaction%3Dlightbox%26settings%3DeyJpZCI6MTU4NDgsInVybCI6Imh0dHBzOlwvXC9haWtpa2FpLWludGVybmF0aW9uYWwtZ2VuZXZlLmNoXC93cC1jb250ZW50XC91cGxvYWRzXC8yMDE5XC8xMVwvMTEuanBnIiwic2xpZGVzaG93IjoiOGY4ZTBjMCJ9\">\n\t\t\t\t\t<div class=\"e-gallery-image elementor-gallery-item__image\" data-thumbnail=\"https:\/\/aikikai-international-geneve.ch\/wp-content\/uploads\/2019\/11\/11-300x200.jpg\" data-width=\"300\" data-height=\"200\" aria-label=\"\" role=\"img\" ><\/div>\n\t\t\t\t\t\t\t\t\t\t\t<div class=\"elementor-gallery-item__overlay\"><\/div>\n\t\t\t\t\t\t\t\t\t\t\t\t\t\t<\/a>\n\t\t\t\t\t\t\t<a class=\"e-gallery-item elementor-gallery-item elementor-animated-content\" data-e-gallery-tags=\"3\" href=\"https:\/\/aikikai-international-geneve.ch\/wp-content\/uploads\/2019\/11\/12.jpg\" data-elementor-open-lightbox=\"yes\" data-elementor-lightbox-slideshow=\"8f8e0c0\" data-elementor-lightbox-title=\"S\u00e9minaire avec ARAYA kancho du 4 au 8 juin 2014\" data-e-action-hash=\"#elementor-action%3Aaction%3Dlightbox%26settings%3DeyJpZCI6MTU4NDIsInVybCI6Imh0dHBzOlwvXC9haWtpa2FpLWludGVybmF0aW9uYWwtZ2VuZXZlLmNoXC93cC1jb250ZW50XC91cGxvYWRzXC8yMDE5XC8xMVwvMTIuanBnIiwic2xpZGVzaG93IjoiOGY4ZTBjMCJ9\">\n\t\t\t\t\t<div class=\"e-gallery-image elementor-gallery-item__image\" data-thumbnail=\"https:\/\/aikikai-international-geneve.ch\/wp-content\/uploads\/2019\/11\/12-201x300.jpg\" data-width=\"201\" data-height=\"300\" aria-label=\"\" role=\"img\" ><\/div>\n\t\t\t\t\t\t\t\t\t\t\t<div class=\"elementor-gallery-item__overlay\"><\/div>\n\t\t\t\t\t\t\t\t\t\t\t\t\t\t<\/a>\n\t\t\t\t\t\t\t<a class=\"e-gallery-item elementor-gallery-item elementor-animated-content\" data-e-gallery-tags=\"3\" href=\"https:\/\/aikikai-international-geneve.ch\/wp-content\/uploads\/2019\/11\/13.jpg\" data-elementor-open-lightbox=\"yes\" data-elementor-lightbox-slideshow=\"8f8e0c0\" data-elementor-lightbox-title=\"S\u00e9minaire avec ARAYA kancho du 4 au 8 juin 2014\" data-e-action-hash=\"#elementor-action%3Aaction%3Dlightbox%26settings%3DeyJpZCI6MTU4MzYsInVybCI6Imh0dHBzOlwvXC9haWtpa2FpLWludGVybmF0aW9uYWwtZ2VuZXZlLmNoXC93cC1jb250ZW50XC91cGxvYWRzXC8yMDE5XC8xMVwvMTMuanBnIiwic2xpZGVzaG93IjoiOGY4ZTBjMCJ9\">\n\t\t\t\t\t<div class=\"e-gallery-image elementor-gallery-item__image\" data-thumbnail=\"https:\/\/aikikai-international-geneve.ch\/wp-content\/uploads\/2019\/11\/13-300x225.jpg\" data-width=\"300\" data-height=\"225\" aria-label=\"\" role=\"img\" ><\/div>\n\t\t\t\t\t\t\t\t\t\t\t<div class=\"elementor-gallery-item__overlay\"><\/div>\n\t\t\t\t\t\t\t\t\t\t\t\t\t\t<\/a>\n\t\t\t\t\t\t\t<a class=\"e-gallery-item elementor-gallery-item elementor-animated-content\" data-e-gallery-tags=\"3\" href=\"https:\/\/aikikai-international-geneve.ch\/wp-content\/uploads\/2019\/11\/14.jpg\" data-elementor-open-lightbox=\"yes\" data-elementor-lightbox-slideshow=\"8f8e0c0\" data-elementor-lightbox-title=\"S\u00e9minaire avec ARAYA kancho du 4 au 8 juin 2014\" data-e-action-hash=\"#elementor-action%3Aaction%3Dlightbox%26settings%3DeyJpZCI6MTU4MzAsInVybCI6Imh0dHBzOlwvXC9haWtpa2FpLWludGVybmF0aW9uYWwtZ2VuZXZlLmNoXC93cC1jb250ZW50XC91cGxvYWRzXC8yMDE5XC8xMVwvMTQuanBnIiwic2xpZGVzaG93IjoiOGY4ZTBjMCJ9\">\n\t\t\t\t\t<div class=\"e-gallery-image elementor-gallery-item__image\" data-thumbnail=\"https:\/\/aikikai-international-geneve.ch\/wp-content\/uploads\/2019\/11\/14-300x225.jpg\" data-width=\"300\" data-height=\"225\" aria-label=\"\" role=\"img\" ><\/div>\n\t\t\t\t\t\t\t\t\t\t\t<div class=\"elementor-gallery-item__overlay\"><\/div>\n\t\t\t\t\t\t\t\t\t\t\t\t\t\t<\/a>\n\t\t\t\t\t\t\t<a class=\"e-gallery-item elementor-gallery-item elementor-animated-content\" data-e-gallery-tags=\"3\" href=\"https:\/\/aikikai-international-geneve.ch\/wp-content\/uploads\/2019\/11\/15.jpg\" data-elementor-open-lightbox=\"yes\" data-elementor-lightbox-slideshow=\"8f8e0c0\" data-elementor-lightbox-title=\"S\u00e9minaire avec ARAYA kancho du 4 au 8 juin 2014\" data-e-action-hash=\"#elementor-action%3Aaction%3Dlightbox%26settings%3DeyJpZCI6MTU4MjQsInVybCI6Imh0dHBzOlwvXC9haWtpa2FpLWludGVybmF0aW9uYWwtZ2VuZXZlLmNoXC93cC1jb250ZW50XC91cGxvYWRzXC8yMDE5XC8xMVwvMTUuanBnIiwic2xpZGVzaG93IjoiOGY4ZTBjMCJ9\">\n\t\t\t\t\t<div class=\"e-gallery-image elementor-gallery-item__image\" data-thumbnail=\"https:\/\/aikikai-international-geneve.ch\/wp-content\/uploads\/2019\/11\/15-300x225.jpg\" data-width=\"300\" data-height=\"225\" aria-label=\"\" role=\"img\" ><\/div>\n\t\t\t\t\t\t\t\t\t\t\t<div class=\"elementor-gallery-item__overlay\"><\/div>\n\t\t\t\t\t\t\t\t\t\t\t\t\t\t<\/a>\n\t\t\t\t\t\t\t<a class=\"e-gallery-item elementor-gallery-item elementor-animated-content\" data-e-gallery-tags=\"3\" href=\"https:\/\/aikikai-international-geneve.ch\/wp-content\/uploads\/2019\/11\/16.jpg\" data-elementor-open-lightbox=\"yes\" data-elementor-lightbox-slideshow=\"8f8e0c0\" data-elementor-lightbox-title=\"S\u00e9minaire avec ARAYA kancho du 4 au 8 juin 2014\" data-e-action-hash=\"#elementor-action%3Aaction%3Dlightbox%26settings%3DeyJpZCI6MTU4MTgsInVybCI6Imh0dHBzOlwvXC9haWtpa2FpLWludGVybmF0aW9uYWwtZ2VuZXZlLmNoXC93cC1jb250ZW50XC91cGxvYWRzXC8yMDE5XC8xMVwvMTYuanBnIiwic2xpZGVzaG93IjoiOGY4ZTBjMCJ9\">\n\t\t\t\t\t<div class=\"e-gallery-image elementor-gallery-item__image\" data-thumbnail=\"https:\/\/aikikai-international-geneve.ch\/wp-content\/uploads\/2019\/11\/16-300x224.jpg\" data-width=\"300\" data-height=\"224\" aria-label=\"\" role=\"img\" ><\/div>\n\t\t\t\t\t\t\t\t\t\t\t<div class=\"elementor-gallery-item__overlay\"><\/div>\n\t\t\t\t\t\t\t\t\t\t\t\t\t\t<\/a>\n\t\t\t\t\t\t\t<a class=\"e-gallery-item elementor-gallery-item elementor-animated-content\" data-e-gallery-tags=\"3\" href=\"https:\/\/aikikai-international-geneve.ch\/wp-content\/uploads\/2019\/11\/17.jpg\" data-elementor-open-lightbox=\"yes\" data-elementor-lightbox-slideshow=\"8f8e0c0\" data-elementor-lightbox-title=\"S\u00e9minaire avec ARAYA kancho du 4 au 8 juin 2014\" data-e-action-hash=\"#elementor-action%3Aaction%3Dlightbox%26settings%3DeyJpZCI6MTU4MTIsInVybCI6Imh0dHBzOlwvXC9haWtpa2FpLWludGVybmF0aW9uYWwtZ2VuZXZlLmNoXC93cC1jb250ZW50XC91cGxvYWRzXC8yMDE5XC8xMVwvMTcuanBnIiwic2xpZGVzaG93IjoiOGY4ZTBjMCJ9\">\n\t\t\t\t\t<div class=\"e-gallery-image elementor-gallery-item__image\" data-thumbnail=\"https:\/\/aikikai-international-geneve.ch\/wp-content\/uploads\/2019\/11\/17-300x196.jpg\" data-width=\"300\" data-height=\"196\" aria-label=\"\" role=\"img\" ><\/div>\n\t\t\t\t\t\t\t\t\t\t\t<div class=\"elementor-gallery-item__overlay\"><\/div>\n\t\t\t\t\t\t\t\t\t\t\t\t\t\t<\/a>\n\t\t\t\t\t\t\t<a class=\"e-gallery-item elementor-gallery-item elementor-animated-content\" data-e-gallery-tags=\"3\" href=\"https:\/\/aikikai-international-geneve.ch\/wp-content\/uploads\/2019\/11\/19.jpg\" data-elementor-open-lightbox=\"yes\" data-elementor-lightbox-slideshow=\"8f8e0c0\" data-elementor-lightbox-title=\"S\u00e9minaire avec ARAYA kancho du 4 au 8 juin 2014\" data-e-action-hash=\"#elementor-action%3Aaction%3Dlightbox%26settings%3DeyJpZCI6MTU4MDAsInVybCI6Imh0dHBzOlwvXC9haWtpa2FpLWludGVybmF0aW9uYWwtZ2VuZXZlLmNoXC93cC1jb250ZW50XC91cGxvYWRzXC8yMDE5XC8xMVwvMTkuanBnIiwic2xpZGVzaG93IjoiOGY4ZTBjMCJ9\">\n\t\t\t\t\t<div class=\"e-gallery-image elementor-gallery-item__image\" data-thumbnail=\"https:\/\/aikikai-international-geneve.ch\/wp-content\/uploads\/2019\/11\/19-300x225.jpg\" data-width=\"300\" data-height=\"225\" aria-label=\"\" role=\"img\" ><\/div>\n\t\t\t\t\t\t\t\t\t\t\t<div class=\"elementor-gallery-item__overlay\"><\/div>\n\t\t\t\t\t\t\t\t\t\t\t\t\t\t<\/a>\n\t\t\t\t\t\t\t<a class=\"e-gallery-item elementor-gallery-item elementor-animated-content\" data-e-gallery-tags=\"3\" href=\"https:\/\/aikikai-international-geneve.ch\/wp-content\/uploads\/2019\/11\/18.jpg\" data-elementor-open-lightbox=\"yes\" data-elementor-lightbox-slideshow=\"8f8e0c0\" data-elementor-lightbox-title=\"S\u00e9minaire avec ARAYA kancho du 4 au 8 juin 2014\" data-e-action-hash=\"#elementor-action%3Aaction%3Dlightbox%26settings%3DeyJpZCI6MTU4MDYsInVybCI6Imh0dHBzOlwvXC9haWtpa2FpLWludGVybmF0aW9uYWwtZ2VuZXZlLmNoXC93cC1jb250ZW50XC91cGxvYWRzXC8yMDE5XC8xMVwvMTguanBnIiwic2xpZGVzaG93IjoiOGY4ZTBjMCJ9\">\n\t\t\t\t\t<div class=\"e-gallery-image elementor-gallery-item__image\" data-thumbnail=\"https:\/\/aikikai-international-geneve.ch\/wp-content\/uploads\/2019\/11\/18-225x300.jpg\" data-width=\"225\" data-height=\"300\" aria-label=\"\" role=\"img\" ><\/div>\n\t\t\t\t\t\t\t\t\t\t\t<div class=\"elementor-gallery-item__overlay\"><\/div>\n\t\t\t\t\t\t\t\t\t\t\t\t\t\t<\/a>\n\t\t\t\t\t\t\t<a class=\"e-gallery-item elementor-gallery-item elementor-animated-content\" data-e-gallery-tags=\"3\" href=\"https:\/\/aikikai-international-geneve.ch\/wp-content\/uploads\/2019\/11\/20.jpg\" data-elementor-open-lightbox=\"yes\" data-elementor-lightbox-slideshow=\"8f8e0c0\" data-elementor-lightbox-title=\"S\u00e9minaire avec ARAYA kancho du 4 au 8 juin 2014\" data-e-action-hash=\"#elementor-action%3Aaction%3Dlightbox%26settings%3DeyJpZCI6MTU3OTQsInVybCI6Imh0dHBzOlwvXC9haWtpa2FpLWludGVybmF0aW9uYWwtZ2VuZXZlLmNoXC93cC1jb250ZW50XC91cGxvYWRzXC8yMDE5XC8xMVwvMjAuanBnIiwic2xpZGVzaG93IjoiOGY4ZTBjMCJ9\">\n\t\t\t\t\t<div class=\"e-gallery-image elementor-gallery-item__image\" data-thumbnail=\"https:\/\/aikikai-international-geneve.ch\/wp-content\/uploads\/2019\/11\/20-300x225.jpg\" data-width=\"300\" data-height=\"225\" aria-label=\"\" role=\"img\" ><\/div>\n\t\t\t\t\t\t\t\t\t\t\t<div class=\"elementor-gallery-item__overlay\"><\/div>\n\t\t\t\t\t\t\t\t\t\t\t\t\t\t<\/a>\n\t\t\t\t\t\t\t<a class=\"e-gallery-item elementor-gallery-item elementor-animated-content\" data-e-gallery-tags=\"3\" href=\"https:\/\/aikikai-international-geneve.ch\/wp-content\/uploads\/2019\/11\/21.jpg\" data-elementor-open-lightbox=\"yes\" data-elementor-lightbox-slideshow=\"8f8e0c0\" data-elementor-lightbox-title=\"S\u00e9minaire avec ARAYA kancho du 4 au 8 juin 2014\" data-e-action-hash=\"#elementor-action%3Aaction%3Dlightbox%26settings%3DeyJpZCI6MTU3ODgsInVybCI6Imh0dHBzOlwvXC9haWtpa2FpLWludGVybmF0aW9uYWwtZ2VuZXZlLmNoXC93cC1jb250ZW50XC91cGxvYWRzXC8yMDE5XC8xMVwvMjEuanBnIiwic2xpZGVzaG93IjoiOGY4ZTBjMCJ9\">\n\t\t\t\t\t<div class=\"e-gallery-image elementor-gallery-item__image\" data-thumbnail=\"https:\/\/aikikai-international-geneve.ch\/wp-content\/uploads\/2019\/11\/21-300x225.jpg\" data-width=\"300\" data-height=\"225\" aria-label=\"\" role=\"img\" ><\/div>\n\t\t\t\t\t\t\t\t\t\t\t<div class=\"elementor-gallery-item__overlay\"><\/div>\n\t\t\t\t\t\t\t\t\t\t\t\t\t\t<\/a>\n\t\t\t\t\t\t\t<a class=\"e-gallery-item elementor-gallery-item elementor-animated-content\" data-e-gallery-tags=\"3\" href=\"https:\/\/aikikai-international-geneve.ch\/wp-content\/uploads\/2019\/11\/22.jpg\" data-elementor-open-lightbox=\"yes\" data-elementor-lightbox-slideshow=\"8f8e0c0\" data-elementor-lightbox-title=\"S\u00e9minaire avec ARAYA kancho du 4 au 8 juin 2014\" data-e-action-hash=\"#elementor-action%3Aaction%3Dlightbox%26settings%3DeyJpZCI6MTU3ODIsInVybCI6Imh0dHBzOlwvXC9haWtpa2FpLWludGVybmF0aW9uYWwtZ2VuZXZlLmNoXC93cC1jb250ZW50XC91cGxvYWRzXC8yMDE5XC8xMVwvMjIuanBnIiwic2xpZGVzaG93IjoiOGY4ZTBjMCJ9\">\n\t\t\t\t\t<div class=\"e-gallery-image elementor-gallery-item__image\" data-thumbnail=\"https:\/\/aikikai-international-geneve.ch\/wp-content\/uploads\/2019\/11\/22-300x225.jpg\" data-width=\"300\" data-height=\"225\" aria-label=\"\" role=\"img\" ><\/div>\n\t\t\t\t\t\t\t\t\t\t\t<div class=\"elementor-gallery-item__overlay\"><\/div>\n\t\t\t\t\t\t\t\t\t\t\t\t\t\t<\/a>\n\t\t\t\t\t\t\t<a class=\"e-gallery-item elementor-gallery-item elementor-animated-content\" data-e-gallery-tags=\"3\" href=\"https:\/\/aikikai-international-geneve.ch\/wp-content\/uploads\/2019\/11\/23.jpg\" data-elementor-open-lightbox=\"yes\" data-elementor-lightbox-slideshow=\"8f8e0c0\" data-elementor-lightbox-title=\"S\u00e9minaire avec ARAYA kancho du 4 au 8 juin 2014\" data-e-action-hash=\"#elementor-action%3Aaction%3Dlightbox%26settings%3DeyJpZCI6MTU3NzYsInVybCI6Imh0dHBzOlwvXC9haWtpa2FpLWludGVybmF0aW9uYWwtZ2VuZXZlLmNoXC93cC1jb250ZW50XC91cGxvYWRzXC8yMDE5XC8xMVwvMjMuanBnIiwic2xpZGVzaG93IjoiOGY4ZTBjMCJ9\">\n\t\t\t\t\t<div class=\"e-gallery-image elementor-gallery-item__image\" data-thumbnail=\"https:\/\/aikikai-international-geneve.ch\/wp-content\/uploads\/2019\/11\/23-300x225.jpg\" data-width=\"300\" data-height=\"225\" aria-label=\"\" role=\"img\" ><\/div>\n\t\t\t\t\t\t\t\t\t\t\t<div class=\"elementor-gallery-item__overlay\"><\/div>\n\t\t\t\t\t\t\t\t\t\t\t\t\t\t<\/a>\n\t\t\t\t\t\t\t<a class=\"e-gallery-item elementor-gallery-item elementor-animated-content\" data-e-gallery-tags=\"3\" href=\"https:\/\/aikikai-international-geneve.ch\/wp-content\/uploads\/2019\/11\/24.jpg\" data-elementor-open-lightbox=\"yes\" data-elementor-lightbox-slideshow=\"8f8e0c0\" data-elementor-lightbox-title=\"S\u00e9minaire avec ARAYA kancho du 4 au 8 juin 2014\" data-e-action-hash=\"#elementor-action%3Aaction%3Dlightbox%26settings%3DeyJpZCI6MTU3NzAsInVybCI6Imh0dHBzOlwvXC9haWtpa2FpLWludGVybmF0aW9uYWwtZ2VuZXZlLmNoXC93cC1jb250ZW50XC91cGxvYWRzXC8yMDE5XC8xMVwvMjQuanBnIiwic2xpZGVzaG93IjoiOGY4ZTBjMCJ9\">\n\t\t\t\t\t<div class=\"e-gallery-image elementor-gallery-item__image\" data-thumbnail=\"https:\/\/aikikai-international-geneve.ch\/wp-content\/uploads\/2019\/11\/24-300x225.jpg\" data-width=\"300\" data-height=\"225\" aria-label=\"\" role=\"img\" ><\/div>\n\t\t\t\t\t\t\t\t\t\t\t<div class=\"elementor-gallery-item__overlay\"><\/div>\n\t\t\t\t\t\t\t\t\t\t\t\t\t\t<\/a>\n\t\t\t\t\t\t\t<a class=\"e-gallery-item elementor-gallery-item elementor-animated-content\" data-e-gallery-tags=\"3\" href=\"https:\/\/aikikai-international-geneve.ch\/wp-content\/uploads\/2019\/11\/25.jpg\" data-elementor-open-lightbox=\"yes\" data-elementor-lightbox-slideshow=\"8f8e0c0\" data-elementor-lightbox-title=\"S\u00e9minaire avec ARAYA kancho du 4 au 8 juin 2014\" data-e-action-hash=\"#elementor-action%3Aaction%3Dlightbox%26settings%3DeyJpZCI6MTU3NjQsInVybCI6Imh0dHBzOlwvXC9haWtpa2FpLWludGVybmF0aW9uYWwtZ2VuZXZlLmNoXC93cC1jb250ZW50XC91cGxvYWRzXC8yMDE5XC8xMVwvMjUuanBnIiwic2xpZGVzaG93IjoiOGY4ZTBjMCJ9\">\n\t\t\t\t\t<div class=\"e-gallery-image elementor-gallery-item__image\" data-thumbnail=\"https:\/\/aikikai-international-geneve.ch\/wp-content\/uploads\/2019\/11\/25-300x225.jpg\" data-width=\"300\" data-height=\"225\" aria-label=\"\" role=\"img\" ><\/div>\n\t\t\t\t\t\t\t\t\t\t\t<div class=\"elementor-gallery-item__overlay\"><\/div>\n\t\t\t\t\t\t\t\t\t\t\t\t\t\t<\/a>\n\t\t\t\t\t\t\t<a class=\"e-gallery-item elementor-gallery-item elementor-animated-content\" data-e-gallery-tags=\"3\" href=\"https:\/\/aikikai-international-geneve.ch\/wp-content\/uploads\/2019\/11\/26.jpg\" data-elementor-open-lightbox=\"yes\" data-elementor-lightbox-slideshow=\"8f8e0c0\" data-elementor-lightbox-title=\"S\u00e9minaire avec ARAYA kancho du 4 au 8 juin 2014\" data-e-action-hash=\"#elementor-action%3Aaction%3Dlightbox%26settings%3DeyJpZCI6MTU3NTgsInVybCI6Imh0dHBzOlwvXC9haWtpa2FpLWludGVybmF0aW9uYWwtZ2VuZXZlLmNoXC93cC1jb250ZW50XC91cGxvYWRzXC8yMDE5XC8xMVwvMjYuanBnIiwic2xpZGVzaG93IjoiOGY4ZTBjMCJ9\">\n\t\t\t\t\t<div class=\"e-gallery-image elementor-gallery-item__image\" data-thumbnail=\"https:\/\/aikikai-international-geneve.ch\/wp-content\/uploads\/2019\/11\/26-300x225.jpg\" data-width=\"300\" data-height=\"225\" aria-label=\"\" role=\"img\" ><\/div>\n\t\t\t\t\t\t\t\t\t\t\t<div class=\"elementor-gallery-item__overlay\"><\/div>\n\t\t\t\t\t\t\t\t\t\t\t\t\t\t<\/a>\n\t\t\t\t\t\t\t<a class=\"e-gallery-item elementor-gallery-item elementor-animated-content\" data-e-gallery-tags=\"3\" href=\"https:\/\/aikikai-international-geneve.ch\/wp-content\/uploads\/2019\/11\/27.jpg\" data-elementor-open-lightbox=\"yes\" data-elementor-lightbox-slideshow=\"8f8e0c0\" data-elementor-lightbox-title=\"S\u00e9minaire avec ARAYA kancho du 4 au 8 juin 2014\" data-e-action-hash=\"#elementor-action%3Aaction%3Dlightbox%26settings%3DeyJpZCI6MTU3NTIsInVybCI6Imh0dHBzOlwvXC9haWtpa2FpLWludGVybmF0aW9uYWwtZ2VuZXZlLmNoXC93cC1jb250ZW50XC91cGxvYWRzXC8yMDE5XC8xMVwvMjcuanBnIiwic2xpZGVzaG93IjoiOGY4ZTBjMCJ9\">\n\t\t\t\t\t<div class=\"e-gallery-image elementor-gallery-item__image\" data-thumbnail=\"https:\/\/aikikai-international-geneve.ch\/wp-content\/uploads\/2019\/11\/27-300x225.jpg\" data-width=\"300\" data-height=\"225\" aria-label=\"\" role=\"img\" ><\/div>\n\t\t\t\t\t\t\t\t\t\t\t<div class=\"elementor-gallery-item__overlay\"><\/div>\n\t\t\t\t\t\t\t\t\t\t\t\t\t\t<\/a>\n\t\t\t\t\t\t\t<a class=\"e-gallery-item elementor-gallery-item elementor-animated-content\" data-e-gallery-tags=\"3\" href=\"https:\/\/aikikai-international-geneve.ch\/wp-content\/uploads\/2019\/11\/28.jpg\" data-elementor-open-lightbox=\"yes\" data-elementor-lightbox-slideshow=\"8f8e0c0\" data-elementor-lightbox-title=\"S\u00e9minaire avec ARAYA kancho du 4 au 8 juin 2014\" data-e-action-hash=\"#elementor-action%3Aaction%3Dlightbox%26settings%3DeyJpZCI6MTU3NDYsInVybCI6Imh0dHBzOlwvXC9haWtpa2FpLWludGVybmF0aW9uYWwtZ2VuZXZlLmNoXC93cC1jb250ZW50XC91cGxvYWRzXC8yMDE5XC8xMVwvMjguanBnIiwic2xpZGVzaG93IjoiOGY4ZTBjMCJ9\">\n\t\t\t\t\t<div class=\"e-gallery-image elementor-gallery-item__image\" data-thumbnail=\"https:\/\/aikikai-international-geneve.ch\/wp-content\/uploads\/2019\/11\/28-300x225.jpg\" data-width=\"300\" data-height=\"225\" aria-label=\"\" role=\"img\" ><\/div>\n\t\t\t\t\t\t\t\t\t\t\t<div class=\"elementor-gallery-item__overlay\"><\/div>\n\t\t\t\t\t\t\t\t\t\t\t\t\t\t<\/a>\n\t\t\t\t\t\t\t<a class=\"e-gallery-item elementor-gallery-item elementor-animated-content\" data-e-gallery-tags=\"3\" href=\"https:\/\/aikikai-international-geneve.ch\/wp-content\/uploads\/2019\/11\/29.jpg\" data-elementor-open-lightbox=\"yes\" data-elementor-lightbox-slideshow=\"8f8e0c0\" data-elementor-lightbox-title=\"S\u00e9minaire avec ARAYA kancho du 4 au 8 juin 2014\" data-e-action-hash=\"#elementor-action%3Aaction%3Dlightbox%26settings%3DeyJpZCI6MTU3NDAsInVybCI6Imh0dHBzOlwvXC9haWtpa2FpLWludGVybmF0aW9uYWwtZ2VuZXZlLmNoXC93cC1jb250ZW50XC91cGxvYWRzXC8yMDE5XC8xMVwvMjkuanBnIiwic2xpZGVzaG93IjoiOGY4ZTBjMCJ9\">\n\t\t\t\t\t<div class=\"e-gallery-image elementor-gallery-item__image\" data-thumbnail=\"https:\/\/aikikai-international-geneve.ch\/wp-content\/uploads\/2019\/11\/29-300x225.jpg\" data-width=\"300\" data-height=\"225\" aria-label=\"\" role=\"img\" ><\/div>\n\t\t\t\t\t\t\t\t\t\t\t<div class=\"elementor-gallery-item__overlay\"><\/div>\n\t\t\t\t\t\t\t\t\t\t\t\t\t\t<\/a>\n\t\t\t\t\t\t\t<a class=\"e-gallery-item elementor-gallery-item elementor-animated-content\" data-e-gallery-tags=\"3\" href=\"https:\/\/aikikai-international-geneve.ch\/wp-content\/uploads\/2019\/11\/30.jpg\" data-elementor-open-lightbox=\"yes\" data-elementor-lightbox-slideshow=\"8f8e0c0\" data-elementor-lightbox-title=\"S\u00e9minaire avec ARAYA kancho du 4 au 8 juin 2014\" data-e-action-hash=\"#elementor-action%3Aaction%3Dlightbox%26settings%3DeyJpZCI6MTU3MzQsInVybCI6Imh0dHBzOlwvXC9haWtpa2FpLWludGVybmF0aW9uYWwtZ2VuZXZlLmNoXC93cC1jb250ZW50XC91cGxvYWRzXC8yMDE5XC8xMVwvMzAuanBnIiwic2xpZGVzaG93IjoiOGY4ZTBjMCJ9\">\n\t\t\t\t\t<div class=\"e-gallery-image elementor-gallery-item__image\" data-thumbnail=\"https:\/\/aikikai-international-geneve.ch\/wp-content\/uploads\/2019\/11\/30-300x225.jpg\" data-width=\"300\" data-height=\"225\" aria-label=\"\" role=\"img\" ><\/div>\n\t\t\t\t\t\t\t\t\t\t\t<div class=\"elementor-gallery-item__overlay\"><\/div>\n\t\t\t\t\t\t\t\t\t\t\t\t\t\t<\/a>\n\t\t\t\t\t\t\t<a class=\"e-gallery-item elementor-gallery-item elementor-animated-content\" data-e-gallery-tags=\"3\" href=\"https:\/\/aikikai-international-geneve.ch\/wp-content\/uploads\/2019\/11\/31.jpg\" data-elementor-open-lightbox=\"yes\" data-elementor-lightbox-slideshow=\"8f8e0c0\" data-elementor-lightbox-title=\"S\u00e9minaire avec ARAYA kancho du 4 au 8 juin 2014\" data-e-action-hash=\"#elementor-action%3Aaction%3Dlightbox%26settings%3DeyJpZCI6MTU3MjgsInVybCI6Imh0dHBzOlwvXC9haWtpa2FpLWludGVybmF0aW9uYWwtZ2VuZXZlLmNoXC93cC1jb250ZW50XC91cGxvYWRzXC8yMDE5XC8xMVwvMzEuanBnIiwic2xpZGVzaG93IjoiOGY4ZTBjMCJ9\">\n\t\t\t\t\t<div class=\"e-gallery-image elementor-gallery-item__image\" data-thumbnail=\"https:\/\/aikikai-international-geneve.ch\/wp-content\/uploads\/2019\/11\/31-300x169.jpg\" data-width=\"300\" data-height=\"169\" aria-label=\"\" role=\"img\" ><\/div>\n\t\t\t\t\t\t\t\t\t\t\t<div class=\"elementor-gallery-item__overlay\"><\/div>\n\t\t\t\t\t\t\t\t\t\t\t\t\t\t<\/a>\n\t\t\t\t\t\t\t<a class=\"e-gallery-item elementor-gallery-item elementor-animated-content\" data-e-gallery-tags=\"3\" href=\"https:\/\/aikikai-international-geneve.ch\/wp-content\/uploads\/2019\/11\/32.jpg\" data-elementor-open-lightbox=\"yes\" data-elementor-lightbox-slideshow=\"8f8e0c0\" data-elementor-lightbox-title=\"S\u00e9minaire avec ARAYA kancho du 4 au 8 juin 2014\" data-e-action-hash=\"#elementor-action%3Aaction%3Dlightbox%26settings%3DeyJpZCI6MTU3MjIsInVybCI6Imh0dHBzOlwvXC9haWtpa2FpLWludGVybmF0aW9uYWwtZ2VuZXZlLmNoXC93cC1jb250ZW50XC91cGxvYWRzXC8yMDE5XC8xMVwvMzIuanBnIiwic2xpZGVzaG93IjoiOGY4ZTBjMCJ9\">\n\t\t\t\t\t<div class=\"e-gallery-image elementor-gallery-item__image\" data-thumbnail=\"https:\/\/aikikai-international-geneve.ch\/wp-content\/uploads\/2019\/11\/32-300x169.jpg\" data-width=\"300\" data-height=\"169\" aria-label=\"\" role=\"img\" ><\/div>\n\t\t\t\t\t\t\t\t\t\t\t<div class=\"elementor-gallery-item__overlay\"><\/div>\n\t\t\t\t\t\t\t\t\t\t\t\t\t\t<\/a>\n\t\t\t\t\t\t\t<a class=\"e-gallery-item elementor-gallery-item elementor-animated-content\" data-e-gallery-tags=\"3\" href=\"https:\/\/aikikai-international-geneve.ch\/wp-content\/uploads\/2019\/11\/33.jpg\" data-elementor-open-lightbox=\"yes\" data-elementor-lightbox-slideshow=\"8f8e0c0\" data-elementor-lightbox-title=\"S\u00e9minaire avec ARAYA kancho du 4 au 8 juin 2014\" data-e-action-hash=\"#elementor-action%3Aaction%3Dlightbox%26settings%3DeyJpZCI6MTU3MTYsInVybCI6Imh0dHBzOlwvXC9haWtpa2FpLWludGVybmF0aW9uYWwtZ2VuZXZlLmNoXC93cC1jb250ZW50XC91cGxvYWRzXC8yMDE5XC8xMVwvMzMuanBnIiwic2xpZGVzaG93IjoiOGY4ZTBjMCJ9\">\n\t\t\t\t\t<div class=\"e-gallery-image elementor-gallery-item__image\" data-thumbnail=\"https:\/\/aikikai-international-geneve.ch\/wp-content\/uploads\/2019\/11\/33-300x169.jpg\" data-width=\"300\" data-height=\"169\" aria-label=\"\" role=\"img\" ><\/div>\n\t\t\t\t\t\t\t\t\t\t\t<div class=\"elementor-gallery-item__overlay\"><\/div>\n\t\t\t\t\t\t\t\t\t\t\t\t\t\t<\/a>\n\t\t\t\t\t\t\t<a class=\"e-gallery-item elementor-gallery-item elementor-animated-content\" data-e-gallery-tags=\"3\" href=\"https:\/\/aikikai-international-geneve.ch\/wp-content\/uploads\/2019\/11\/34.jpg\" data-elementor-open-lightbox=\"yes\" data-elementor-lightbox-slideshow=\"8f8e0c0\" data-elementor-lightbox-title=\"S\u00e9minaire avec ARAYA kancho du 4 au 8 juin 2014\" data-e-action-hash=\"#elementor-action%3Aaction%3Dlightbox%26settings%3DeyJpZCI6MTU3MTAsInVybCI6Imh0dHBzOlwvXC9haWtpa2FpLWludGVybmF0aW9uYWwtZ2VuZXZlLmNoXC93cC1jb250ZW50XC91cGxvYWRzXC8yMDE5XC8xMVwvMzQuanBnIiwic2xpZGVzaG93IjoiOGY4ZTBjMCJ9\">\n\t\t\t\t\t<div class=\"e-gallery-image elementor-gallery-item__image\" data-thumbnail=\"https:\/\/aikikai-international-geneve.ch\/wp-content\/uploads\/2019\/11\/34-300x169.jpg\" data-width=\"300\" data-height=\"169\" aria-label=\"\" role=\"img\" ><\/div>\n\t\t\t\t\t\t\t\t\t\t\t<div class=\"elementor-gallery-item__overlay\"><\/div>\n\t\t\t\t\t\t\t\t\t\t\t\t\t\t<\/a>\n\t\t\t\t\t\t\t<a class=\"e-gallery-item elementor-gallery-item elementor-animated-content\" data-e-gallery-tags=\"3\" href=\"https:\/\/aikikai-international-geneve.ch\/wp-content\/uploads\/2019\/11\/35.jpg\" data-elementor-open-lightbox=\"yes\" data-elementor-lightbox-slideshow=\"8f8e0c0\" data-elementor-lightbox-title=\"S\u00e9minaire avec ARAYA kancho du 4 au 8 juin 2014\" data-e-action-hash=\"#elementor-action%3Aaction%3Dlightbox%26settings%3DeyJpZCI6MTU3MDQsInVybCI6Imh0dHBzOlwvXC9haWtpa2FpLWludGVybmF0aW9uYWwtZ2VuZXZlLmNoXC93cC1jb250ZW50XC91cGxvYWRzXC8yMDE5XC8xMVwvMzUuanBnIiwic2xpZGVzaG93IjoiOGY4ZTBjMCJ9\">\n\t\t\t\t\t<div class=\"e-gallery-image elementor-gallery-item__image\" data-thumbnail=\"https:\/\/aikikai-international-geneve.ch\/wp-content\/uploads\/2019\/11\/35-300x169.jpg\" data-width=\"300\" data-height=\"169\" aria-label=\"\" role=\"img\" ><\/div>\n\t\t\t\t\t\t\t\t\t\t\t<div class=\"elementor-gallery-item__overlay\"><\/div>\n\t\t\t\t\t\t\t\t\t\t\t\t\t\t<\/a>\n\t\t\t\t\t\t\t<a class=\"e-gallery-item elementor-gallery-item elementor-animated-content\" data-e-gallery-tags=\"3\" href=\"https:\/\/aikikai-international-geneve.ch\/wp-content\/uploads\/2019\/11\/36.jpg\" data-elementor-open-lightbox=\"yes\" data-elementor-lightbox-slideshow=\"8f8e0c0\" data-elementor-lightbox-title=\"S\u00e9minaire avec ARAYA kancho du 4 au 8 juin 2014\" data-e-action-hash=\"#elementor-action%3Aaction%3Dlightbox%26settings%3DeyJpZCI6MTU2OTgsInVybCI6Imh0dHBzOlwvXC9haWtpa2FpLWludGVybmF0aW9uYWwtZ2VuZXZlLmNoXC93cC1jb250ZW50XC91cGxvYWRzXC8yMDE5XC8xMVwvMzYuanBnIiwic2xpZGVzaG93IjoiOGY4ZTBjMCJ9\">\n\t\t\t\t\t<div class=\"e-gallery-image elementor-gallery-item__image\" data-thumbnail=\"https:\/\/aikikai-international-geneve.ch\/wp-content\/uploads\/2019\/11\/36-300x169.jpg\" data-width=\"300\" data-height=\"169\" aria-label=\"\" role=\"img\" ><\/div>\n\t\t\t\t\t\t\t\t\t\t\t<div class=\"elementor-gallery-item__overlay\"><\/div>\n\t\t\t\t\t\t\t\t\t\t\t\t\t\t<\/a>\n\t\t\t\t\t\t\t<a class=\"e-gallery-item elementor-gallery-item elementor-animated-content\" data-e-gallery-tags=\"4\" href=\"https:\/\/aikikai-international-geneve.ch\/wp-content\/uploads\/2019\/11\/img_1922.jpg\" data-elementor-open-lightbox=\"yes\" data-elementor-lightbox-slideshow=\"8f8e0c0\" data-elementor-lightbox-title=\"Gildo Mezzo 14 d\u00e9cembre 2013\" data-e-action-hash=\"#elementor-action%3Aaction%3Dlightbox%26settings%3DeyJpZCI6MTUyNTQsInVybCI6Imh0dHBzOlwvXC9haWtpa2FpLWludGVybmF0aW9uYWwtZ2VuZXZlLmNoXC93cC1jb250ZW50XC91cGxvYWRzXC8yMDE5XC8xMVwvaW1nXzE5MjIuanBnIiwic2xpZGVzaG93IjoiOGY4ZTBjMCJ9\">\n\t\t\t\t\t<div class=\"e-gallery-image elementor-gallery-item__image\" data-thumbnail=\"https:\/\/aikikai-international-geneve.ch\/wp-content\/uploads\/2019\/11\/img_1922-300x225.jpg\" data-width=\"300\" data-height=\"225\" aria-label=\"\" role=\"img\" ><\/div>\n\t\t\t\t\t\t\t\t\t\t\t<div class=\"elementor-gallery-item__overlay\"><\/div>\n\t\t\t\t\t\t\t\t\t\t\t\t\t\t<\/a>\n\t\t\t\t\t\t\t<a class=\"e-gallery-item elementor-gallery-item elementor-animated-content\" data-e-gallery-tags=\"4\" href=\"https:\/\/aikikai-international-geneve.ch\/wp-content\/uploads\/2019\/11\/img_1838.jpg\" data-elementor-open-lightbox=\"yes\" data-elementor-lightbox-slideshow=\"8f8e0c0\" data-elementor-lightbox-title=\"Gildo Mezzo 14 d\u00e9cembre 2013\" data-e-action-hash=\"#elementor-action%3Aaction%3Dlightbox%26settings%3DeyJpZCI6MTUzNjIsInVybCI6Imh0dHBzOlwvXC9haWtpa2FpLWludGVybmF0aW9uYWwtZ2VuZXZlLmNoXC93cC1jb250ZW50XC91cGxvYWRzXC8yMDE5XC8xMVwvaW1nXzE4MzguanBnIiwic2xpZGVzaG93IjoiOGY4ZTBjMCJ9\">\n\t\t\t\t\t<div class=\"e-gallery-image elementor-gallery-item__image\" data-thumbnail=\"https:\/\/aikikai-international-geneve.ch\/wp-content\/uploads\/2019\/11\/img_1838-300x225.jpg\" data-width=\"300\" data-height=\"225\" aria-label=\"\" role=\"img\" ><\/div>\n\t\t\t\t\t\t\t\t\t\t\t<div class=\"elementor-gallery-item__overlay\"><\/div>\n\t\t\t\t\t\t\t\t\t\t\t\t\t\t<\/a>\n\t\t\t\t\t\t\t<a class=\"e-gallery-item elementor-gallery-item elementor-animated-content\" data-e-gallery-tags=\"4\" href=\"https:\/\/aikikai-international-geneve.ch\/wp-content\/uploads\/2019\/11\/img_1839.jpg\" data-elementor-open-lightbox=\"yes\" data-elementor-lightbox-slideshow=\"8f8e0c0\" data-elementor-lightbox-title=\"Gildo Mezzo 14 d\u00e9cembre 2013\" data-e-action-hash=\"#elementor-action%3Aaction%3Dlightbox%26settings%3DeyJpZCI6MTUzNTYsInVybCI6Imh0dHBzOlwvXC9haWtpa2FpLWludGVybmF0aW9uYWwtZ2VuZXZlLmNoXC93cC1jb250ZW50XC91cGxvYWRzXC8yMDE5XC8xMVwvaW1nXzE4MzkuanBnIiwic2xpZGVzaG93IjoiOGY4ZTBjMCJ9\">\n\t\t\t\t\t<div class=\"e-gallery-image elementor-gallery-item__image\" data-thumbnail=\"https:\/\/aikikai-international-geneve.ch\/wp-content\/uploads\/2019\/11\/img_1839-300x225.jpg\" data-width=\"300\" data-height=\"225\" aria-label=\"\" role=\"img\" ><\/div>\n\t\t\t\t\t\t\t\t\t\t\t<div class=\"elementor-gallery-item__overlay\"><\/div>\n\t\t\t\t\t\t\t\t\t\t\t\t\t\t<\/a>\n\t\t\t\t\t\t\t<a class=\"e-gallery-item elementor-gallery-item elementor-animated-content\" data-e-gallery-tags=\"4\" href=\"https:\/\/aikikai-international-geneve.ch\/wp-content\/uploads\/2019\/11\/img_1840.jpg\" data-elementor-open-lightbox=\"yes\" data-elementor-lightbox-slideshow=\"8f8e0c0\" data-elementor-lightbox-title=\"Gildo Mezzo 14 d\u00e9cembre 2013\" data-e-action-hash=\"#elementor-action%3Aaction%3Dlightbox%26settings%3DeyJpZCI6MTUzNTAsInVybCI6Imh0dHBzOlwvXC9haWtpa2FpLWludGVybmF0aW9uYWwtZ2VuZXZlLmNoXC93cC1jb250ZW50XC91cGxvYWRzXC8yMDE5XC8xMVwvaW1nXzE4NDAuanBnIiwic2xpZGVzaG93IjoiOGY4ZTBjMCJ9\">\n\t\t\t\t\t<div class=\"e-gallery-image elementor-gallery-item__image\" data-thumbnail=\"https:\/\/aikikai-international-geneve.ch\/wp-content\/uploads\/2019\/11\/img_1840-300x225.jpg\" data-width=\"300\" data-height=\"225\" aria-label=\"\" role=\"img\" ><\/div>\n\t\t\t\t\t\t\t\t\t\t\t<div class=\"elementor-gallery-item__overlay\"><\/div>\n\t\t\t\t\t\t\t\t\t\t\t\t\t\t<\/a>\n\t\t\t\t\t\t\t<a class=\"e-gallery-item elementor-gallery-item elementor-animated-content\" data-e-gallery-tags=\"4\" href=\"https:\/\/aikikai-international-geneve.ch\/wp-content\/uploads\/2019\/11\/img_1844.jpg\" data-elementor-open-lightbox=\"yes\" data-elementor-lightbox-slideshow=\"8f8e0c0\" data-elementor-lightbox-title=\"Gildo Mezzo 14 d\u00e9cembre 2013\" data-e-action-hash=\"#elementor-action%3Aaction%3Dlightbox%26settings%3DeyJpZCI6MTUzNDQsInVybCI6Imh0dHBzOlwvXC9haWtpa2FpLWludGVybmF0aW9uYWwtZ2VuZXZlLmNoXC93cC1jb250ZW50XC91cGxvYWRzXC8yMDE5XC8xMVwvaW1nXzE4NDQuanBnIiwic2xpZGVzaG93IjoiOGY4ZTBjMCJ9\">\n\t\t\t\t\t<div class=\"e-gallery-image elementor-gallery-item__image\" data-thumbnail=\"https:\/\/aikikai-international-geneve.ch\/wp-content\/uploads\/2019\/11\/img_1844-300x225.jpg\" data-width=\"300\" data-height=\"225\" aria-label=\"\" role=\"img\" ><\/div>\n\t\t\t\t\t\t\t\t\t\t\t<div class=\"elementor-gallery-item__overlay\"><\/div>\n\t\t\t\t\t\t\t\t\t\t\t\t\t\t<\/a>\n\t\t\t\t\t\t\t<a class=\"e-gallery-item elementor-gallery-item elementor-animated-content\" data-e-gallery-tags=\"4\" href=\"https:\/\/aikikai-international-geneve.ch\/wp-content\/uploads\/2019\/11\/img_1851.jpg\" data-elementor-open-lightbox=\"yes\" data-elementor-lightbox-slideshow=\"8f8e0c0\" data-elementor-lightbox-title=\"Gildo Mezzo 14 d\u00e9cembre 2013\" data-e-action-hash=\"#elementor-action%3Aaction%3Dlightbox%26settings%3DeyJpZCI6MTUzMzgsInVybCI6Imh0dHBzOlwvXC9haWtpa2FpLWludGVybmF0aW9uYWwtZ2VuZXZlLmNoXC93cC1jb250ZW50XC91cGxvYWRzXC8yMDE5XC8xMVwvaW1nXzE4NTEuanBnIiwic2xpZGVzaG93IjoiOGY4ZTBjMCJ9\">\n\t\t\t\t\t<div class=\"e-gallery-image elementor-gallery-item__image\" data-thumbnail=\"https:\/\/aikikai-international-geneve.ch\/wp-content\/uploads\/2019\/11\/img_1851-300x225.jpg\" data-width=\"300\" data-height=\"225\" aria-label=\"\" role=\"img\" ><\/div>\n\t\t\t\t\t\t\t\t\t\t\t<div class=\"elementor-gallery-item__overlay\"><\/div>\n\t\t\t\t\t\t\t\t\t\t\t\t\t\t<\/a>\n\t\t\t\t\t\t\t<a class=\"e-gallery-item elementor-gallery-item elementor-animated-content\" data-e-gallery-tags=\"4\" href=\"https:\/\/aikikai-international-geneve.ch\/wp-content\/uploads\/2019\/11\/img_1860.jpg\" data-elementor-open-lightbox=\"yes\" data-elementor-lightbox-slideshow=\"8f8e0c0\" data-elementor-lightbox-title=\"Gildo Mezzo 14 d\u00e9cembre 2013\" data-e-action-hash=\"#elementor-action%3Aaction%3Dlightbox%26settings%3DeyJpZCI6MTUzMzIsInVybCI6Imh0dHBzOlwvXC9haWtpa2FpLWludGVybmF0aW9uYWwtZ2VuZXZlLmNoXC93cC1jb250ZW50XC91cGxvYWRzXC8yMDE5XC8xMVwvaW1nXzE4NjAuanBnIiwic2xpZGVzaG93IjoiOGY4ZTBjMCJ9\">\n\t\t\t\t\t<div class=\"e-gallery-image elementor-gallery-item__image\" data-thumbnail=\"https:\/\/aikikai-international-geneve.ch\/wp-content\/uploads\/2019\/11\/img_1860-300x225.jpg\" data-width=\"300\" data-height=\"225\" aria-label=\"\" role=\"img\" ><\/div>\n\t\t\t\t\t\t\t\t\t\t\t<div class=\"elementor-gallery-item__overlay\"><\/div>\n\t\t\t\t\t\t\t\t\t\t\t\t\t\t<\/a>\n\t\t\t\t\t\t\t<a class=\"e-gallery-item elementor-gallery-item elementor-animated-content\" data-e-gallery-tags=\"4\" href=\"https:\/\/aikikai-international-geneve.ch\/wp-content\/uploads\/2019\/11\/img_1862.jpg\" data-elementor-open-lightbox=\"yes\" data-elementor-lightbox-slideshow=\"8f8e0c0\" data-elementor-lightbox-title=\"Gildo Mezzo 14 d\u00e9cembre 2013\" data-e-action-hash=\"#elementor-action%3Aaction%3Dlightbox%26settings%3DeyJpZCI6MTUzMjYsInVybCI6Imh0dHBzOlwvXC9haWtpa2FpLWludGVybmF0aW9uYWwtZ2VuZXZlLmNoXC93cC1jb250ZW50XC91cGxvYWRzXC8yMDE5XC8xMVwvaW1nXzE4NjIuanBnIiwic2xpZGVzaG93IjoiOGY4ZTBjMCJ9\">\n\t\t\t\t\t<div class=\"e-gallery-image elementor-gallery-item__image\" data-thumbnail=\"https:\/\/aikikai-international-geneve.ch\/wp-content\/uploads\/2019\/11\/img_1862-300x225.jpg\" data-width=\"300\" data-height=\"225\" aria-label=\"\" role=\"img\" ><\/div>\n\t\t\t\t\t\t\t\t\t\t\t<div class=\"elementor-gallery-item__overlay\"><\/div>\n\t\t\t\t\t\t\t\t\t\t\t\t\t\t<\/a>\n\t\t\t\t\t\t\t<a class=\"e-gallery-item elementor-gallery-item elementor-animated-content\" data-e-gallery-tags=\"4\" href=\"https:\/\/aikikai-international-geneve.ch\/wp-content\/uploads\/2019\/11\/img_1868.jpg\" data-elementor-open-lightbox=\"yes\" data-elementor-lightbox-slideshow=\"8f8e0c0\" data-elementor-lightbox-title=\"Gildo Mezzo 14 d\u00e9cembre 2013\" data-e-action-hash=\"#elementor-action%3Aaction%3Dlightbox%26settings%3DeyJpZCI6MTUzMjAsInVybCI6Imh0dHBzOlwvXC9haWtpa2FpLWludGVybmF0aW9uYWwtZ2VuZXZlLmNoXC93cC1jb250ZW50XC91cGxvYWRzXC8yMDE5XC8xMVwvaW1nXzE4NjguanBnIiwic2xpZGVzaG93IjoiOGY4ZTBjMCJ9\">\n\t\t\t\t\t<div class=\"e-gallery-image elementor-gallery-item__image\" data-thumbnail=\"https:\/\/aikikai-international-geneve.ch\/wp-content\/uploads\/2019\/11\/img_1868-300x225.jpg\" data-width=\"300\" data-height=\"225\" aria-label=\"\" role=\"img\" ><\/div>\n\t\t\t\t\t\t\t\t\t\t\t<div class=\"elementor-gallery-item__overlay\"><\/div>\n\t\t\t\t\t\t\t\t\t\t\t\t\t\t<\/a>\n\t\t\t\t\t\t\t<a class=\"e-gallery-item elementor-gallery-item elementor-animated-content\" data-e-gallery-tags=\"4\" href=\"https:\/\/aikikai-international-geneve.ch\/wp-content\/uploads\/2019\/11\/img_1871.jpg\" data-elementor-open-lightbox=\"yes\" data-elementor-lightbox-slideshow=\"8f8e0c0\" data-elementor-lightbox-title=\"Gildo Mezzo 14 d\u00e9cembre 2013\" data-e-action-hash=\"#elementor-action%3Aaction%3Dlightbox%26settings%3DeyJpZCI6MTUzMTQsInVybCI6Imh0dHBzOlwvXC9haWtpa2FpLWludGVybmF0aW9uYWwtZ2VuZXZlLmNoXC93cC1jb250ZW50XC91cGxvYWRzXC8yMDE5XC8xMVwvaW1nXzE4NzEuanBnIiwic2xpZGVzaG93IjoiOGY4ZTBjMCJ9\">\n\t\t\t\t\t<div class=\"e-gallery-image elementor-gallery-item__image\" data-thumbnail=\"https:\/\/aikikai-international-geneve.ch\/wp-content\/uploads\/2019\/11\/img_1871-300x225.jpg\" data-width=\"300\" data-height=\"225\" aria-label=\"\" role=\"img\" ><\/div>\n\t\t\t\t\t\t\t\t\t\t\t<div class=\"elementor-gallery-item__overlay\"><\/div>\n\t\t\t\t\t\t\t\t\t\t\t\t\t\t<\/a>\n\t\t\t\t\t\t\t<a class=\"e-gallery-item elementor-gallery-item elementor-animated-content\" data-e-gallery-tags=\"4\" href=\"https:\/\/aikikai-international-geneve.ch\/wp-content\/uploads\/2019\/11\/img_1874.jpg\" data-elementor-open-lightbox=\"yes\" data-elementor-lightbox-slideshow=\"8f8e0c0\" data-elementor-lightbox-title=\"Gildo Mezzo 14 d\u00e9cembre 2013\" data-e-action-hash=\"#elementor-action%3Aaction%3Dlightbox%26settings%3DeyJpZCI6MTUzMDgsInVybCI6Imh0dHBzOlwvXC9haWtpa2FpLWludGVybmF0aW9uYWwtZ2VuZXZlLmNoXC93cC1jb250ZW50XC91cGxvYWRzXC8yMDE5XC8xMVwvaW1nXzE4NzQuanBnIiwic2xpZGVzaG93IjoiOGY4ZTBjMCJ9\">\n\t\t\t\t\t<div class=\"e-gallery-image elementor-gallery-item__image\" data-thumbnail=\"https:\/\/aikikai-international-geneve.ch\/wp-content\/uploads\/2019\/11\/img_1874-300x225.jpg\" data-width=\"300\" data-height=\"225\" aria-label=\"\" role=\"img\" ><\/div>\n\t\t\t\t\t\t\t\t\t\t\t<div class=\"elementor-gallery-item__overlay\"><\/div>\n\t\t\t\t\t\t\t\t\t\t\t\t\t\t<\/a>\n\t\t\t\t\t\t\t<a class=\"e-gallery-item elementor-gallery-item elementor-animated-content\" data-e-gallery-tags=\"4\" href=\"https:\/\/aikikai-international-geneve.ch\/wp-content\/uploads\/2019\/11\/img_1875.jpg\" data-elementor-open-lightbox=\"yes\" data-elementor-lightbox-slideshow=\"8f8e0c0\" data-elementor-lightbox-title=\"Gildo Mezzo 14 d\u00e9cembre 2013\" data-e-action-hash=\"#elementor-action%3Aaction%3Dlightbox%26settings%3DeyJpZCI6MTUzMDIsInVybCI6Imh0dHBzOlwvXC9haWtpa2FpLWludGVybmF0aW9uYWwtZ2VuZXZlLmNoXC93cC1jb250ZW50XC91cGxvYWRzXC8yMDE5XC8xMVwvaW1nXzE4NzUuanBnIiwic2xpZGVzaG93IjoiOGY4ZTBjMCJ9\">\n\t\t\t\t\t<div class=\"e-gallery-image elementor-gallery-item__image\" data-thumbnail=\"https:\/\/aikikai-international-geneve.ch\/wp-content\/uploads\/2019\/11\/img_1875-300x225.jpg\" data-width=\"300\" data-height=\"225\" aria-label=\"\" role=\"img\" ><\/div>\n\t\t\t\t\t\t\t\t\t\t\t<div class=\"elementor-gallery-item__overlay\"><\/div>\n\t\t\t\t\t\t\t\t\t\t\t\t\t\t<\/a>\n\t\t\t\t\t\t\t<a class=\"e-gallery-item elementor-gallery-item elementor-animated-content\" data-e-gallery-tags=\"4\" href=\"https:\/\/aikikai-international-geneve.ch\/wp-content\/uploads\/2019\/11\/img_1878.jpg\" data-elementor-open-lightbox=\"yes\" data-elementor-lightbox-slideshow=\"8f8e0c0\" data-elementor-lightbox-title=\"Gildo Mezzo 14 d\u00e9cembre 2013\" data-e-action-hash=\"#elementor-action%3Aaction%3Dlightbox%26settings%3DeyJpZCI6MTUyOTYsInVybCI6Imh0dHBzOlwvXC9haWtpa2FpLWludGVybmF0aW9uYWwtZ2VuZXZlLmNoXC93cC1jb250ZW50XC91cGxvYWRzXC8yMDE5XC8xMVwvaW1nXzE4NzguanBnIiwic2xpZGVzaG93IjoiOGY4ZTBjMCJ9\">\n\t\t\t\t\t<div class=\"e-gallery-image elementor-gallery-item__image\" data-thumbnail=\"https:\/\/aikikai-international-geneve.ch\/wp-content\/uploads\/2019\/11\/img_1878-300x225.jpg\" data-width=\"300\" data-height=\"225\" aria-label=\"\" role=\"img\" ><\/div>\n\t\t\t\t\t\t\t\t\t\t\t<div class=\"elementor-gallery-item__overlay\"><\/div>\n\t\t\t\t\t\t\t\t\t\t\t\t\t\t<\/a>\n\t\t\t\t\t\t\t<a class=\"e-gallery-item elementor-gallery-item elementor-animated-content\" data-e-gallery-tags=\"4\" href=\"https:\/\/aikikai-international-geneve.ch\/wp-content\/uploads\/2019\/11\/img_1881.jpg\" data-elementor-open-lightbox=\"yes\" data-elementor-lightbox-slideshow=\"8f8e0c0\" data-elementor-lightbox-title=\"Gildo Mezzo 14 d\u00e9cembre 2013\" data-e-action-hash=\"#elementor-action%3Aaction%3Dlightbox%26settings%3DeyJpZCI6MTUyOTAsInVybCI6Imh0dHBzOlwvXC9haWtpa2FpLWludGVybmF0aW9uYWwtZ2VuZXZlLmNoXC93cC1jb250ZW50XC91cGxvYWRzXC8yMDE5XC8xMVwvaW1nXzE4ODEuanBnIiwic2xpZGVzaG93IjoiOGY4ZTBjMCJ9\">\n\t\t\t\t\t<div class=\"e-gallery-image elementor-gallery-item__image\" data-thumbnail=\"https:\/\/aikikai-international-geneve.ch\/wp-content\/uploads\/2019\/11\/img_1881-300x225.jpg\" data-width=\"300\" data-height=\"225\" aria-label=\"\" role=\"img\" ><\/div>\n\t\t\t\t\t\t\t\t\t\t\t<div class=\"elementor-gallery-item__overlay\"><\/div>\n\t\t\t\t\t\t\t\t\t\t\t\t\t\t<\/a>\n\t\t\t\t\t\t\t<a class=\"e-gallery-item elementor-gallery-item elementor-animated-content\" data-e-gallery-tags=\"4\" href=\"https:\/\/aikikai-international-geneve.ch\/wp-content\/uploads\/2019\/11\/img_1885.jpg\" data-elementor-open-lightbox=\"yes\" data-elementor-lightbox-slideshow=\"8f8e0c0\" data-elementor-lightbox-title=\"Gildo Mezzo 14 d\u00e9cembre 2013\" data-e-action-hash=\"#elementor-action%3Aaction%3Dlightbox%26settings%3DeyJpZCI6MTUyODQsInVybCI6Imh0dHBzOlwvXC9haWtpa2FpLWludGVybmF0aW9uYWwtZ2VuZXZlLmNoXC93cC1jb250ZW50XC91cGxvYWRzXC8yMDE5XC8xMVwvaW1nXzE4ODUuanBnIiwic2xpZGVzaG93IjoiOGY4ZTBjMCJ9\">\n\t\t\t\t\t<div class=\"e-gallery-image elementor-gallery-item__image\" data-thumbnail=\"https:\/\/aikikai-international-geneve.ch\/wp-content\/uploads\/2019\/11\/img_1885-300x225.jpg\" data-width=\"300\" data-height=\"225\" aria-label=\"\" role=\"img\" ><\/div>\n\t\t\t\t\t\t\t\t\t\t\t<div class=\"elementor-gallery-item__overlay\"><\/div>\n\t\t\t\t\t\t\t\t\t\t\t\t\t\t<\/a>\n\t\t\t\t\t\t\t<a class=\"e-gallery-item elementor-gallery-item elementor-animated-content\" data-e-gallery-tags=\"4\" href=\"https:\/\/aikikai-international-geneve.ch\/wp-content\/uploads\/2019\/11\/img_1895.jpg\" data-elementor-open-lightbox=\"yes\" data-elementor-lightbox-slideshow=\"8f8e0c0\" data-elementor-lightbox-title=\"Gildo Mezzo 14 d\u00e9cembre 2013\" data-e-action-hash=\"#elementor-action%3Aaction%3Dlightbox%26settings%3DeyJpZCI6MTUyNzgsInVybCI6Imh0dHBzOlwvXC9haWtpa2FpLWludGVybmF0aW9uYWwtZ2VuZXZlLmNoXC93cC1jb250ZW50XC91cGxvYWRzXC8yMDE5XC8xMVwvaW1nXzE4OTUuanBnIiwic2xpZGVzaG93IjoiOGY4ZTBjMCJ9\">\n\t\t\t\t\t<div class=\"e-gallery-image elementor-gallery-item__image\" data-thumbnail=\"https:\/\/aikikai-international-geneve.ch\/wp-content\/uploads\/2019\/11\/img_1895-300x225.jpg\" data-width=\"300\" data-height=\"225\" aria-label=\"\" role=\"img\" ><\/div>\n\t\t\t\t\t\t\t\t\t\t\t<div class=\"elementor-gallery-item__overlay\"><\/div>\n\t\t\t\t\t\t\t\t\t\t\t\t\t\t<\/a>\n\t\t\t\t\t\t\t<a class=\"e-gallery-item elementor-gallery-item elementor-animated-content\" data-e-gallery-tags=\"4\" href=\"https:\/\/aikikai-international-geneve.ch\/wp-content\/uploads\/2019\/11\/img_1898.jpg\" data-elementor-open-lightbox=\"yes\" data-elementor-lightbox-slideshow=\"8f8e0c0\" data-elementor-lightbox-title=\"Gildo Mezzo 14 d\u00e9cembre 2013\" data-e-action-hash=\"#elementor-action%3Aaction%3Dlightbox%26settings%3DeyJpZCI6MTUyNzIsInVybCI6Imh0dHBzOlwvXC9haWtpa2FpLWludGVybmF0aW9uYWwtZ2VuZXZlLmNoXC93cC1jb250ZW50XC91cGxvYWRzXC8yMDE5XC8xMVwvaW1nXzE4OTguanBnIiwic2xpZGVzaG93IjoiOGY4ZTBjMCJ9\">\n\t\t\t\t\t<div class=\"e-gallery-image elementor-gallery-item__image\" data-thumbnail=\"https:\/\/aikikai-international-geneve.ch\/wp-content\/uploads\/2019\/11\/img_1898-300x225.jpg\" data-width=\"300\" data-height=\"225\" aria-label=\"\" role=\"img\" ><\/div>\n\t\t\t\t\t\t\t\t\t\t\t<div class=\"elementor-gallery-item__overlay\"><\/div>\n\t\t\t\t\t\t\t\t\t\t\t\t\t\t<\/a>\n\t\t\t\t\t\t\t<a class=\"e-gallery-item elementor-gallery-item elementor-animated-content\" data-e-gallery-tags=\"4\" href=\"https:\/\/aikikai-international-geneve.ch\/wp-content\/uploads\/2019\/11\/img_1903.jpg\" data-elementor-open-lightbox=\"yes\" data-elementor-lightbox-slideshow=\"8f8e0c0\" data-elementor-lightbox-title=\"Gildo Mezzo 14 d\u00e9cembre 2013\" data-e-action-hash=\"#elementor-action%3Aaction%3Dlightbox%26settings%3DeyJpZCI6MTUyNjYsInVybCI6Imh0dHBzOlwvXC9haWtpa2FpLWludGVybmF0aW9uYWwtZ2VuZXZlLmNoXC93cC1jb250ZW50XC91cGxvYWRzXC8yMDE5XC8xMVwvaW1nXzE5MDMuanBnIiwic2xpZGVzaG93IjoiOGY4ZTBjMCJ9\">\n\t\t\t\t\t<div class=\"e-gallery-image elementor-gallery-item__image\" data-thumbnail=\"https:\/\/aikikai-international-geneve.ch\/wp-content\/uploads\/2019\/11\/img_1903-300x225.jpg\" data-width=\"300\" data-height=\"225\" aria-label=\"\" role=\"img\" ><\/div>\n\t\t\t\t\t\t\t\t\t\t\t<div class=\"elementor-gallery-item__overlay\"><\/div>\n\t\t\t\t\t\t\t\t\t\t\t\t\t\t<\/a>\n\t\t\t\t\t\t\t<a class=\"e-gallery-item elementor-gallery-item elementor-animated-content\" data-e-gallery-tags=\"4\" href=\"https:\/\/aikikai-international-geneve.ch\/wp-content\/uploads\/2019\/11\/img_1910.jpg\" data-elementor-open-lightbox=\"yes\" data-elementor-lightbox-slideshow=\"8f8e0c0\" data-elementor-lightbox-title=\"Gildo Mezzo 14 d\u00e9cembre 2013\" data-e-action-hash=\"#elementor-action%3Aaction%3Dlightbox%26settings%3DeyJpZCI6MTUyNjAsInVybCI6Imh0dHBzOlwvXC9haWtpa2FpLWludGVybmF0aW9uYWwtZ2VuZXZlLmNoXC93cC1jb250ZW50XC91cGxvYWRzXC8yMDE5XC8xMVwvaW1nXzE5MTAuanBnIiwic2xpZGVzaG93IjoiOGY4ZTBjMCJ9\">\n\t\t\t\t\t<div class=\"e-gallery-image elementor-gallery-item__image\" data-thumbnail=\"https:\/\/aikikai-international-geneve.ch\/wp-content\/uploads\/2019\/11\/img_1910-300x225.jpg\" data-width=\"300\" data-height=\"225\" aria-label=\"\" role=\"img\" ><\/div>\n\t\t\t\t\t\t\t\t\t\t\t<div class=\"elementor-gallery-item__overlay\"><\/div>\n\t\t\t\t\t\t\t\t\t\t\t\t\t\t<\/a>\n\t\t\t\t\t\t\t<a class=\"e-gallery-item elementor-gallery-item elementor-animated-content\" data-e-gallery-tags=\"4\" href=\"https:\/\/aikikai-international-geneve.ch\/wp-content\/uploads\/2019\/11\/img_1835.jpg\" data-elementor-open-lightbox=\"yes\" data-elementor-lightbox-slideshow=\"8f8e0c0\" data-elementor-lightbox-title=\"Gildo Mezzo 14 d\u00e9cembre 2013\" data-e-action-hash=\"#elementor-action%3Aaction%3Dlightbox%26settings%3DeyJpZCI6MTUzNjgsInVybCI6Imh0dHBzOlwvXC9haWtpa2FpLWludGVybmF0aW9uYWwtZ2VuZXZlLmNoXC93cC1jb250ZW50XC91cGxvYWRzXC8yMDE5XC8xMVwvaW1nXzE4MzUuanBnIiwic2xpZGVzaG93IjoiOGY4ZTBjMCJ9\">\n\t\t\t\t\t<div class=\"e-gallery-image elementor-gallery-item__image\" data-thumbnail=\"https:\/\/aikikai-international-geneve.ch\/wp-content\/uploads\/2019\/11\/img_1835-300x225.jpg\" data-width=\"300\" data-height=\"225\" aria-label=\"\" role=\"img\" ><\/div>\n\t\t\t\t\t\t\t\t\t\t\t<div class=\"elementor-gallery-item__overlay\"><\/div>\n\t\t\t\t\t\t\t\t\t\t\t\t\t\t<\/a>\n\t\t\t\t\t\t\t<a class=\"e-gallery-item elementor-gallery-item elementor-animated-content\" data-e-gallery-tags=\"4\" href=\"https:\/\/aikikai-international-geneve.ch\/wp-content\/uploads\/2019\/11\/img_1827.jpg\" data-elementor-open-lightbox=\"yes\" data-elementor-lightbox-slideshow=\"8f8e0c0\" data-elementor-lightbox-title=\"Gildo Mezzo 14 d\u00e9cembre 2013\" data-e-action-hash=\"#elementor-action%3Aaction%3Dlightbox%26settings%3DeyJpZCI6MTUzNzQsInVybCI6Imh0dHBzOlwvXC9haWtpa2FpLWludGVybmF0aW9uYWwtZ2VuZXZlLmNoXC93cC1jb250ZW50XC91cGxvYWRzXC8yMDE5XC8xMVwvaW1nXzE4MjcuanBnIiwic2xpZGVzaG93IjoiOGY4ZTBjMCJ9\">\n\t\t\t\t\t<div class=\"e-gallery-image elementor-gallery-item__image\" data-thumbnail=\"https:\/\/aikikai-international-geneve.ch\/wp-content\/uploads\/2019\/11\/img_1827-300x225.jpg\" data-width=\"300\" data-height=\"225\" aria-label=\"\" role=\"img\" ><\/div>\n\t\t\t\t\t\t\t\t\t\t\t<div class=\"elementor-gallery-item__overlay\"><\/div>\n\t\t\t\t\t\t\t\t\t\t\t\t\t\t<\/a>\n\t\t\t\t\t\t\t<a class=\"e-gallery-item elementor-gallery-item elementor-animated-content\" data-e-gallery-tags=\"5\" href=\"https:\/\/aikikai-international-geneve.ch\/wp-content\/uploads\/2019\/11\/gildo-mezzo-meyrin-23-02-2013_3.jpg\" data-elementor-open-lightbox=\"yes\" data-elementor-lightbox-slideshow=\"8f8e0c0\" data-elementor-lightbox-title=\"Gildo Mezzo \u00e0 Meyrin le 23-02-2013\" data-e-action-hash=\"#elementor-action%3Aaction%3Dlightbox%26settings%3DeyJpZCI6MTU2NTYsInVybCI6Imh0dHBzOlwvXC9haWtpa2FpLWludGVybmF0aW9uYWwtZ2VuZXZlLmNoXC93cC1jb250ZW50XC91cGxvYWRzXC8yMDE5XC8xMVwvZ2lsZG8tbWV6em8tbWV5cmluLTIzLTAyLTIwMTNfMy5qcGciLCJzbGlkZXNob3ciOiI4ZjhlMGMwIn0%3D\">\n\t\t\t\t\t<div class=\"e-gallery-image elementor-gallery-item__image\" data-thumbnail=\"https:\/\/aikikai-international-geneve.ch\/wp-content\/uploads\/2019\/11\/gildo-mezzo-meyrin-23-02-2013_3-232x300.jpg\" data-width=\"232\" data-height=\"300\" aria-label=\"\" role=\"img\" ><\/div>\n\t\t\t\t\t\t\t\t\t\t\t<div class=\"elementor-gallery-item__overlay\"><\/div>\n\t\t\t\t\t\t\t\t\t\t\t\t\t\t<\/a>\n\t\t\t\t\t\t\t<a class=\"e-gallery-item elementor-gallery-item elementor-animated-content\" data-e-gallery-tags=\"5\" href=\"https:\/\/aikikai-international-geneve.ch\/wp-content\/uploads\/2019\/11\/gildo-mezzo-meyrin-23-02-2013_2.jpg\" data-elementor-open-lightbox=\"yes\" data-elementor-lightbox-slideshow=\"8f8e0c0\" data-elementor-lightbox-title=\"Gildo Mezzo \u00e0 Meyrin le 23-02-2013\" data-e-action-hash=\"#elementor-action%3Aaction%3Dlightbox%26settings%3DeyJpZCI6MTU2NjIsInVybCI6Imh0dHBzOlwvXC9haWtpa2FpLWludGVybmF0aW9uYWwtZ2VuZXZlLmNoXC93cC1jb250ZW50XC91cGxvYWRzXC8yMDE5XC8xMVwvZ2lsZG8tbWV6em8tbWV5cmluLTIzLTAyLTIwMTNfMi5qcGciLCJzbGlkZXNob3ciOiI4ZjhlMGMwIn0%3D\">\n\t\t\t\t\t<div class=\"e-gallery-image elementor-gallery-item__image\" data-thumbnail=\"https:\/\/aikikai-international-geneve.ch\/wp-content\/uploads\/2019\/11\/gildo-mezzo-meyrin-23-02-2013_2-300x217.jpg\" data-width=\"300\" data-height=\"217\" aria-label=\"\" role=\"img\" ><\/div>\n\t\t\t\t\t\t\t\t\t\t\t<div class=\"elementor-gallery-item__overlay\"><\/div>\n\t\t\t\t\t\t\t\t\t\t\t\t\t\t<\/a>\n\t\t\t\t\t\t\t<a class=\"e-gallery-item elementor-gallery-item elementor-animated-content\" data-e-gallery-tags=\"5\" href=\"https:\/\/aikikai-international-geneve.ch\/wp-content\/uploads\/2019\/11\/gildo-mezzo-meyrin-23-02-2013_1.jpg\" data-elementor-open-lightbox=\"yes\" data-elementor-lightbox-slideshow=\"8f8e0c0\" data-elementor-lightbox-title=\"Gildo Mezzo \u00e0 Meyrin le 23-02-2013\" data-e-action-hash=\"#elementor-action%3Aaction%3Dlightbox%26settings%3DeyJpZCI6MTU2NjgsInVybCI6Imh0dHBzOlwvXC9haWtpa2FpLWludGVybmF0aW9uYWwtZ2VuZXZlLmNoXC93cC1jb250ZW50XC91cGxvYWRzXC8yMDE5XC8xMVwvZ2lsZG8tbWV6em8tbWV5cmluLTIzLTAyLTIwMTNfMS5qcGciLCJzbGlkZXNob3ciOiI4ZjhlMGMwIn0%3D\">\n\t\t\t\t\t<div class=\"e-gallery-image elementor-gallery-item__image\" data-thumbnail=\"https:\/\/aikikai-international-geneve.ch\/wp-content\/uploads\/2019\/11\/gildo-mezzo-meyrin-23-02-2013_1-300x190.jpg\" data-width=\"300\" data-height=\"190\" aria-label=\"\" role=\"img\" ><\/div>\n\t\t\t\t\t\t\t\t\t\t\t<div class=\"elementor-gallery-item__overlay\"><\/div>\n\t\t\t\t\t\t\t\t\t\t\t\t\t\t<\/a>\n\t\t\t\t\t\t\t<a class=\"e-gallery-item elementor-gallery-item elementor-animated-content\" data-e-gallery-tags=\"6\" href=\"https:\/\/aikikai-international-geneve.ch\/wp-content\/uploads\/2019\/11\/p1000943.jpg\" data-elementor-open-lightbox=\"yes\" data-elementor-lightbox-slideshow=\"8f8e0c0\" data-elementor-lightbox-title=\"Stage d&#039;initiation au Ken-Jutsu avec Gildo Mezzo 14 septembre 2013\" data-e-action-hash=\"#elementor-action%3Aaction%3Dlightbox%26settings%3DeyJpZCI6MTU2OTIsInVybCI6Imh0dHBzOlwvXC9haWtpa2FpLWludGVybmF0aW9uYWwtZ2VuZXZlLmNoXC93cC1jb250ZW50XC91cGxvYWRzXC8yMDE5XC8xMVwvcDEwMDA5NDMuanBnIiwic2xpZGVzaG93IjoiOGY4ZTBjMCJ9\">\n\t\t\t\t\t<div class=\"e-gallery-image elementor-gallery-item__image\" data-thumbnail=\"https:\/\/aikikai-international-geneve.ch\/wp-content\/uploads\/2019\/11\/p1000943-300x165.jpg\" data-width=\"300\" data-height=\"165\" aria-label=\"\" role=\"img\" ><\/div>\n\t\t\t\t\t\t\t\t\t\t\t<div class=\"elementor-gallery-item__overlay\"><\/div>\n\t\t\t\t\t\t\t\t\t\t\t\t\t\t<\/a>\n\t\t\t\t\t\t\t<a class=\"e-gallery-item elementor-gallery-item elementor-animated-content\" data-e-gallery-tags=\"6\" href=\"https:\/\/aikikai-international-geneve.ch\/wp-content\/uploads\/2019\/11\/p1000947.jpg\" data-elementor-open-lightbox=\"yes\" data-elementor-lightbox-slideshow=\"8f8e0c0\" data-elementor-lightbox-title=\"Stage d&#039;initiation au Ken-Jutsu avec Gildo Mezzo 14 septembre 2013\" data-e-action-hash=\"#elementor-action%3Aaction%3Dlightbox%26settings%3DeyJpZCI6MTU2ODYsInVybCI6Imh0dHBzOlwvXC9haWtpa2FpLWludGVybmF0aW9uYWwtZ2VuZXZlLmNoXC93cC1jb250ZW50XC91cGxvYWRzXC8yMDE5XC8xMVwvcDEwMDA5NDcuanBnIiwic2xpZGVzaG93IjoiOGY4ZTBjMCJ9\">\n\t\t\t\t\t<div class=\"e-gallery-image elementor-gallery-item__image\" data-thumbnail=\"https:\/\/aikikai-international-geneve.ch\/wp-content\/uploads\/2019\/11\/p1000947-300x225.jpg\" data-width=\"300\" data-height=\"225\" aria-label=\"\" role=\"img\" ><\/div>\n\t\t\t\t\t\t\t\t\t\t\t<div class=\"elementor-gallery-item__overlay\"><\/div>\n\t\t\t\t\t\t\t\t\t\t\t\t\t\t<\/a>\n\t\t\t\t\t\t\t<a class=\"e-gallery-item elementor-gallery-item elementor-animated-content\" data-e-gallery-tags=\"6\" href=\"https:\/\/aikikai-international-geneve.ch\/wp-content\/uploads\/2019\/11\/p1000951.jpg\" data-elementor-open-lightbox=\"yes\" data-elementor-lightbox-slideshow=\"8f8e0c0\" data-elementor-lightbox-title=\"Stage d&#039;initiation au Ken-Jutsu avec Gildo Mezzo 14 septembre 2013\" data-e-action-hash=\"#elementor-action%3Aaction%3Dlightbox%26settings%3DeyJpZCI6MTU2ODAsInVybCI6Imh0dHBzOlwvXC9haWtpa2FpLWludGVybmF0aW9uYWwtZ2VuZXZlLmNoXC93cC1jb250ZW50XC91cGxvYWRzXC8yMDE5XC8xMVwvcDEwMDA5NTEuanBnIiwic2xpZGVzaG93IjoiOGY4ZTBjMCJ9\">\n\t\t\t\t\t<div class=\"e-gallery-image elementor-gallery-item__image\" data-thumbnail=\"https:\/\/aikikai-international-geneve.ch\/wp-content\/uploads\/2019\/11\/p1000951-300x225.jpg\" data-width=\"300\" data-height=\"225\" aria-label=\"\" role=\"img\" ><\/div>\n\t\t\t\t\t\t\t\t\t\t\t<div class=\"elementor-gallery-item__overlay\"><\/div>\n\t\t\t\t\t\t\t\t\t\t\t\t\t\t<\/a>\n\t\t\t\t\t\t\t<a class=\"e-gallery-item elementor-gallery-item elementor-animated-content\" data-e-gallery-tags=\"6\" href=\"https:\/\/aikikai-international-geneve.ch\/wp-content\/uploads\/2019\/11\/p1000953.jpg\" data-elementor-open-lightbox=\"yes\" data-elementor-lightbox-slideshow=\"8f8e0c0\" data-elementor-lightbox-title=\"Stage d&#039;initiation au Ken-Jutsu avec Gildo Mezzo 14 septembre 2013\" data-e-action-hash=\"#elementor-action%3Aaction%3Dlightbox%26settings%3DeyJpZCI6MTU2NzQsInVybCI6Imh0dHBzOlwvXC9haWtpa2FpLWludGVybmF0aW9uYWwtZ2VuZXZlLmNoXC93cC1jb250ZW50XC91cGxvYWRzXC8yMDE5XC8xMVwvcDEwMDA5NTMuanBnIiwic2xpZGVzaG93IjoiOGY4ZTBjMCJ9\">\n\t\t\t\t\t<div class=\"e-gallery-image elementor-gallery-item__image\" data-thumbnail=\"https:\/\/aikikai-international-geneve.ch\/wp-content\/uploads\/2019\/11\/p1000953-300x225.jpg\" data-width=\"300\" data-height=\"225\" aria-label=\"\" role=\"img\" ><\/div>\n\t\t\t\t\t\t\t\t\t\t\t<div class=\"elementor-gallery-item__overlay\"><\/div>\n\t\t\t\t\t\t\t\t\t\t\t\t\t\t<\/a>\n\t\t\t\t\t\t\t<a class=\"e-gallery-item elementor-gallery-item elementor-animated-content\" data-e-gallery-tags=\"7\" href=\"https:\/\/aikikai-international-geneve.ch\/wp-content\/uploads\/2019\/11\/gidourdorf13l.jpg\" data-elementor-open-lightbox=\"yes\" data-elementor-lightbox-slideshow=\"8f8e0c0\" data-elementor-lightbox-title=\"Gildo Mezzo Yudansha \u00e0 Urdorf le 7 d\u00e9cembre 2013\" data-e-action-hash=\"#elementor-action%3Aaction%3Dlightbox%26settings%3DeyJpZCI6MTAzNzYsInVybCI6Imh0dHBzOlwvXC9haWtpa2FpLWludGVybmF0aW9uYWwtZ2VuZXZlLmNoXC93cC1jb250ZW50XC91cGxvYWRzXC8yMDE5XC8xMVwvZ2lkb3VyZG9yZjEzbC5qcGciLCJzbGlkZXNob3ciOiI4ZjhlMGMwIn0%3D\">\n\t\t\t\t\t<div class=\"e-gallery-image elementor-gallery-item__image\" data-thumbnail=\"https:\/\/aikikai-international-geneve.ch\/wp-content\/uploads\/2019\/11\/gidourdorf13l-300x225.jpg\" data-width=\"300\" data-height=\"225\" aria-label=\"\" role=\"img\" ><\/div>\n\t\t\t\t\t\t\t\t\t\t\t<div class=\"elementor-gallery-item__overlay\"><\/div>\n\t\t\t\t\t\t\t\t\t\t\t\t\t\t<\/a>\n\t\t\t\t\t\t\t<a class=\"e-gallery-item elementor-gallery-item elementor-animated-content\" data-e-gallery-tags=\"7\" href=\"https:\/\/aikikai-international-geneve.ch\/wp-content\/uploads\/2019\/11\/gildourdof13.jpg\" data-elementor-open-lightbox=\"yes\" data-elementor-lightbox-slideshow=\"8f8e0c0\" data-elementor-lightbox-title=\"Gildo Mezzo Yudansha \u00e0 Urdorf le 7 d\u00e9cembre 2013\" data-e-action-hash=\"#elementor-action%3Aaction%3Dlightbox%26settings%3DeyJpZCI6MTAzNzAsInVybCI6Imh0dHBzOlwvXC9haWtpa2FpLWludGVybmF0aW9uYWwtZ2VuZXZlLmNoXC93cC1jb250ZW50XC91cGxvYWRzXC8yMDE5XC8xMVwvZ2lsZG91cmRvZjEzLmpwZyIsInNsaWRlc2hvdyI6IjhmOGUwYzAifQ%3D%3D\">\n\t\t\t\t\t<div class=\"e-gallery-image elementor-gallery-item__image\" data-thumbnail=\"https:\/\/aikikai-international-geneve.ch\/wp-content\/uploads\/2019\/11\/gildourdof13-300x225.jpg\" data-width=\"300\" data-height=\"225\" aria-label=\"\" role=\"img\" ><\/div>\n\t\t\t\t\t\t\t\t\t\t\t<div class=\"elementor-gallery-item__overlay\"><\/div>\n\t\t\t\t\t\t\t\t\t\t\t\t\t\t<\/a>\n\t\t\t\t\t\t\t<a class=\"e-gallery-item elementor-gallery-item elementor-animated-content\" data-e-gallery-tags=\"7\" href=\"https:\/\/aikikai-international-geneve.ch\/wp-content\/uploads\/2019\/11\/gildourdorf13a.jpg\" data-elementor-open-lightbox=\"yes\" data-elementor-lightbox-slideshow=\"8f8e0c0\" data-elementor-lightbox-title=\"Gildo Mezzo Yudansha \u00e0 Urdorf le 7 d\u00e9cembre 2013\" data-e-action-hash=\"#elementor-action%3Aaction%3Dlightbox%26settings%3DeyJpZCI6MTAzNjQsInVybCI6Imh0dHBzOlwvXC9haWtpa2FpLWludGVybmF0aW9uYWwtZ2VuZXZlLmNoXC93cC1jb250ZW50XC91cGxvYWRzXC8yMDE5XC8xMVwvZ2lsZG91cmRvcmYxM2EuanBnIiwic2xpZGVzaG93IjoiOGY4ZTBjMCJ9\">\n\t\t\t\t\t<div class=\"e-gallery-image elementor-gallery-item__image\" data-thumbnail=\"https:\/\/aikikai-international-geneve.ch\/wp-content\/uploads\/2019\/11\/gildourdorf13a-300x225.jpg\" data-width=\"300\" data-height=\"225\" aria-label=\"\" role=\"img\" ><\/div>\n\t\t\t\t\t\t\t\t\t\t\t<div class=\"elementor-gallery-item__overlay\"><\/div>\n\t\t\t\t\t\t\t\t\t\t\t\t\t\t<\/a>\n\t\t\t\t\t\t\t<a class=\"e-gallery-item elementor-gallery-item elementor-animated-content\" data-e-gallery-tags=\"7\" href=\"https:\/\/aikikai-international-geneve.ch\/wp-content\/uploads\/2019\/11\/gildourdorf13aa.jpg\" data-elementor-open-lightbox=\"yes\" data-elementor-lightbox-slideshow=\"8f8e0c0\" data-elementor-lightbox-title=\"Gildo Mezzo Yudansha \u00e0 Urdorf le 7 d\u00e9cembre 2013\" data-e-action-hash=\"#elementor-action%3Aaction%3Dlightbox%26settings%3DeyJpZCI6MTAzNTgsInVybCI6Imh0dHBzOlwvXC9haWtpa2FpLWludGVybmF0aW9uYWwtZ2VuZXZlLmNoXC93cC1jb250ZW50XC91cGxvYWRzXC8yMDE5XC8xMVwvZ2lsZG91cmRvcmYxM2FhLmpwZyIsInNsaWRlc2hvdyI6IjhmOGUwYzAifQ%3D%3D\">\n\t\t\t\t\t<div class=\"e-gallery-image elementor-gallery-item__image\" data-thumbnail=\"https:\/\/aikikai-international-geneve.ch\/wp-content\/uploads\/2019\/11\/gildourdorf13aa-300x225.jpg\" data-width=\"300\" data-height=\"225\" aria-label=\"\" role=\"img\" ><\/div>\n\t\t\t\t\t\t\t\t\t\t\t<div class=\"elementor-gallery-item__overlay\"><\/div>\n\t\t\t\t\t\t\t\t\t\t\t\t\t\t<\/a>\n\t\t\t\t\t\t\t<a class=\"e-gallery-item elementor-gallery-item elementor-animated-content\" data-e-gallery-tags=\"7\" href=\"https:\/\/aikikai-international-geneve.ch\/wp-content\/uploads\/2019\/11\/gildourdorf13ab.jpg\" data-elementor-open-lightbox=\"yes\" data-elementor-lightbox-slideshow=\"8f8e0c0\" data-elementor-lightbox-title=\"Gildo Mezzo Yudansha \u00e0 Urdorf le 7 d\u00e9cembre 2013\" data-e-action-hash=\"#elementor-action%3Aaction%3Dlightbox%26settings%3DeyJpZCI6MTAzNTIsInVybCI6Imh0dHBzOlwvXC9haWtpa2FpLWludGVybmF0aW9uYWwtZ2VuZXZlLmNoXC93cC1jb250ZW50XC91cGxvYWRzXC8yMDE5XC8xMVwvZ2lsZG91cmRvcmYxM2FiLmpwZyIsInNsaWRlc2hvdyI6IjhmOGUwYzAifQ%3D%3D\">\n\t\t\t\t\t<div class=\"e-gallery-image elementor-gallery-item__image\" data-thumbnail=\"https:\/\/aikikai-international-geneve.ch\/wp-content\/uploads\/2019\/11\/gildourdorf13ab-300x225.jpg\" data-width=\"300\" data-height=\"225\" aria-label=\"\" role=\"img\" ><\/div>\n\t\t\t\t\t\t\t\t\t\t\t<div class=\"elementor-gallery-item__overlay\"><\/div>\n\t\t\t\t\t\t\t\t\t\t\t\t\t\t<\/a>\n\t\t\t\t\t\t\t<a class=\"e-gallery-item elementor-gallery-item elementor-animated-content\" data-e-gallery-tags=\"7\" href=\"https:\/\/aikikai-international-geneve.ch\/wp-content\/uploads\/2019\/11\/gildourdorf13ac.jpg\" data-elementor-open-lightbox=\"yes\" data-elementor-lightbox-slideshow=\"8f8e0c0\" data-elementor-lightbox-title=\"Gildo Mezzo Yudansha \u00e0 Urdorf le 7 d\u00e9cembre 2013\" data-e-action-hash=\"#elementor-action%3Aaction%3Dlightbox%26settings%3DeyJpZCI6MTAzNDYsInVybCI6Imh0dHBzOlwvXC9haWtpa2FpLWludGVybmF0aW9uYWwtZ2VuZXZlLmNoXC93cC1jb250ZW50XC91cGxvYWRzXC8yMDE5XC8xMVwvZ2lsZG91cmRvcmYxM2FjLmpwZyIsInNsaWRlc2hvdyI6IjhmOGUwYzAifQ%3D%3D\">\n\t\t\t\t\t<div class=\"e-gallery-image elementor-gallery-item__image\" data-thumbnail=\"https:\/\/aikikai-international-geneve.ch\/wp-content\/uploads\/2019\/11\/gildourdorf13ac-300x225.jpg\" data-width=\"300\" data-height=\"225\" aria-label=\"\" role=\"img\" ><\/div>\n\t\t\t\t\t\t\t\t\t\t\t<div class=\"elementor-gallery-item__overlay\"><\/div>\n\t\t\t\t\t\t\t\t\t\t\t\t\t\t<\/a>\n\t\t\t\t\t\t\t<a class=\"e-gallery-item elementor-gallery-item elementor-animated-content\" data-e-gallery-tags=\"7\" href=\"https:\/\/aikikai-international-geneve.ch\/wp-content\/uploads\/2019\/11\/gildourdorf13ad.jpg\" data-elementor-open-lightbox=\"yes\" data-elementor-lightbox-slideshow=\"8f8e0c0\" data-elementor-lightbox-title=\"Gildo Mezzo Yudansha \u00e0 Urdorf le 7 d\u00e9cembre 2013\" data-e-action-hash=\"#elementor-action%3Aaction%3Dlightbox%26settings%3DeyJpZCI6MTAzNDAsInVybCI6Imh0dHBzOlwvXC9haWtpa2FpLWludGVybmF0aW9uYWwtZ2VuZXZlLmNoXC93cC1jb250ZW50XC91cGxvYWRzXC8yMDE5XC8xMVwvZ2lsZG91cmRvcmYxM2FkLmpwZyIsInNsaWRlc2hvdyI6IjhmOGUwYzAifQ%3D%3D\">\n\t\t\t\t\t<div class=\"e-gallery-image elementor-gallery-item__image\" data-thumbnail=\"https:\/\/aikikai-international-geneve.ch\/wp-content\/uploads\/2019\/11\/gildourdorf13ad-300x225.jpg\" data-width=\"300\" data-height=\"225\" aria-label=\"\" role=\"img\" ><\/div>\n\t\t\t\t\t\t\t\t\t\t\t<div class=\"elementor-gallery-item__overlay\"><\/div>\n\t\t\t\t\t\t\t\t\t\t\t\t\t\t<\/a>\n\t\t\t\t\t\t\t<a class=\"e-gallery-item elementor-gallery-item elementor-animated-content\" data-e-gallery-tags=\"7\" href=\"https:\/\/aikikai-international-geneve.ch\/wp-content\/uploads\/2019\/11\/gildourdorf13ae.jpg\" data-elementor-open-lightbox=\"yes\" data-elementor-lightbox-slideshow=\"8f8e0c0\" data-elementor-lightbox-title=\"Gildo Mezzo Yudansha \u00e0 Urdorf le 7 d\u00e9cembre 2013\" data-e-action-hash=\"#elementor-action%3Aaction%3Dlightbox%26settings%3DeyJpZCI6MTAzMzQsInVybCI6Imh0dHBzOlwvXC9haWtpa2FpLWludGVybmF0aW9uYWwtZ2VuZXZlLmNoXC93cC1jb250ZW50XC91cGxvYWRzXC8yMDE5XC8xMVwvZ2lsZG91cmRvcmYxM2FlLmpwZyIsInNsaWRlc2hvdyI6IjhmOGUwYzAifQ%3D%3D\">\n\t\t\t\t\t<div class=\"e-gallery-image elementor-gallery-item__image\" data-thumbnail=\"https:\/\/aikikai-international-geneve.ch\/wp-content\/uploads\/2019\/11\/gildourdorf13ae-300x225.jpg\" data-width=\"300\" data-height=\"225\" aria-label=\"\" role=\"img\" ><\/div>\n\t\t\t\t\t\t\t\t\t\t\t<div class=\"elementor-gallery-item__overlay\"><\/div>\n\t\t\t\t\t\t\t\t\t\t\t\t\t\t<\/a>\n\t\t\t\t\t\t\t<a class=\"e-gallery-item elementor-gallery-item elementor-animated-content\" data-e-gallery-tags=\"7\" href=\"https:\/\/aikikai-international-geneve.ch\/wp-content\/uploads\/2019\/11\/gildourdorf13af.jpg\" data-elementor-open-lightbox=\"yes\" data-elementor-lightbox-slideshow=\"8f8e0c0\" data-elementor-lightbox-title=\"Gildo Mezzo Yudansha \u00e0 Urdorf le 7 d\u00e9cembre 2013\" data-e-action-hash=\"#elementor-action%3Aaction%3Dlightbox%26settings%3DeyJpZCI6MTAzMjgsInVybCI6Imh0dHBzOlwvXC9haWtpa2FpLWludGVybmF0aW9uYWwtZ2VuZXZlLmNoXC93cC1jb250ZW50XC91cGxvYWRzXC8yMDE5XC8xMVwvZ2lsZG91cmRvcmYxM2FmLmpwZyIsInNsaWRlc2hvdyI6IjhmOGUwYzAifQ%3D%3D\">\n\t\t\t\t\t<div class=\"e-gallery-image elementor-gallery-item__image\" data-thumbnail=\"https:\/\/aikikai-international-geneve.ch\/wp-content\/uploads\/2019\/11\/gildourdorf13af-300x225.jpg\" data-width=\"300\" data-height=\"225\" aria-label=\"\" role=\"img\" ><\/div>\n\t\t\t\t\t\t\t\t\t\t\t<div class=\"elementor-gallery-item__overlay\"><\/div>\n\t\t\t\t\t\t\t\t\t\t\t\t\t\t<\/a>\n\t\t\t\t\t\t\t<a class=\"e-gallery-item elementor-gallery-item elementor-animated-content\" data-e-gallery-tags=\"7\" href=\"https:\/\/aikikai-international-geneve.ch\/wp-content\/uploads\/2019\/11\/gildourdorf13ag.jpg\" data-elementor-open-lightbox=\"yes\" data-elementor-lightbox-slideshow=\"8f8e0c0\" data-elementor-lightbox-title=\"Gildo Mezzo Yudansha \u00e0 Urdorf le 7 d\u00e9cembre 2013\" data-e-action-hash=\"#elementor-action%3Aaction%3Dlightbox%26settings%3DeyJpZCI6MTAzMjIsInVybCI6Imh0dHBzOlwvXC9haWtpa2FpLWludGVybmF0aW9uYWwtZ2VuZXZlLmNoXC93cC1jb250ZW50XC91cGxvYWRzXC8yMDE5XC8xMVwvZ2lsZG91cmRvcmYxM2FnLmpwZyIsInNsaWRlc2hvdyI6IjhmOGUwYzAifQ%3D%3D\">\n\t\t\t\t\t<div class=\"e-gallery-image elementor-gallery-item__image\" data-thumbnail=\"https:\/\/aikikai-international-geneve.ch\/wp-content\/uploads\/2019\/11\/gildourdorf13ag-300x225.jpg\" data-width=\"300\" data-height=\"225\" aria-label=\"\" role=\"img\" ><\/div>\n\t\t\t\t\t\t\t\t\t\t\t<div class=\"elementor-gallery-item__overlay\"><\/div>\n\t\t\t\t\t\t\t\t\t\t\t\t\t\t<\/a>\n\t\t\t\t\t\t\t<a class=\"e-gallery-item elementor-gallery-item elementor-animated-content\" data-e-gallery-tags=\"7\" href=\"https:\/\/aikikai-international-geneve.ch\/wp-content\/uploads\/2019\/11\/gildourdorf13b.jpg\" data-elementor-open-lightbox=\"yes\" data-elementor-lightbox-slideshow=\"8f8e0c0\" data-elementor-lightbox-title=\"Gildo Mezzo Yudansha \u00e0 Urdorf le 7 d\u00e9cembre 2013\" data-e-action-hash=\"#elementor-action%3Aaction%3Dlightbox%26settings%3DeyJpZCI6MTAzMTYsInVybCI6Imh0dHBzOlwvXC9haWtpa2FpLWludGVybmF0aW9uYWwtZ2VuZXZlLmNoXC93cC1jb250ZW50XC91cGxvYWRzXC8yMDE5XC8xMVwvZ2lsZG91cmRvcmYxM2IuanBnIiwic2xpZGVzaG93IjoiOGY4ZTBjMCJ9\">\n\t\t\t\t\t<div class=\"e-gallery-image elementor-gallery-item__image\" data-thumbnail=\"https:\/\/aikikai-international-geneve.ch\/wp-content\/uploads\/2019\/11\/gildourdorf13b-300x225.jpg\" data-width=\"300\" data-height=\"225\" aria-label=\"\" role=\"img\" ><\/div>\n\t\t\t\t\t\t\t\t\t\t\t<div class=\"elementor-gallery-item__overlay\"><\/div>\n\t\t\t\t\t\t\t\t\t\t\t\t\t\t<\/a>\n\t\t\t\t\t\t\t<a class=\"e-gallery-item elementor-gallery-item elementor-animated-content\" data-e-gallery-tags=\"7\" href=\"https:\/\/aikikai-international-geneve.ch\/wp-content\/uploads\/2019\/11\/gildourdorf13c.jpg\" data-elementor-open-lightbox=\"yes\" data-elementor-lightbox-slideshow=\"8f8e0c0\" data-elementor-lightbox-title=\"Gildo Mezzo Yudansha \u00e0 Urdorf le 7 d\u00e9cembre 2013\" data-e-action-hash=\"#elementor-action%3Aaction%3Dlightbox%26settings%3DeyJpZCI6MTAzMTAsInVybCI6Imh0dHBzOlwvXC9haWtpa2FpLWludGVybmF0aW9uYWwtZ2VuZXZlLmNoXC93cC1jb250ZW50XC91cGxvYWRzXC8yMDE5XC8xMVwvZ2lsZG91cmRvcmYxM2MuanBnIiwic2xpZGVzaG93IjoiOGY4ZTBjMCJ9\">\n\t\t\t\t\t<div class=\"e-gallery-image elementor-gallery-item__image\" data-thumbnail=\"https:\/\/aikikai-international-geneve.ch\/wp-content\/uploads\/2019\/11\/gildourdorf13c-300x225.jpg\" data-width=\"300\" data-height=\"225\" aria-label=\"\" role=\"img\" ><\/div>\n\t\t\t\t\t\t\t\t\t\t\t<div class=\"elementor-gallery-item__overlay\"><\/div>\n\t\t\t\t\t\t\t\t\t\t\t\t\t\t<\/a>\n\t\t\t\t\t\t\t<a class=\"e-gallery-item elementor-gallery-item elementor-animated-content\" data-e-gallery-tags=\"7\" href=\"https:\/\/aikikai-international-geneve.ch\/wp-content\/uploads\/2019\/11\/gildourdorf13d.jpg\" data-elementor-open-lightbox=\"yes\" data-elementor-lightbox-slideshow=\"8f8e0c0\" data-elementor-lightbox-title=\"Gildo Mezzo Yudansha \u00e0 Urdorf le 7 d\u00e9cembre 2013\" data-e-action-hash=\"#elementor-action%3Aaction%3Dlightbox%26settings%3DeyJpZCI6MTAzMDQsInVybCI6Imh0dHBzOlwvXC9haWtpa2FpLWludGVybmF0aW9uYWwtZ2VuZXZlLmNoXC93cC1jb250ZW50XC91cGxvYWRzXC8yMDE5XC8xMVwvZ2lsZG91cmRvcmYxM2QuanBnIiwic2xpZGVzaG93IjoiOGY4ZTBjMCJ9\">\n\t\t\t\t\t<div class=\"e-gallery-image elementor-gallery-item__image\" data-thumbnail=\"https:\/\/aikikai-international-geneve.ch\/wp-content\/uploads\/2019\/11\/gildourdorf13d-300x225.jpg\" data-width=\"300\" data-height=\"225\" aria-label=\"\" role=\"img\" ><\/div>\n\t\t\t\t\t\t\t\t\t\t\t<div class=\"elementor-gallery-item__overlay\"><\/div>\n\t\t\t\t\t\t\t\t\t\t\t\t\t\t<\/a>\n\t\t\t\t\t\t\t<a class=\"e-gallery-item elementor-gallery-item elementor-animated-content\" data-e-gallery-tags=\"7\" href=\"https:\/\/aikikai-international-geneve.ch\/wp-content\/uploads\/2019\/11\/gildourdorf13e.jpg\" data-elementor-open-lightbox=\"yes\" data-elementor-lightbox-slideshow=\"8f8e0c0\" data-elementor-lightbox-title=\"Gildo Mezzo Yudansha \u00e0 Urdorf le 7 d\u00e9cembre 2013\" data-e-action-hash=\"#elementor-action%3Aaction%3Dlightbox%26settings%3DeyJpZCI6MTAyOTgsInVybCI6Imh0dHBzOlwvXC9haWtpa2FpLWludGVybmF0aW9uYWwtZ2VuZXZlLmNoXC93cC1jb250ZW50XC91cGxvYWRzXC8yMDE5XC8xMVwvZ2lsZG91cmRvcmYxM2UuanBnIiwic2xpZGVzaG93IjoiOGY4ZTBjMCJ9\">\n\t\t\t\t\t<div class=\"e-gallery-image elementor-gallery-item__image\" data-thumbnail=\"https:\/\/aikikai-international-geneve.ch\/wp-content\/uploads\/2019\/11\/gildourdorf13e-300x225.jpg\" data-width=\"300\" data-height=\"225\" aria-label=\"\" role=\"img\" ><\/div>\n\t\t\t\t\t\t\t\t\t\t\t<div class=\"elementor-gallery-item__overlay\"><\/div>\n\t\t\t\t\t\t\t\t\t\t\t\t\t\t<\/a>\n\t\t\t\t\t\t\t<a class=\"e-gallery-item elementor-gallery-item elementor-animated-content\" data-e-gallery-tags=\"7\" href=\"https:\/\/aikikai-international-geneve.ch\/wp-content\/uploads\/2019\/11\/gildourdorf13f.jpg\" data-elementor-open-lightbox=\"yes\" data-elementor-lightbox-slideshow=\"8f8e0c0\" data-elementor-lightbox-title=\"Gildo Mezzo Yudansha \u00e0 Urdorf le 7 d\u00e9cembre 2013\" data-e-action-hash=\"#elementor-action%3Aaction%3Dlightbox%26settings%3DeyJpZCI6MTAyOTIsInVybCI6Imh0dHBzOlwvXC9haWtpa2FpLWludGVybmF0aW9uYWwtZ2VuZXZlLmNoXC93cC1jb250ZW50XC91cGxvYWRzXC8yMDE5XC8xMVwvZ2lsZG91cmRvcmYxM2YuanBnIiwic2xpZGVzaG93IjoiOGY4ZTBjMCJ9\">\n\t\t\t\t\t<div class=\"e-gallery-image elementor-gallery-item__image\" data-thumbnail=\"https:\/\/aikikai-international-geneve.ch\/wp-content\/uploads\/2019\/11\/gildourdorf13f-300x225.jpg\" data-width=\"300\" data-height=\"225\" aria-label=\"\" role=\"img\" ><\/div>\n\t\t\t\t\t\t\t\t\t\t\t<div class=\"elementor-gallery-item__overlay\"><\/div>\n\t\t\t\t\t\t\t\t\t\t\t\t\t\t<\/a>\n\t\t\t\t\t\t\t<a class=\"e-gallery-item elementor-gallery-item elementor-animated-content\" data-e-gallery-tags=\"7\" href=\"https:\/\/aikikai-international-geneve.ch\/wp-content\/uploads\/2019\/11\/gildourdorf13g.jpg\" data-elementor-open-lightbox=\"yes\" data-elementor-lightbox-slideshow=\"8f8e0c0\" data-elementor-lightbox-title=\"Gildo Mezzo Yudansha \u00e0 Urdorf le 7 d\u00e9cembre 2013\" data-e-action-hash=\"#elementor-action%3Aaction%3Dlightbox%26settings%3DeyJpZCI6MTAyODYsInVybCI6Imh0dHBzOlwvXC9haWtpa2FpLWludGVybmF0aW9uYWwtZ2VuZXZlLmNoXC93cC1jb250ZW50XC91cGxvYWRzXC8yMDE5XC8xMVwvZ2lsZG91cmRvcmYxM2cuanBnIiwic2xpZGVzaG93IjoiOGY4ZTBjMCJ9\">\n\t\t\t\t\t<div class=\"e-gallery-image elementor-gallery-item__image\" data-thumbnail=\"https:\/\/aikikai-international-geneve.ch\/wp-content\/uploads\/2019\/11\/gildourdorf13g-300x225.jpg\" data-width=\"300\" data-height=\"225\" aria-label=\"\" role=\"img\" ><\/div>\n\t\t\t\t\t\t\t\t\t\t\t<div class=\"elementor-gallery-item__overlay\"><\/div>\n\t\t\t\t\t\t\t\t\t\t\t\t\t\t<\/a>\n\t\t\t\t\t\t\t<a class=\"e-gallery-item elementor-gallery-item elementor-animated-content\" data-e-gallery-tags=\"7\" href=\"https:\/\/aikikai-international-geneve.ch\/wp-content\/uploads\/2019\/11\/gildourdorf13h.jpg\" data-elementor-open-lightbox=\"yes\" data-elementor-lightbox-slideshow=\"8f8e0c0\" data-elementor-lightbox-title=\"Gildo Mezzo Yudansha \u00e0 Urdorf le 7 d\u00e9cembre 2013\" data-e-action-hash=\"#elementor-action%3Aaction%3Dlightbox%26settings%3DeyJpZCI6MTAyODAsInVybCI6Imh0dHBzOlwvXC9haWtpa2FpLWludGVybmF0aW9uYWwtZ2VuZXZlLmNoXC93cC1jb250ZW50XC91cGxvYWRzXC8yMDE5XC8xMVwvZ2lsZG91cmRvcmYxM2guanBnIiwic2xpZGVzaG93IjoiOGY4ZTBjMCJ9\">\n\t\t\t\t\t<div class=\"e-gallery-image elementor-gallery-item__image\" data-thumbnail=\"https:\/\/aikikai-international-geneve.ch\/wp-content\/uploads\/2019\/11\/gildourdorf13h-300x225.jpg\" data-width=\"300\" data-height=\"225\" aria-label=\"\" role=\"img\" ><\/div>\n\t\t\t\t\t\t\t\t\t\t\t<div class=\"elementor-gallery-item__overlay\"><\/div>\n\t\t\t\t\t\t\t\t\t\t\t\t\t\t<\/a>\n\t\t\t\t\t\t\t<a class=\"e-gallery-item elementor-gallery-item elementor-animated-content\" data-e-gallery-tags=\"7\" href=\"https:\/\/aikikai-international-geneve.ch\/wp-content\/uploads\/2019\/11\/gildourdorf13i.jpg\" data-elementor-open-lightbox=\"yes\" data-elementor-lightbox-slideshow=\"8f8e0c0\" data-elementor-lightbox-title=\"Gildo Mezzo Yudansha \u00e0 Urdorf le 7 d\u00e9cembre 2013\" data-e-action-hash=\"#elementor-action%3Aaction%3Dlightbox%26settings%3DeyJpZCI6MTAyNzQsInVybCI6Imh0dHBzOlwvXC9haWtpa2FpLWludGVybmF0aW9uYWwtZ2VuZXZlLmNoXC93cC1jb250ZW50XC91cGxvYWRzXC8yMDE5XC8xMVwvZ2lsZG91cmRvcmYxM2kuanBnIiwic2xpZGVzaG93IjoiOGY4ZTBjMCJ9\">\n\t\t\t\t\t<div class=\"e-gallery-image elementor-gallery-item__image\" data-thumbnail=\"https:\/\/aikikai-international-geneve.ch\/wp-content\/uploads\/2019\/11\/gildourdorf13i-300x225.jpg\" data-width=\"300\" data-height=\"225\" aria-label=\"\" role=\"img\" ><\/div>\n\t\t\t\t\t\t\t\t\t\t\t<div class=\"elementor-gallery-item__overlay\"><\/div>\n\t\t\t\t\t\t\t\t\t\t\t\t\t\t<\/a>\n\t\t\t\t\t\t\t<a class=\"e-gallery-item elementor-gallery-item elementor-animated-content\" data-e-gallery-tags=\"7\" href=\"https:\/\/aikikai-international-geneve.ch\/wp-content\/uploads\/2019\/11\/gildourdorf13k.jpg\" data-elementor-open-lightbox=\"yes\" data-elementor-lightbox-slideshow=\"8f8e0c0\" data-elementor-lightbox-title=\"Gildo Mezzo Yudansha \u00e0 Urdorf le 7 d\u00e9cembre 2013\" data-e-action-hash=\"#elementor-action%3Aaction%3Dlightbox%26settings%3DeyJpZCI6MTAyNjgsInVybCI6Imh0dHBzOlwvXC9haWtpa2FpLWludGVybmF0aW9uYWwtZ2VuZXZlLmNoXC93cC1jb250ZW50XC91cGxvYWRzXC8yMDE5XC8xMVwvZ2lsZG91cmRvcmYxM2suanBnIiwic2xpZGVzaG93IjoiOGY4ZTBjMCJ9\">\n\t\t\t\t\t<div class=\"e-gallery-image elementor-gallery-item__image\" data-thumbnail=\"https:\/\/aikikai-international-geneve.ch\/wp-content\/uploads\/2019\/11\/gildourdorf13k-300x225.jpg\" data-width=\"300\" data-height=\"225\" aria-label=\"\" role=\"img\" ><\/div>\n\t\t\t\t\t\t\t\t\t\t\t<div class=\"elementor-gallery-item__overlay\"><\/div>\n\t\t\t\t\t\t\t\t\t\t\t\t\t\t<\/a>\n\t\t\t\t\t\t\t<a class=\"e-gallery-item elementor-gallery-item elementor-animated-content\" data-e-gallery-tags=\"7\" href=\"https:\/\/aikikai-international-geneve.ch\/wp-content\/uploads\/2019\/11\/gildourdorf13m.jpg\" data-elementor-open-lightbox=\"yes\" data-elementor-lightbox-slideshow=\"8f8e0c0\" data-elementor-lightbox-title=\"Gildo Mezzo Yudansha \u00e0 Urdorf le 7 d\u00e9cembre 2013\" data-e-action-hash=\"#elementor-action%3Aaction%3Dlightbox%26settings%3DeyJpZCI6MTAyNjIsInVybCI6Imh0dHBzOlwvXC9haWtpa2FpLWludGVybmF0aW9uYWwtZ2VuZXZlLmNoXC93cC1jb250ZW50XC91cGxvYWRzXC8yMDE5XC8xMVwvZ2lsZG91cmRvcmYxM20uanBnIiwic2xpZGVzaG93IjoiOGY4ZTBjMCJ9\">\n\t\t\t\t\t<div class=\"e-gallery-image elementor-gallery-item__image\" data-thumbnail=\"https:\/\/aikikai-international-geneve.ch\/wp-content\/uploads\/2019\/11\/gildourdorf13m-300x225.jpg\" data-width=\"300\" data-height=\"225\" aria-label=\"\" role=\"img\" ><\/div>\n\t\t\t\t\t\t\t\t\t\t\t<div class=\"elementor-gallery-item__overlay\"><\/div>\n\t\t\t\t\t\t\t\t\t\t\t\t\t\t<\/a>\n\t\t\t\t\t\t\t<a class=\"e-gallery-item elementor-gallery-item elementor-animated-content\" data-e-gallery-tags=\"7\" href=\"https:\/\/aikikai-international-geneve.ch\/wp-content\/uploads\/2019\/11\/gildourdorf13n.jpg\" data-elementor-open-lightbox=\"yes\" data-elementor-lightbox-slideshow=\"8f8e0c0\" data-elementor-lightbox-title=\"Gildo Mezzo Yudansha \u00e0 Urdorf le 7 d\u00e9cembre 2013\" data-e-action-hash=\"#elementor-action%3Aaction%3Dlightbox%26settings%3DeyJpZCI6MTAyNTYsInVybCI6Imh0dHBzOlwvXC9haWtpa2FpLWludGVybmF0aW9uYWwtZ2VuZXZlLmNoXC93cC1jb250ZW50XC91cGxvYWRzXC8yMDE5XC8xMVwvZ2lsZG91cmRvcmYxM24uanBnIiwic2xpZGVzaG93IjoiOGY4ZTBjMCJ9\">\n\t\t\t\t\t<div class=\"e-gallery-image elementor-gallery-item__image\" data-thumbnail=\"https:\/\/aikikai-international-geneve.ch\/wp-content\/uploads\/2019\/11\/gildourdorf13n-300x225.jpg\" data-width=\"300\" data-height=\"225\" aria-label=\"\" role=\"img\" ><\/div>\n\t\t\t\t\t\t\t\t\t\t\t<div class=\"elementor-gallery-item__overlay\"><\/div>\n\t\t\t\t\t\t\t\t\t\t\t\t\t\t<\/a>\n\t\t\t\t\t\t\t<a class=\"e-gallery-item elementor-gallery-item elementor-animated-content\" data-e-gallery-tags=\"7\" href=\"https:\/\/aikikai-international-geneve.ch\/wp-content\/uploads\/2019\/11\/gildourdorf13o.jpg\" data-elementor-open-lightbox=\"yes\" data-elementor-lightbox-slideshow=\"8f8e0c0\" data-elementor-lightbox-title=\"Gildo Mezzo Yudansha \u00e0 Urdorf le 7 d\u00e9cembre 2013\" data-e-action-hash=\"#elementor-action%3Aaction%3Dlightbox%26settings%3DeyJpZCI6MTAyNTAsInVybCI6Imh0dHBzOlwvXC9haWtpa2FpLWludGVybmF0aW9uYWwtZ2VuZXZlLmNoXC93cC1jb250ZW50XC91cGxvYWRzXC8yMDE5XC8xMVwvZ2lsZG91cmRvcmYxM28uanBnIiwic2xpZGVzaG93IjoiOGY4ZTBjMCJ9\">\n\t\t\t\t\t<div class=\"e-gallery-image elementor-gallery-item__image\" data-thumbnail=\"https:\/\/aikikai-international-geneve.ch\/wp-content\/uploads\/2019\/11\/gildourdorf13o-300x225.jpg\" data-width=\"300\" data-height=\"225\" aria-label=\"\" role=\"img\" ><\/div>\n\t\t\t\t\t\t\t\t\t\t\t<div class=\"elementor-gallery-item__overlay\"><\/div>\n\t\t\t\t\t\t\t\t\t\t\t\t\t\t<\/a>\n\t\t\t\t\t\t\t<a class=\"e-gallery-item elementor-gallery-item elementor-animated-content\" data-e-gallery-tags=\"7\" href=\"https:\/\/aikikai-international-geneve.ch\/wp-content\/uploads\/2019\/11\/gildourdorf13p.jpg\" data-elementor-open-lightbox=\"yes\" data-elementor-lightbox-slideshow=\"8f8e0c0\" data-elementor-lightbox-title=\"Gildo Mezzo Yudansha \u00e0 Urdorf le 7 d\u00e9cembre 2013\" data-e-action-hash=\"#elementor-action%3Aaction%3Dlightbox%26settings%3DeyJpZCI6MTAyNDQsInVybCI6Imh0dHBzOlwvXC9haWtpa2FpLWludGVybmF0aW9uYWwtZ2VuZXZlLmNoXC93cC1jb250ZW50XC91cGxvYWRzXC8yMDE5XC8xMVwvZ2lsZG91cmRvcmYxM3AuanBnIiwic2xpZGVzaG93IjoiOGY4ZTBjMCJ9\">\n\t\t\t\t\t<div class=\"e-gallery-image elementor-gallery-item__image\" data-thumbnail=\"https:\/\/aikikai-international-geneve.ch\/wp-content\/uploads\/2019\/11\/gildourdorf13p-300x225.jpg\" data-width=\"300\" data-height=\"225\" aria-label=\"\" role=\"img\" ><\/div>\n\t\t\t\t\t\t\t\t\t\t\t<div class=\"elementor-gallery-item__overlay\"><\/div>\n\t\t\t\t\t\t\t\t\t\t\t\t\t\t<\/a>\n\t\t\t\t\t\t\t<a class=\"e-gallery-item elementor-gallery-item elementor-animated-content\" data-e-gallery-tags=\"7\" href=\"https:\/\/aikikai-international-geneve.ch\/wp-content\/uploads\/2019\/11\/gildourdorf13q.jpg\" data-elementor-open-lightbox=\"yes\" data-elementor-lightbox-slideshow=\"8f8e0c0\" data-elementor-lightbox-title=\"Gildo Mezzo Yudansha \u00e0 Urdorf le 7 d\u00e9cembre 2013\" data-e-action-hash=\"#elementor-action%3Aaction%3Dlightbox%26settings%3DeyJpZCI6MTAyMzgsInVybCI6Imh0dHBzOlwvXC9haWtpa2FpLWludGVybmF0aW9uYWwtZ2VuZXZlLmNoXC93cC1jb250ZW50XC91cGxvYWRzXC8yMDE5XC8xMVwvZ2lsZG91cmRvcmYxM3EuanBnIiwic2xpZGVzaG93IjoiOGY4ZTBjMCJ9\">\n\t\t\t\t\t<div class=\"e-gallery-image elementor-gallery-item__image\" data-thumbnail=\"https:\/\/aikikai-international-geneve.ch\/wp-content\/uploads\/2019\/11\/gildourdorf13q-300x225.jpg\" data-width=\"300\" data-height=\"225\" aria-label=\"\" role=\"img\" ><\/div>\n\t\t\t\t\t\t\t\t\t\t\t<div class=\"elementor-gallery-item__overlay\"><\/div>\n\t\t\t\t\t\t\t\t\t\t\t\t\t\t<\/a>\n\t\t\t\t\t\t\t<a class=\"e-gallery-item elementor-gallery-item elementor-animated-content\" data-e-gallery-tags=\"7\" href=\"https:\/\/aikikai-international-geneve.ch\/wp-content\/uploads\/2019\/11\/gildourdorf13r.jpg\" data-elementor-open-lightbox=\"yes\" data-elementor-lightbox-slideshow=\"8f8e0c0\" data-elementor-lightbox-title=\"Gildo Mezzo Yudansha \u00e0 Urdorf le 7 d\u00e9cembre 2013\" data-e-action-hash=\"#elementor-action%3Aaction%3Dlightbox%26settings%3DeyJpZCI6MTAyMzIsInVybCI6Imh0dHBzOlwvXC9haWtpa2FpLWludGVybmF0aW9uYWwtZ2VuZXZlLmNoXC93cC1jb250ZW50XC91cGxvYWRzXC8yMDE5XC8xMVwvZ2lsZG91cmRvcmYxM3IuanBnIiwic2xpZGVzaG93IjoiOGY4ZTBjMCJ9\">\n\t\t\t\t\t<div class=\"e-gallery-image elementor-gallery-item__image\" data-thumbnail=\"https:\/\/aikikai-international-geneve.ch\/wp-content\/uploads\/2019\/11\/gildourdorf13r-300x225.jpg\" data-width=\"300\" data-height=\"225\" aria-label=\"\" role=\"img\" ><\/div>\n\t\t\t\t\t\t\t\t\t\t\t<div class=\"elementor-gallery-item__overlay\"><\/div>\n\t\t\t\t\t\t\t\t\t\t\t\t\t\t<\/a>\n\t\t\t\t\t\t\t<a class=\"e-gallery-item elementor-gallery-item elementor-animated-content\" data-e-gallery-tags=\"7\" href=\"https:\/\/aikikai-international-geneve.ch\/wp-content\/uploads\/2019\/11\/gildourdorf13s.jpg\" data-elementor-open-lightbox=\"yes\" data-elementor-lightbox-slideshow=\"8f8e0c0\" data-elementor-lightbox-title=\"Gildo Mezzo Yudansha \u00e0 Urdorf le 7 d\u00e9cembre 2013\" data-e-action-hash=\"#elementor-action%3Aaction%3Dlightbox%26settings%3DeyJpZCI6MTAyMjYsInVybCI6Imh0dHBzOlwvXC9haWtpa2FpLWludGVybmF0aW9uYWwtZ2VuZXZlLmNoXC93cC1jb250ZW50XC91cGxvYWRzXC8yMDE5XC8xMVwvZ2lsZG91cmRvcmYxM3MuanBnIiwic2xpZGVzaG93IjoiOGY4ZTBjMCJ9\">\n\t\t\t\t\t<div class=\"e-gallery-image elementor-gallery-item__image\" data-thumbnail=\"https:\/\/aikikai-international-geneve.ch\/wp-content\/uploads\/2019\/11\/gildourdorf13s-300x225.jpg\" data-width=\"300\" data-height=\"225\" aria-label=\"\" role=\"img\" ><\/div>\n\t\t\t\t\t\t\t\t\t\t\t<div class=\"elementor-gallery-item__overlay\"><\/div>\n\t\t\t\t\t\t\t\t\t\t\t\t\t\t<\/a>\n\t\t\t\t\t\t\t<a class=\"e-gallery-item elementor-gallery-item elementor-animated-content\" data-e-gallery-tags=\"7\" href=\"https:\/\/aikikai-international-geneve.ch\/wp-content\/uploads\/2019\/11\/gildourdorf13t.jpg\" data-elementor-open-lightbox=\"yes\" data-elementor-lightbox-slideshow=\"8f8e0c0\" data-elementor-lightbox-title=\"Gildo Mezzo Yudansha \u00e0 Urdorf le 7 d\u00e9cembre 2013\" data-e-action-hash=\"#elementor-action%3Aaction%3Dlightbox%26settings%3DeyJpZCI6MTAyMjAsInVybCI6Imh0dHBzOlwvXC9haWtpa2FpLWludGVybmF0aW9uYWwtZ2VuZXZlLmNoXC93cC1jb250ZW50XC91cGxvYWRzXC8yMDE5XC8xMVwvZ2lsZG91cmRvcmYxM3QuanBnIiwic2xpZGVzaG93IjoiOGY4ZTBjMCJ9\">\n\t\t\t\t\t<div class=\"e-gallery-image elementor-gallery-item__image\" data-thumbnail=\"https:\/\/aikikai-international-geneve.ch\/wp-content\/uploads\/2019\/11\/gildourdorf13t-300x225.jpg\" data-width=\"300\" data-height=\"225\" aria-label=\"\" role=\"img\" ><\/div>\n\t\t\t\t\t\t\t\t\t\t\t<div class=\"elementor-gallery-item__overlay\"><\/div>\n\t\t\t\t\t\t\t\t\t\t\t\t\t\t<\/a>\n\t\t\t\t\t\t\t<a class=\"e-gallery-item elementor-gallery-item elementor-animated-content\" data-e-gallery-tags=\"7\" href=\"https:\/\/aikikai-international-geneve.ch\/wp-content\/uploads\/2019\/11\/gildourdorf13u.jpg\" data-elementor-open-lightbox=\"yes\" data-elementor-lightbox-slideshow=\"8f8e0c0\" data-elementor-lightbox-title=\"Gildo Mezzo Yudansha \u00e0 Urdorf le 7 d\u00e9cembre 2013\" data-e-action-hash=\"#elementor-action%3Aaction%3Dlightbox%26settings%3DeyJpZCI6MTAyMTQsInVybCI6Imh0dHBzOlwvXC9haWtpa2FpLWludGVybmF0aW9uYWwtZ2VuZXZlLmNoXC93cC1jb250ZW50XC91cGxvYWRzXC8yMDE5XC8xMVwvZ2lsZG91cmRvcmYxM3UuanBnIiwic2xpZGVzaG93IjoiOGY4ZTBjMCJ9\">\n\t\t\t\t\t<div class=\"e-gallery-image elementor-gallery-item__image\" data-thumbnail=\"https:\/\/aikikai-international-geneve.ch\/wp-content\/uploads\/2019\/11\/gildourdorf13u-300x225.jpg\" data-width=\"300\" data-height=\"225\" aria-label=\"\" role=\"img\" ><\/div>\n\t\t\t\t\t\t\t\t\t\t\t<div class=\"elementor-gallery-item__overlay\"><\/div>\n\t\t\t\t\t\t\t\t\t\t\t\t\t\t<\/a>\n\t\t\t\t\t\t\t<a class=\"e-gallery-item elementor-gallery-item elementor-animated-content\" data-e-gallery-tags=\"7\" href=\"https:\/\/aikikai-international-geneve.ch\/wp-content\/uploads\/2019\/11\/gildourdorf13v.jpg\" data-elementor-open-lightbox=\"yes\" data-elementor-lightbox-slideshow=\"8f8e0c0\" data-elementor-lightbox-title=\"Gildo Mezzo Yudansha \u00e0 Urdorf le 7 d\u00e9cembre 2013\" data-e-action-hash=\"#elementor-action%3Aaction%3Dlightbox%26settings%3DeyJpZCI6MTAyMDgsInVybCI6Imh0dHBzOlwvXC9haWtpa2FpLWludGVybmF0aW9uYWwtZ2VuZXZlLmNoXC93cC1jb250ZW50XC91cGxvYWRzXC8yMDE5XC8xMVwvZ2lsZG91cmRvcmYxM3YuanBnIiwic2xpZGVzaG93IjoiOGY4ZTBjMCJ9\">\n\t\t\t\t\t<div class=\"e-gallery-image elementor-gallery-item__image\" data-thumbnail=\"https:\/\/aikikai-international-geneve.ch\/wp-content\/uploads\/2019\/11\/gildourdorf13v-300x225.jpg\" data-width=\"300\" data-height=\"225\" aria-label=\"\" role=\"img\" ><\/div>\n\t\t\t\t\t\t\t\t\t\t\t<div class=\"elementor-gallery-item__overlay\"><\/div>\n\t\t\t\t\t\t\t\t\t\t\t\t\t\t<\/a>\n\t\t\t\t\t\t\t<a class=\"e-gallery-item elementor-gallery-item elementor-animated-content\" data-e-gallery-tags=\"7\" href=\"https:\/\/aikikai-international-geneve.ch\/wp-content\/uploads\/2019\/11\/gildourdorf13w.jpg\" data-elementor-open-lightbox=\"yes\" data-elementor-lightbox-slideshow=\"8f8e0c0\" data-elementor-lightbox-title=\"Gildo Mezzo Yudansha \u00e0 Urdorf le 7 d\u00e9cembre 2013\" data-e-action-hash=\"#elementor-action%3Aaction%3Dlightbox%26settings%3DeyJpZCI6MTAyMDIsInVybCI6Imh0dHBzOlwvXC9haWtpa2FpLWludGVybmF0aW9uYWwtZ2VuZXZlLmNoXC93cC1jb250ZW50XC91cGxvYWRzXC8yMDE5XC8xMVwvZ2lsZG91cmRvcmYxM3cuanBnIiwic2xpZGVzaG93IjoiOGY4ZTBjMCJ9\">\n\t\t\t\t\t<div class=\"e-gallery-image elementor-gallery-item__image\" data-thumbnail=\"https:\/\/aikikai-international-geneve.ch\/wp-content\/uploads\/2019\/11\/gildourdorf13w-300x225.jpg\" data-width=\"300\" data-height=\"225\" aria-label=\"\" role=\"img\" ><\/div>\n\t\t\t\t\t\t\t\t\t\t\t<div class=\"elementor-gallery-item__overlay\"><\/div>\n\t\t\t\t\t\t\t\t\t\t\t\t\t\t<\/a>\n\t\t\t\t\t\t\t<a class=\"e-gallery-item elementor-gallery-item elementor-animated-content\" data-e-gallery-tags=\"7\" href=\"https:\/\/aikikai-international-geneve.ch\/wp-content\/uploads\/2019\/11\/gildourdorf13x.jpg\" data-elementor-open-lightbox=\"yes\" data-elementor-lightbox-slideshow=\"8f8e0c0\" data-elementor-lightbox-title=\"Gildo Mezzo Yudansha \u00e0 Urdorf le 7 d\u00e9cembre 2013\" data-e-action-hash=\"#elementor-action%3Aaction%3Dlightbox%26settings%3DeyJpZCI6MTAxOTYsInVybCI6Imh0dHBzOlwvXC9haWtpa2FpLWludGVybmF0aW9uYWwtZ2VuZXZlLmNoXC93cC1jb250ZW50XC91cGxvYWRzXC8yMDE5XC8xMVwvZ2lsZG91cmRvcmYxM3guanBnIiwic2xpZGVzaG93IjoiOGY4ZTBjMCJ9\">\n\t\t\t\t\t<div class=\"e-gallery-image elementor-gallery-item__image\" data-thumbnail=\"https:\/\/aikikai-international-geneve.ch\/wp-content\/uploads\/2019\/11\/gildourdorf13x-300x225.jpg\" data-width=\"300\" data-height=\"225\" aria-label=\"\" role=\"img\" ><\/div>\n\t\t\t\t\t\t\t\t\t\t\t<div class=\"elementor-gallery-item__overlay\"><\/div>\n\t\t\t\t\t\t\t\t\t\t\t\t\t\t<\/a>\n\t\t\t\t\t\t\t<a class=\"e-gallery-item elementor-gallery-item elementor-animated-content\" data-e-gallery-tags=\"7\" href=\"https:\/\/aikikai-international-geneve.ch\/wp-content\/uploads\/2019\/11\/gildourdorf13y.jpg\" data-elementor-open-lightbox=\"yes\" data-elementor-lightbox-slideshow=\"8f8e0c0\" data-elementor-lightbox-title=\"Gildo Mezzo Yudansha \u00e0 Urdorf le 7 d\u00e9cembre 2013\" data-e-action-hash=\"#elementor-action%3Aaction%3Dlightbox%26settings%3DeyJpZCI6MTAxOTAsInVybCI6Imh0dHBzOlwvXC9haWtpa2FpLWludGVybmF0aW9uYWwtZ2VuZXZlLmNoXC93cC1jb250ZW50XC91cGxvYWRzXC8yMDE5XC8xMVwvZ2lsZG91cmRvcmYxM3kuanBnIiwic2xpZGVzaG93IjoiOGY4ZTBjMCJ9\">\n\t\t\t\t\t<div class=\"e-gallery-image elementor-gallery-item__image\" data-thumbnail=\"https:\/\/aikikai-international-geneve.ch\/wp-content\/uploads\/2019\/11\/gildourdorf13y-300x225.jpg\" data-width=\"300\" data-height=\"225\" aria-label=\"\" role=\"img\" ><\/div>\n\t\t\t\t\t\t\t\t\t\t\t<div class=\"elementor-gallery-item__overlay\"><\/div>\n\t\t\t\t\t\t\t\t\t\t\t\t\t\t<\/a>\n\t\t\t\t\t\t\t<a class=\"e-gallery-item elementor-gallery-item elementor-animated-content\" data-e-gallery-tags=\"7\" href=\"https:\/\/aikikai-international-geneve.ch\/wp-content\/uploads\/2019\/11\/gildourdorf13z.jpg\" data-elementor-open-lightbox=\"yes\" data-elementor-lightbox-slideshow=\"8f8e0c0\" data-elementor-lightbox-title=\"Gildo Mezzo Yudansha \u00e0 Urdorf le 7 d\u00e9cembre 2013\" data-e-action-hash=\"#elementor-action%3Aaction%3Dlightbox%26settings%3DeyJpZCI6MTAxODQsInVybCI6Imh0dHBzOlwvXC9haWtpa2FpLWludGVybmF0aW9uYWwtZ2VuZXZlLmNoXC93cC1jb250ZW50XC91cGxvYWRzXC8yMDE5XC8xMVwvZ2lsZG91cmRvcmYxM3ouanBnIiwic2xpZGVzaG93IjoiOGY4ZTBjMCJ9\">\n\t\t\t\t\t<div class=\"e-gallery-image elementor-gallery-item__image\" data-thumbnail=\"https:\/\/aikikai-international-geneve.ch\/wp-content\/uploads\/2019\/11\/gildourdorf13z-300x225.jpg\" data-width=\"300\" data-height=\"225\" aria-label=\"\" role=\"img\" ><\/div>\n\t\t\t\t\t\t\t\t\t\t\t<div class=\"elementor-gallery-item__overlay\"><\/div>\n\t\t\t\t\t\t\t\t\t\t\t\t\t\t<\/a>\n\t\t\t\t\t\t\t<a class=\"e-gallery-item elementor-gallery-item elementor-animated-content\" data-e-gallery-tags=\"8\" href=\"https:\/\/aikikai-international-geneve.ch\/wp-content\/uploads\/2019\/11\/dscn1731-copier.jpg\" data-elementor-open-lightbox=\"yes\" data-elementor-lightbox-slideshow=\"8f8e0c0\" data-elementor-lightbox-title=\"Gildo Mezzo \u00e0 Prague les 6 et 7 octobre 2012\" data-e-action-hash=\"#elementor-action%3Aaction%3Dlightbox%26settings%3DeyJpZCI6MTYxNzgsInVybCI6Imh0dHBzOlwvXC9haWtpa2FpLWludGVybmF0aW9uYWwtZ2VuZXZlLmNoXC93cC1jb250ZW50XC91cGxvYWRzXC8yMDE5XC8xMVwvZHNjbjE3MzEtY29waWVyLmpwZyIsInNsaWRlc2hvdyI6IjhmOGUwYzAifQ%3D%3D\">\n\t\t\t\t\t<div class=\"e-gallery-image elementor-gallery-item__image\" data-thumbnail=\"https:\/\/aikikai-international-geneve.ch\/wp-content\/uploads\/2019\/11\/dscn1731-copier-300x225.jpg\" data-width=\"300\" data-height=\"225\" aria-label=\"\" role=\"img\" ><\/div>\n\t\t\t\t\t\t\t\t\t\t\t<div class=\"elementor-gallery-item__overlay\"><\/div>\n\t\t\t\t\t\t\t\t\t\t\t\t\t\t<\/a>\n\t\t\t\t\t\t\t<a class=\"e-gallery-item elementor-gallery-item elementor-animated-content\" data-e-gallery-tags=\"8\" href=\"https:\/\/aikikai-international-geneve.ch\/wp-content\/uploads\/2019\/11\/dscn1732-copier.jpg\" data-elementor-open-lightbox=\"yes\" data-elementor-lightbox-slideshow=\"8f8e0c0\" data-elementor-lightbox-title=\"Gildo Mezzo \u00e0 Prague les 6 et 7 octobre 2012\" data-e-action-hash=\"#elementor-action%3Aaction%3Dlightbox%26settings%3DeyJpZCI6MTYxNzIsInVybCI6Imh0dHBzOlwvXC9haWtpa2FpLWludGVybmF0aW9uYWwtZ2VuZXZlLmNoXC93cC1jb250ZW50XC91cGxvYWRzXC8yMDE5XC8xMVwvZHNjbjE3MzItY29waWVyLmpwZyIsInNsaWRlc2hvdyI6IjhmOGUwYzAifQ%3D%3D\">\n\t\t\t\t\t<div class=\"e-gallery-image elementor-gallery-item__image\" data-thumbnail=\"https:\/\/aikikai-international-geneve.ch\/wp-content\/uploads\/2019\/11\/dscn1732-copier-300x225.jpg\" data-width=\"300\" data-height=\"225\" aria-label=\"\" role=\"img\" ><\/div>\n\t\t\t\t\t\t\t\t\t\t\t<div class=\"elementor-gallery-item__overlay\"><\/div>\n\t\t\t\t\t\t\t\t\t\t\t\t\t\t<\/a>\n\t\t\t\t\t\t\t<a class=\"e-gallery-item elementor-gallery-item elementor-animated-content\" data-e-gallery-tags=\"8\" href=\"https:\/\/aikikai-international-geneve.ch\/wp-content\/uploads\/2019\/11\/dscn1733-copier.jpg\" data-elementor-open-lightbox=\"yes\" data-elementor-lightbox-slideshow=\"8f8e0c0\" data-elementor-lightbox-title=\"Gildo Mezzo \u00e0 Prague les 6 et 7 octobre 2012\" data-e-action-hash=\"#elementor-action%3Aaction%3Dlightbox%26settings%3DeyJpZCI6MTYxNjYsInVybCI6Imh0dHBzOlwvXC9haWtpa2FpLWludGVybmF0aW9uYWwtZ2VuZXZlLmNoXC93cC1jb250ZW50XC91cGxvYWRzXC8yMDE5XC8xMVwvZHNjbjE3MzMtY29waWVyLmpwZyIsInNsaWRlc2hvdyI6IjhmOGUwYzAifQ%3D%3D\">\n\t\t\t\t\t<div class=\"e-gallery-image elementor-gallery-item__image\" data-thumbnail=\"https:\/\/aikikai-international-geneve.ch\/wp-content\/uploads\/2019\/11\/dscn1733-copier-300x225.jpg\" data-width=\"300\" data-height=\"225\" aria-label=\"\" role=\"img\" ><\/div>\n\t\t\t\t\t\t\t\t\t\t\t<div class=\"elementor-gallery-item__overlay\"><\/div>\n\t\t\t\t\t\t\t\t\t\t\t\t\t\t<\/a>\n\t\t\t\t\t\t\t<a class=\"e-gallery-item elementor-gallery-item elementor-animated-content\" data-e-gallery-tags=\"8\" href=\"https:\/\/aikikai-international-geneve.ch\/wp-content\/uploads\/2019\/11\/dscn1734-copier.jpg\" data-elementor-open-lightbox=\"yes\" data-elementor-lightbox-slideshow=\"8f8e0c0\" data-elementor-lightbox-title=\"Gildo Mezzo \u00e0 Prague les 6 et 7 octobre 2012\" data-e-action-hash=\"#elementor-action%3Aaction%3Dlightbox%26settings%3DeyJpZCI6MTYxNjAsInVybCI6Imh0dHBzOlwvXC9haWtpa2FpLWludGVybmF0aW9uYWwtZ2VuZXZlLmNoXC93cC1jb250ZW50XC91cGxvYWRzXC8yMDE5XC8xMVwvZHNjbjE3MzQtY29waWVyLmpwZyIsInNsaWRlc2hvdyI6IjhmOGUwYzAifQ%3D%3D\">\n\t\t\t\t\t<div class=\"e-gallery-image elementor-gallery-item__image\" data-thumbnail=\"https:\/\/aikikai-international-geneve.ch\/wp-content\/uploads\/2019\/11\/dscn1734-copier-300x225.jpg\" data-width=\"300\" data-height=\"225\" aria-label=\"\" role=\"img\" ><\/div>\n\t\t\t\t\t\t\t\t\t\t\t<div class=\"elementor-gallery-item__overlay\"><\/div>\n\t\t\t\t\t\t\t\t\t\t\t\t\t\t<\/a>\n\t\t\t\t\t\t\t<a class=\"e-gallery-item elementor-gallery-item elementor-animated-content\" data-e-gallery-tags=\"8\" href=\"https:\/\/aikikai-international-geneve.ch\/wp-content\/uploads\/2019\/11\/dscn1735-copier.jpg\" data-elementor-open-lightbox=\"yes\" data-elementor-lightbox-slideshow=\"8f8e0c0\" data-elementor-lightbox-title=\"Gildo Mezzo \u00e0 Prague les 6 et 7 octobre 2012\" data-e-action-hash=\"#elementor-action%3Aaction%3Dlightbox%26settings%3DeyJpZCI6MTYxNTQsInVybCI6Imh0dHBzOlwvXC9haWtpa2FpLWludGVybmF0aW9uYWwtZ2VuZXZlLmNoXC93cC1jb250ZW50XC91cGxvYWRzXC8yMDE5XC8xMVwvZHNjbjE3MzUtY29waWVyLmpwZyIsInNsaWRlc2hvdyI6IjhmOGUwYzAifQ%3D%3D\">\n\t\t\t\t\t<div class=\"e-gallery-image elementor-gallery-item__image\" data-thumbnail=\"https:\/\/aikikai-international-geneve.ch\/wp-content\/uploads\/2019\/11\/dscn1735-copier-300x225.jpg\" data-width=\"300\" data-height=\"225\" aria-label=\"\" role=\"img\" ><\/div>\n\t\t\t\t\t\t\t\t\t\t\t<div class=\"elementor-gallery-item__overlay\"><\/div>\n\t\t\t\t\t\t\t\t\t\t\t\t\t\t<\/a>\n\t\t\t\t\t\t\t<a class=\"e-gallery-item elementor-gallery-item elementor-animated-content\" data-e-gallery-tags=\"8\" href=\"https:\/\/aikikai-international-geneve.ch\/wp-content\/uploads\/2019\/11\/dscn1736-copier.jpg\" data-elementor-open-lightbox=\"yes\" data-elementor-lightbox-slideshow=\"8f8e0c0\" data-elementor-lightbox-title=\"Gildo Mezzo \u00e0 Prague les 6 et 7 octobre 2012\" data-e-action-hash=\"#elementor-action%3Aaction%3Dlightbox%26settings%3DeyJpZCI6MTYxNDgsInVybCI6Imh0dHBzOlwvXC9haWtpa2FpLWludGVybmF0aW9uYWwtZ2VuZXZlLmNoXC93cC1jb250ZW50XC91cGxvYWRzXC8yMDE5XC8xMVwvZHNjbjE3MzYtY29waWVyLmpwZyIsInNsaWRlc2hvdyI6IjhmOGUwYzAifQ%3D%3D\">\n\t\t\t\t\t<div class=\"e-gallery-image elementor-gallery-item__image\" data-thumbnail=\"https:\/\/aikikai-international-geneve.ch\/wp-content\/uploads\/2019\/11\/dscn1736-copier-300x225.jpg\" data-width=\"300\" data-height=\"225\" aria-label=\"\" role=\"img\" ><\/div>\n\t\t\t\t\t\t\t\t\t\t\t<div class=\"elementor-gallery-item__overlay\"><\/div>\n\t\t\t\t\t\t\t\t\t\t\t\t\t\t<\/a>\n\t\t\t\t\t\t\t<a class=\"e-gallery-item elementor-gallery-item elementor-animated-content\" data-e-gallery-tags=\"8\" href=\"https:\/\/aikikai-international-geneve.ch\/wp-content\/uploads\/2019\/11\/dscn1737-copier.jpg\" data-elementor-open-lightbox=\"yes\" data-elementor-lightbox-slideshow=\"8f8e0c0\" data-elementor-lightbox-title=\"Gildo Mezzo \u00e0 Prague les 6 et 7 octobre 2012\" data-e-action-hash=\"#elementor-action%3Aaction%3Dlightbox%26settings%3DeyJpZCI6MTYxNDIsInVybCI6Imh0dHBzOlwvXC9haWtpa2FpLWludGVybmF0aW9uYWwtZ2VuZXZlLmNoXC93cC1jb250ZW50XC91cGxvYWRzXC8yMDE5XC8xMVwvZHNjbjE3MzctY29waWVyLmpwZyIsInNsaWRlc2hvdyI6IjhmOGUwYzAifQ%3D%3D\">\n\t\t\t\t\t<div class=\"e-gallery-image elementor-gallery-item__image\" data-thumbnail=\"https:\/\/aikikai-international-geneve.ch\/wp-content\/uploads\/2019\/11\/dscn1737-copier-300x225.jpg\" data-width=\"300\" data-height=\"225\" aria-label=\"\" role=\"img\" ><\/div>\n\t\t\t\t\t\t\t\t\t\t\t<div class=\"elementor-gallery-item__overlay\"><\/div>\n\t\t\t\t\t\t\t\t\t\t\t\t\t\t<\/a>\n\t\t\t\t\t\t\t<a class=\"e-gallery-item elementor-gallery-item elementor-animated-content\" data-e-gallery-tags=\"8\" href=\"https:\/\/aikikai-international-geneve.ch\/wp-content\/uploads\/2019\/11\/dscn1738-copier.jpg\" data-elementor-open-lightbox=\"yes\" data-elementor-lightbox-slideshow=\"8f8e0c0\" data-elementor-lightbox-title=\"Gildo Mezzo \u00e0 Prague les 6 et 7 octobre 2012\" data-e-action-hash=\"#elementor-action%3Aaction%3Dlightbox%26settings%3DeyJpZCI6MTYxMzYsInVybCI6Imh0dHBzOlwvXC9haWtpa2FpLWludGVybmF0aW9uYWwtZ2VuZXZlLmNoXC93cC1jb250ZW50XC91cGxvYWRzXC8yMDE5XC8xMVwvZHNjbjE3MzgtY29waWVyLmpwZyIsInNsaWRlc2hvdyI6IjhmOGUwYzAifQ%3D%3D\">\n\t\t\t\t\t<div class=\"e-gallery-image elementor-gallery-item__image\" data-thumbnail=\"https:\/\/aikikai-international-geneve.ch\/wp-content\/uploads\/2019\/11\/dscn1738-copier-300x225.jpg\" data-width=\"300\" data-height=\"225\" aria-label=\"\" role=\"img\" ><\/div>\n\t\t\t\t\t\t\t\t\t\t\t<div class=\"elementor-gallery-item__overlay\"><\/div>\n\t\t\t\t\t\t\t\t\t\t\t\t\t\t<\/a>\n\t\t\t\t\t\t\t<a class=\"e-gallery-item elementor-gallery-item elementor-animated-content\" data-e-gallery-tags=\"8\" href=\"https:\/\/aikikai-international-geneve.ch\/wp-content\/uploads\/2019\/11\/dscn1741-copier.jpg\" data-elementor-open-lightbox=\"yes\" data-elementor-lightbox-slideshow=\"8f8e0c0\" data-elementor-lightbox-title=\"Gildo Mezzo \u00e0 Prague les 6 et 7 octobre 2012\" data-e-action-hash=\"#elementor-action%3Aaction%3Dlightbox%26settings%3DeyJpZCI6MTYxMzAsInVybCI6Imh0dHBzOlwvXC9haWtpa2FpLWludGVybmF0aW9uYWwtZ2VuZXZlLmNoXC93cC1jb250ZW50XC91cGxvYWRzXC8yMDE5XC8xMVwvZHNjbjE3NDEtY29waWVyLmpwZyIsInNsaWRlc2hvdyI6IjhmOGUwYzAifQ%3D%3D\">\n\t\t\t\t\t<div class=\"e-gallery-image elementor-gallery-item__image\" data-thumbnail=\"https:\/\/aikikai-international-geneve.ch\/wp-content\/uploads\/2019\/11\/dscn1741-copier-300x225.jpg\" data-width=\"300\" data-height=\"225\" aria-label=\"\" role=\"img\" ><\/div>\n\t\t\t\t\t\t\t\t\t\t\t<div class=\"elementor-gallery-item__overlay\"><\/div>\n\t\t\t\t\t\t\t\t\t\t\t\t\t\t<\/a>\n\t\t\t\t\t\t\t<a class=\"e-gallery-item elementor-gallery-item elementor-animated-content\" data-e-gallery-tags=\"8\" href=\"https:\/\/aikikai-international-geneve.ch\/wp-content\/uploads\/2019\/11\/dscn1742-copier.jpg\" data-elementor-open-lightbox=\"yes\" data-elementor-lightbox-slideshow=\"8f8e0c0\" data-elementor-lightbox-title=\"Gildo Mezzo \u00e0 Prague les 6 et 7 octobre 2012\" data-e-action-hash=\"#elementor-action%3Aaction%3Dlightbox%26settings%3DeyJpZCI6MTYxMjQsInVybCI6Imh0dHBzOlwvXC9haWtpa2FpLWludGVybmF0aW9uYWwtZ2VuZXZlLmNoXC93cC1jb250ZW50XC91cGxvYWRzXC8yMDE5XC8xMVwvZHNjbjE3NDItY29waWVyLmpwZyIsInNsaWRlc2hvdyI6IjhmOGUwYzAifQ%3D%3D\">\n\t\t\t\t\t<div class=\"e-gallery-image elementor-gallery-item__image\" data-thumbnail=\"https:\/\/aikikai-international-geneve.ch\/wp-content\/uploads\/2019\/11\/dscn1742-copier-300x225.jpg\" data-width=\"300\" data-height=\"225\" aria-label=\"\" role=\"img\" ><\/div>\n\t\t\t\t\t\t\t\t\t\t\t<div class=\"elementor-gallery-item__overlay\"><\/div>\n\t\t\t\t\t\t\t\t\t\t\t\t\t\t<\/a>\n\t\t\t\t\t\t\t<a class=\"e-gallery-item elementor-gallery-item elementor-animated-content\" data-e-gallery-tags=\"8\" href=\"https:\/\/aikikai-international-geneve.ch\/wp-content\/uploads\/2019\/11\/dscn1744-copier.jpg\" data-elementor-open-lightbox=\"yes\" data-elementor-lightbox-slideshow=\"8f8e0c0\" data-elementor-lightbox-title=\"Gildo Mezzo \u00e0 Prague les 6 et 7 octobre 2012\" data-e-action-hash=\"#elementor-action%3Aaction%3Dlightbox%26settings%3DeyJpZCI6MTYxMTgsInVybCI6Imh0dHBzOlwvXC9haWtpa2FpLWludGVybmF0aW9uYWwtZ2VuZXZlLmNoXC93cC1jb250ZW50XC91cGxvYWRzXC8yMDE5XC8xMVwvZHNjbjE3NDQtY29waWVyLmpwZyIsInNsaWRlc2hvdyI6IjhmOGUwYzAifQ%3D%3D\">\n\t\t\t\t\t<div class=\"e-gallery-image elementor-gallery-item__image\" data-thumbnail=\"https:\/\/aikikai-international-geneve.ch\/wp-content\/uploads\/2019\/11\/dscn1744-copier-300x225.jpg\" data-width=\"300\" data-height=\"225\" aria-label=\"\" role=\"img\" ><\/div>\n\t\t\t\t\t\t\t\t\t\t\t<div class=\"elementor-gallery-item__overlay\"><\/div>\n\t\t\t\t\t\t\t\t\t\t\t\t\t\t<\/a>\n\t\t\t\t\t\t\t<a class=\"e-gallery-item elementor-gallery-item elementor-animated-content\" data-e-gallery-tags=\"8\" href=\"https:\/\/aikikai-international-geneve.ch\/wp-content\/uploads\/2019\/11\/dscn1745-copier.jpg\" data-elementor-open-lightbox=\"yes\" data-elementor-lightbox-slideshow=\"8f8e0c0\" data-elementor-lightbox-title=\"Gildo Mezzo \u00e0 Prague les 6 et 7 octobre 2012\" data-e-action-hash=\"#elementor-action%3Aaction%3Dlightbox%26settings%3DeyJpZCI6MTYxMTIsInVybCI6Imh0dHBzOlwvXC9haWtpa2FpLWludGVybmF0aW9uYWwtZ2VuZXZlLmNoXC93cC1jb250ZW50XC91cGxvYWRzXC8yMDE5XC8xMVwvZHNjbjE3NDUtY29waWVyLmpwZyIsInNsaWRlc2hvdyI6IjhmOGUwYzAifQ%3D%3D\">\n\t\t\t\t\t<div class=\"e-gallery-image elementor-gallery-item__image\" data-thumbnail=\"https:\/\/aikikai-international-geneve.ch\/wp-content\/uploads\/2019\/11\/dscn1745-copier-300x225.jpg\" data-width=\"300\" data-height=\"225\" aria-label=\"\" role=\"img\" ><\/div>\n\t\t\t\t\t\t\t\t\t\t\t<div class=\"elementor-gallery-item__overlay\"><\/div>\n\t\t\t\t\t\t\t\t\t\t\t\t\t\t<\/a>\n\t\t\t\t\t\t\t<a class=\"e-gallery-item elementor-gallery-item elementor-animated-content\" data-e-gallery-tags=\"8\" href=\"https:\/\/aikikai-international-geneve.ch\/wp-content\/uploads\/2019\/11\/dscn1747-copier.jpg\" data-elementor-open-lightbox=\"yes\" data-elementor-lightbox-slideshow=\"8f8e0c0\" data-elementor-lightbox-title=\"Gildo Mezzo \u00e0 Prague les 6 et 7 octobre 2012\" data-e-action-hash=\"#elementor-action%3Aaction%3Dlightbox%26settings%3DeyJpZCI6MTYxMDYsInVybCI6Imh0dHBzOlwvXC9haWtpa2FpLWludGVybmF0aW9uYWwtZ2VuZXZlLmNoXC93cC1jb250ZW50XC91cGxvYWRzXC8yMDE5XC8xMVwvZHNjbjE3NDctY29waWVyLmpwZyIsInNsaWRlc2hvdyI6IjhmOGUwYzAifQ%3D%3D\">\n\t\t\t\t\t<div class=\"e-gallery-image elementor-gallery-item__image\" data-thumbnail=\"https:\/\/aikikai-international-geneve.ch\/wp-content\/uploads\/2019\/11\/dscn1747-copier-300x225.jpg\" data-width=\"300\" data-height=\"225\" aria-label=\"\" role=\"img\" ><\/div>\n\t\t\t\t\t\t\t\t\t\t\t<div class=\"elementor-gallery-item__overlay\"><\/div>\n\t\t\t\t\t\t\t\t\t\t\t\t\t\t<\/a>\n\t\t\t\t\t\t\t<a class=\"e-gallery-item elementor-gallery-item elementor-animated-content\" data-e-gallery-tags=\"8\" href=\"https:\/\/aikikai-international-geneve.ch\/wp-content\/uploads\/2019\/11\/dscn1748-copier.jpg\" data-elementor-open-lightbox=\"yes\" data-elementor-lightbox-slideshow=\"8f8e0c0\" data-elementor-lightbox-title=\"Gildo Mezzo \u00e0 Prague les 6 et 7 octobre 2012\" data-e-action-hash=\"#elementor-action%3Aaction%3Dlightbox%26settings%3DeyJpZCI6MTYxMDAsInVybCI6Imh0dHBzOlwvXC9haWtpa2FpLWludGVybmF0aW9uYWwtZ2VuZXZlLmNoXC93cC1jb250ZW50XC91cGxvYWRzXC8yMDE5XC8xMVwvZHNjbjE3NDgtY29waWVyLmpwZyIsInNsaWRlc2hvdyI6IjhmOGUwYzAifQ%3D%3D\">\n\t\t\t\t\t<div class=\"e-gallery-image elementor-gallery-item__image\" data-thumbnail=\"https:\/\/aikikai-international-geneve.ch\/wp-content\/uploads\/2019\/11\/dscn1748-copier-300x225.jpg\" data-width=\"300\" data-height=\"225\" aria-label=\"\" role=\"img\" ><\/div>\n\t\t\t\t\t\t\t\t\t\t\t<div class=\"elementor-gallery-item__overlay\"><\/div>\n\t\t\t\t\t\t\t\t\t\t\t\t\t\t<\/a>\n\t\t\t\t\t\t\t<a class=\"e-gallery-item elementor-gallery-item elementor-animated-content\" data-e-gallery-tags=\"8\" href=\"https:\/\/aikikai-international-geneve.ch\/wp-content\/uploads\/2019\/11\/dscn1750-copier.jpg\" data-elementor-open-lightbox=\"yes\" data-elementor-lightbox-slideshow=\"8f8e0c0\" data-elementor-lightbox-title=\"Gildo Mezzo \u00e0 Prague les 6 et 7 octobre 2012\" data-e-action-hash=\"#elementor-action%3Aaction%3Dlightbox%26settings%3DeyJpZCI6MTYwOTQsInVybCI6Imh0dHBzOlwvXC9haWtpa2FpLWludGVybmF0aW9uYWwtZ2VuZXZlLmNoXC93cC1jb250ZW50XC91cGxvYWRzXC8yMDE5XC8xMVwvZHNjbjE3NTAtY29waWVyLmpwZyIsInNsaWRlc2hvdyI6IjhmOGUwYzAifQ%3D%3D\">\n\t\t\t\t\t<div class=\"e-gallery-image elementor-gallery-item__image\" data-thumbnail=\"https:\/\/aikikai-international-geneve.ch\/wp-content\/uploads\/2019\/11\/dscn1750-copier-300x225.jpg\" data-width=\"300\" data-height=\"225\" aria-label=\"\" role=\"img\" ><\/div>\n\t\t\t\t\t\t\t\t\t\t\t<div class=\"elementor-gallery-item__overlay\"><\/div>\n\t\t\t\t\t\t\t\t\t\t\t\t\t\t<\/a>\n\t\t\t\t\t\t\t<a class=\"e-gallery-item elementor-gallery-item elementor-animated-content\" data-e-gallery-tags=\"8\" href=\"https:\/\/aikikai-international-geneve.ch\/wp-content\/uploads\/2019\/11\/dscn1757-copier.jpg\" data-elementor-open-lightbox=\"yes\" data-elementor-lightbox-slideshow=\"8f8e0c0\" data-elementor-lightbox-title=\"Gildo Mezzo \u00e0 Prague les 6 et 7 octobre 2012\" data-e-action-hash=\"#elementor-action%3Aaction%3Dlightbox%26settings%3DeyJpZCI6MTYwODgsInVybCI6Imh0dHBzOlwvXC9haWtpa2FpLWludGVybmF0aW9uYWwtZ2VuZXZlLmNoXC93cC1jb250ZW50XC91cGxvYWRzXC8yMDE5XC8xMVwvZHNjbjE3NTctY29waWVyLmpwZyIsInNsaWRlc2hvdyI6IjhmOGUwYzAifQ%3D%3D\">\n\t\t\t\t\t<div class=\"e-gallery-image elementor-gallery-item__image\" data-thumbnail=\"https:\/\/aikikai-international-geneve.ch\/wp-content\/uploads\/2019\/11\/dscn1757-copier-300x225.jpg\" data-width=\"300\" data-height=\"225\" aria-label=\"\" role=\"img\" ><\/div>\n\t\t\t\t\t\t\t\t\t\t\t<div class=\"elementor-gallery-item__overlay\"><\/div>\n\t\t\t\t\t\t\t\t\t\t\t\t\t\t<\/a>\n\t\t\t\t\t\t\t<a class=\"e-gallery-item elementor-gallery-item elementor-animated-content\" data-e-gallery-tags=\"8\" href=\"https:\/\/aikikai-international-geneve.ch\/wp-content\/uploads\/2019\/11\/dscn1758-copier.jpg\" data-elementor-open-lightbox=\"yes\" data-elementor-lightbox-slideshow=\"8f8e0c0\" data-elementor-lightbox-title=\"Gildo Mezzo \u00e0 Prague les 6 et 7 octobre 2012\" data-e-action-hash=\"#elementor-action%3Aaction%3Dlightbox%26settings%3DeyJpZCI6MTYwODIsInVybCI6Imh0dHBzOlwvXC9haWtpa2FpLWludGVybmF0aW9uYWwtZ2VuZXZlLmNoXC93cC1jb250ZW50XC91cGxvYWRzXC8yMDE5XC8xMVwvZHNjbjE3NTgtY29waWVyLmpwZyIsInNsaWRlc2hvdyI6IjhmOGUwYzAifQ%3D%3D\">\n\t\t\t\t\t<div class=\"e-gallery-image elementor-gallery-item__image\" data-thumbnail=\"https:\/\/aikikai-international-geneve.ch\/wp-content\/uploads\/2019\/11\/dscn1758-copier-300x225.jpg\" data-width=\"300\" data-height=\"225\" aria-label=\"\" role=\"img\" ><\/div>\n\t\t\t\t\t\t\t\t\t\t\t<div class=\"elementor-gallery-item__overlay\"><\/div>\n\t\t\t\t\t\t\t\t\t\t\t\t\t\t<\/a>\n\t\t\t\t\t\t\t<a class=\"e-gallery-item elementor-gallery-item elementor-animated-content\" data-e-gallery-tags=\"8\" href=\"https:\/\/aikikai-international-geneve.ch\/wp-content\/uploads\/2019\/11\/dscn1760-copier.jpg\" data-elementor-open-lightbox=\"yes\" data-elementor-lightbox-slideshow=\"8f8e0c0\" data-elementor-lightbox-title=\"Gildo Mezzo \u00e0 Prague les 6 et 7 octobre 2012\" data-e-action-hash=\"#elementor-action%3Aaction%3Dlightbox%26settings%3DeyJpZCI6MTYwNzYsInVybCI6Imh0dHBzOlwvXC9haWtpa2FpLWludGVybmF0aW9uYWwtZ2VuZXZlLmNoXC93cC1jb250ZW50XC91cGxvYWRzXC8yMDE5XC8xMVwvZHNjbjE3NjAtY29waWVyLmpwZyIsInNsaWRlc2hvdyI6IjhmOGUwYzAifQ%3D%3D\">\n\t\t\t\t\t<div class=\"e-gallery-image elementor-gallery-item__image\" data-thumbnail=\"https:\/\/aikikai-international-geneve.ch\/wp-content\/uploads\/2019\/11\/dscn1760-copier-300x225.jpg\" data-width=\"300\" data-height=\"225\" aria-label=\"\" role=\"img\" ><\/div>\n\t\t\t\t\t\t\t\t\t\t\t<div class=\"elementor-gallery-item__overlay\"><\/div>\n\t\t\t\t\t\t\t\t\t\t\t\t\t\t<\/a>\n\t\t\t\t\t\t\t<a class=\"e-gallery-item elementor-gallery-item elementor-animated-content\" data-e-gallery-tags=\"8\" href=\"https:\/\/aikikai-international-geneve.ch\/wp-content\/uploads\/2019\/11\/dscn1761-copier.jpg\" data-elementor-open-lightbox=\"yes\" data-elementor-lightbox-slideshow=\"8f8e0c0\" data-elementor-lightbox-title=\"Gildo Mezzo \u00e0 Prague les 6 et 7 octobre 2012\" data-e-action-hash=\"#elementor-action%3Aaction%3Dlightbox%26settings%3DeyJpZCI6MTYwNzAsInVybCI6Imh0dHBzOlwvXC9haWtpa2FpLWludGVybmF0aW9uYWwtZ2VuZXZlLmNoXC93cC1jb250ZW50XC91cGxvYWRzXC8yMDE5XC8xMVwvZHNjbjE3NjEtY29waWVyLmpwZyIsInNsaWRlc2hvdyI6IjhmOGUwYzAifQ%3D%3D\">\n\t\t\t\t\t<div class=\"e-gallery-image elementor-gallery-item__image\" data-thumbnail=\"https:\/\/aikikai-international-geneve.ch\/wp-content\/uploads\/2019\/11\/dscn1761-copier-300x225.jpg\" data-width=\"300\" data-height=\"225\" aria-label=\"\" role=\"img\" ><\/div>\n\t\t\t\t\t\t\t\t\t\t\t<div class=\"elementor-gallery-item__overlay\"><\/div>\n\t\t\t\t\t\t\t\t\t\t\t\t\t\t<\/a>\n\t\t\t\t\t\t\t<a class=\"e-gallery-item elementor-gallery-item elementor-animated-content\" data-e-gallery-tags=\"8\" href=\"https:\/\/aikikai-international-geneve.ch\/wp-content\/uploads\/2019\/11\/dscn1763-copier.jpg\" data-elementor-open-lightbox=\"yes\" data-elementor-lightbox-slideshow=\"8f8e0c0\" data-elementor-lightbox-title=\"Gildo Mezzo \u00e0 Prague les 6 et 7 octobre 2012\" data-e-action-hash=\"#elementor-action%3Aaction%3Dlightbox%26settings%3DeyJpZCI6MTYwNjQsInVybCI6Imh0dHBzOlwvXC9haWtpa2FpLWludGVybmF0aW9uYWwtZ2VuZXZlLmNoXC93cC1jb250ZW50XC91cGxvYWRzXC8yMDE5XC8xMVwvZHNjbjE3NjMtY29waWVyLmpwZyIsInNsaWRlc2hvdyI6IjhmOGUwYzAifQ%3D%3D\">\n\t\t\t\t\t<div class=\"e-gallery-image elementor-gallery-item__image\" data-thumbnail=\"https:\/\/aikikai-international-geneve.ch\/wp-content\/uploads\/2019\/11\/dscn1763-copier-300x225.jpg\" data-width=\"300\" data-height=\"225\" aria-label=\"\" role=\"img\" ><\/div>\n\t\t\t\t\t\t\t\t\t\t\t<div class=\"elementor-gallery-item__overlay\"><\/div>\n\t\t\t\t\t\t\t\t\t\t\t\t\t\t<\/a>\n\t\t\t\t\t\t\t<a class=\"e-gallery-item elementor-gallery-item elementor-animated-content\" data-e-gallery-tags=\"8\" href=\"https:\/\/aikikai-international-geneve.ch\/wp-content\/uploads\/2019\/11\/dscn1765-copier.jpg\" data-elementor-open-lightbox=\"yes\" data-elementor-lightbox-slideshow=\"8f8e0c0\" data-elementor-lightbox-title=\"Gildo Mezzo \u00e0 Prague les 6 et 7 octobre 2012\" data-e-action-hash=\"#elementor-action%3Aaction%3Dlightbox%26settings%3DeyJpZCI6MTYwNTgsInVybCI6Imh0dHBzOlwvXC9haWtpa2FpLWludGVybmF0aW9uYWwtZ2VuZXZlLmNoXC93cC1jb250ZW50XC91cGxvYWRzXC8yMDE5XC8xMVwvZHNjbjE3NjUtY29waWVyLmpwZyIsInNsaWRlc2hvdyI6IjhmOGUwYzAifQ%3D%3D\">\n\t\t\t\t\t<div class=\"e-gallery-image elementor-gallery-item__image\" data-thumbnail=\"https:\/\/aikikai-international-geneve.ch\/wp-content\/uploads\/2019\/11\/dscn1765-copier-300x225.jpg\" data-width=\"300\" data-height=\"225\" aria-label=\"\" role=\"img\" ><\/div>\n\t\t\t\t\t\t\t\t\t\t\t<div class=\"elementor-gallery-item__overlay\"><\/div>\n\t\t\t\t\t\t\t\t\t\t\t\t\t\t<\/a>\n\t\t\t\t\t\t\t<a class=\"e-gallery-item elementor-gallery-item elementor-animated-content\" data-e-gallery-tags=\"8\" href=\"https:\/\/aikikai-international-geneve.ch\/wp-content\/uploads\/2019\/11\/dscn1766-copier.jpg\" data-elementor-open-lightbox=\"yes\" data-elementor-lightbox-slideshow=\"8f8e0c0\" data-elementor-lightbox-title=\"Gildo Mezzo \u00e0 Prague les 6 et 7 octobre 2012\" data-e-action-hash=\"#elementor-action%3Aaction%3Dlightbox%26settings%3DeyJpZCI6MTYwNTIsInVybCI6Imh0dHBzOlwvXC9haWtpa2FpLWludGVybmF0aW9uYWwtZ2VuZXZlLmNoXC93cC1jb250ZW50XC91cGxvYWRzXC8yMDE5XC8xMVwvZHNjbjE3NjYtY29waWVyLmpwZyIsInNsaWRlc2hvdyI6IjhmOGUwYzAifQ%3D%3D\">\n\t\t\t\t\t<div class=\"e-gallery-image elementor-gallery-item__image\" data-thumbnail=\"https:\/\/aikikai-international-geneve.ch\/wp-content\/uploads\/2019\/11\/dscn1766-copier-300x225.jpg\" data-width=\"300\" data-height=\"225\" aria-label=\"\" role=\"img\" ><\/div>\n\t\t\t\t\t\t\t\t\t\t\t<div class=\"elementor-gallery-item__overlay\"><\/div>\n\t\t\t\t\t\t\t\t\t\t\t\t\t\t<\/a>\n\t\t\t\t\t\t\t<a class=\"e-gallery-item elementor-gallery-item elementor-animated-content\" data-e-gallery-tags=\"8\" href=\"https:\/\/aikikai-international-geneve.ch\/wp-content\/uploads\/2019\/11\/dscn1767-copier.jpg\" data-elementor-open-lightbox=\"yes\" data-elementor-lightbox-slideshow=\"8f8e0c0\" data-elementor-lightbox-title=\"Gildo Mezzo \u00e0 Prague les 6 et 7 octobre 2012\" data-e-action-hash=\"#elementor-action%3Aaction%3Dlightbox%26settings%3DeyJpZCI6MTYwNDYsInVybCI6Imh0dHBzOlwvXC9haWtpa2FpLWludGVybmF0aW9uYWwtZ2VuZXZlLmNoXC93cC1jb250ZW50XC91cGxvYWRzXC8yMDE5XC8xMVwvZHNjbjE3NjctY29waWVyLmpwZyIsInNsaWRlc2hvdyI6IjhmOGUwYzAifQ%3D%3D\">\n\t\t\t\t\t<div class=\"e-gallery-image elementor-gallery-item__image\" data-thumbnail=\"https:\/\/aikikai-international-geneve.ch\/wp-content\/uploads\/2019\/11\/dscn1767-copier-300x225.jpg\" data-width=\"300\" data-height=\"225\" aria-label=\"\" role=\"img\" ><\/div>\n\t\t\t\t\t\t\t\t\t\t\t<div class=\"elementor-gallery-item__overlay\"><\/div>\n\t\t\t\t\t\t\t\t\t\t\t\t\t\t<\/a>\n\t\t\t\t\t\t\t<a class=\"e-gallery-item elementor-gallery-item elementor-animated-content\" data-e-gallery-tags=\"8\" href=\"https:\/\/aikikai-international-geneve.ch\/wp-content\/uploads\/2019\/11\/dscn1768-copier.jpg\" data-elementor-open-lightbox=\"yes\" data-elementor-lightbox-slideshow=\"8f8e0c0\" data-elementor-lightbox-title=\"Gildo Mezzo \u00e0 Prague les 6 et 7 octobre 2012\" data-e-action-hash=\"#elementor-action%3Aaction%3Dlightbox%26settings%3DeyJpZCI6MTYwNDAsInVybCI6Imh0dHBzOlwvXC9haWtpa2FpLWludGVybmF0aW9uYWwtZ2VuZXZlLmNoXC93cC1jb250ZW50XC91cGxvYWRzXC8yMDE5XC8xMVwvZHNjbjE3NjgtY29waWVyLmpwZyIsInNsaWRlc2hvdyI6IjhmOGUwYzAifQ%3D%3D\">\n\t\t\t\t\t<div class=\"e-gallery-image elementor-gallery-item__image\" data-thumbnail=\"https:\/\/aikikai-international-geneve.ch\/wp-content\/uploads\/2019\/11\/dscn1768-copier-300x225.jpg\" data-width=\"300\" data-height=\"225\" aria-label=\"\" role=\"img\" ><\/div>\n\t\t\t\t\t\t\t\t\t\t\t<div class=\"elementor-gallery-item__overlay\"><\/div>\n\t\t\t\t\t\t\t\t\t\t\t\t\t\t<\/a>\n\t\t\t\t\t\t\t<a class=\"e-gallery-item elementor-gallery-item elementor-animated-content\" data-e-gallery-tags=\"8\" href=\"https:\/\/aikikai-international-geneve.ch\/wp-content\/uploads\/2019\/11\/dscn1769-copier.jpg\" data-elementor-open-lightbox=\"yes\" data-elementor-lightbox-slideshow=\"8f8e0c0\" data-elementor-lightbox-title=\"Gildo Mezzo \u00e0 Prague les 6 et 7 octobre 2012\" data-e-action-hash=\"#elementor-action%3Aaction%3Dlightbox%26settings%3DeyJpZCI6MTYwMzQsInVybCI6Imh0dHBzOlwvXC9haWtpa2FpLWludGVybmF0aW9uYWwtZ2VuZXZlLmNoXC93cC1jb250ZW50XC91cGxvYWRzXC8yMDE5XC8xMVwvZHNjbjE3NjktY29waWVyLmpwZyIsInNsaWRlc2hvdyI6IjhmOGUwYzAifQ%3D%3D\">\n\t\t\t\t\t<div class=\"e-gallery-image elementor-gallery-item__image\" data-thumbnail=\"https:\/\/aikikai-international-geneve.ch\/wp-content\/uploads\/2019\/11\/dscn1769-copier-300x225.jpg\" data-width=\"300\" data-height=\"225\" aria-label=\"\" role=\"img\" ><\/div>\n\t\t\t\t\t\t\t\t\t\t\t<div class=\"elementor-gallery-item__overlay\"><\/div>\n\t\t\t\t\t\t\t\t\t\t\t\t\t\t<\/a>\n\t\t\t\t\t\t\t<a class=\"e-gallery-item elementor-gallery-item elementor-animated-content\" data-e-gallery-tags=\"8\" href=\"https:\/\/aikikai-international-geneve.ch\/wp-content\/uploads\/2019\/11\/dscn1772-copier.jpg\" data-elementor-open-lightbox=\"yes\" data-elementor-lightbox-slideshow=\"8f8e0c0\" data-elementor-lightbox-title=\"Gildo Mezzo \u00e0 Prague les 6 et 7 octobre 2012\" data-e-action-hash=\"#elementor-action%3Aaction%3Dlightbox%26settings%3DeyJpZCI6MTYwMjgsInVybCI6Imh0dHBzOlwvXC9haWtpa2FpLWludGVybmF0aW9uYWwtZ2VuZXZlLmNoXC93cC1jb250ZW50XC91cGxvYWRzXC8yMDE5XC8xMVwvZHNjbjE3NzItY29waWVyLmpwZyIsInNsaWRlc2hvdyI6IjhmOGUwYzAifQ%3D%3D\">\n\t\t\t\t\t<div class=\"e-gallery-image elementor-gallery-item__image\" data-thumbnail=\"https:\/\/aikikai-international-geneve.ch\/wp-content\/uploads\/2019\/11\/dscn1772-copier-300x225.jpg\" data-width=\"300\" data-height=\"225\" aria-label=\"\" role=\"img\" ><\/div>\n\t\t\t\t\t\t\t\t\t\t\t<div class=\"elementor-gallery-item__overlay\"><\/div>\n\t\t\t\t\t\t\t\t\t\t\t\t\t\t<\/a>\n\t\t\t\t\t\t\t<a class=\"e-gallery-item elementor-gallery-item elementor-animated-content\" data-e-gallery-tags=\"8\" href=\"https:\/\/aikikai-international-geneve.ch\/wp-content\/uploads\/2019\/11\/dscn1773-copier.jpg\" data-elementor-open-lightbox=\"yes\" data-elementor-lightbox-slideshow=\"8f8e0c0\" data-elementor-lightbox-title=\"Gildo Mezzo \u00e0 Prague les 6 et 7 octobre 2012\" data-e-action-hash=\"#elementor-action%3Aaction%3Dlightbox%26settings%3DeyJpZCI6MTYwMjIsInVybCI6Imh0dHBzOlwvXC9haWtpa2FpLWludGVybmF0aW9uYWwtZ2VuZXZlLmNoXC93cC1jb250ZW50XC91cGxvYWRzXC8yMDE5XC8xMVwvZHNjbjE3NzMtY29waWVyLmpwZyIsInNsaWRlc2hvdyI6IjhmOGUwYzAifQ%3D%3D\">\n\t\t\t\t\t<div class=\"e-gallery-image elementor-gallery-item__image\" data-thumbnail=\"https:\/\/aikikai-international-geneve.ch\/wp-content\/uploads\/2019\/11\/dscn1773-copier-300x225.jpg\" data-width=\"300\" data-height=\"225\" aria-label=\"\" role=\"img\" ><\/div>\n\t\t\t\t\t\t\t\t\t\t\t<div class=\"elementor-gallery-item__overlay\"><\/div>\n\t\t\t\t\t\t\t\t\t\t\t\t\t\t<\/a>\n\t\t\t\t\t\t\t<a class=\"e-gallery-item elementor-gallery-item elementor-animated-content\" data-e-gallery-tags=\"8\" href=\"https:\/\/aikikai-international-geneve.ch\/wp-content\/uploads\/2019\/11\/dscn1774-copier.jpg\" data-elementor-open-lightbox=\"yes\" data-elementor-lightbox-slideshow=\"8f8e0c0\" data-elementor-lightbox-title=\"Gildo Mezzo \u00e0 PragGildo Mezzo \u00e0 Prague les 6 et 7 octobre 2012\" data-e-action-hash=\"#elementor-action%3Aaction%3Dlightbox%26settings%3DeyJpZCI6MTYwMTYsInVybCI6Imh0dHBzOlwvXC9haWtpa2FpLWludGVybmF0aW9uYWwtZ2VuZXZlLmNoXC93cC1jb250ZW50XC91cGxvYWRzXC8yMDE5XC8xMVwvZHNjbjE3NzQtY29waWVyLmpwZyIsInNsaWRlc2hvdyI6IjhmOGUwYzAifQ%3D%3D\">\n\t\t\t\t\t<div class=\"e-gallery-image elementor-gallery-item__image\" data-thumbnail=\"https:\/\/aikikai-international-geneve.ch\/wp-content\/uploads\/2019\/11\/dscn1774-copier-300x225.jpg\" data-width=\"300\" data-height=\"225\" aria-label=\"\" role=\"img\" ><\/div>\n\t\t\t\t\t\t\t\t\t\t\t<div class=\"elementor-gallery-item__overlay\"><\/div>\n\t\t\t\t\t\t\t\t\t\t\t\t\t\t<\/a>\n\t\t\t\t\t\t\t<a class=\"e-gallery-item elementor-gallery-item elementor-animated-content\" data-e-gallery-tags=\"8\" href=\"https:\/\/aikikai-international-geneve.ch\/wp-content\/uploads\/2019\/11\/dscn1778-copier.jpg\" data-elementor-open-lightbox=\"yes\" data-elementor-lightbox-slideshow=\"8f8e0c0\" data-elementor-lightbox-title=\"Gildo Mezzo \u00e0 Prague les 6 et 7 octobre 2012\" data-e-action-hash=\"#elementor-action%3Aaction%3Dlightbox%26settings%3DeyJpZCI6MTYwMDQsInVybCI6Imh0dHBzOlwvXC9haWtpa2FpLWludGVybmF0aW9uYWwtZ2VuZXZlLmNoXC93cC1jb250ZW50XC91cGxvYWRzXC8yMDE5XC8xMVwvZHNjbjE3NzgtY29waWVyLmpwZyIsInNsaWRlc2hvdyI6IjhmOGUwYzAifQ%3D%3D\">\n\t\t\t\t\t<div class=\"e-gallery-image elementor-gallery-item__image\" data-thumbnail=\"https:\/\/aikikai-international-geneve.ch\/wp-content\/uploads\/2019\/11\/dscn1778-copier-300x225.jpg\" data-width=\"300\" data-height=\"225\" aria-label=\"\" role=\"img\" ><\/div>\n\t\t\t\t\t\t\t\t\t\t\t<div class=\"elementor-gallery-item__overlay\"><\/div>\n\t\t\t\t\t\t\t\t\t\t\t\t\t\t<\/a>\n\t\t\t\t\t\t\t<a class=\"e-gallery-item elementor-gallery-item elementor-animated-content\" data-e-gallery-tags=\"8\" href=\"https:\/\/aikikai-international-geneve.ch\/wp-content\/uploads\/2019\/11\/dscn1779-copier.jpg\" data-elementor-open-lightbox=\"yes\" data-elementor-lightbox-slideshow=\"8f8e0c0\" data-elementor-lightbox-title=\"Gildo Mezzo \u00e0 Prague les 6 et 7 octobre 2012\" data-e-action-hash=\"#elementor-action%3Aaction%3Dlightbox%26settings%3DeyJpZCI6MTU5OTgsInVybCI6Imh0dHBzOlwvXC9haWtpa2FpLWludGVybmF0aW9uYWwtZ2VuZXZlLmNoXC93cC1jb250ZW50XC91cGxvYWRzXC8yMDE5XC8xMVwvZHNjbjE3NzktY29waWVyLmpwZyIsInNsaWRlc2hvdyI6IjhmOGUwYzAifQ%3D%3D\">\n\t\t\t\t\t<div class=\"e-gallery-image elementor-gallery-item__image\" data-thumbnail=\"https:\/\/aikikai-international-geneve.ch\/wp-content\/uploads\/2019\/11\/dscn1779-copier-300x225.jpg\" data-width=\"300\" data-height=\"225\" aria-label=\"\" role=\"img\" ><\/div>\n\t\t\t\t\t\t\t\t\t\t\t<div class=\"elementor-gallery-item__overlay\"><\/div>\n\t\t\t\t\t\t\t\t\t\t\t\t\t\t<\/a>\n\t\t\t\t\t\t\t<a class=\"e-gallery-item elementor-gallery-item elementor-animated-content\" data-e-gallery-tags=\"8\" href=\"https:\/\/aikikai-international-geneve.ch\/wp-content\/uploads\/2019\/11\/dscn1780-copier.jpg\" data-elementor-open-lightbox=\"yes\" data-elementor-lightbox-slideshow=\"8f8e0c0\" data-elementor-lightbox-title=\"Gildo Mezzo \u00e0 Prague les 6 et 7 octobre 2012\" data-e-action-hash=\"#elementor-action%3Aaction%3Dlightbox%26settings%3DeyJpZCI6MTU5OTIsInVybCI6Imh0dHBzOlwvXC9haWtpa2FpLWludGVybmF0aW9uYWwtZ2VuZXZlLmNoXC93cC1jb250ZW50XC91cGxvYWRzXC8yMDE5XC8xMVwvZHNjbjE3ODAtY29waWVyLmpwZyIsInNsaWRlc2hvdyI6IjhmOGUwYzAifQ%3D%3D\">\n\t\t\t\t\t<div class=\"e-gallery-image elementor-gallery-item__image\" data-thumbnail=\"https:\/\/aikikai-international-geneve.ch\/wp-content\/uploads\/2019\/11\/dscn1780-copier-300x225.jpg\" data-width=\"300\" data-height=\"225\" aria-label=\"\" role=\"img\" ><\/div>\n\t\t\t\t\t\t\t\t\t\t\t<div class=\"elementor-gallery-item__overlay\"><\/div>\n\t\t\t\t\t\t\t\t\t\t\t\t\t\t<\/a>\n\t\t\t\t\t\t\t<a class=\"e-gallery-item elementor-gallery-item elementor-animated-content\" data-e-gallery-tags=\"8\" href=\"https:\/\/aikikai-international-geneve.ch\/wp-content\/uploads\/2019\/11\/dscn1782-copier.jpg\" data-elementor-open-lightbox=\"yes\" data-elementor-lightbox-slideshow=\"8f8e0c0\" data-elementor-lightbox-title=\"Gildo Mezzo \u00e0 Prague les 6 et 7 octobre 2012\" data-e-action-hash=\"#elementor-action%3Aaction%3Dlightbox%26settings%3DeyJpZCI6MTU5ODYsInVybCI6Imh0dHBzOlwvXC9haWtpa2FpLWludGVybmF0aW9uYWwtZ2VuZXZlLmNoXC93cC1jb250ZW50XC91cGxvYWRzXC8yMDE5XC8xMVwvZHNjbjE3ODItY29waWVyLmpwZyIsInNsaWRlc2hvdyI6IjhmOGUwYzAifQ%3D%3D\">\n\t\t\t\t\t<div class=\"e-gallery-image elementor-gallery-item__image\" data-thumbnail=\"https:\/\/aikikai-international-geneve.ch\/wp-content\/uploads\/2019\/11\/dscn1782-copier-300x225.jpg\" data-width=\"300\" data-height=\"225\" aria-label=\"\" role=\"img\" ><\/div>\n\t\t\t\t\t\t\t\t\t\t\t<div class=\"elementor-gallery-item__overlay\"><\/div>\n\t\t\t\t\t\t\t\t\t\t\t\t\t\t<\/a>\n\t\t\t\t\t\t\t<a class=\"e-gallery-item elementor-gallery-item elementor-animated-content\" data-e-gallery-tags=\"8\" href=\"https:\/\/aikikai-international-geneve.ch\/wp-content\/uploads\/2019\/11\/dscn1783-copier.jpg\" data-elementor-open-lightbox=\"yes\" data-elementor-lightbox-slideshow=\"8f8e0c0\" data-elementor-lightbox-title=\"Gildo Mezzo \u00e0 Prague les 6 et 7 octobre 2012\" data-e-action-hash=\"#elementor-action%3Aaction%3Dlightbox%26settings%3DeyJpZCI6MTU5ODAsInVybCI6Imh0dHBzOlwvXC9haWtpa2FpLWludGVybmF0aW9uYWwtZ2VuZXZlLmNoXC93cC1jb250ZW50XC91cGxvYWRzXC8yMDE5XC8xMVwvZHNjbjE3ODMtY29waWVyLmpwZyIsInNsaWRlc2hvdyI6IjhmOGUwYzAifQ%3D%3D\">\n\t\t\t\t\t<div class=\"e-gallery-image elementor-gallery-item__image\" data-thumbnail=\"https:\/\/aikikai-international-geneve.ch\/wp-content\/uploads\/2019\/11\/dscn1783-copier-300x225.jpg\" data-width=\"300\" data-height=\"225\" aria-label=\"\" role=\"img\" ><\/div>\n\t\t\t\t\t\t\t\t\t\t\t<div class=\"elementor-gallery-item__overlay\"><\/div>\n\t\t\t\t\t\t\t\t\t\t\t\t\t\t<\/a>\n\t\t\t\t\t\t\t<a class=\"e-gallery-item elementor-gallery-item elementor-animated-content\" data-e-gallery-tags=\"8\" href=\"https:\/\/aikikai-international-geneve.ch\/wp-content\/uploads\/2019\/11\/dscn1787-copier.jpg\" data-elementor-open-lightbox=\"yes\" data-elementor-lightbox-slideshow=\"8f8e0c0\" data-elementor-lightbox-title=\"Gildo Mezzo \u00e0 Prague les 6 et 7 octobre 2012\" data-e-action-hash=\"#elementor-action%3Aaction%3Dlightbox%26settings%3DeyJpZCI6MTU5NzQsInVybCI6Imh0dHBzOlwvXC9haWtpa2FpLWludGVybmF0aW9uYWwtZ2VuZXZlLmNoXC93cC1jb250ZW50XC91cGxvYWRzXC8yMDE5XC8xMVwvZHNjbjE3ODctY29waWVyLmpwZyIsInNsaWRlc2hvdyI6IjhmOGUwYzAifQ%3D%3D\">\n\t\t\t\t\t<div class=\"e-gallery-image elementor-gallery-item__image\" data-thumbnail=\"https:\/\/aikikai-international-geneve.ch\/wp-content\/uploads\/2019\/11\/dscn1787-copier-300x225.jpg\" data-width=\"300\" data-height=\"225\" aria-label=\"\" role=\"img\" ><\/div>\n\t\t\t\t\t\t\t\t\t\t\t<div class=\"elementor-gallery-item__overlay\"><\/div>\n\t\t\t\t\t\t\t\t\t\t\t\t\t\t<\/a>\n\t\t\t\t\t\t\t<a class=\"e-gallery-item elementor-gallery-item elementor-animated-content\" data-e-gallery-tags=\"8\" href=\"https:\/\/aikikai-international-geneve.ch\/wp-content\/uploads\/2019\/11\/dscn1788-copier.jpg\" data-elementor-open-lightbox=\"yes\" data-elementor-lightbox-slideshow=\"8f8e0c0\" data-elementor-lightbox-title=\"Gildo Mezzo \u00e0 Prague les 6 et 7 octobre 2012\" data-e-action-hash=\"#elementor-action%3Aaction%3Dlightbox%26settings%3DeyJpZCI6MTU5NjgsInVybCI6Imh0dHBzOlwvXC9haWtpa2FpLWludGVybmF0aW9uYWwtZ2VuZXZlLmNoXC93cC1jb250ZW50XC91cGxvYWRzXC8yMDE5XC8xMVwvZHNjbjE3ODgtY29waWVyLmpwZyIsInNsaWRlc2hvdyI6IjhmOGUwYzAifQ%3D%3D\">\n\t\t\t\t\t<div class=\"e-gallery-image elementor-gallery-item__image\" data-thumbnail=\"https:\/\/aikikai-international-geneve.ch\/wp-content\/uploads\/2019\/11\/dscn1788-copier-300x225.jpg\" data-width=\"300\" data-height=\"225\" aria-label=\"\" role=\"img\" ><\/div>\n\t\t\t\t\t\t\t\t\t\t\t<div class=\"elementor-gallery-item__overlay\"><\/div>\n\t\t\t\t\t\t\t\t\t\t\t\t\t\t<\/a>\n\t\t\t\t\t\t\t<a class=\"e-gallery-item elementor-gallery-item elementor-animated-content\" data-e-gallery-tags=\"8\" href=\"https:\/\/aikikai-international-geneve.ch\/wp-content\/uploads\/2019\/11\/dscn1790-copier.jpg\" data-elementor-open-lightbox=\"yes\" data-elementor-lightbox-slideshow=\"8f8e0c0\" data-elementor-lightbox-title=\"Gildo Mezzo \u00e0 Prague les 6 et 7 octobre 2012\" data-e-action-hash=\"#elementor-action%3Aaction%3Dlightbox%26settings%3DeyJpZCI6MTU5NjIsInVybCI6Imh0dHBzOlwvXC9haWtpa2FpLWludGVybmF0aW9uYWwtZ2VuZXZlLmNoXC93cC1jb250ZW50XC91cGxvYWRzXC8yMDE5XC8xMVwvZHNjbjE3OTAtY29waWVyLmpwZyIsInNsaWRlc2hvdyI6IjhmOGUwYzAifQ%3D%3D\">\n\t\t\t\t\t<div class=\"e-gallery-image elementor-gallery-item__image\" data-thumbnail=\"https:\/\/aikikai-international-geneve.ch\/wp-content\/uploads\/2019\/11\/dscn1790-copier-300x225.jpg\" data-width=\"300\" data-height=\"225\" aria-label=\"\" role=\"img\" ><\/div>\n\t\t\t\t\t\t\t\t\t\t\t<div class=\"elementor-gallery-item__overlay\"><\/div>\n\t\t\t\t\t\t\t\t\t\t\t\t\t\t<\/a>\n\t\t\t\t\t\t\t<a class=\"e-gallery-item elementor-gallery-item elementor-animated-content\" data-e-gallery-tags=\"8\" href=\"https:\/\/aikikai-international-geneve.ch\/wp-content\/uploads\/2019\/11\/prague-6-et-7-octobre-2012.jpg\" data-elementor-open-lightbox=\"yes\" data-elementor-lightbox-slideshow=\"8f8e0c0\" data-elementor-lightbox-title=\"Gildo Mezzo \u00e0 Prague les 6 et 7 octobre 2012\" data-e-action-hash=\"#elementor-action%3Aaction%3Dlightbox%26settings%3DeyJpZCI6MTU5NTYsInVybCI6Imh0dHBzOlwvXC9haWtpa2FpLWludGVybmF0aW9uYWwtZ2VuZXZlLmNoXC93cC1jb250ZW50XC91cGxvYWRzXC8yMDE5XC8xMVwvcHJhZ3VlLTYtZXQtNy1vY3RvYnJlLTIwMTIuanBnIiwic2xpZGVzaG93IjoiOGY4ZTBjMCJ9\">\n\t\t\t\t\t<div class=\"e-gallery-image elementor-gallery-item__image\" data-thumbnail=\"https:\/\/aikikai-international-geneve.ch\/wp-content\/uploads\/2019\/11\/prague-6-et-7-octobre-2012-300x200.jpg\" data-width=\"300\" data-height=\"200\" aria-label=\"\" role=\"img\" ><\/div>\n\t\t\t\t\t\t\t\t\t\t\t<div class=\"elementor-gallery-item__overlay\"><\/div>\n\t\t\t\t\t\t\t\t\t\t\t\t\t\t<\/a>\n\t\t\t\t\t\t\t<a class=\"e-gallery-item elementor-gallery-item elementor-animated-content\" data-e-gallery-tags=\"9\" href=\"https:\/\/aikikai-international-geneve.ch\/wp-content\/uploads\/2019\/11\/sursee3.jpg\" data-elementor-open-lightbox=\"yes\" data-elementor-lightbox-slideshow=\"8f8e0c0\" data-elementor-lightbox-title=\"Rencontre annuelle de l&#039;ACSA \u00e0 Sursee en septembre 2012\" data-e-action-hash=\"#elementor-action%3Aaction%3Dlightbox%26settings%3DeyJpZCI6MTcyNDQsInVybCI6Imh0dHBzOlwvXC9haWtpa2FpLWludGVybmF0aW9uYWwtZ2VuZXZlLmNoXC93cC1jb250ZW50XC91cGxvYWRzXC8yMDE5XC8xMVwvc3Vyc2VlMy5qcGciLCJzbGlkZXNob3ciOiI4ZjhlMGMwIn0%3D\">\n\t\t\t\t\t<div class=\"e-gallery-image elementor-gallery-item__image\" data-thumbnail=\"https:\/\/aikikai-international-geneve.ch\/wp-content\/uploads\/2019\/11\/sursee3-300x225.jpg\" data-width=\"300\" data-height=\"225\" aria-label=\"\" role=\"img\" ><\/div>\n\t\t\t\t\t\t\t\t\t\t\t<div class=\"elementor-gallery-item__overlay\"><\/div>\n\t\t\t\t\t\t\t\t\t\t\t\t\t\t<\/a>\n\t\t\t\t\t\t\t<a class=\"e-gallery-item elementor-gallery-item elementor-animated-content\" data-e-gallery-tags=\"9\" href=\"https:\/\/aikikai-international-geneve.ch\/wp-content\/uploads\/2019\/11\/sursee57.jpg\" data-elementor-open-lightbox=\"yes\" data-elementor-lightbox-slideshow=\"8f8e0c0\" data-elementor-lightbox-title=\"Rencontre annuelle de l&#039;ACSA \u00e0 Sursee en septembre 2012\" data-e-action-hash=\"#elementor-action%3Aaction%3Dlightbox%26settings%3DeyJpZCI6MTY5MjAsInVybCI6Imh0dHBzOlwvXC9haWtpa2FpLWludGVybmF0aW9uYWwtZ2VuZXZlLmNoXC93cC1jb250ZW50XC91cGxvYWRzXC8yMDE5XC8xMVwvc3Vyc2VlNTcuanBnIiwic2xpZGVzaG93IjoiOGY4ZTBjMCJ9\">\n\t\t\t\t\t<div class=\"e-gallery-image elementor-gallery-item__image\" data-thumbnail=\"https:\/\/aikikai-international-geneve.ch\/wp-content\/uploads\/2019\/11\/sursee57-300x225.jpg\" data-width=\"300\" data-height=\"225\" aria-label=\"\" role=\"img\" ><\/div>\n\t\t\t\t\t\t\t\t\t\t\t<div class=\"elementor-gallery-item__overlay\"><\/div>\n\t\t\t\t\t\t\t\t\t\t\t\t\t\t<\/a>\n\t\t\t\t\t\t\t<a class=\"e-gallery-item elementor-gallery-item elementor-animated-content\" data-e-gallery-tags=\"9\" href=\"https:\/\/aikikai-international-geneve.ch\/wp-content\/uploads\/2019\/11\/sursee4.jpg\" data-elementor-open-lightbox=\"yes\" data-elementor-lightbox-slideshow=\"8f8e0c0\" data-elementor-lightbox-title=\"Rencontre annuelle de l&#039;ACSA \u00e0 Sursee en septembre 2012\" data-e-action-hash=\"#elementor-action%3Aaction%3Dlightbox%26settings%3DeyJpZCI6MTcyMzgsInVybCI6Imh0dHBzOlwvXC9haWtpa2FpLWludGVybmF0aW9uYWwtZ2VuZXZlLmNoXC93cC1jb250ZW50XC91cGxvYWRzXC8yMDE5XC8xMVwvc3Vyc2VlNC5qcGciLCJzbGlkZXNob3ciOiI4ZjhlMGMwIn0%3D\">\n\t\t\t\t\t<div class=\"e-gallery-image elementor-gallery-item__image\" data-thumbnail=\"https:\/\/aikikai-international-geneve.ch\/wp-content\/uploads\/2019\/11\/sursee4-300x225.jpg\" data-width=\"300\" data-height=\"225\" aria-label=\"\" role=\"img\" ><\/div>\n\t\t\t\t\t\t\t\t\t\t\t<div class=\"elementor-gallery-item__overlay\"><\/div>\n\t\t\t\t\t\t\t\t\t\t\t\t\t\t<\/a>\n\t\t\t\t\t\t\t<a class=\"e-gallery-item elementor-gallery-item elementor-animated-content\" data-e-gallery-tags=\"9\" href=\"https:\/\/aikikai-international-geneve.ch\/wp-content\/uploads\/2019\/11\/sursee5.jpg\" data-elementor-open-lightbox=\"yes\" data-elementor-lightbox-slideshow=\"8f8e0c0\" data-elementor-lightbox-title=\"Rencontre annuelle de l&#039;ACSA \u00e0 Sursee en septembre 2012\" data-e-action-hash=\"#elementor-action%3Aaction%3Dlightbox%26settings%3DeyJpZCI6MTcyMzIsInVybCI6Imh0dHBzOlwvXC9haWtpa2FpLWludGVybmF0aW9uYWwtZ2VuZXZlLmNoXC93cC1jb250ZW50XC91cGxvYWRzXC8yMDE5XC8xMVwvc3Vyc2VlNS5qcGciLCJzbGlkZXNob3ciOiI4ZjhlMGMwIn0%3D\">\n\t\t\t\t\t<div class=\"e-gallery-image elementor-gallery-item__image\" data-thumbnail=\"https:\/\/aikikai-international-geneve.ch\/wp-content\/uploads\/2019\/11\/sursee5-300x225.jpg\" data-width=\"300\" data-height=\"225\" aria-label=\"\" role=\"img\" ><\/div>\n\t\t\t\t\t\t\t\t\t\t\t<div class=\"elementor-gallery-item__overlay\"><\/div>\n\t\t\t\t\t\t\t\t\t\t\t\t\t\t<\/a>\n\t\t\t\t\t\t\t<a class=\"e-gallery-item elementor-gallery-item elementor-animated-content\" data-e-gallery-tags=\"9\" href=\"https:\/\/aikikai-international-geneve.ch\/wp-content\/uploads\/2019\/11\/sursee6.jpg\" data-elementor-open-lightbox=\"yes\" data-elementor-lightbox-slideshow=\"8f8e0c0\" data-elementor-lightbox-title=\"Rencontre annuelle de l&#039;ACSA \u00e0 Sursee en septembre 2012\" data-e-action-hash=\"#elementor-action%3Aaction%3Dlightbox%26settings%3DeyJpZCI6MTcyMjYsInVybCI6Imh0dHBzOlwvXC9haWtpa2FpLWludGVybmF0aW9uYWwtZ2VuZXZlLmNoXC93cC1jb250ZW50XC91cGxvYWRzXC8yMDE5XC8xMVwvc3Vyc2VlNi5qcGciLCJzbGlkZXNob3ciOiI4ZjhlMGMwIn0%3D\">\n\t\t\t\t\t<div class=\"e-gallery-image elementor-gallery-item__image\" data-thumbnail=\"https:\/\/aikikai-international-geneve.ch\/wp-content\/uploads\/2019\/11\/sursee6-300x225.jpg\" data-width=\"300\" data-height=\"225\" aria-label=\"\" role=\"img\" ><\/div>\n\t\t\t\t\t\t\t\t\t\t\t<div class=\"elementor-gallery-item__overlay\"><\/div>\n\t\t\t\t\t\t\t\t\t\t\t\t\t\t<\/a>\n\t\t\t\t\t\t\t<a class=\"e-gallery-item elementor-gallery-item elementor-animated-content\" data-e-gallery-tags=\"9\" href=\"https:\/\/aikikai-international-geneve.ch\/wp-content\/uploads\/2019\/11\/sursee7.jpg\" data-elementor-open-lightbox=\"yes\" data-elementor-lightbox-slideshow=\"8f8e0c0\" data-elementor-lightbox-title=\"Rencontre annuelle de l&#039;ACSA \u00e0 Sursee en septembre 2012\" data-e-action-hash=\"#elementor-action%3Aaction%3Dlightbox%26settings%3DeyJpZCI6MTcyMjAsInVybCI6Imh0dHBzOlwvXC9haWtpa2FpLWludGVybmF0aW9uYWwtZ2VuZXZlLmNoXC93cC1jb250ZW50XC91cGxvYWRzXC8yMDE5XC8xMVwvc3Vyc2VlNy5qcGciLCJzbGlkZXNob3ciOiI4ZjhlMGMwIn0%3D\">\n\t\t\t\t\t<div class=\"e-gallery-image elementor-gallery-item__image\" data-thumbnail=\"https:\/\/aikikai-international-geneve.ch\/wp-content\/uploads\/2019\/11\/sursee7-300x225.jpg\" data-width=\"300\" data-height=\"225\" aria-label=\"\" role=\"img\" ><\/div>\n\t\t\t\t\t\t\t\t\t\t\t<div class=\"elementor-gallery-item__overlay\"><\/div>\n\t\t\t\t\t\t\t\t\t\t\t\t\t\t<\/a>\n\t\t\t\t\t\t\t<a class=\"e-gallery-item elementor-gallery-item elementor-animated-content\" data-e-gallery-tags=\"9\" href=\"https:\/\/aikikai-international-geneve.ch\/wp-content\/uploads\/2019\/11\/sursee8.jpg\" data-elementor-open-lightbox=\"yes\" data-elementor-lightbox-slideshow=\"8f8e0c0\" data-elementor-lightbox-title=\"Rencontre annuelle de l&#039;ACSA \u00e0 Sursee en septembre 2012\" data-e-action-hash=\"#elementor-action%3Aaction%3Dlightbox%26settings%3DeyJpZCI6MTcyMTQsInVybCI6Imh0dHBzOlwvXC9haWtpa2FpLWludGVybmF0aW9uYWwtZ2VuZXZlLmNoXC93cC1jb250ZW50XC91cGxvYWRzXC8yMDE5XC8xMVwvc3Vyc2VlOC5qcGciLCJzbGlkZXNob3ciOiI4ZjhlMGMwIn0%3D\">\n\t\t\t\t\t<div class=\"e-gallery-image elementor-gallery-item__image\" data-thumbnail=\"https:\/\/aikikai-international-geneve.ch\/wp-content\/uploads\/2019\/11\/sursee8-300x225.jpg\" data-width=\"300\" data-height=\"225\" aria-label=\"\" role=\"img\" ><\/div>\n\t\t\t\t\t\t\t\t\t\t\t<div class=\"elementor-gallery-item__overlay\"><\/div>\n\t\t\t\t\t\t\t\t\t\t\t\t\t\t<\/a>\n\t\t\t\t\t\t\t<a class=\"e-gallery-item elementor-gallery-item elementor-animated-content\" data-e-gallery-tags=\"9\" href=\"https:\/\/aikikai-international-geneve.ch\/wp-content\/uploads\/2019\/11\/sursee9.jpg\" data-elementor-open-lightbox=\"yes\" data-elementor-lightbox-slideshow=\"8f8e0c0\" data-elementor-lightbox-title=\"Rencontre annuelle de l&#039;ACSA \u00e0 Sursee en septembre 2012\" data-e-action-hash=\"#elementor-action%3Aaction%3Dlightbox%26settings%3DeyJpZCI6MTcyMDgsInVybCI6Imh0dHBzOlwvXC9haWtpa2FpLWludGVybmF0aW9uYWwtZ2VuZXZlLmNoXC93cC1jb250ZW50XC91cGxvYWRzXC8yMDE5XC8xMVwvc3Vyc2VlOS5qcGciLCJzbGlkZXNob3ciOiI4ZjhlMGMwIn0%3D\">\n\t\t\t\t\t<div class=\"e-gallery-image elementor-gallery-item__image\" data-thumbnail=\"https:\/\/aikikai-international-geneve.ch\/wp-content\/uploads\/2019\/11\/sursee9-300x225.jpg\" data-width=\"300\" data-height=\"225\" aria-label=\"\" role=\"img\" ><\/div>\n\t\t\t\t\t\t\t\t\t\t\t<div class=\"elementor-gallery-item__overlay\"><\/div>\n\t\t\t\t\t\t\t\t\t\t\t\t\t\t<\/a>\n\t\t\t\t\t\t\t<a class=\"e-gallery-item elementor-gallery-item elementor-animated-content\" data-e-gallery-tags=\"9\" href=\"https:\/\/aikikai-international-geneve.ch\/wp-content\/uploads\/2019\/11\/sursee10.jpg\" data-elementor-open-lightbox=\"yes\" data-elementor-lightbox-slideshow=\"8f8e0c0\" data-elementor-lightbox-title=\"Rencontre annuelle de l&#039;ACSA \u00e0 Sursee en septembre 2012\" data-e-action-hash=\"#elementor-action%3Aaction%3Dlightbox%26settings%3DeyJpZCI6MTcyMDIsInVybCI6Imh0dHBzOlwvXC9haWtpa2FpLWludGVybmF0aW9uYWwtZ2VuZXZlLmNoXC93cC1jb250ZW50XC91cGxvYWRzXC8yMDE5XC8xMVwvc3Vyc2VlMTAuanBnIiwic2xpZGVzaG93IjoiOGY4ZTBjMCJ9\">\n\t\t\t\t\t<div class=\"e-gallery-image elementor-gallery-item__image\" data-thumbnail=\"https:\/\/aikikai-international-geneve.ch\/wp-content\/uploads\/2019\/11\/sursee10-300x225.jpg\" data-width=\"300\" data-height=\"225\" aria-label=\"\" role=\"img\" ><\/div>\n\t\t\t\t\t\t\t\t\t\t\t<div class=\"elementor-gallery-item__overlay\"><\/div>\n\t\t\t\t\t\t\t\t\t\t\t\t\t\t<\/a>\n\t\t\t\t\t\t\t<a class=\"e-gallery-item elementor-gallery-item elementor-animated-content\" data-e-gallery-tags=\"9\" href=\"https:\/\/aikikai-international-geneve.ch\/wp-content\/uploads\/2019\/11\/sursee11.jpg\" data-elementor-open-lightbox=\"yes\" data-elementor-lightbox-slideshow=\"8f8e0c0\" data-elementor-lightbox-title=\"Rencontre annuelle de l&#039;ACSA \u00e0 Sursee en septembre 2012\" data-e-action-hash=\"#elementor-action%3Aaction%3Dlightbox%26settings%3DeyJpZCI6MTcxOTYsInVybCI6Imh0dHBzOlwvXC9haWtpa2FpLWludGVybmF0aW9uYWwtZ2VuZXZlLmNoXC93cC1jb250ZW50XC91cGxvYWRzXC8yMDE5XC8xMVwvc3Vyc2VlMTEuanBnIiwic2xpZGVzaG93IjoiOGY4ZTBjMCJ9\">\n\t\t\t\t\t<div class=\"e-gallery-image elementor-gallery-item__image\" data-thumbnail=\"https:\/\/aikikai-international-geneve.ch\/wp-content\/uploads\/2019\/11\/sursee11-300x225.jpg\" data-width=\"300\" data-height=\"225\" aria-label=\"\" role=\"img\" ><\/div>\n\t\t\t\t\t\t\t\t\t\t\t<div class=\"elementor-gallery-item__overlay\"><\/div>\n\t\t\t\t\t\t\t\t\t\t\t\t\t\t<\/a>\n\t\t\t\t\t\t\t<a class=\"e-gallery-item elementor-gallery-item elementor-animated-content\" data-e-gallery-tags=\"9\" href=\"https:\/\/aikikai-international-geneve.ch\/wp-content\/uploads\/2019\/11\/sursee12.jpg\" data-elementor-open-lightbox=\"yes\" data-elementor-lightbox-slideshow=\"8f8e0c0\" data-elementor-lightbox-title=\"Rencontre annuelle de l&#039;ACSA \u00e0 Sursee en septembre 2012\" data-e-action-hash=\"#elementor-action%3Aaction%3Dlightbox%26settings%3DeyJpZCI6MTcxOTAsInVybCI6Imh0dHBzOlwvXC9haWtpa2FpLWludGVybmF0aW9uYWwtZ2VuZXZlLmNoXC93cC1jb250ZW50XC91cGxvYWRzXC8yMDE5XC8xMVwvc3Vyc2VlMTIuanBnIiwic2xpZGVzaG93IjoiOGY4ZTBjMCJ9\">\n\t\t\t\t\t<div class=\"e-gallery-image elementor-gallery-item__image\" data-thumbnail=\"https:\/\/aikikai-international-geneve.ch\/wp-content\/uploads\/2019\/11\/sursee12-300x225.jpg\" data-width=\"300\" data-height=\"225\" aria-label=\"\" role=\"img\" ><\/div>\n\t\t\t\t\t\t\t\t\t\t\t<div class=\"elementor-gallery-item__overlay\"><\/div>\n\t\t\t\t\t\t\t\t\t\t\t\t\t\t<\/a>\n\t\t\t\t\t\t\t<a class=\"e-gallery-item elementor-gallery-item elementor-animated-content\" data-e-gallery-tags=\"9\" href=\"https:\/\/aikikai-international-geneve.ch\/wp-content\/uploads\/2019\/11\/sursee13.jpg\" data-elementor-open-lightbox=\"yes\" data-elementor-lightbox-slideshow=\"8f8e0c0\" data-elementor-lightbox-title=\"Rencontre annuelle de l&#039;ACSA \u00e0 Sursee en septembre 2012\" data-e-action-hash=\"#elementor-action%3Aaction%3Dlightbox%26settings%3DeyJpZCI6MTcxODQsInVybCI6Imh0dHBzOlwvXC9haWtpa2FpLWludGVybmF0aW9uYWwtZ2VuZXZlLmNoXC93cC1jb250ZW50XC91cGxvYWRzXC8yMDE5XC8xMVwvc3Vyc2VlMTMuanBnIiwic2xpZGVzaG93IjoiOGY4ZTBjMCJ9\">\n\t\t\t\t\t<div class=\"e-gallery-image elementor-gallery-item__image\" data-thumbnail=\"https:\/\/aikikai-international-geneve.ch\/wp-content\/uploads\/2019\/11\/sursee13-300x225.jpg\" data-width=\"300\" data-height=\"225\" aria-label=\"\" role=\"img\" ><\/div>\n\t\t\t\t\t\t\t\t\t\t\t<div class=\"elementor-gallery-item__overlay\"><\/div>\n\t\t\t\t\t\t\t\t\t\t\t\t\t\t<\/a>\n\t\t\t\t\t\t\t<a class=\"e-gallery-item elementor-gallery-item elementor-animated-content\" data-e-gallery-tags=\"9\" href=\"https:\/\/aikikai-international-geneve.ch\/wp-content\/uploads\/2019\/11\/sursee14.jpg\" data-elementor-open-lightbox=\"yes\" data-elementor-lightbox-slideshow=\"8f8e0c0\" data-elementor-lightbox-title=\"Rencontre annuelle de l&#039;ACSA \u00e0 Sursee en septembre 2012\" data-e-action-hash=\"#elementor-action%3Aaction%3Dlightbox%26settings%3DeyJpZCI6MTcxNzgsInVybCI6Imh0dHBzOlwvXC9haWtpa2FpLWludGVybmF0aW9uYWwtZ2VuZXZlLmNoXC93cC1jb250ZW50XC91cGxvYWRzXC8yMDE5XC8xMVwvc3Vyc2VlMTQuanBnIiwic2xpZGVzaG93IjoiOGY4ZTBjMCJ9\">\n\t\t\t\t\t<div class=\"e-gallery-image elementor-gallery-item__image\" data-thumbnail=\"https:\/\/aikikai-international-geneve.ch\/wp-content\/uploads\/2019\/11\/sursee14-300x225.jpg\" data-width=\"300\" data-height=\"225\" aria-label=\"\" role=\"img\" ><\/div>\n\t\t\t\t\t\t\t\t\t\t\t<div class=\"elementor-gallery-item__overlay\"><\/div>\n\t\t\t\t\t\t\t\t\t\t\t\t\t\t<\/a>\n\t\t\t\t\t\t\t<a class=\"e-gallery-item elementor-gallery-item elementor-animated-content\" data-e-gallery-tags=\"9\" href=\"https:\/\/aikikai-international-geneve.ch\/wp-content\/uploads\/2019\/11\/sursee15.jpg\" data-elementor-open-lightbox=\"yes\" data-elementor-lightbox-slideshow=\"8f8e0c0\" data-elementor-lightbox-title=\"Rencontre annuelle de l&#039;ACSA \u00e0 Sursee en septembre 2012\" data-e-action-hash=\"#elementor-action%3Aaction%3Dlightbox%26settings%3DeyJpZCI6MTcxNzIsInVybCI6Imh0dHBzOlwvXC9haWtpa2FpLWludGVybmF0aW9uYWwtZ2VuZXZlLmNoXC93cC1jb250ZW50XC91cGxvYWRzXC8yMDE5XC8xMVwvc3Vyc2VlMTUuanBnIiwic2xpZGVzaG93IjoiOGY4ZTBjMCJ9\">\n\t\t\t\t\t<div class=\"e-gallery-image elementor-gallery-item__image\" data-thumbnail=\"https:\/\/aikikai-international-geneve.ch\/wp-content\/uploads\/2019\/11\/sursee15-300x225.jpg\" data-width=\"300\" data-height=\"225\" aria-label=\"\" role=\"img\" ><\/div>\n\t\t\t\t\t\t\t\t\t\t\t<div class=\"elementor-gallery-item__overlay\"><\/div>\n\t\t\t\t\t\t\t\t\t\t\t\t\t\t<\/a>\n\t\t\t\t\t\t\t<a class=\"e-gallery-item elementor-gallery-item elementor-animated-content\" data-e-gallery-tags=\"9\" href=\"https:\/\/aikikai-international-geneve.ch\/wp-content\/uploads\/2019\/11\/sursee16.jpg\" data-elementor-open-lightbox=\"yes\" data-elementor-lightbox-slideshow=\"8f8e0c0\" data-elementor-lightbox-title=\"Rencontre annuelle de l&#039;ACSA \u00e0 Sursee en septembre 2012\" data-e-action-hash=\"#elementor-action%3Aaction%3Dlightbox%26settings%3DeyJpZCI6MTcxNjYsInVybCI6Imh0dHBzOlwvXC9haWtpa2FpLWludGVybmF0aW9uYWwtZ2VuZXZlLmNoXC93cC1jb250ZW50XC91cGxvYWRzXC8yMDE5XC8xMVwvc3Vyc2VlMTYuanBnIiwic2xpZGVzaG93IjoiOGY4ZTBjMCJ9\">\n\t\t\t\t\t<div class=\"e-gallery-image elementor-gallery-item__image\" data-thumbnail=\"https:\/\/aikikai-international-geneve.ch\/wp-content\/uploads\/2019\/11\/sursee16-300x225.jpg\" data-width=\"300\" data-height=\"225\" aria-label=\"\" role=\"img\" ><\/div>\n\t\t\t\t\t\t\t\t\t\t\t<div class=\"elementor-gallery-item__overlay\"><\/div>\n\t\t\t\t\t\t\t\t\t\t\t\t\t\t<\/a>\n\t\t\t\t\t\t\t<a class=\"e-gallery-item elementor-gallery-item elementor-animated-content\" data-e-gallery-tags=\"9\" href=\"https:\/\/aikikai-international-geneve.ch\/wp-content\/uploads\/2019\/11\/sursee17.jpg\" data-elementor-open-lightbox=\"yes\" data-elementor-lightbox-slideshow=\"8f8e0c0\" data-elementor-lightbox-title=\"Rencontre annuelle de l&#039;ACSA \u00e0 Sursee en septembre 2012\" data-e-action-hash=\"#elementor-action%3Aaction%3Dlightbox%26settings%3DeyJpZCI6MTcxNjAsInVybCI6Imh0dHBzOlwvXC9haWtpa2FpLWludGVybmF0aW9uYWwtZ2VuZXZlLmNoXC93cC1jb250ZW50XC91cGxvYWRzXC8yMDE5XC8xMVwvc3Vyc2VlMTcuanBnIiwic2xpZGVzaG93IjoiOGY4ZTBjMCJ9\">\n\t\t\t\t\t<div class=\"e-gallery-image elementor-gallery-item__image\" data-thumbnail=\"https:\/\/aikikai-international-geneve.ch\/wp-content\/uploads\/2019\/11\/sursee17-300x225.jpg\" data-width=\"300\" data-height=\"225\" aria-label=\"\" role=\"img\" ><\/div>\n\t\t\t\t\t\t\t\t\t\t\t<div class=\"elementor-gallery-item__overlay\"><\/div>\n\t\t\t\t\t\t\t\t\t\t\t\t\t\t<\/a>\n\t\t\t\t\t\t\t<a class=\"e-gallery-item elementor-gallery-item elementor-animated-content\" data-e-gallery-tags=\"9\" href=\"https:\/\/aikikai-international-geneve.ch\/wp-content\/uploads\/2019\/11\/sursee18.jpg\" data-elementor-open-lightbox=\"yes\" data-elementor-lightbox-slideshow=\"8f8e0c0\" data-elementor-lightbox-title=\"Rencontre annuelle de l&#039;ACSA \u00e0 Sursee en septembre 2012\" data-e-action-hash=\"#elementor-action%3Aaction%3Dlightbox%26settings%3DeyJpZCI6MTcxNTQsInVybCI6Imh0dHBzOlwvXC9haWtpa2FpLWludGVybmF0aW9uYWwtZ2VuZXZlLmNoXC93cC1jb250ZW50XC91cGxvYWRzXC8yMDE5XC8xMVwvc3Vyc2VlMTguanBnIiwic2xpZGVzaG93IjoiOGY4ZTBjMCJ9\">\n\t\t\t\t\t<div class=\"e-gallery-image elementor-gallery-item__image\" data-thumbnail=\"https:\/\/aikikai-international-geneve.ch\/wp-content\/uploads\/2019\/11\/sursee18-300x225.jpg\" data-width=\"300\" data-height=\"225\" aria-label=\"\" role=\"img\" ><\/div>\n\t\t\t\t\t\t\t\t\t\t\t<div class=\"elementor-gallery-item__overlay\"><\/div>\n\t\t\t\t\t\t\t\t\t\t\t\t\t\t<\/a>\n\t\t\t\t\t\t\t<a class=\"e-gallery-item elementor-gallery-item elementor-animated-content\" data-e-gallery-tags=\"9\" href=\"https:\/\/aikikai-international-geneve.ch\/wp-content\/uploads\/2019\/11\/sursee19.jpg\" data-elementor-open-lightbox=\"yes\" data-elementor-lightbox-slideshow=\"8f8e0c0\" data-elementor-lightbox-title=\"Rencontre annuelle de l&#039;ACSA \u00e0 Sursee en septembre 2012\" data-e-action-hash=\"#elementor-action%3Aaction%3Dlightbox%26settings%3DeyJpZCI6MTcxNDgsInVybCI6Imh0dHBzOlwvXC9haWtpa2FpLWludGVybmF0aW9uYWwtZ2VuZXZlLmNoXC93cC1jb250ZW50XC91cGxvYWRzXC8yMDE5XC8xMVwvc3Vyc2VlMTkuanBnIiwic2xpZGVzaG93IjoiOGY4ZTBjMCJ9\">\n\t\t\t\t\t<div class=\"e-gallery-image elementor-gallery-item__image\" data-thumbnail=\"https:\/\/aikikai-international-geneve.ch\/wp-content\/uploads\/2019\/11\/sursee19-300x225.jpg\" data-width=\"300\" data-height=\"225\" aria-label=\"\" role=\"img\" ><\/div>\n\t\t\t\t\t\t\t\t\t\t\t<div class=\"elementor-gallery-item__overlay\"><\/div>\n\t\t\t\t\t\t\t\t\t\t\t\t\t\t<\/a>\n\t\t\t\t\t\t\t<a class=\"e-gallery-item elementor-gallery-item elementor-animated-content\" data-e-gallery-tags=\"9\" href=\"https:\/\/aikikai-international-geneve.ch\/wp-content\/uploads\/2019\/11\/sursee20.jpg\" data-elementor-open-lightbox=\"yes\" data-elementor-lightbox-slideshow=\"8f8e0c0\" data-elementor-lightbox-title=\"Rencontre annuelle de l&#039;ACSA \u00e0 Sursee en septembre 2012\" data-e-action-hash=\"#elementor-action%3Aaction%3Dlightbox%26settings%3DeyJpZCI6MTcxNDIsInVybCI6Imh0dHBzOlwvXC9haWtpa2FpLWludGVybmF0aW9uYWwtZ2VuZXZlLmNoXC93cC1jb250ZW50XC91cGxvYWRzXC8yMDE5XC8xMVwvc3Vyc2VlMjAuanBnIiwic2xpZGVzaG93IjoiOGY4ZTBjMCJ9\">\n\t\t\t\t\t<div class=\"e-gallery-image elementor-gallery-item__image\" data-thumbnail=\"https:\/\/aikikai-international-geneve.ch\/wp-content\/uploads\/2019\/11\/sursee20-300x225.jpg\" data-width=\"300\" data-height=\"225\" aria-label=\"\" role=\"img\" ><\/div>\n\t\t\t\t\t\t\t\t\t\t\t<div class=\"elementor-gallery-item__overlay\"><\/div>\n\t\t\t\t\t\t\t\t\t\t\t\t\t\t<\/a>\n\t\t\t\t\t\t\t<a class=\"e-gallery-item elementor-gallery-item elementor-animated-content\" data-e-gallery-tags=\"9\" href=\"https:\/\/aikikai-international-geneve.ch\/wp-content\/uploads\/2019\/11\/sursee21.jpg\" data-elementor-open-lightbox=\"yes\" data-elementor-lightbox-slideshow=\"8f8e0c0\" data-elementor-lightbox-title=\"Rencontre annuelle de l&#039;ACSA \u00e0 Sursee en septembre 2012\" data-e-action-hash=\"#elementor-action%3Aaction%3Dlightbox%26settings%3DeyJpZCI6MTcxMzYsInVybCI6Imh0dHBzOlwvXC9haWtpa2FpLWludGVybmF0aW9uYWwtZ2VuZXZlLmNoXC93cC1jb250ZW50XC91cGxvYWRzXC8yMDE5XC8xMVwvc3Vyc2VlMjEuanBnIiwic2xpZGVzaG93IjoiOGY4ZTBjMCJ9\">\n\t\t\t\t\t<div class=\"e-gallery-image elementor-gallery-item__image\" data-thumbnail=\"https:\/\/aikikai-international-geneve.ch\/wp-content\/uploads\/2019\/11\/sursee21-300x225.jpg\" data-width=\"300\" data-height=\"225\" aria-label=\"\" role=\"img\" ><\/div>\n\t\t\t\t\t\t\t\t\t\t\t<div class=\"elementor-gallery-item__overlay\"><\/div>\n\t\t\t\t\t\t\t\t\t\t\t\t\t\t<\/a>\n\t\t\t\t\t\t\t<a class=\"e-gallery-item elementor-gallery-item elementor-animated-content\" data-e-gallery-tags=\"9\" href=\"https:\/\/aikikai-international-geneve.ch\/wp-content\/uploads\/2019\/11\/sursee22.jpg\" data-elementor-open-lightbox=\"yes\" data-elementor-lightbox-slideshow=\"8f8e0c0\" data-elementor-lightbox-title=\"Rencontre annuelle de l&#039;ACSA \u00e0 Sursee en septembre 2012\" data-e-action-hash=\"#elementor-action%3Aaction%3Dlightbox%26settings%3DeyJpZCI6MTcxMzAsInVybCI6Imh0dHBzOlwvXC9haWtpa2FpLWludGVybmF0aW9uYWwtZ2VuZXZlLmNoXC93cC1jb250ZW50XC91cGxvYWRzXC8yMDE5XC8xMVwvc3Vyc2VlMjIuanBnIiwic2xpZGVzaG93IjoiOGY4ZTBjMCJ9\">\n\t\t\t\t\t<div class=\"e-gallery-image elementor-gallery-item__image\" data-thumbnail=\"https:\/\/aikikai-international-geneve.ch\/wp-content\/uploads\/2019\/11\/sursee22-300x225.jpg\" data-width=\"300\" data-height=\"225\" aria-label=\"\" role=\"img\" ><\/div>\n\t\t\t\t\t\t\t\t\t\t\t<div class=\"elementor-gallery-item__overlay\"><\/div>\n\t\t\t\t\t\t\t\t\t\t\t\t\t\t<\/a>\n\t\t\t\t\t\t\t<a class=\"e-gallery-item elementor-gallery-item elementor-animated-content\" data-e-gallery-tags=\"9\" href=\"https:\/\/aikikai-international-geneve.ch\/wp-content\/uploads\/2019\/11\/sursee23.jpg\" data-elementor-open-lightbox=\"yes\" data-elementor-lightbox-slideshow=\"8f8e0c0\" data-elementor-lightbox-title=\"Rencontre annuelle de l&#039;ACSA \u00e0 Sursee en septembre 2012\" data-e-action-hash=\"#elementor-action%3Aaction%3Dlightbox%26settings%3DeyJpZCI6MTcxMjQsInVybCI6Imh0dHBzOlwvXC9haWtpa2FpLWludGVybmF0aW9uYWwtZ2VuZXZlLmNoXC93cC1jb250ZW50XC91cGxvYWRzXC8yMDE5XC8xMVwvc3Vyc2VlMjMuanBnIiwic2xpZGVzaG93IjoiOGY4ZTBjMCJ9\">\n\t\t\t\t\t<div class=\"e-gallery-image elementor-gallery-item__image\" data-thumbnail=\"https:\/\/aikikai-international-geneve.ch\/wp-content\/uploads\/2019\/11\/sursee23-300x225.jpg\" data-width=\"300\" data-height=\"225\" aria-label=\"\" role=\"img\" ><\/div>\n\t\t\t\t\t\t\t\t\t\t\t<div class=\"elementor-gallery-item__overlay\"><\/div>\n\t\t\t\t\t\t\t\t\t\t\t\t\t\t<\/a>\n\t\t\t\t\t\t\t<a class=\"e-gallery-item elementor-gallery-item elementor-animated-content\" data-e-gallery-tags=\"9\" href=\"https:\/\/aikikai-international-geneve.ch\/wp-content\/uploads\/2019\/11\/sursee24.jpg\" data-elementor-open-lightbox=\"yes\" data-elementor-lightbox-slideshow=\"8f8e0c0\" data-elementor-lightbox-title=\"Rencontre annuelle de l&#039;ACSA \u00e0 Sursee en septembre 2012\" data-e-action-hash=\"#elementor-action%3Aaction%3Dlightbox%26settings%3DeyJpZCI6MTcxMTgsInVybCI6Imh0dHBzOlwvXC9haWtpa2FpLWludGVybmF0aW9uYWwtZ2VuZXZlLmNoXC93cC1jb250ZW50XC91cGxvYWRzXC8yMDE5XC8xMVwvc3Vyc2VlMjQuanBnIiwic2xpZGVzaG93IjoiOGY4ZTBjMCJ9\">\n\t\t\t\t\t<div class=\"e-gallery-image elementor-gallery-item__image\" data-thumbnail=\"https:\/\/aikikai-international-geneve.ch\/wp-content\/uploads\/2019\/11\/sursee24-300x225.jpg\" data-width=\"300\" data-height=\"225\" aria-label=\"\" role=\"img\" ><\/div>\n\t\t\t\t\t\t\t\t\t\t\t<div class=\"elementor-gallery-item__overlay\"><\/div>\n\t\t\t\t\t\t\t\t\t\t\t\t\t\t<\/a>\n\t\t\t\t\t\t\t<a class=\"e-gallery-item elementor-gallery-item elementor-animated-content\" data-e-gallery-tags=\"9\" href=\"https:\/\/aikikai-international-geneve.ch\/wp-content\/uploads\/2019\/11\/sursee25.jpg\" data-elementor-open-lightbox=\"yes\" data-elementor-lightbox-slideshow=\"8f8e0c0\" data-elementor-lightbox-title=\"Rencontre annuelle de l&#039;ACSA \u00e0 Sursee en septembre 2012\" data-e-action-hash=\"#elementor-action%3Aaction%3Dlightbox%26settings%3DeyJpZCI6MTcxMTIsInVybCI6Imh0dHBzOlwvXC9haWtpa2FpLWludGVybmF0aW9uYWwtZ2VuZXZlLmNoXC93cC1jb250ZW50XC91cGxvYWRzXC8yMDE5XC8xMVwvc3Vyc2VlMjUuanBnIiwic2xpZGVzaG93IjoiOGY4ZTBjMCJ9\">\n\t\t\t\t\t<div class=\"e-gallery-image elementor-gallery-item__image\" data-thumbnail=\"https:\/\/aikikai-international-geneve.ch\/wp-content\/uploads\/2019\/11\/sursee25-300x225.jpg\" data-width=\"300\" data-height=\"225\" aria-label=\"\" role=\"img\" ><\/div>\n\t\t\t\t\t\t\t\t\t\t\t<div class=\"elementor-gallery-item__overlay\"><\/div>\n\t\t\t\t\t\t\t\t\t\t\t\t\t\t<\/a>\n\t\t\t\t\t\t\t<a class=\"e-gallery-item elementor-gallery-item elementor-animated-content\" data-e-gallery-tags=\"9\" href=\"https:\/\/aikikai-international-geneve.ch\/wp-content\/uploads\/2019\/11\/sursee26.jpg\" data-elementor-open-lightbox=\"yes\" data-elementor-lightbox-slideshow=\"8f8e0c0\" data-elementor-lightbox-title=\"Rencontre annuelle de l&#039;ACSA \u00e0 Sursee en septembre 2012\" data-e-action-hash=\"#elementor-action%3Aaction%3Dlightbox%26settings%3DeyJpZCI6MTcxMDYsInVybCI6Imh0dHBzOlwvXC9haWtpa2FpLWludGVybmF0aW9uYWwtZ2VuZXZlLmNoXC93cC1jb250ZW50XC91cGxvYWRzXC8yMDE5XC8xMVwvc3Vyc2VlMjYuanBnIiwic2xpZGVzaG93IjoiOGY4ZTBjMCJ9\">\n\t\t\t\t\t<div class=\"e-gallery-image elementor-gallery-item__image\" data-thumbnail=\"https:\/\/aikikai-international-geneve.ch\/wp-content\/uploads\/2019\/11\/sursee26-300x225.jpg\" data-width=\"300\" data-height=\"225\" aria-label=\"\" role=\"img\" ><\/div>\n\t\t\t\t\t\t\t\t\t\t\t<div class=\"elementor-gallery-item__overlay\"><\/div>\n\t\t\t\t\t\t\t\t\t\t\t\t\t\t<\/a>\n\t\t\t\t\t\t\t<a class=\"e-gallery-item elementor-gallery-item elementor-animated-content\" data-e-gallery-tags=\"9\" href=\"https:\/\/aikikai-international-geneve.ch\/wp-content\/uploads\/2019\/11\/sursee27.jpg\" data-elementor-open-lightbox=\"yes\" data-elementor-lightbox-slideshow=\"8f8e0c0\" data-elementor-lightbox-title=\"Rencontre annuelle de l&#039;ACSA \u00e0 Sursee en septembre 2012\" data-e-action-hash=\"#elementor-action%3Aaction%3Dlightbox%26settings%3DeyJpZCI6MTcxMDAsInVybCI6Imh0dHBzOlwvXC9haWtpa2FpLWludGVybmF0aW9uYWwtZ2VuZXZlLmNoXC93cC1jb250ZW50XC91cGxvYWRzXC8yMDE5XC8xMVwvc3Vyc2VlMjcuanBnIiwic2xpZGVzaG93IjoiOGY4ZTBjMCJ9\">\n\t\t\t\t\t<div class=\"e-gallery-image elementor-gallery-item__image\" data-thumbnail=\"https:\/\/aikikai-international-geneve.ch\/wp-content\/uploads\/2019\/11\/sursee27-300x225.jpg\" data-width=\"300\" data-height=\"225\" aria-label=\"\" role=\"img\" ><\/div>\n\t\t\t\t\t\t\t\t\t\t\t<div class=\"elementor-gallery-item__overlay\"><\/div>\n\t\t\t\t\t\t\t\t\t\t\t\t\t\t<\/a>\n\t\t\t\t\t\t\t<a class=\"e-gallery-item elementor-gallery-item elementor-animated-content\" data-e-gallery-tags=\"9\" href=\"https:\/\/aikikai-international-geneve.ch\/wp-content\/uploads\/2019\/11\/sursee28.jpg\" data-elementor-open-lightbox=\"yes\" data-elementor-lightbox-slideshow=\"8f8e0c0\" data-elementor-lightbox-title=\"Rencontre annuelle de l&#039;ACSA \u00e0 Sursee en septembre 2012\" data-e-action-hash=\"#elementor-action%3Aaction%3Dlightbox%26settings%3DeyJpZCI6MTcwOTQsInVybCI6Imh0dHBzOlwvXC9haWtpa2FpLWludGVybmF0aW9uYWwtZ2VuZXZlLmNoXC93cC1jb250ZW50XC91cGxvYWRzXC8yMDE5XC8xMVwvc3Vyc2VlMjguanBnIiwic2xpZGVzaG93IjoiOGY4ZTBjMCJ9\">\n\t\t\t\t\t<div class=\"e-gallery-image elementor-gallery-item__image\" data-thumbnail=\"https:\/\/aikikai-international-geneve.ch\/wp-content\/uploads\/2019\/11\/sursee28-300x225.jpg\" data-width=\"300\" data-height=\"225\" aria-label=\"\" role=\"img\" ><\/div>\n\t\t\t\t\t\t\t\t\t\t\t<div class=\"elementor-gallery-item__overlay\"><\/div>\n\t\t\t\t\t\t\t\t\t\t\t\t\t\t<\/a>\n\t\t\t\t\t\t\t<a class=\"e-gallery-item elementor-gallery-item elementor-animated-content\" data-e-gallery-tags=\"9\" href=\"https:\/\/aikikai-international-geneve.ch\/wp-content\/uploads\/2019\/11\/sursee29.jpg\" data-elementor-open-lightbox=\"yes\" data-elementor-lightbox-slideshow=\"8f8e0c0\" data-elementor-lightbox-title=\"Rencontre annuelle de l&#039;ACSA \u00e0 Sursee en septembre 2012\" data-e-action-hash=\"#elementor-action%3Aaction%3Dlightbox%26settings%3DeyJpZCI6MTcwODgsInVybCI6Imh0dHBzOlwvXC9haWtpa2FpLWludGVybmF0aW9uYWwtZ2VuZXZlLmNoXC93cC1jb250ZW50XC91cGxvYWRzXC8yMDE5XC8xMVwvc3Vyc2VlMjkuanBnIiwic2xpZGVzaG93IjoiOGY4ZTBjMCJ9\">\n\t\t\t\t\t<div class=\"e-gallery-image elementor-gallery-item__image\" data-thumbnail=\"https:\/\/aikikai-international-geneve.ch\/wp-content\/uploads\/2019\/11\/sursee29-300x225.jpg\" data-width=\"300\" data-height=\"225\" aria-label=\"\" role=\"img\" ><\/div>\n\t\t\t\t\t\t\t\t\t\t\t<div class=\"elementor-gallery-item__overlay\"><\/div>\n\t\t\t\t\t\t\t\t\t\t\t\t\t\t<\/a>\n\t\t\t\t\t\t\t<a class=\"e-gallery-item elementor-gallery-item elementor-animated-content\" data-e-gallery-tags=\"9\" href=\"https:\/\/aikikai-international-geneve.ch\/wp-content\/uploads\/2019\/11\/sursee30.jpg\" data-elementor-open-lightbox=\"yes\" data-elementor-lightbox-slideshow=\"8f8e0c0\" data-elementor-lightbox-title=\"Rencontre annuelle de l&#039;ACSA \u00e0 Sursee en septembre 2012\" data-e-action-hash=\"#elementor-action%3Aaction%3Dlightbox%26settings%3DeyJpZCI6MTcwODIsInVybCI6Imh0dHBzOlwvXC9haWtpa2FpLWludGVybmF0aW9uYWwtZ2VuZXZlLmNoXC93cC1jb250ZW50XC91cGxvYWRzXC8yMDE5XC8xMVwvc3Vyc2VlMzAuanBnIiwic2xpZGVzaG93IjoiOGY4ZTBjMCJ9\">\n\t\t\t\t\t<div class=\"e-gallery-image elementor-gallery-item__image\" data-thumbnail=\"https:\/\/aikikai-international-geneve.ch\/wp-content\/uploads\/2019\/11\/sursee30-300x225.jpg\" data-width=\"300\" data-height=\"225\" aria-label=\"\" role=\"img\" ><\/div>\n\t\t\t\t\t\t\t\t\t\t\t<div class=\"elementor-gallery-item__overlay\"><\/div>\n\t\t\t\t\t\t\t\t\t\t\t\t\t\t<\/a>\n\t\t\t\t\t\t\t<a class=\"e-gallery-item elementor-gallery-item elementor-animated-content\" data-e-gallery-tags=\"9\" href=\"https:\/\/aikikai-international-geneve.ch\/wp-content\/uploads\/2019\/11\/sursee31.jpg\" data-elementor-open-lightbox=\"yes\" data-elementor-lightbox-slideshow=\"8f8e0c0\" data-elementor-lightbox-title=\"Rencontre annuelle de l&#039;ACSA \u00e0 Sursee en septembre 2012\" data-e-action-hash=\"#elementor-action%3Aaction%3Dlightbox%26settings%3DeyJpZCI6MTcwNzYsInVybCI6Imh0dHBzOlwvXC9haWtpa2FpLWludGVybmF0aW9uYWwtZ2VuZXZlLmNoXC93cC1jb250ZW50XC91cGxvYWRzXC8yMDE5XC8xMVwvc3Vyc2VlMzEuanBnIiwic2xpZGVzaG93IjoiOGY4ZTBjMCJ9\">\n\t\t\t\t\t<div class=\"e-gallery-image elementor-gallery-item__image\" data-thumbnail=\"https:\/\/aikikai-international-geneve.ch\/wp-content\/uploads\/2019\/11\/sursee31-300x225.jpg\" data-width=\"300\" data-height=\"225\" aria-label=\"\" role=\"img\" ><\/div>\n\t\t\t\t\t\t\t\t\t\t\t<div class=\"elementor-gallery-item__overlay\"><\/div>\n\t\t\t\t\t\t\t\t\t\t\t\t\t\t<\/a>\n\t\t\t\t\t\t\t<a class=\"e-gallery-item elementor-gallery-item elementor-animated-content\" data-e-gallery-tags=\"9\" href=\"https:\/\/aikikai-international-geneve.ch\/wp-content\/uploads\/2019\/11\/sursee32.jpg\" data-elementor-open-lightbox=\"yes\" data-elementor-lightbox-slideshow=\"8f8e0c0\" data-elementor-lightbox-title=\"Rencontre annuelle de l&#039;ACSA \u00e0 Sursee en septembre 2012\" data-e-action-hash=\"#elementor-action%3Aaction%3Dlightbox%26settings%3DeyJpZCI6MTcwNzAsInVybCI6Imh0dHBzOlwvXC9haWtpa2FpLWludGVybmF0aW9uYWwtZ2VuZXZlLmNoXC93cC1jb250ZW50XC91cGxvYWRzXC8yMDE5XC8xMVwvc3Vyc2VlMzIuanBnIiwic2xpZGVzaG93IjoiOGY4ZTBjMCJ9\">\n\t\t\t\t\t<div class=\"e-gallery-image elementor-gallery-item__image\" data-thumbnail=\"https:\/\/aikikai-international-geneve.ch\/wp-content\/uploads\/2019\/11\/sursee32-300x225.jpg\" data-width=\"300\" data-height=\"225\" aria-label=\"\" role=\"img\" ><\/div>\n\t\t\t\t\t\t\t\t\t\t\t<div class=\"elementor-gallery-item__overlay\"><\/div>\n\t\t\t\t\t\t\t\t\t\t\t\t\t\t<\/a>\n\t\t\t\t\t\t\t<a class=\"e-gallery-item elementor-gallery-item elementor-animated-content\" data-e-gallery-tags=\"9\" href=\"https:\/\/aikikai-international-geneve.ch\/wp-content\/uploads\/2019\/11\/sursee33.jpg\" data-elementor-open-lightbox=\"yes\" data-elementor-lightbox-slideshow=\"8f8e0c0\" data-elementor-lightbox-title=\"Rencontre annuelle de l&#039;ACSA \u00e0 Sursee en septembre 2012\" data-e-action-hash=\"#elementor-action%3Aaction%3Dlightbox%26settings%3DeyJpZCI6MTcwNjQsInVybCI6Imh0dHBzOlwvXC9haWtpa2FpLWludGVybmF0aW9uYWwtZ2VuZXZlLmNoXC93cC1jb250ZW50XC91cGxvYWRzXC8yMDE5XC8xMVwvc3Vyc2VlMzMuanBnIiwic2xpZGVzaG93IjoiOGY4ZTBjMCJ9\">\n\t\t\t\t\t<div class=\"e-gallery-image elementor-gallery-item__image\" data-thumbnail=\"https:\/\/aikikai-international-geneve.ch\/wp-content\/uploads\/2019\/11\/sursee33-300x225.jpg\" data-width=\"300\" data-height=\"225\" aria-label=\"\" role=\"img\" ><\/div>\n\t\t\t\t\t\t\t\t\t\t\t<div class=\"elementor-gallery-item__overlay\"><\/div>\n\t\t\t\t\t\t\t\t\t\t\t\t\t\t<\/a>\n\t\t\t\t\t\t\t<a class=\"e-gallery-item elementor-gallery-item elementor-animated-content\" data-e-gallery-tags=\"9\" href=\"https:\/\/aikikai-international-geneve.ch\/wp-content\/uploads\/2019\/11\/sursee34.jpg\" data-elementor-open-lightbox=\"yes\" data-elementor-lightbox-slideshow=\"8f8e0c0\" data-elementor-lightbox-title=\"Rencontre annuelle de l&#039;ACSA \u00e0 Sursee en septembre 2012\" data-e-action-hash=\"#elementor-action%3Aaction%3Dlightbox%26settings%3DeyJpZCI6MTcwNTgsInVybCI6Imh0dHBzOlwvXC9haWtpa2FpLWludGVybmF0aW9uYWwtZ2VuZXZlLmNoXC93cC1jb250ZW50XC91cGxvYWRzXC8yMDE5XC8xMVwvc3Vyc2VlMzQuanBnIiwic2xpZGVzaG93IjoiOGY4ZTBjMCJ9\">\n\t\t\t\t\t<div class=\"e-gallery-image elementor-gallery-item__image\" data-thumbnail=\"https:\/\/aikikai-international-geneve.ch\/wp-content\/uploads\/2019\/11\/sursee34-300x225.jpg\" data-width=\"300\" data-height=\"225\" aria-label=\"\" role=\"img\" ><\/div>\n\t\t\t\t\t\t\t\t\t\t\t<div class=\"elementor-gallery-item__overlay\"><\/div>\n\t\t\t\t\t\t\t\t\t\t\t\t\t\t<\/a>\n\t\t\t\t\t\t\t<a class=\"e-gallery-item elementor-gallery-item elementor-animated-content\" data-e-gallery-tags=\"9\" href=\"https:\/\/aikikai-international-geneve.ch\/wp-content\/uploads\/2019\/11\/sursee35.jpg\" data-elementor-open-lightbox=\"yes\" data-elementor-lightbox-slideshow=\"8f8e0c0\" data-elementor-lightbox-title=\"Rencontre annuelle de l&#039;ACSA \u00e0 Sursee en septembre 2012\" data-e-action-hash=\"#elementor-action%3Aaction%3Dlightbox%26settings%3DeyJpZCI6MTcwNTIsInVybCI6Imh0dHBzOlwvXC9haWtpa2FpLWludGVybmF0aW9uYWwtZ2VuZXZlLmNoXC93cC1jb250ZW50XC91cGxvYWRzXC8yMDE5XC8xMVwvc3Vyc2VlMzUuanBnIiwic2xpZGVzaG93IjoiOGY4ZTBjMCJ9\">\n\t\t\t\t\t<div class=\"e-gallery-image elementor-gallery-item__image\" data-thumbnail=\"https:\/\/aikikai-international-geneve.ch\/wp-content\/uploads\/2019\/11\/sursee35-300x225.jpg\" data-width=\"300\" data-height=\"225\" aria-label=\"\" role=\"img\" ><\/div>\n\t\t\t\t\t\t\t\t\t\t\t<div class=\"elementor-gallery-item__overlay\"><\/div>\n\t\t\t\t\t\t\t\t\t\t\t\t\t\t<\/a>\n\t\t\t\t\t\t\t<a class=\"e-gallery-item elementor-gallery-item elementor-animated-content\" data-e-gallery-tags=\"9\" href=\"https:\/\/aikikai-international-geneve.ch\/wp-content\/uploads\/2019\/11\/sursee36.jpg\" data-elementor-open-lightbox=\"yes\" data-elementor-lightbox-slideshow=\"8f8e0c0\" data-elementor-lightbox-title=\"Rencontre annuelle de l&#039;ACSA \u00e0 Sursee en septembre 2012\" data-e-action-hash=\"#elementor-action%3Aaction%3Dlightbox%26settings%3DeyJpZCI6MTcwNDYsInVybCI6Imh0dHBzOlwvXC9haWtpa2FpLWludGVybmF0aW9uYWwtZ2VuZXZlLmNoXC93cC1jb250ZW50XC91cGxvYWRzXC8yMDE5XC8xMVwvc3Vyc2VlMzYuanBnIiwic2xpZGVzaG93IjoiOGY4ZTBjMCJ9\">\n\t\t\t\t\t<div class=\"e-gallery-image elementor-gallery-item__image\" data-thumbnail=\"https:\/\/aikikai-international-geneve.ch\/wp-content\/uploads\/2019\/11\/sursee36-300x225.jpg\" data-width=\"300\" data-height=\"225\" aria-label=\"\" role=\"img\" ><\/div>\n\t\t\t\t\t\t\t\t\t\t\t<div class=\"elementor-gallery-item__overlay\"><\/div>\n\t\t\t\t\t\t\t\t\t\t\t\t\t\t<\/a>\n\t\t\t\t\t\t\t<a class=\"e-gallery-item elementor-gallery-item elementor-animated-content\" data-e-gallery-tags=\"9\" href=\"https:\/\/aikikai-international-geneve.ch\/wp-content\/uploads\/2019\/11\/sursee37.jpg\" data-elementor-open-lightbox=\"yes\" data-elementor-lightbox-slideshow=\"8f8e0c0\" data-elementor-lightbox-title=\"Rencontre annuelle de l&#039;ACSA \u00e0 Sursee en septembre 2012\" data-e-action-hash=\"#elementor-action%3Aaction%3Dlightbox%26settings%3DeyJpZCI6MTcwNDAsInVybCI6Imh0dHBzOlwvXC9haWtpa2FpLWludGVybmF0aW9uYWwtZ2VuZXZlLmNoXC93cC1jb250ZW50XC91cGxvYWRzXC8yMDE5XC8xMVwvc3Vyc2VlMzcuanBnIiwic2xpZGVzaG93IjoiOGY4ZTBjMCJ9\">\n\t\t\t\t\t<div class=\"e-gallery-image elementor-gallery-item__image\" data-thumbnail=\"https:\/\/aikikai-international-geneve.ch\/wp-content\/uploads\/2019\/11\/sursee37-300x225.jpg\" data-width=\"300\" data-height=\"225\" aria-label=\"\" role=\"img\" ><\/div>\n\t\t\t\t\t\t\t\t\t\t\t<div class=\"elementor-gallery-item__overlay\"><\/div>\n\t\t\t\t\t\t\t\t\t\t\t\t\t\t<\/a>\n\t\t\t\t\t\t\t<a class=\"e-gallery-item elementor-gallery-item elementor-animated-content\" data-e-gallery-tags=\"9\" href=\"https:\/\/aikikai-international-geneve.ch\/wp-content\/uploads\/2019\/11\/sursee38.jpg\" data-elementor-open-lightbox=\"yes\" data-elementor-lightbox-slideshow=\"8f8e0c0\" data-elementor-lightbox-title=\"Rencontre annuelle de l&#039;ACSA \u00e0 Sursee en septembre 2012\" data-e-action-hash=\"#elementor-action%3Aaction%3Dlightbox%26settings%3DeyJpZCI6MTcwMzQsInVybCI6Imh0dHBzOlwvXC9haWtpa2FpLWludGVybmF0aW9uYWwtZ2VuZXZlLmNoXC93cC1jb250ZW50XC91cGxvYWRzXC8yMDE5XC8xMVwvc3Vyc2VlMzguanBnIiwic2xpZGVzaG93IjoiOGY4ZTBjMCJ9\">\n\t\t\t\t\t<div class=\"e-gallery-image elementor-gallery-item__image\" data-thumbnail=\"https:\/\/aikikai-international-geneve.ch\/wp-content\/uploads\/2019\/11\/sursee38-300x225.jpg\" data-width=\"300\" data-height=\"225\" aria-label=\"\" role=\"img\" ><\/div>\n\t\t\t\t\t\t\t\t\t\t\t<div class=\"elementor-gallery-item__overlay\"><\/div>\n\t\t\t\t\t\t\t\t\t\t\t\t\t\t<\/a>\n\t\t\t\t\t\t\t<a class=\"e-gallery-item elementor-gallery-item elementor-animated-content\" data-e-gallery-tags=\"9\" href=\"https:\/\/aikikai-international-geneve.ch\/wp-content\/uploads\/2019\/11\/sursee39.jpg\" data-elementor-open-lightbox=\"yes\" data-elementor-lightbox-slideshow=\"8f8e0c0\" data-elementor-lightbox-title=\"Rencontre annuelle de l&#039;ACSA \u00e0 Sursee en septembre 2012\" data-e-action-hash=\"#elementor-action%3Aaction%3Dlightbox%26settings%3DeyJpZCI6MTcwMjgsInVybCI6Imh0dHBzOlwvXC9haWtpa2FpLWludGVybmF0aW9uYWwtZ2VuZXZlLmNoXC93cC1jb250ZW50XC91cGxvYWRzXC8yMDE5XC8xMVwvc3Vyc2VlMzkuanBnIiwic2xpZGVzaG93IjoiOGY4ZTBjMCJ9\">\n\t\t\t\t\t<div class=\"e-gallery-image elementor-gallery-item__image\" data-thumbnail=\"https:\/\/aikikai-international-geneve.ch\/wp-content\/uploads\/2019\/11\/sursee39-300x225.jpg\" data-width=\"300\" data-height=\"225\" aria-label=\"\" role=\"img\" ><\/div>\n\t\t\t\t\t\t\t\t\t\t\t<div class=\"elementor-gallery-item__overlay\"><\/div>\n\t\t\t\t\t\t\t\t\t\t\t\t\t\t<\/a>\n\t\t\t\t\t\t\t<a class=\"e-gallery-item elementor-gallery-item elementor-animated-content\" data-e-gallery-tags=\"9\" href=\"https:\/\/aikikai-international-geneve.ch\/wp-content\/uploads\/2019\/11\/sursee40.jpg\" data-elementor-open-lightbox=\"yes\" data-elementor-lightbox-slideshow=\"8f8e0c0\" data-elementor-lightbox-title=\"Rencontre annuelle de l&#039;ACSA \u00e0 Sursee en septembre 2012\" data-e-action-hash=\"#elementor-action%3Aaction%3Dlightbox%26settings%3DeyJpZCI6MTcwMjIsInVybCI6Imh0dHBzOlwvXC9haWtpa2FpLWludGVybmF0aW9uYWwtZ2VuZXZlLmNoXC93cC1jb250ZW50XC91cGxvYWRzXC8yMDE5XC8xMVwvc3Vyc2VlNDAuanBnIiwic2xpZGVzaG93IjoiOGY4ZTBjMCJ9\">\n\t\t\t\t\t<div class=\"e-gallery-image elementor-gallery-item__image\" data-thumbnail=\"https:\/\/aikikai-international-geneve.ch\/wp-content\/uploads\/2019\/11\/sursee40-300x225.jpg\" data-width=\"300\" data-height=\"225\" aria-label=\"\" role=\"img\" ><\/div>\n\t\t\t\t\t\t\t\t\t\t\t<div class=\"elementor-gallery-item__overlay\"><\/div>\n\t\t\t\t\t\t\t\t\t\t\t\t\t\t<\/a>\n\t\t\t\t\t\t\t<a class=\"e-gallery-item elementor-gallery-item elementor-animated-content\" data-e-gallery-tags=\"9\" href=\"https:\/\/aikikai-international-geneve.ch\/wp-content\/uploads\/2019\/11\/sursee41.jpg\" data-elementor-open-lightbox=\"yes\" data-elementor-lightbox-slideshow=\"8f8e0c0\" data-elementor-lightbox-title=\"Rencontre annuelle de l&#039;ACSA \u00e0 Sursee en septembre 2012\" data-e-action-hash=\"#elementor-action%3Aaction%3Dlightbox%26settings%3DeyJpZCI6MTcwMTYsInVybCI6Imh0dHBzOlwvXC9haWtpa2FpLWludGVybmF0aW9uYWwtZ2VuZXZlLmNoXC93cC1jb250ZW50XC91cGxvYWRzXC8yMDE5XC8xMVwvc3Vyc2VlNDEuanBnIiwic2xpZGVzaG93IjoiOGY4ZTBjMCJ9\">\n\t\t\t\t\t<div class=\"e-gallery-image elementor-gallery-item__image\" data-thumbnail=\"https:\/\/aikikai-international-geneve.ch\/wp-content\/uploads\/2019\/11\/sursee41-300x225.jpg\" data-width=\"300\" data-height=\"225\" aria-label=\"\" role=\"img\" ><\/div>\n\t\t\t\t\t\t\t\t\t\t\t<div class=\"elementor-gallery-item__overlay\"><\/div>\n\t\t\t\t\t\t\t\t\t\t\t\t\t\t<\/a>\n\t\t\t\t\t\t\t<a class=\"e-gallery-item elementor-gallery-item elementor-animated-content\" data-e-gallery-tags=\"9\" href=\"https:\/\/aikikai-international-geneve.ch\/wp-content\/uploads\/2019\/11\/sursee42.jpg\" data-elementor-open-lightbox=\"yes\" data-elementor-lightbox-slideshow=\"8f8e0c0\" data-elementor-lightbox-title=\"Rencontre annuelle de l&#039;ACSA \u00e0 Sursee en septembre 2012\" data-e-action-hash=\"#elementor-action%3Aaction%3Dlightbox%26settings%3DeyJpZCI6MTcwMTAsInVybCI6Imh0dHBzOlwvXC9haWtpa2FpLWludGVybmF0aW9uYWwtZ2VuZXZlLmNoXC93cC1jb250ZW50XC91cGxvYWRzXC8yMDE5XC8xMVwvc3Vyc2VlNDIuanBnIiwic2xpZGVzaG93IjoiOGY4ZTBjMCJ9\">\n\t\t\t\t\t<div class=\"e-gallery-image elementor-gallery-item__image\" data-thumbnail=\"https:\/\/aikikai-international-geneve.ch\/wp-content\/uploads\/2019\/11\/sursee42-300x225.jpg\" data-width=\"300\" data-height=\"225\" aria-label=\"\" role=\"img\" ><\/div>\n\t\t\t\t\t\t\t\t\t\t\t<div class=\"elementor-gallery-item__overlay\"><\/div>\n\t\t\t\t\t\t\t\t\t\t\t\t\t\t<\/a>\n\t\t\t\t\t\t\t<a class=\"e-gallery-item elementor-gallery-item elementor-animated-content\" data-e-gallery-tags=\"9\" href=\"https:\/\/aikikai-international-geneve.ch\/wp-content\/uploads\/2019\/11\/sursee43.jpg\" data-elementor-open-lightbox=\"yes\" data-elementor-lightbox-slideshow=\"8f8e0c0\" data-elementor-lightbox-title=\"Rencontre annuelle de l&#039;ACSA \u00e0 Sursee en septembre 2012\" data-e-action-hash=\"#elementor-action%3Aaction%3Dlightbox%26settings%3DeyJpZCI6MTcwMDQsInVybCI6Imh0dHBzOlwvXC9haWtpa2FpLWludGVybmF0aW9uYWwtZ2VuZXZlLmNoXC93cC1jb250ZW50XC91cGxvYWRzXC8yMDE5XC8xMVwvc3Vyc2VlNDMuanBnIiwic2xpZGVzaG93IjoiOGY4ZTBjMCJ9\">\n\t\t\t\t\t<div class=\"e-gallery-image elementor-gallery-item__image\" data-thumbnail=\"https:\/\/aikikai-international-geneve.ch\/wp-content\/uploads\/2019\/11\/sursee43-300x225.jpg\" data-width=\"300\" data-height=\"225\" aria-label=\"\" role=\"img\" ><\/div>\n\t\t\t\t\t\t\t\t\t\t\t<div class=\"elementor-gallery-item__overlay\"><\/div>\n\t\t\t\t\t\t\t\t\t\t\t\t\t\t<\/a>\n\t\t\t\t\t\t\t<a class=\"e-gallery-item elementor-gallery-item elementor-animated-content\" data-e-gallery-tags=\"9\" href=\"https:\/\/aikikai-international-geneve.ch\/wp-content\/uploads\/2019\/11\/sursee44.jpg\" data-elementor-open-lightbox=\"yes\" data-elementor-lightbox-slideshow=\"8f8e0c0\" data-elementor-lightbox-title=\"Rencontre annuelle de l&#039;ACSA \u00e0 Sursee en septembre 2012\" data-e-action-hash=\"#elementor-action%3Aaction%3Dlightbox%26settings%3DeyJpZCI6MTY5OTgsInVybCI6Imh0dHBzOlwvXC9haWtpa2FpLWludGVybmF0aW9uYWwtZ2VuZXZlLmNoXC93cC1jb250ZW50XC91cGxvYWRzXC8yMDE5XC8xMVwvc3Vyc2VlNDQuanBnIiwic2xpZGVzaG93IjoiOGY4ZTBjMCJ9\">\n\t\t\t\t\t<div class=\"e-gallery-image elementor-gallery-item__image\" data-thumbnail=\"https:\/\/aikikai-international-geneve.ch\/wp-content\/uploads\/2019\/11\/sursee44-300x225.jpg\" data-width=\"300\" data-height=\"225\" aria-label=\"\" role=\"img\" ><\/div>\n\t\t\t\t\t\t\t\t\t\t\t<div class=\"elementor-gallery-item__overlay\"><\/div>\n\t\t\t\t\t\t\t\t\t\t\t\t\t\t<\/a>\n\t\t\t\t\t\t\t<a class=\"e-gallery-item elementor-gallery-item elementor-animated-content\" data-e-gallery-tags=\"9\" href=\"https:\/\/aikikai-international-geneve.ch\/wp-content\/uploads\/2019\/11\/sursee45.jpg\" data-elementor-open-lightbox=\"yes\" data-elementor-lightbox-slideshow=\"8f8e0c0\" data-elementor-lightbox-title=\"Rencontre annuelle de l&#039;ACSA \u00e0 Sursee en septembre 2012\" data-e-action-hash=\"#elementor-action%3Aaction%3Dlightbox%26settings%3DeyJpZCI6MTY5OTIsInVybCI6Imh0dHBzOlwvXC9haWtpa2FpLWludGVybmF0aW9uYWwtZ2VuZXZlLmNoXC93cC1jb250ZW50XC91cGxvYWRzXC8yMDE5XC8xMVwvc3Vyc2VlNDUuanBnIiwic2xpZGVzaG93IjoiOGY4ZTBjMCJ9\">\n\t\t\t\t\t<div class=\"e-gallery-image elementor-gallery-item__image\" data-thumbnail=\"https:\/\/aikikai-international-geneve.ch\/wp-content\/uploads\/2019\/11\/sursee45-300x225.jpg\" data-width=\"300\" data-height=\"225\" aria-label=\"\" role=\"img\" ><\/div>\n\t\t\t\t\t\t\t\t\t\t\t<div class=\"elementor-gallery-item__overlay\"><\/div>\n\t\t\t\t\t\t\t\t\t\t\t\t\t\t<\/a>\n\t\t\t\t\t\t\t<a class=\"e-gallery-item elementor-gallery-item elementor-animated-content\" data-e-gallery-tags=\"9\" href=\"https:\/\/aikikai-international-geneve.ch\/wp-content\/uploads\/2019\/11\/sursee46.jpg\" data-elementor-open-lightbox=\"yes\" data-elementor-lightbox-slideshow=\"8f8e0c0\" data-elementor-lightbox-title=\"Rencontre annuelle de l&#039;ACSA \u00e0 Sursee en septembre 2012\" data-e-action-hash=\"#elementor-action%3Aaction%3Dlightbox%26settings%3DeyJpZCI6MTY5ODYsInVybCI6Imh0dHBzOlwvXC9haWtpa2FpLWludGVybmF0aW9uYWwtZ2VuZXZlLmNoXC93cC1jb250ZW50XC91cGxvYWRzXC8yMDE5XC8xMVwvc3Vyc2VlNDYuanBnIiwic2xpZGVzaG93IjoiOGY4ZTBjMCJ9\">\n\t\t\t\t\t<div class=\"e-gallery-image elementor-gallery-item__image\" data-thumbnail=\"https:\/\/aikikai-international-geneve.ch\/wp-content\/uploads\/2019\/11\/sursee46-300x225.jpg\" data-width=\"300\" data-height=\"225\" aria-label=\"\" role=\"img\" ><\/div>\n\t\t\t\t\t\t\t\t\t\t\t<div class=\"elementor-gallery-item__overlay\"><\/div>\n\t\t\t\t\t\t\t\t\t\t\t\t\t\t<\/a>\n\t\t\t\t\t\t\t<a class=\"e-gallery-item elementor-gallery-item elementor-animated-content\" data-e-gallery-tags=\"9\" href=\"https:\/\/aikikai-international-geneve.ch\/wp-content\/uploads\/2019\/11\/sursee47.jpg\" data-elementor-open-lightbox=\"yes\" data-elementor-lightbox-slideshow=\"8f8e0c0\" data-elementor-lightbox-title=\"Rencontre annuelle de l&#039;ACSA \u00e0 Sursee en septembre 2012\" data-e-action-hash=\"#elementor-action%3Aaction%3Dlightbox%26settings%3DeyJpZCI6MTY5ODAsInVybCI6Imh0dHBzOlwvXC9haWtpa2FpLWludGVybmF0aW9uYWwtZ2VuZXZlLmNoXC93cC1jb250ZW50XC91cGxvYWRzXC8yMDE5XC8xMVwvc3Vyc2VlNDcuanBnIiwic2xpZGVzaG93IjoiOGY4ZTBjMCJ9\">\n\t\t\t\t\t<div class=\"e-gallery-image elementor-gallery-item__image\" data-thumbnail=\"https:\/\/aikikai-international-geneve.ch\/wp-content\/uploads\/2019\/11\/sursee47-300x225.jpg\" data-width=\"300\" data-height=\"225\" aria-label=\"\" role=\"img\" ><\/div>\n\t\t\t\t\t\t\t\t\t\t\t<div class=\"elementor-gallery-item__overlay\"><\/div>\n\t\t\t\t\t\t\t\t\t\t\t\t\t\t<\/a>\n\t\t\t\t\t\t\t<a class=\"e-gallery-item elementor-gallery-item elementor-animated-content\" data-e-gallery-tags=\"9\" href=\"https:\/\/aikikai-international-geneve.ch\/wp-content\/uploads\/2019\/11\/sursee48.jpg\" data-elementor-open-lightbox=\"yes\" data-elementor-lightbox-slideshow=\"8f8e0c0\" data-elementor-lightbox-title=\"Rencontre annuelle de l&#039;ACSA \u00e0 Sursee en septembre 2012\" data-e-action-hash=\"#elementor-action%3Aaction%3Dlightbox%26settings%3DeyJpZCI6MTY5NzQsInVybCI6Imh0dHBzOlwvXC9haWtpa2FpLWludGVybmF0aW9uYWwtZ2VuZXZlLmNoXC93cC1jb250ZW50XC91cGxvYWRzXC8yMDE5XC8xMVwvc3Vyc2VlNDguanBnIiwic2xpZGVzaG93IjoiOGY4ZTBjMCJ9\">\n\t\t\t\t\t<div class=\"e-gallery-image elementor-gallery-item__image\" data-thumbnail=\"https:\/\/aikikai-international-geneve.ch\/wp-content\/uploads\/2019\/11\/sursee48-300x225.jpg\" data-width=\"300\" data-height=\"225\" aria-label=\"\" role=\"img\" ><\/div>\n\t\t\t\t\t\t\t\t\t\t\t<div class=\"elementor-gallery-item__overlay\"><\/div>\n\t\t\t\t\t\t\t\t\t\t\t\t\t\t<\/a>\n\t\t\t\t\t\t\t<a class=\"e-gallery-item elementor-gallery-item elementor-animated-content\" data-e-gallery-tags=\"9\" href=\"https:\/\/aikikai-international-geneve.ch\/wp-content\/uploads\/2019\/11\/sursee49.jpg\" data-elementor-open-lightbox=\"yes\" data-elementor-lightbox-slideshow=\"8f8e0c0\" data-elementor-lightbox-title=\"Rencontre annuelle de l&#039;ACSA \u00e0 Sursee en septembre 2012\" data-e-action-hash=\"#elementor-action%3Aaction%3Dlightbox%26settings%3DeyJpZCI6MTY5NjgsInVybCI6Imh0dHBzOlwvXC9haWtpa2FpLWludGVybmF0aW9uYWwtZ2VuZXZlLmNoXC93cC1jb250ZW50XC91cGxvYWRzXC8yMDE5XC8xMVwvc3Vyc2VlNDkuanBnIiwic2xpZGVzaG93IjoiOGY4ZTBjMCJ9\">\n\t\t\t\t\t<div class=\"e-gallery-image elementor-gallery-item__image\" data-thumbnail=\"https:\/\/aikikai-international-geneve.ch\/wp-content\/uploads\/2019\/11\/sursee49-300x225.jpg\" data-width=\"300\" data-height=\"225\" aria-label=\"\" role=\"img\" ><\/div>\n\t\t\t\t\t\t\t\t\t\t\t<div class=\"elementor-gallery-item__overlay\"><\/div>\n\t\t\t\t\t\t\t\t\t\t\t\t\t\t<\/a>\n\t\t\t\t\t\t\t<a class=\"e-gallery-item elementor-gallery-item elementor-animated-content\" data-e-gallery-tags=\"9\" href=\"https:\/\/aikikai-international-geneve.ch\/wp-content\/uploads\/2019\/11\/sursee50.jpg\" data-elementor-open-lightbox=\"yes\" data-elementor-lightbox-slideshow=\"8f8e0c0\" data-elementor-lightbox-title=\"Rencontre annuelle de l&#039;ACSA \u00e0 Sursee en septembre 2012\" data-e-action-hash=\"#elementor-action%3Aaction%3Dlightbox%26settings%3DeyJpZCI6MTY5NjIsInVybCI6Imh0dHBzOlwvXC9haWtpa2FpLWludGVybmF0aW9uYWwtZ2VuZXZlLmNoXC93cC1jb250ZW50XC91cGxvYWRzXC8yMDE5XC8xMVwvc3Vyc2VlNTAuanBnIiwic2xpZGVzaG93IjoiOGY4ZTBjMCJ9\">\n\t\t\t\t\t<div class=\"e-gallery-image elementor-gallery-item__image\" data-thumbnail=\"https:\/\/aikikai-international-geneve.ch\/wp-content\/uploads\/2019\/11\/sursee50-300x225.jpg\" data-width=\"300\" data-height=\"225\" aria-label=\"\" role=\"img\" ><\/div>\n\t\t\t\t\t\t\t\t\t\t\t<div class=\"elementor-gallery-item__overlay\"><\/div>\n\t\t\t\t\t\t\t\t\t\t\t\t\t\t<\/a>\n\t\t\t\t\t\t\t<a class=\"e-gallery-item elementor-gallery-item elementor-animated-content\" data-e-gallery-tags=\"9\" href=\"https:\/\/aikikai-international-geneve.ch\/wp-content\/uploads\/2019\/11\/sursee51.jpg\" data-elementor-open-lightbox=\"yes\" data-elementor-lightbox-slideshow=\"8f8e0c0\" data-elementor-lightbox-title=\"Rencontre annuelle de l&#039;ACSA \u00e0 Sursee en septembre 2012\" data-e-action-hash=\"#elementor-action%3Aaction%3Dlightbox%26settings%3DeyJpZCI6MTY5NTYsInVybCI6Imh0dHBzOlwvXC9haWtpa2FpLWludGVybmF0aW9uYWwtZ2VuZXZlLmNoXC93cC1jb250ZW50XC91cGxvYWRzXC8yMDE5XC8xMVwvc3Vyc2VlNTEuanBnIiwic2xpZGVzaG93IjoiOGY4ZTBjMCJ9\">\n\t\t\t\t\t<div class=\"e-gallery-image elementor-gallery-item__image\" data-thumbnail=\"https:\/\/aikikai-international-geneve.ch\/wp-content\/uploads\/2019\/11\/sursee51-300x225.jpg\" data-width=\"300\" data-height=\"225\" aria-label=\"\" role=\"img\" ><\/div>\n\t\t\t\t\t\t\t\t\t\t\t<div class=\"elementor-gallery-item__overlay\"><\/div>\n\t\t\t\t\t\t\t\t\t\t\t\t\t\t<\/a>\n\t\t\t\t\t\t\t<a class=\"e-gallery-item elementor-gallery-item elementor-animated-content\" data-e-gallery-tags=\"9\" href=\"https:\/\/aikikai-international-geneve.ch\/wp-content\/uploads\/2019\/11\/sursee52.jpg\" data-elementor-open-lightbox=\"yes\" data-elementor-lightbox-slideshow=\"8f8e0c0\" data-elementor-lightbox-title=\"Rencontre annuelle de l&#039;ACSA \u00e0 Sursee en septembre 2012\" data-e-action-hash=\"#elementor-action%3Aaction%3Dlightbox%26settings%3DeyJpZCI6MTY5NTAsInVybCI6Imh0dHBzOlwvXC9haWtpa2FpLWludGVybmF0aW9uYWwtZ2VuZXZlLmNoXC93cC1jb250ZW50XC91cGxvYWRzXC8yMDE5XC8xMVwvc3Vyc2VlNTIuanBnIiwic2xpZGVzaG93IjoiOGY4ZTBjMCJ9\">\n\t\t\t\t\t<div class=\"e-gallery-image elementor-gallery-item__image\" data-thumbnail=\"https:\/\/aikikai-international-geneve.ch\/wp-content\/uploads\/2019\/11\/sursee52-300x225.jpg\" data-width=\"300\" data-height=\"225\" aria-label=\"\" role=\"img\" ><\/div>\n\t\t\t\t\t\t\t\t\t\t\t<div class=\"elementor-gallery-item__overlay\"><\/div>\n\t\t\t\t\t\t\t\t\t\t\t\t\t\t<\/a>\n\t\t\t\t\t\t\t<a class=\"e-gallery-item elementor-gallery-item elementor-animated-content\" data-e-gallery-tags=\"9\" href=\"https:\/\/aikikai-international-geneve.ch\/wp-content\/uploads\/2019\/11\/sursee53.jpg\" data-elementor-open-lightbox=\"yes\" data-elementor-lightbox-slideshow=\"8f8e0c0\" data-elementor-lightbox-title=\"Rencontre annuelle de l&#039;ACSA \u00e0 Sursee en septembre 2012\" data-e-action-hash=\"#elementor-action%3Aaction%3Dlightbox%26settings%3DeyJpZCI6MTY5NDQsInVybCI6Imh0dHBzOlwvXC9haWtpa2FpLWludGVybmF0aW9uYWwtZ2VuZXZlLmNoXC93cC1jb250ZW50XC91cGxvYWRzXC8yMDE5XC8xMVwvc3Vyc2VlNTMuanBnIiwic2xpZGVzaG93IjoiOGY4ZTBjMCJ9\">\n\t\t\t\t\t<div class=\"e-gallery-image elementor-gallery-item__image\" data-thumbnail=\"https:\/\/aikikai-international-geneve.ch\/wp-content\/uploads\/2019\/11\/sursee53-300x225.jpg\" data-width=\"300\" data-height=\"225\" aria-label=\"\" role=\"img\" ><\/div>\n\t\t\t\t\t\t\t\t\t\t\t<div class=\"elementor-gallery-item__overlay\"><\/div>\n\t\t\t\t\t\t\t\t\t\t\t\t\t\t<\/a>\n\t\t\t\t\t\t\t<a class=\"e-gallery-item elementor-gallery-item elementor-animated-content\" data-e-gallery-tags=\"9\" href=\"https:\/\/aikikai-international-geneve.ch\/wp-content\/uploads\/2019\/11\/sursee54.jpg\" data-elementor-open-lightbox=\"yes\" data-elementor-lightbox-slideshow=\"8f8e0c0\" data-elementor-lightbox-title=\"Rencontre annuelle de l&#039;ACSA \u00e0 Sursee en septembre 2012\" data-e-action-hash=\"#elementor-action%3Aaction%3Dlightbox%26settings%3DeyJpZCI6MTY5MzgsInVybCI6Imh0dHBzOlwvXC9haWtpa2FpLWludGVybmF0aW9uYWwtZ2VuZXZlLmNoXC93cC1jb250ZW50XC91cGxvYWRzXC8yMDE5XC8xMVwvc3Vyc2VlNTQuanBnIiwic2xpZGVzaG93IjoiOGY4ZTBjMCJ9\">\n\t\t\t\t\t<div class=\"e-gallery-image elementor-gallery-item__image\" data-thumbnail=\"https:\/\/aikikai-international-geneve.ch\/wp-content\/uploads\/2019\/11\/sursee54-300x225.jpg\" data-width=\"300\" data-height=\"225\" aria-label=\"\" role=\"img\" ><\/div>\n\t\t\t\t\t\t\t\t\t\t\t<div class=\"elementor-gallery-item__overlay\"><\/div>\n\t\t\t\t\t\t\t\t\t\t\t\t\t\t<\/a>\n\t\t\t\t\t\t\t<a class=\"e-gallery-item elementor-gallery-item elementor-animated-content\" data-e-gallery-tags=\"9\" href=\"https:\/\/aikikai-international-geneve.ch\/wp-content\/uploads\/2019\/11\/sursee55.jpg\" data-elementor-open-lightbox=\"yes\" data-elementor-lightbox-slideshow=\"8f8e0c0\" data-elementor-lightbox-title=\"Rencontre annuelle de l&#039;ACSA \u00e0 Sursee en septembre 2012\" data-e-action-hash=\"#elementor-action%3Aaction%3Dlightbox%26settings%3DeyJpZCI6MTY5MzIsInVybCI6Imh0dHBzOlwvXC9haWtpa2FpLWludGVybmF0aW9uYWwtZ2VuZXZlLmNoXC93cC1jb250ZW50XC91cGxvYWRzXC8yMDE5XC8xMVwvc3Vyc2VlNTUuanBnIiwic2xpZGVzaG93IjoiOGY4ZTBjMCJ9\">\n\t\t\t\t\t<div class=\"e-gallery-image elementor-gallery-item__image\" data-thumbnail=\"https:\/\/aikikai-international-geneve.ch\/wp-content\/uploads\/2019\/11\/sursee55-300x225.jpg\" data-width=\"300\" data-height=\"225\" aria-label=\"\" role=\"img\" ><\/div>\n\t\t\t\t\t\t\t\t\t\t\t<div class=\"elementor-gallery-item__overlay\"><\/div>\n\t\t\t\t\t\t\t\t\t\t\t\t\t\t<\/a>\n\t\t\t\t\t\t\t<a class=\"e-gallery-item elementor-gallery-item elementor-animated-content\" data-e-gallery-tags=\"9\" href=\"https:\/\/aikikai-international-geneve.ch\/wp-content\/uploads\/2019\/11\/sursee56.jpg\" data-elementor-open-lightbox=\"yes\" data-elementor-lightbox-slideshow=\"8f8e0c0\" data-elementor-lightbox-title=\"Rencontre annuelle de l&#039;ACSA \u00e0 Sursee en septembre 2012\" data-e-action-hash=\"#elementor-action%3Aaction%3Dlightbox%26settings%3DeyJpZCI6MTY5MjYsInVybCI6Imh0dHBzOlwvXC9haWtpa2FpLWludGVybmF0aW9uYWwtZ2VuZXZlLmNoXC93cC1jb250ZW50XC91cGxvYWRzXC8yMDE5XC8xMVwvc3Vyc2VlNTYuanBnIiwic2xpZGVzaG93IjoiOGY4ZTBjMCJ9\">\n\t\t\t\t\t<div class=\"e-gallery-image elementor-gallery-item__image\" data-thumbnail=\"https:\/\/aikikai-international-geneve.ch\/wp-content\/uploads\/2019\/11\/sursee56-300x225.jpg\" data-width=\"300\" data-height=\"225\" aria-label=\"\" role=\"img\" ><\/div>\n\t\t\t\t\t\t\t\t\t\t\t<div class=\"elementor-gallery-item__overlay\"><\/div>\n\t\t\t\t\t\t\t\t\t\t\t\t\t\t<\/a>\n\t\t\t\t\t<\/div>\n\t\t\t\t\t<\/div>\n\t\t\t\t<\/div>\n\t\t\t\t\t<\/div>\n\t\t<\/div>\n\t\t\t\t\t<\/div>\n\t\t<\/section>\n\t\t\t\t<\/div>\n\t\t","protected":false},"excerpt":{"rendered":"<p>Cursos y Seminarios Urdorf 2016 ACSA 2015 Prague 2015 Kenjutsu 2014 Gildo 2013 Meyrin 2013 Initiation 2013 Urdorf 2013 Prague 2012 Sursee 2012<\/p>\n","protected":false},"author":1,"featured_media":16231,"parent":18921,"menu_order":0,"comment_status":"closed","ping_status":"closed","template":"elementor_header_footer","meta":{"footnotes":""},"folder":[],"class_list":["post-18935","page","type-page","status-publish","has-post-thumbnail","hentry"],"yoast_head":"<!-- This site is optimized with the Yoast SEO plugin v28.2 - https:\/\/yoast.com\/product\/yoast-seo-wordpress\/ -->\n<title>Cursos y Seminarios - Aikikai International Geneve<\/title>\n<meta name=\"robots\" content=\"index, follow, max-snippet:-1, max-image-preview:large, max-video-preview:-1\" \/>\n<link rel=\"canonical\" href=\"https:\/\/aikikai-international-geneve.ch\/?page_id=18935\" \/>\n<meta property=\"og:locale\" content=\"fr_FR\" \/>\n<meta property=\"og:type\" content=\"article\" \/>\n<meta property=\"og:title\" content=\"Cursos y Seminarios - Aikikai International Geneve\" \/>\n<meta property=\"og:description\" content=\"Cursos y Seminarios Urdorf 2016 ACSA 2015 Prague 2015 Kenjutsu 2014 Gildo 2013 Meyrin 2013 Initiation 2013 Urdorf 2013 Prague 2012 Sursee 2012\" \/>\n<meta property=\"og:url\" content=\"https:\/\/aikikai-international-geneve.ch\/?page_id=18935&amp;lang=es\" \/>\n<meta property=\"og:site_name\" content=\"Aikikai International Geneve\" \/>\n<meta property=\"article:modified_time\" content=\"2020-11-18T17:00:48+00:00\" \/>\n<meta property=\"og:image\" content=\"https:\/\/aikikai-international-geneve.ch\/wp-content\/uploads\/2019\/11\/isbas-praha-2015-souvenir-photoa.jpg\" \/>\n\t<meta property=\"og:image:width\" content=\"1280\" \/>\n\t<meta property=\"og:image:height\" content=\"853\" \/>\n\t<meta property=\"og:image:type\" content=\"image\/jpeg\" \/>\n<meta name=\"twitter:card\" content=\"summary_large_image\" \/>\n<script type=\"application\/ld+json\" class=\"yoast-schema-graph\">{\"@context\":\"https:\\\/\\\/schema.org\",\"@graph\":[{\"@type\":\"WebPage\",\"@id\":\"https:\\\/\\\/aikikai-international-geneve.ch\\\/?page_id=18935&lang=es\",\"url\":\"https:\\\/\\\/aikikai-international-geneve.ch\\\/?page_id=18935&lang=es\",\"name\":\"Cursos y Seminarios - Aikikai International Geneve\",\"isPartOf\":{\"@id\":\"https:\\\/\\\/aikikai-international-geneve.ch\\\/#website\"},\"primaryImageOfPage\":{\"@id\":\"https:\\\/\\\/aikikai-international-geneve.ch\\\/?page_id=18935&lang=es#primaryimage\"},\"image\":{\"@id\":\"https:\\\/\\\/aikikai-international-geneve.ch\\\/?page_id=18935&lang=es#primaryimage\"},\"thumbnailUrl\":\"https:\\\/\\\/aikikai-international-geneve.ch\\\/wp-content\\\/uploads\\\/2019\\\/11\\\/isbas-praha-2015-souvenir-photoa.jpg\",\"datePublished\":\"2020-11-18T17:00:47+00:00\",\"dateModified\":\"2020-11-18T17:00:48+00:00\",\"breadcrumb\":{\"@id\":\"https:\\\/\\\/aikikai-international-geneve.ch\\\/?page_id=18935&lang=es#breadcrumb\"},\"inLanguage\":\"fr-FR\",\"potentialAction\":[{\"@type\":\"ReadAction\",\"target\":[\"https:\\\/\\\/aikikai-international-geneve.ch\\\/?page_id=18935&lang=es\"]}]},{\"@type\":\"ImageObject\",\"inLanguage\":\"fr-FR\",\"@id\":\"https:\\\/\\\/aikikai-international-geneve.ch\\\/?page_id=18935&lang=es#primaryimage\",\"url\":\"https:\\\/\\\/aikikai-international-geneve.ch\\\/wp-content\\\/uploads\\\/2019\\\/11\\\/isbas-praha-2015-souvenir-photoa.jpg\",\"contentUrl\":\"https:\\\/\\\/aikikai-international-geneve.ch\\\/wp-content\\\/uploads\\\/2019\\\/11\\\/isbas-praha-2015-souvenir-photoa.jpg\",\"width\":1280,\"height\":853},{\"@type\":\"BreadcrumbList\",\"@id\":\"https:\\\/\\\/aikikai-international-geneve.ch\\\/?page_id=18935&lang=es#breadcrumb\",\"itemListElement\":[{\"@type\":\"ListItem\",\"position\":1,\"name\":\"Home\",\"item\":\"https:\\\/\\\/aikikai-international-geneve.ch\\\/\"},{\"@type\":\"ListItem\",\"position\":2,\"name\":\"Fotos\",\"item\":\"https:\\\/\\\/aikikai-international-geneve.ch\\\/?page_id=18921\"},{\"@type\":\"ListItem\",\"position\":3,\"name\":\"Cursos y Seminarios\"}]},{\"@type\":\"WebSite\",\"@id\":\"https:\\\/\\\/aikikai-international-geneve.ch\\\/#website\",\"url\":\"https:\\\/\\\/aikikai-international-geneve.ch\\\/\",\"name\":\"Aikikai International Geneve\",\"description\":\"Les sections A\u00efkido et KenJutsu du Shung Do Kwan Budo Gen\u00e8ve\",\"potentialAction\":[{\"@type\":\"SearchAction\",\"target\":{\"@type\":\"EntryPoint\",\"urlTemplate\":\"https:\\\/\\\/aikikai-international-geneve.ch\\\/?s={search_term_string}\"},\"query-input\":{\"@type\":\"PropertyValueSpecification\",\"valueRequired\":true,\"valueName\":\"search_term_string\"}}],\"inLanguage\":\"fr-FR\"}]}<\/script>\n<!-- \/ Yoast SEO plugin. -->","yoast_head_json":{"title":"Cursos y Seminarios - Aikikai International Geneve","robots":{"index":"index","follow":"follow","max-snippet":"max-snippet:-1","max-image-preview":"max-image-preview:large","max-video-preview":"max-video-preview:-1"},"canonical":"https:\/\/aikikai-international-geneve.ch\/?page_id=18935","og_locale":"fr_FR","og_type":"article","og_title":"Cursos y Seminarios - Aikikai International Geneve","og_description":"Cursos y Seminarios Urdorf 2016 ACSA 2015 Prague 2015 Kenjutsu 2014 Gildo 2013 Meyrin 2013 Initiation 2013 Urdorf 2013 Prague 2012 Sursee 2012","og_url":"https:\/\/aikikai-international-geneve.ch\/?page_id=18935&lang=es","og_site_name":"Aikikai International Geneve","article_modified_time":"2020-11-18T17:00:48+00:00","og_image":[{"width":1280,"height":853,"url":"https:\/\/aikikai-international-geneve.ch\/wp-content\/uploads\/2019\/11\/isbas-praha-2015-souvenir-photoa.jpg","type":"image\/jpeg"}],"twitter_card":"summary_large_image","schema":{"@context":"https:\/\/schema.org","@graph":[{"@type":"WebPage","@id":"https:\/\/aikikai-international-geneve.ch\/?page_id=18935&lang=es","url":"https:\/\/aikikai-international-geneve.ch\/?page_id=18935&lang=es","name":"Cursos y Seminarios - Aikikai International Geneve","isPartOf":{"@id":"https:\/\/aikikai-international-geneve.ch\/#website"},"primaryImageOfPage":{"@id":"https:\/\/aikikai-international-geneve.ch\/?page_id=18935&lang=es#primaryimage"},"image":{"@id":"https:\/\/aikikai-international-geneve.ch\/?page_id=18935&lang=es#primaryimage"},"thumbnailUrl":"https:\/\/aikikai-international-geneve.ch\/wp-content\/uploads\/2019\/11\/isbas-praha-2015-souvenir-photoa.jpg","datePublished":"2020-11-18T17:00:47+00:00","dateModified":"2020-11-18T17:00:48+00:00","breadcrumb":{"@id":"https:\/\/aikikai-international-geneve.ch\/?page_id=18935&lang=es#breadcrumb"},"inLanguage":"fr-FR","potentialAction":[{"@type":"ReadAction","target":["https:\/\/aikikai-international-geneve.ch\/?page_id=18935&lang=es"]}]},{"@type":"ImageObject","inLanguage":"fr-FR","@id":"https:\/\/aikikai-international-geneve.ch\/?page_id=18935&lang=es#primaryimage","url":"https:\/\/aikikai-international-geneve.ch\/wp-content\/uploads\/2019\/11\/isbas-praha-2015-souvenir-photoa.jpg","contentUrl":"https:\/\/aikikai-international-geneve.ch\/wp-content\/uploads\/2019\/11\/isbas-praha-2015-souvenir-photoa.jpg","width":1280,"height":853},{"@type":"BreadcrumbList","@id":"https:\/\/aikikai-international-geneve.ch\/?page_id=18935&lang=es#breadcrumb","itemListElement":[{"@type":"ListItem","position":1,"name":"Home","item":"https:\/\/aikikai-international-geneve.ch\/"},{"@type":"ListItem","position":2,"name":"Fotos","item":"https:\/\/aikikai-international-geneve.ch\/?page_id=18921"},{"@type":"ListItem","position":3,"name":"Cursos y Seminarios"}]},{"@type":"WebSite","@id":"https:\/\/aikikai-international-geneve.ch\/#website","url":"https:\/\/aikikai-international-geneve.ch\/","name":"Aikikai International Geneve","description":"Les sections A\u00efkido et KenJutsu du Shung Do Kwan Budo Gen\u00e8ve","potentialAction":[{"@type":"SearchAction","target":{"@type":"EntryPoint","urlTemplate":"https:\/\/aikikai-international-geneve.ch\/?s={search_term_string}"},"query-input":{"@type":"PropertyValueSpecification","valueRequired":true,"valueName":"search_term_string"}}],"inLanguage":"fr-FR"}]}},"_links":{"self":[{"href":"https:\/\/aikikai-international-geneve.ch\/index.php?rest_route=\/wp\/v2\/pages\/18935","targetHints":{"allow":["GET"]}}],"collection":[{"href":"https:\/\/aikikai-international-geneve.ch\/index.php?rest_route=\/wp\/v2\/pages"}],"about":[{"href":"https:\/\/aikikai-international-geneve.ch\/index.php?rest_route=\/wp\/v2\/types\/page"}],"author":[{"embeddable":true,"href":"https:\/\/aikikai-international-geneve.ch\/index.php?rest_route=\/wp\/v2\/users\/1"}],"replies":[{"embeddable":true,"href":"https:\/\/aikikai-international-geneve.ch\/index.php?rest_route=%2Fwp%2Fv2%2Fcomments&post=18935"}],"version-history":[{"count":1,"href":"https:\/\/aikikai-international-geneve.ch\/index.php?rest_route=\/wp\/v2\/pages\/18935\/revisions"}],"predecessor-version":[{"id":18936,"href":"https:\/\/aikikai-international-geneve.ch\/index.php?rest_route=\/wp\/v2\/pages\/18935\/revisions\/18936"}],"up":[{"embeddable":true,"href":"https:\/\/aikikai-international-geneve.ch\/index.php?rest_route=\/wp\/v2\/pages\/18921"}],"wp:featuredmedia":[{"embeddable":true,"href":"https:\/\/aikikai-international-geneve.ch\/index.php?rest_route=\/wp\/v2\/media\/16231"}],"wp:attachment":[{"href":"https:\/\/aikikai-international-geneve.ch\/index.php?rest_route=%2Fwp%2Fv2%2Fmedia&parent=18935"}],"wp:term":[{"taxonomy":"folder","embeddable":true,"href":"https:\/\/aikikai-international-geneve.ch\/index.php?rest_route=%2Fwp%2Fv2%2Ffolder&post=18935"}],"curies":[{"name":"wp","href":"https:\/\/api.w.org\/{rel}","templated":true}]}}