{"id":6261,"date":"2019-10-20T17:35:14","date_gmt":"2019-10-20T17:35:14","guid":{"rendered":"http:\/\/aikikai-international-geneve.ch\/web\/?page_id=6261"},"modified":"2026-08-14T08:55:28","modified_gmt":"2026-08-14T08:55:28","slug":"bienvenue-2020","status":"publish","type":"page","link":"https:\/\/aikikai-international-geneve.ch\/","title":{"rendered":"Bienvenue"},"content":{"rendered":"\t\t<div data-elementor-type=\"wp-page\" data-elementor-id=\"6261\" class=\"elementor elementor-6261\" data-elementor-post-type=\"page\">\n\t\t\t\t\t\t<section class=\"elementor-section elementor-top-section elementor-element elementor-element-76d96581 elementor-section-boxed elementor-section-height-default elementor-section-height-default\" data-id=\"76d96581\" data-element_type=\"section\" data-e-type=\"section\" data-settings=\"{&quot;background_background&quot;:&quot;classic&quot;}\">\n\t\t\t\t\t\t\t<div class=\"elementor-background-overlay\"><\/div>\n\t\t\t\t\t\t\t<div class=\"elementor-container elementor-column-gap-default\">\n\t\t\t\t\t<div class=\"elementor-column elementor-col-100 elementor-top-column elementor-element elementor-element-20132636\" data-id=\"20132636\" data-element_type=\"column\" data-e-type=\"column\" data-settings=\"{&quot;background_background&quot;:&quot;slideshow&quot;,&quot;background_slideshow_gallery&quot;:[],&quot;background_slideshow_loop&quot;:&quot;yes&quot;,&quot;background_slideshow_slide_duration&quot;:5000,&quot;background_slideshow_slide_transition&quot;:&quot;fade&quot;,&quot;background_slideshow_transition_duration&quot;:500}\">\n\t\t\t<div class=\"elementor-widget-wrap elementor-element-populated\">\n\t\t\t\t\t\t<div class=\"elementor-element elementor-element-6d978ec elementor-widget elementor-widget-heading\" data-id=\"6d978ec\" data-element_type=\"widget\" data-e-type=\"widget\" data-widget_type=\"heading.default\">\n\t\t\t\t<div class=\"elementor-widget-container\">\n\t\t\t\t\t<h3 class=\"elementor-heading-title elementor-size-default\">Bienvenue<\/h3>\t\t\t\t<\/div>\n\t\t\t\t<\/div>\n\t\t\t\t<div class=\"elementor-element elementor-element-1d4af546 elementor-widget elementor-widget-text-editor\" data-id=\"1d4af546\" data-element_type=\"widget\" data-e-type=\"widget\" data-widget_type=\"text-editor.default\">\n\t\t\t\t<div class=\"elementor-widget-container\">\n\t\t\t\t\t\t\t\t\t<p>AIKIKAI INTERNATIONAL GENEVE<br \/>Les sections A\u00efkido et Kenjutsu du Shung Do Kwan Budo Gen\u00e8ve<br \/>d\u00e9velopp\u00e9es par Gildo MEZZO Sensei, d\u00e9c\u00e9d\u00e9 le<a href=\"http:\/\/francinetoulemonde.free.fr\/\" target=\"_blank\" rel=\"noopener\">\u00a0<\/a>1er juillet 2026, 7\u00e8me Dan de l\u2019A\u00efkikai de Tokyo et responsable<br \/>technique de l\u2019\u00e9cole Kashima no Tachi (KenJutsu) pour la Suisse,<br \/>sont heureuses de vous pr\u00e9senter leur site.<\/p>\t\t\t\t\t\t\t\t<\/div>\n\t\t\t\t<\/div>\n\t\t\t\t<div class=\"elementor-element elementor-element-152439a4 elementor-align-center elementor-tablet-align-center elementor-widget elementor-widget-button\" data-id=\"152439a4\" data-element_type=\"widget\" data-e-type=\"widget\" data-widget_type=\"button.default\">\n\t\t\t\t<div class=\"elementor-widget-container\">\n\t\t\t\t\t\t\t\t\t<div class=\"elementor-button-wrapper\">\n\t\t\t\t\t<a class=\"elementor-button elementor-button-link elementor-size-sm\" href=\"#elementor-action%3Aaction%3Dpopup%3Aopen%26settings%3DeyJpZCI6NjcyMywidG9nZ2xlIjpmYWxzZX0%3D\">\n\t\t\t\t\t\t<span class=\"elementor-button-content-wrapper\">\n\t\t\t\t\t\t\t\t\t<span class=\"elementor-button-text\">Infos Pratique<\/span>\n\t\t\t\t\t<\/span>\n\t\t\t\t\t<\/a>\n\t\t\t\t<\/div>\n\t\t\t\t\t\t\t\t<\/div>\n\t\t\t\t<\/div>\n\t\t\t\t<div class=\"elementor-element elementor-element-bd09d43 elementor-widget elementor-widget-heading\" data-id=\"bd09d43\" data-element_type=\"widget\" data-e-type=\"widget\" data-widget_type=\"heading.default\">\n\t\t\t\t<div class=\"elementor-widget-container\">\n\t\t\t\t\t<h2 class=\"elementor-heading-title elementor-size-default\">\n\nDisparition de Gildo Mezzo Sensei<\/h2>\t\t\t\t<\/div>\n\t\t\t\t<\/div>\n\t\t\t\t<div class=\"elementor-element elementor-element-8baab91 elementor-widget elementor-widget-image\" data-id=\"8baab91\" data-element_type=\"widget\" data-e-type=\"widget\" data-widget_type=\"image.default\">\n\t\t\t\t<div class=\"elementor-widget-container\">\n\t\t\t\t\t\t\t\t\t\t\t\t\t\t\t<img fetchpriority=\"high\" decoding=\"async\" width=\"576\" height=\"1024\" src=\"https:\/\/aikikai-international-geneve.ch\/wp-content\/uploads\/2025\/08\/Resto-22-576x1024.jpg\" class=\"attachment-large size-large wp-image-25521\" alt=\"\" srcset=\"https:\/\/aikikai-international-geneve.ch\/wp-content\/uploads\/2025\/08\/Resto-22-576x1024.jpg 576w, https:\/\/aikikai-international-geneve.ch\/wp-content\/uploads\/2025\/08\/Resto-22-169x300.jpg 169w, https:\/\/aikikai-international-geneve.ch\/wp-content\/uploads\/2025\/08\/Resto-22.jpg 720w\" sizes=\"(max-width: 576px) 100vw, 576px\" \/>\t\t\t\t\t\t\t\t\t\t\t\t\t\t\t<\/div>\n\t\t\t\t<\/div>\n\t\t\t\t<div class=\"elementor-element elementor-element-686ef51 bdt-backdrop-filter-yes elementor-widget elementor-widget-text-editor\" data-id=\"686ef51\" data-element_type=\"widget\" data-e-type=\"widget\" data-widget_type=\"text-editor.default\">\n\t\t\t\t<div class=\"elementor-widget-container\">\n\t\t\t\t\t\t\t\t\t<p><span style=\"color: #ffffff;\">\u00a0<\/span><\/p><h2 class=\"western\" align=\"justify\"><span style=\"font-family: Arial, sans-serif; color: #ffffff;\"><span style=\"font-size: large;\">C\u2019est une bien triste nouvelle que les sections d\u2019A\u00efkido et de Kenjutsu du \u00abShung Do Kwan Gen\u00e8ve\u00bb vous annoncent.<\/span><\/span><\/h2><h2 class=\"western\" align=\"justify\"><span style=\"font-family: Arial, sans-serif; color: #ffffff;\"><span style=\"font-size: large;\">Gildo Mezzo Sensei, 7\u00e8me Dan Aikikai, enseignant depuis 1975 dans notre club, est d\u00e9c\u00e9d\u00e9 dans la nuit du 1 juillet.<\/span><\/span><\/h2><h2 class=\"western\" align=\"justify\"><span style=\"font-family: Arial, sans-serif; color: #ffffff;\"><span style=\"font-size: large;\">Sa pratique et son enseignement alliaient la clart\u00e9, la pr\u00e9cision et la rigueur sans concession \u00e0 une ouverture d\u2019esprit et une constante recherche d\u2019efficacit\u00e9 par un travail de purification des principes et techniques mis en \u0153uvre.<\/span><\/span><\/h2><h2><span style=\"color: #ffffff;\"><span style=\"font-family: Arial, sans-serif;\"><span style=\"font-size: large;\">Dans les ann\u00e9es 70, il rencontra au Hombu Dojo, outre les ma\u00eetres japonais les plus illustres, dont ma\u00eetre Yamaguchi et ma\u00eetre Saotome,\u00a0<\/span><\/span><span style=\"font-family: Arial, sans-serif;\"><span style=\"font-size: large;\">Christian Tissier et Franck No\u00ebl et bien d\u2019autres encore et qui sont devenus ses amis. Gr\u00e2ce \u00e0 Gildo et \u00e0 son aura internationale, nous avons pu b\u00e9n\u00e9ficier de leur enseignement et de celui de nombreux ma\u00eetres d\u2019a\u00efkido, mondialement connus, lors de nombreux stages dans notre club.<\/span><\/span><\/span><\/h2><h2 class=\"western\" align=\"justify\"><span style=\"color: #ffffff;\"><span style=\"font-family: Arial, sans-serif;\"><span style=\"font-size: large;\">Par ailleurs, apr\u00e8s s&rsquo;\u00eatre form\u00e9 en particulier aupr\u00e8s d&rsquo;Inaba Sensei, <\/span><\/span><span style=\"font-family: Arial, sans-serif;\"><span style=\"font-size: large;\">Gildo nous a aussi enseign\u00e9 le Kenjutsu de l\u2019\u00e9cole Kashima du Shiseikan de Tokyo et nous a ouvert les portes de cette prestigieuse acad\u00e9mie d\u2019arts martiaux ainsi que de l\u2019ISBA, organisme international auquel sont affili\u00e9s les dojos du Kenjutsu hors du Japon.<\/span><\/span><\/span><\/h2><h2 class=\"western\" align=\"justify\"><span style=\"font-family: Arial, sans-serif; color: #ffffff;\"><span style=\"font-size: large;\">C\u2019est un grand ma\u00eetre d\u2019a\u00efkido qui s\u2019en est all\u00e9, il avait une \u00e9norme connaissance d\u2019A\u00efkido et du Kenjutsu qu\u2019il a essay\u00e9 de nous transmettre avec beaucoup de patience. Dans son enseignement, il avait une grande ouverture d\u2019esprit et de g\u00e9n\u00e9rosit\u00e9 et il a form\u00e9 de nombreuses ceintures noires au sein de l\u2019ACSA en Suisse.<\/span><\/span><\/h2><h2 class=\"western\" align=\"justify\"><span style=\"color: #ffffff;\"><span style=\"font-family: Arial, sans-serif;\"><span style=\"font-size: large;\">Gildo a aussi anim\u00e9 de nomb<\/span><\/span><span style=\"font-family: Arial, sans-serif;\"><span style=\"font-size: large;\">reux stages en Suisse et en Tch\u00e9quie.<\/span><\/span><\/span><\/h2><h2 class=\"western\" align=\"justify\"><span style=\"font-family: Arial, sans-serif; color: #ffffff;\"><span style=\"font-size: large;\">C\u2019est avec une grande admiration que nous lui disons au revoir.<\/span><\/span><\/h2><h4 style=\"text-align: center;\"><span style=\"color: #ffffff;\"><a style=\"color: #ffffff;\" href=\"http:\/\/aikikai-international-geneve.ch\/wp-content\/uploads\/2026\/07\/Hommage.pdf\" target=\"_blank\" rel=\"noopener\">Eloge de Jean-Michel avec les hommages de Jon et Adam.<\/a><\/span><\/h4><h4 style=\"text-align: center;\"><span style=\"color: #ffffff;\"><a style=\"color: #ffffff;\" href=\"http:\/\/aikikai-international-geneve.ch\/wp-content\/uploads\/2026\/07\/Mirek.pdf\" target=\"_blank\" rel=\"noopener\">Hommage de Mirek.<\/a><\/span><\/h4>\t\t\t\t\t\t\t\t<\/div>\n\t\t\t\t<\/div>\n\t\t\t\t<div class=\"elementor-element elementor-element-86e41bd elementor-widget elementor-widget-image\" data-id=\"86e41bd\" data-element_type=\"widget\" data-e-type=\"widget\" data-widget_type=\"image.default\">\n\t\t\t\t<div class=\"elementor-widget-container\">\n\t\t\t\t\t\t\t\t\t\t\t\t\t\t\t<img decoding=\"async\" width=\"800\" height=\"788\" src=\"https:\/\/aikikai-international-geneve.ch\/wp-content\/uploads\/2026\/07\/Gildo-80-ans-1024x1009.jpg\" class=\"attachment-large size-large wp-image-25964\" alt=\"\" srcset=\"https:\/\/aikikai-international-geneve.ch\/wp-content\/uploads\/2026\/07\/Gildo-80-ans-1024x1009.jpg 1024w, https:\/\/aikikai-international-geneve.ch\/wp-content\/uploads\/2026\/07\/Gildo-80-ans-300x296.jpg 300w, https:\/\/aikikai-international-geneve.ch\/wp-content\/uploads\/2026\/07\/Gildo-80-ans-768x757.jpg 768w, https:\/\/aikikai-international-geneve.ch\/wp-content\/uploads\/2026\/07\/Gildo-80-ans.jpg 1102w\" sizes=\"(max-width: 800px) 100vw, 800px\" \/>\t\t\t\t\t\t\t\t\t\t\t\t\t\t\t<\/div>\n\t\t\t\t<\/div>\n\t\t\t\t<div class=\"elementor-element elementor-element-55db599 elementor-widget elementor-widget-text-editor\" data-id=\"55db599\" data-element_type=\"widget\" data-e-type=\"widget\" data-widget_type=\"text-editor.default\">\n\t\t\t\t<div class=\"elementor-widget-container\">\n\t\t\t\t\t\t\t\t\t<h5>\u00a0<\/h5><h4 style=\"text-align: center;\"><span style=\"color: #993366;\">Fin des cours \u00e0 la rue Liotard.<\/span><\/h4><h5><span style=\"color: #993366;\">Le dojo se d\u00e9place pour 3 ans pendant la r\u00e9novation de <\/span><span style=\"color: #993366;\">l&rsquo;\u00e9cole.<\/span><\/h5><p>\u00a0<\/p><p>\u00a0<\/p><h4><span style=\"color: #99cc00;\">Attention changement d&rsquo;horaires du cours d&rsquo;A\u00efkido du lundi soir.<\/span><\/h4><h5>Les cours d&rsquo;A\u00efkido du lundi soir <span style=\"color: #99cc00;\"><strong>(19h00 \u00e0 20h30)<\/strong><\/span> et du jeudi soir (19h00 \u00e0 20h15),<\/h5><h5>ainsi que le cours de Kenjutsu du mardi soir (18h30 \u00e0 20h00) se d\u00e9roulent au<\/h5><h5>Dojo de Trembley.<\/h5><h5><a href=\"https:\/\/maps.app.goo.gl\/7U1Vxb5fTFhXoeaB7\" target=\"_blank\" rel=\"noopener\">Rue Pestalozzi 6, 1202 Gen\u00e8ve<\/a><\/h5><h5>\u00a0<\/h5><h5>Le cours d&rsquo;A\u00efkido du mercredi (18h30 \u00e0 20h00) se d\u00e9roule au<\/h5><h5>Dojo de Cayla<\/h5><h5><a href=\"https:\/\/maps.app.goo.gl\/W79GwZgcB24Dsqbz9\" target=\"_blank\" rel=\"noopener\">Ecole de Cayla, 12 rue William-Lescaze, 1203 Gen\u00e8ve<\/a><\/h5><h5>\u00a0<\/h5><h5>Pour les cours d&rsquo;A\u00efkido du lundi midi (12h15 \u00e0 13h30)<\/h5><h5>et de Kenjutsu du jeudi (12h00 \u00e0 13h15)<\/h5><h5>(se renseigner si le cours de Kenjutsu a bien lieu).<\/h5><h5><a href=\"https:\/\/maps.app.goo.gl\/NkXSj9nEc37D8RUp7\" target=\"_blank\" rel=\"noopener\">Centre sportif du Bois-des-Fr\u00e8res, chemin de l&rsquo;Ecu 22, 1219 Ch\u00e2telaine<\/a><\/h5>\t\t\t\t\t\t\t\t<\/div>\n\t\t\t\t<\/div>\n\t\t\t\t<div class=\"elementor-element elementor-element-e6b14b6 elementor-widget elementor-widget-text-editor\" data-id=\"e6b14b6\" data-element_type=\"widget\" data-e-type=\"widget\" data-widget_type=\"text-editor.default\">\n\t\t\t\t<div class=\"elementor-widget-container\">\n\t\t\t\t\t\t\t\t\t<h5>\u00a0<\/h5><h4><a href=\"https:\/\/sdkbudo.ch\/news.php?NEWS_ID=49\" target=\"_blank\" rel=\"noopener\">Cours Aikido enfants<\/a><\/h4><h5>Les cours A\u00efkido enfants n&rsquo;ont pas lieu pendant les vacances scolaires.<\/h5><h5>Les cours d&rsquo;Aikido pour les enfants (d\u00e8s 8 ans \u00e0 -16ans) ont repris les mercredis,<\/h5><h5>de 17h30 \u00e0 18h30 au<\/h5><h5>Dojo Motta.<\/h5><h5><a href=\"https:\/\/www.google.com\/maps\/place\/Institut+Wako\/@46.216423,6.131822,14z\/data=!4m6!3m5!1s0x478c64c2bc3f864f:0x10659ea2fcb3ff3!8m2!3d46.2164226!4d6.1318222!16s%2Fg%2F1trrc2c4?hl=fr&amp;entry=ttu&amp;g_ep=EgoyMDI0MDkwOC4wIKXMDSoASAFQAw%3D%3D\" target=\"_blank\" rel=\"noopener\">Avenue Giuseppe Motta 14B, 1202 Gen\u00e8ve<\/a><\/h5>\t\t\t\t\t\t\t\t<\/div>\n\t\t\t\t<\/div>\n\t\t\t\t<div class=\"elementor-element elementor-element-cedc06e elementor-widget elementor-widget-image\" data-id=\"cedc06e\" data-element_type=\"widget\" data-e-type=\"widget\" data-widget_type=\"image.default\">\n\t\t\t\t<div class=\"elementor-widget-container\">\n\t\t\t\t\t\t\t\t\t\t\t\t\t\t\t<img decoding=\"async\" width=\"800\" height=\"600\" src=\"https:\/\/aikikai-international-geneve.ch\/wp-content\/uploads\/2024\/06\/Gildo-15-juin-2024-12-1024x768.jpg\" class=\"attachment-large size-large wp-image-24382\" alt=\"\" srcset=\"https:\/\/aikikai-international-geneve.ch\/wp-content\/uploads\/2024\/06\/Gildo-15-juin-2024-12-1024x768.jpg 1024w, https:\/\/aikikai-international-geneve.ch\/wp-content\/uploads\/2024\/06\/Gildo-15-juin-2024-12-300x225.jpg 300w, https:\/\/aikikai-international-geneve.ch\/wp-content\/uploads\/2024\/06\/Gildo-15-juin-2024-12-768x576.jpg 768w, https:\/\/aikikai-international-geneve.ch\/wp-content\/uploads\/2024\/06\/Gildo-15-juin-2024-12.jpg 1280w\" sizes=\"(max-width: 800px) 100vw, 800px\" \/>\t\t\t\t\t\t\t\t\t\t\t\t\t\t\t<\/div>\n\t\t\t\t<\/div>\n\t\t\t\t<div class=\"elementor-element elementor-element-181d6c4 elementor-widget elementor-widget-heading\" data-id=\"181d6c4\" data-element_type=\"widget\" data-e-type=\"widget\" data-widget_type=\"heading.default\">\n\t\t\t\t<div class=\"elementor-widget-container\">\n\t\t\t\t\t<div class=\"elementor-heading-title elementor-size-default\">Dernier stage le 15 juin 2024 avec Gildo Mezzo Sensei dans le Dojo Liotard avant transformations.<\/div>\t\t\t\t<\/div>\n\t\t\t\t<\/div>\n\t\t\t\t\t<\/div>\n\t\t<\/div>\n\t\t\t\t\t<\/div>\n\t\t<\/section>\n\t\t\t\t<section class=\"elementor-section elementor-top-section elementor-element elementor-element-4054137 elementor-section-boxed elementor-section-height-default elementor-section-height-default\" data-id=\"4054137\" data-element_type=\"section\" data-e-type=\"section\" data-settings=\"{&quot;background_background&quot;:&quot;classic&quot;}\">\n\t\t\t\t\t\t<div class=\"elementor-container elementor-column-gap-default\">\n\t\t\t\t\t<div class=\"elementor-column elementor-col-100 elementor-top-column elementor-element elementor-element-85db094\" data-id=\"85db094\" data-element_type=\"column\" data-e-type=\"column\">\n\t\t\t<div class=\"elementor-widget-wrap elementor-element-populated\">\n\t\t\t\t\t\t<div class=\"elementor-element elementor-element-06edd31 elementor-widget elementor-widget-image\" data-id=\"06edd31\" data-element_type=\"widget\" data-e-type=\"widget\" data-widget_type=\"image.default\">\n\t\t\t\t<div class=\"elementor-widget-container\">\n\t\t\t\t\t\t\t\t\t\t\t\t\t\t\t\t<a href=\"http:\/\/aikikai-international-geneve.ch\/wp-content\/uploads\/2022\/09\/Marc-Bachraty-2022-11-19-20-1.pdf\" target=\"_blank\">\n\t\t\t\t\t\t\t<img decoding=\"async\" src=\"http:\/\/aikikai-international-geneve.ch\/wp-content\/uploads\/2022\/09\/Marc-Bachraty-2022-11-19-20_1.png\" title=\"\" alt=\"\" loading=\"lazy\" \/>\t\t\t\t\t\t\t\t<\/a>\n\t\t\t\t\t\t\t\t\t\t\t\t\t\t\t<\/div>\n\t\t\t\t<\/div>\n\t\t\t\t\t<\/div>\n\t\t<\/div>\n\t\t\t\t\t<\/div>\n\t\t<\/section>\n\t\t\t\t<section class=\"elementor-section elementor-top-section elementor-element elementor-element-b77c1bf elementor-section-boxed elementor-section-height-default elementor-section-height-default\" data-id=\"b77c1bf\" data-element_type=\"section\" data-e-type=\"section\" data-settings=\"{&quot;background_background&quot;:&quot;classic&quot;}\">\n\t\t\t\t\t\t<div class=\"elementor-container elementor-column-gap-default\">\n\t\t\t\t\t<div class=\"elementor-column elementor-col-100 elementor-top-column elementor-element elementor-element-473e43f\" data-id=\"473e43f\" data-element_type=\"column\" data-e-type=\"column\">\n\t\t\t<div class=\"elementor-widget-wrap elementor-element-populated\">\n\t\t\t\t\t\t<div class=\"elementor-element elementor-element-4b354b7 elementor-widget elementor-widget-image\" data-id=\"4b354b7\" data-element_type=\"widget\" data-e-type=\"widget\" data-widget_type=\"image.default\">\n\t\t\t\t<div class=\"elementor-widget-container\">\n\t\t\t\t\t\t\t\t\t\t\t\t\t\t\t<img loading=\"lazy\" decoding=\"async\" width=\"800\" height=\"600\" src=\"https:\/\/aikikai-international-geneve.ch\/wp-content\/uploads\/2020\/08\/Ken-Jutsu-SDK-web1-1024x768.jpg\" class=\"attachment-large size-large wp-image-17472\" alt=\"\" srcset=\"https:\/\/aikikai-international-geneve.ch\/wp-content\/uploads\/2020\/08\/Ken-Jutsu-SDK-web1-1024x768.jpg 1024w, https:\/\/aikikai-international-geneve.ch\/wp-content\/uploads\/2020\/08\/Ken-Jutsu-SDK-web1-300x225.jpg 300w, https:\/\/aikikai-international-geneve.ch\/wp-content\/uploads\/2020\/08\/Ken-Jutsu-SDK-web1-768x576.jpg 768w, https:\/\/aikikai-international-geneve.ch\/wp-content\/uploads\/2020\/08\/Ken-Jutsu-SDK-web1-1536x1152.jpg 1536w, https:\/\/aikikai-international-geneve.ch\/wp-content\/uploads\/2020\/08\/Ken-Jutsu-SDK-web1-2048x1536.jpg 2048w, https:\/\/aikikai-international-geneve.ch\/wp-content\/uploads\/2020\/08\/Ken-Jutsu-SDK-web1-1568x1176.jpg 1568w\" sizes=\"(max-width: 800px) 100vw, 800px\" \/>\t\t\t\t\t\t\t\t\t\t\t\t\t\t\t<\/div>\n\t\t\t\t<\/div>\n\t\t\t\t\t<\/div>\n\t\t<\/div>\n\t\t\t\t\t<\/div>\n\t\t<\/section>\n\t\t\t\t<section class=\"elementor-section elementor-top-section elementor-element elementor-element-d4929b4 elementor-section-boxed elementor-section-height-default elementor-section-height-default\" data-id=\"d4929b4\" data-element_type=\"section\" data-e-type=\"section\" data-settings=\"{&quot;background_background&quot;:&quot;classic&quot;}\">\n\t\t\t\t\t\t<div class=\"elementor-container elementor-column-gap-default\">\n\t\t\t\t\t<div class=\"elementor-column elementor-col-100 elementor-top-column elementor-element elementor-element-b3ab92d\" data-id=\"b3ab92d\" data-element_type=\"column\" data-e-type=\"column\">\n\t\t\t<div class=\"elementor-widget-wrap elementor-element-populated\">\n\t\t\t\t\t\t<div class=\"elementor-element elementor-element-13a656e elementor-widget elementor-widget-heading\" data-id=\"13a656e\" data-element_type=\"widget\" data-e-type=\"widget\" data-widget_type=\"heading.default\">\n\t\t\t\t<div class=\"elementor-widget-container\">\n\t\t\t\t\t<h3 class=\"elementor-heading-title elementor-size-medium\">Gildo MEZZO au Shiseikan dojo (Meiji jingu, Tokyo) avec INABA sensei.<\/h3>\t\t\t\t<\/div>\n\t\t\t\t<\/div>\n\t\t\t\t\t<\/div>\n\t\t<\/div>\n\t\t\t\t\t<\/div>\n\t\t<\/section>\n\t\t\t\t<\/div>\n\t\t","protected":false},"excerpt":{"rendered":"<p>Bienvenue AIKIKAI INTERNATIONAL GENEVELes sections A\u00efkido et Kenjutsu du Shung Do Kwan Budo Gen\u00e8ved\u00e9velopp\u00e9es par Gildo MEZZO Sensei, d\u00e9c\u00e9d\u00e9 le\u00a01er juillet 2026, 7\u00e8me Dan de l\u2019A\u00efkikai de Tokyo et responsabletechnique de l\u2019\u00e9cole Kashima no Tachi (KenJutsu) pour la Suisse,sont heureuses de vous pr\u00e9senter leur site. Infos Pratique Disparition de Gildo Mezzo Sensei \u00a0 C\u2019est une [&hellip;]<\/p>\n","protected":false},"author":1,"featured_media":0,"parent":0,"menu_order":0,"comment_status":"closed","ping_status":"closed","template":"elementor_header_footer","meta":{"footnotes":""},"folder":[],"class_list":["post-6261","page","type-page","status-publish","hentry"],"yoast_head":"<!-- This site is optimized with the Yoast SEO plugin v28.2 - https:\/\/yoast.com\/product\/yoast-seo-wordpress\/ -->\n<title>Bienvenue - Aikikai International Geneve<\/title>\n<meta name=\"robots\" content=\"index, follow, max-snippet:-1, max-image-preview:large, max-video-preview:-1\" \/>\n<link rel=\"canonical\" href=\"https:\/\/aikikai-international-geneve.ch\/\" \/>\n<meta property=\"og:locale\" content=\"fr_FR\" \/>\n<meta property=\"og:type\" content=\"article\" \/>\n<meta property=\"og:title\" content=\"Bienvenue - Aikikai International Geneve\" \/>\n<meta property=\"og:description\" content=\"Bienvenue AIKIKAI INTERNATIONAL GENEVELes sections A\u00efkido et Kenjutsu du Shung Do Kwan Budo Gen\u00e8ved\u00e9velopp\u00e9es par Gildo MEZZO Sensei, d\u00e9c\u00e9d\u00e9 le\u00a01er juillet 2026, 7\u00e8me Dan de l\u2019A\u00efkikai de Tokyo et responsabletechnique de l\u2019\u00e9cole Kashima no Tachi (KenJutsu) pour la Suisse,sont heureuses de vous pr\u00e9senter leur site. Infos Pratique Disparition de Gildo Mezzo Sensei \u00a0 C\u2019est une [&hellip;]\" \/>\n<meta property=\"og:url\" content=\"https:\/\/aikikai-international-geneve.ch\/\" \/>\n<meta property=\"og:site_name\" content=\"Aikikai International Geneve\" \/>\n<meta property=\"article:modified_time\" content=\"2026-08-14T08:55:28+00:00\" \/>\n<meta property=\"og:image\" content=\"http:\/\/aikikai-international-geneve.ch\/wp-content\/uploads\/2025\/08\/Resto-22-576x1024.jpg\" \/>\n<meta name=\"twitter:card\" content=\"summary_large_image\" \/>\n<meta name=\"twitter:label1\" content=\"Dur\u00e9e de lecture estim\u00e9e\" \/>\n\t<meta name=\"twitter:data1\" content=\"4 minutes\" \/>\n<script type=\"application\/ld+json\" class=\"yoast-schema-graph\">{\"@context\":\"https:\\\/\\\/schema.org\",\"@graph\":[{\"@type\":\"WebPage\",\"@id\":\"https:\\\/\\\/aikikai-international-geneve.ch\\\/\",\"url\":\"https:\\\/\\\/aikikai-international-geneve.ch\\\/\",\"name\":\"Bienvenue - Aikikai International Geneve\",\"isPartOf\":{\"@id\":\"https:\\\/\\\/aikikai-international-geneve.ch\\\/#website\"},\"primaryImageOfPage\":{\"@id\":\"https:\\\/\\\/aikikai-international-geneve.ch\\\/#primaryimage\"},\"image\":{\"@id\":\"https:\\\/\\\/aikikai-international-geneve.ch\\\/#primaryimage\"},\"thumbnailUrl\":\"http:\\\/\\\/aikikai-international-geneve.ch\\\/wp-content\\\/uploads\\\/2025\\\/08\\\/Resto-22-576x1024.jpg\",\"datePublished\":\"2019-10-20T17:35:14+00:00\",\"dateModified\":\"2026-08-14T08:55:28+00:00\",\"breadcrumb\":{\"@id\":\"https:\\\/\\\/aikikai-international-geneve.ch\\\/#breadcrumb\"},\"inLanguage\":\"fr-FR\",\"potentialAction\":[{\"@type\":\"ReadAction\",\"target\":[\"https:\\\/\\\/aikikai-international-geneve.ch\\\/\"]}]},{\"@type\":\"ImageObject\",\"inLanguage\":\"fr-FR\",\"@id\":\"https:\\\/\\\/aikikai-international-geneve.ch\\\/#primaryimage\",\"url\":\"https:\\\/\\\/aikikai-international-geneve.ch\\\/wp-content\\\/uploads\\\/2025\\\/08\\\/Resto-22.jpg\",\"contentUrl\":\"https:\\\/\\\/aikikai-international-geneve.ch\\\/wp-content\\\/uploads\\\/2025\\\/08\\\/Resto-22.jpg\",\"width\":720,\"height\":1280,\"caption\":\"80 ans de Gildo 30.07.2025\"},{\"@type\":\"BreadcrumbList\",\"@id\":\"https:\\\/\\\/aikikai-international-geneve.ch\\\/#breadcrumb\",\"itemListElement\":[{\"@type\":\"ListItem\",\"position\":1,\"name\":\"Home\",\"item\":\"https:\\\/\\\/aikikai-international-geneve.ch\\\/\"},{\"@type\":\"ListItem\",\"position\":2,\"name\":\"Bienvenue\"}]},{\"@type\":\"WebSite\",\"@id\":\"https:\\\/\\\/aikikai-international-geneve.ch\\\/#website\",\"url\":\"https:\\\/\\\/aikikai-international-geneve.ch\\\/\",\"name\":\"Aikikai International Geneve\",\"description\":\"Les sections A\u00efkido et KenJutsu du Shung Do Kwan Budo Gen\u00e8ve\",\"potentialAction\":[{\"@type\":\"SearchAction\",\"target\":{\"@type\":\"EntryPoint\",\"urlTemplate\":\"https:\\\/\\\/aikikai-international-geneve.ch\\\/?s={search_term_string}\"},\"query-input\":{\"@type\":\"PropertyValueSpecification\",\"valueRequired\":true,\"valueName\":\"search_term_string\"}}],\"inLanguage\":\"fr-FR\"}]}<\/script>\n<!-- \/ Yoast SEO plugin. -->","yoast_head_json":{"title":"Bienvenue - Aikikai International Geneve","robots":{"index":"index","follow":"follow","max-snippet":"max-snippet:-1","max-image-preview":"max-image-preview:large","max-video-preview":"max-video-preview:-1"},"canonical":"https:\/\/aikikai-international-geneve.ch\/","og_locale":"fr_FR","og_type":"article","og_title":"Bienvenue - Aikikai International Geneve","og_description":"Bienvenue AIKIKAI INTERNATIONAL GENEVELes sections A\u00efkido et Kenjutsu du Shung Do Kwan Budo Gen\u00e8ved\u00e9velopp\u00e9es par Gildo MEZZO Sensei, d\u00e9c\u00e9d\u00e9 le\u00a01er juillet 2026, 7\u00e8me Dan de l\u2019A\u00efkikai de Tokyo et responsabletechnique de l\u2019\u00e9cole Kashima no Tachi (KenJutsu) pour la Suisse,sont heureuses de vous pr\u00e9senter leur site. Infos Pratique Disparition de Gildo Mezzo Sensei \u00a0 C\u2019est une [&hellip;]","og_url":"https:\/\/aikikai-international-geneve.ch\/","og_site_name":"Aikikai International Geneve","article_modified_time":"2026-08-14T08:55:28+00:00","og_image":[{"url":"http:\/\/aikikai-international-geneve.ch\/wp-content\/uploads\/2025\/08\/Resto-22-576x1024.jpg","type":"","width":"","height":""}],"twitter_card":"summary_large_image","twitter_misc":{"Dur\u00e9e de lecture estim\u00e9e":"4 minutes"},"schema":{"@context":"https:\/\/schema.org","@graph":[{"@type":"WebPage","@id":"https:\/\/aikikai-international-geneve.ch\/","url":"https:\/\/aikikai-international-geneve.ch\/","name":"Bienvenue - Aikikai International Geneve","isPartOf":{"@id":"https:\/\/aikikai-international-geneve.ch\/#website"},"primaryImageOfPage":{"@id":"https:\/\/aikikai-international-geneve.ch\/#primaryimage"},"image":{"@id":"https:\/\/aikikai-international-geneve.ch\/#primaryimage"},"thumbnailUrl":"http:\/\/aikikai-international-geneve.ch\/wp-content\/uploads\/2025\/08\/Resto-22-576x1024.jpg","datePublished":"2019-10-20T17:35:14+00:00","dateModified":"2026-08-14T08:55:28+00:00","breadcrumb":{"@id":"https:\/\/aikikai-international-geneve.ch\/#breadcrumb"},"inLanguage":"fr-FR","potentialAction":[{"@type":"ReadAction","target":["https:\/\/aikikai-international-geneve.ch\/"]}]},{"@type":"ImageObject","inLanguage":"fr-FR","@id":"https:\/\/aikikai-international-geneve.ch\/#primaryimage","url":"https:\/\/aikikai-international-geneve.ch\/wp-content\/uploads\/2025\/08\/Resto-22.jpg","contentUrl":"https:\/\/aikikai-international-geneve.ch\/wp-content\/uploads\/2025\/08\/Resto-22.jpg","width":720,"height":1280,"caption":"80 ans de Gildo 30.07.2025"},{"@type":"BreadcrumbList","@id":"https:\/\/aikikai-international-geneve.ch\/#breadcrumb","itemListElement":[{"@type":"ListItem","position":1,"name":"Home","item":"https:\/\/aikikai-international-geneve.ch\/"},{"@type":"ListItem","position":2,"name":"Bienvenue"}]},{"@type":"WebSite","@id":"https:\/\/aikikai-international-geneve.ch\/#website","url":"https:\/\/aikikai-international-geneve.ch\/","name":"Aikikai International Geneve","description":"Les sections A\u00efkido et KenJutsu du Shung Do Kwan Budo Gen\u00e8ve","potentialAction":[{"@type":"SearchAction","target":{"@type":"EntryPoint","urlTemplate":"https:\/\/aikikai-international-geneve.ch\/?s={search_term_string}"},"query-input":{"@type":"PropertyValueSpecification","valueRequired":true,"valueName":"search_term_string"}}],"inLanguage":"fr-FR"}]}},"_links":{"self":[{"href":"https:\/\/aikikai-international-geneve.ch\/index.php?rest_route=\/wp\/v2\/pages\/6261","targetHints":{"allow":["GET"]}}],"collection":[{"href":"https:\/\/aikikai-international-geneve.ch\/index.php?rest_route=\/wp\/v2\/pages"}],"about":[{"href":"https:\/\/aikikai-international-geneve.ch\/index.php?rest_route=\/wp\/v2\/types\/page"}],"author":[{"embeddable":true,"href":"https:\/\/aikikai-international-geneve.ch\/index.php?rest_route=\/wp\/v2\/users\/1"}],"replies":[{"embeddable":true,"href":"https:\/\/aikikai-international-geneve.ch\/index.php?rest_route=%2Fwp%2Fv2%2Fcomments&post=6261"}],"version-history":[{"count":1121,"href":"https:\/\/aikikai-international-geneve.ch\/index.php?rest_route=\/wp\/v2\/pages\/6261\/revisions"}],"predecessor-version":[{"id":26230,"href":"https:\/\/aikikai-international-geneve.ch\/index.php?rest_route=\/wp\/v2\/pages\/6261\/revisions\/26230"}],"wp:attachment":[{"href":"https:\/\/aikikai-international-geneve.ch\/index.php?rest_route=%2Fwp%2Fv2%2Fmedia&parent=6261"}],"wp:term":[{"taxonomy":"folder","embeddable":true,"href":"https:\/\/aikikai-international-geneve.ch\/index.php?rest_route=%2Fwp%2Fv2%2Ffolder&post=6261"}],"curies":[{"name":"wp","href":"https:\/\/api.w.org\/{rel}","templated":true}]}}