{"id":6557,"date":"2019-10-22T15:23:09","date_gmt":"2019-10-22T15:23:09","guid":{"rendered":"http:\/\/aikikai-international-geneve.ch\/web\/?page_id=6557"},"modified":"2026-07-12T14:19:06","modified_gmt":"2026-07-12T14:19:06","slug":"aikido","status":"publish","type":"page","link":"https:\/\/aikikai-international-geneve.ch\/?page_id=6557","title":{"rendered":"A\u00efkido"},"content":{"rendered":"\t\t<div data-elementor-type=\"wp-page\" data-elementor-id=\"6557\" class=\"elementor elementor-6557\" data-elementor-post-type=\"page\">\n\t\t\t\t\t\t<section class=\"elementor-section elementor-top-section elementor-element elementor-element-21f8971e elementor-section-boxed elementor-section-height-default elementor-section-height-default\" data-id=\"21f8971e\" data-element_type=\"section\" data-e-type=\"section\" data-settings=\"{&quot;background_background&quot;:&quot;classic&quot;}\">\n\t\t\t\t\t\t<div class=\"elementor-container elementor-column-gap-default\">\n\t\t\t\t\t<div class=\"elementor-column elementor-col-100 elementor-top-column elementor-element elementor-element-7250423e\" data-id=\"7250423e\" data-element_type=\"column\" data-e-type=\"column\">\n\t\t\t<div class=\"elementor-widget-wrap elementor-element-populated\">\n\t\t\t\t\t\t<section class=\"elementor-section elementor-inner-section elementor-element elementor-element-807f883 elementor-section-boxed elementor-section-height-default elementor-section-height-default\" data-id=\"807f883\" data-element_type=\"section\" data-e-type=\"section\" data-settings=\"{&quot;background_background&quot;:&quot;classic&quot;}\">\n\t\t\t\t\t\t<div class=\"elementor-container elementor-column-gap-default\">\n\t\t\t\t\t<div class=\"elementor-column elementor-col-50 elementor-inner-column elementor-element elementor-element-d79d784\" data-id=\"d79d784\" data-element_type=\"column\" data-e-type=\"column\" data-settings=\"{&quot;background_background&quot;:&quot;classic&quot;}\">\n\t\t\t<div class=\"elementor-widget-wrap elementor-element-populated\">\n\t\t\t\t\t\t<div class=\"elementor-element elementor-element-83ec5da elementor-widget elementor-widget-text-editor\" data-id=\"83ec5da\" data-element_type=\"widget\" data-e-type=\"widget\" data-widget_type=\"text-editor.default\">\n\t\t\t\t<div class=\"elementor-widget-container\">\n\t\t\t\t\t\t\t\t\t<h4><strong>AIKIDO \u00a0Professeurs principaux :<\/strong><\/h4><p>Georges Morisod 6\u00e8me dan<br \/>Luc Girardin 4\u00e8me dan<\/p><h4><strong>KENJUTSU Professeur :<\/strong><\/h4><p>Jean-Michel Kaliszewski 3\u00e8me dan<\/p><h4><strong>COURS D\u2019INITIATION :<br \/><\/strong><\/h4><p>Rob van Weelderen 3\u00e8me dan<\/p><h4><strong>AIKIDO ENFANTS :<\/strong><\/h4><p>Tamara Franzova 2\u00e8me dan<\/p>\t\t\t\t\t\t\t\t<\/div>\n\t\t\t\t<\/div>\n\t\t\t\t\t<\/div>\n\t\t<\/div>\n\t\t\t\t<div class=\"elementor-column elementor-col-50 elementor-inner-column elementor-element elementor-element-6b50d07\" data-id=\"6b50d07\" data-element_type=\"column\" data-e-type=\"column\" data-settings=\"{&quot;background_background&quot;:&quot;classic&quot;}\">\n\t\t\t<div class=\"elementor-widget-wrap elementor-element-populated\">\n\t\t\t\t\t\t<div class=\"elementor-element elementor-element-b342deb elementor-widget elementor-widget-heading\" data-id=\"b342deb\" data-element_type=\"widget\" data-e-type=\"widget\" data-widget_type=\"heading.default\">\n\t\t\t\t<div class=\"elementor-widget-container\">\n\t\t\t\t\t<h5 class=\"elementor-heading-title elementor-size-default\">DOCUMENTATIONS<\/h5>\t\t\t\t<\/div>\n\t\t\t\t<\/div>\n\t\t\t\t<div class=\"elementor-element elementor-element-9dd93a8 elementor-button-info elementor-align-center elementor-widget elementor-widget-button\" data-id=\"9dd93a8\" data-element_type=\"widget\" data-e-type=\"widget\" data-widget_type=\"button.default\">\n\t\t\t\t<div class=\"elementor-widget-container\">\n\t\t\t\t\t\t\t\t\t<div class=\"elementor-button-wrapper\">\n\t\t\t\t\t<a class=\"elementor-button elementor-button-link elementor-size-lg\" href=\"http:\/\/aikikai-international-geneve.ch\/wp-content\/uploads\/2019\/10\/Techniques-examens.pdf\" target=\"_blank\">\n\t\t\t\t\t\t<span class=\"elementor-button-content-wrapper\">\n\t\t\t\t\t\t\t\t\t<span class=\"elementor-button-text\">Les attaques et techniques.<\/span>\n\t\t\t\t\t<\/span>\n\t\t\t\t\t<\/a>\n\t\t\t\t<\/div>\n\t\t\t\t\t\t\t\t<\/div>\n\t\t\t\t<\/div>\n\t\t\t\t<div class=\"elementor-element elementor-element-50923ef elementor-button-info elementor-align-center elementor-widget elementor-widget-button\" data-id=\"50923ef\" data-element_type=\"widget\" data-e-type=\"widget\" data-widget_type=\"button.default\">\n\t\t\t\t<div class=\"elementor-widget-container\">\n\t\t\t\t\t\t\t\t\t<div class=\"elementor-button-wrapper\">\n\t\t\t\t\t<a class=\"elementor-button elementor-button-link elementor-size-lg\" href=\"http:\/\/aikikai-international-geneve.ch\/wp-content\/uploads\/2019\/10\/Examen-de-Kyu-adultes-A5.pdf\" target=\"_blank\">\n\t\t\t\t\t\t<span class=\"elementor-button-content-wrapper\">\n\t\t\t\t\t\t\t\t\t<span class=\"elementor-button-text\">Examens de KYU<\/span>\n\t\t\t\t\t<\/span>\n\t\t\t\t\t<\/a>\n\t\t\t\t<\/div>\n\t\t\t\t\t\t\t\t<\/div>\n\t\t\t\t<\/div>\n\t\t\t\t<div class=\"elementor-element elementor-element-6505c15 elementor-button-info elementor-align-center elementor-widget elementor-widget-button\" data-id=\"6505c15\" data-element_type=\"widget\" data-e-type=\"widget\" data-widget_type=\"button.default\">\n\t\t\t\t<div class=\"elementor-widget-container\">\n\t\t\t\t\t\t\t\t\t<div class=\"elementor-button-wrapper\">\n\t\t\t\t\t<a class=\"elementor-button elementor-button-link elementor-size-lg\" href=\"http:\/\/aikikai-international-geneve.ch\/wp-content\/uploads\/2019\/10\/Examen-de-DAN-A5.pdf\" target=\"_blank\">\n\t\t\t\t\t\t<span class=\"elementor-button-content-wrapper\">\n\t\t\t\t\t\t\t\t\t<span class=\"elementor-button-text\">Examens de DAN<\/span>\n\t\t\t\t\t<\/span>\n\t\t\t\t\t<\/a>\n\t\t\t\t<\/div>\n\t\t\t\t\t\t\t\t<\/div>\n\t\t\t\t<\/div>\n\t\t\t\t<div class=\"elementor-element elementor-element-461f6ce elementor-button-info elementor-align-center elementor-widget elementor-widget-button\" data-id=\"461f6ce\" data-element_type=\"widget\" data-e-type=\"widget\" data-widget_type=\"button.default\">\n\t\t\t\t<div class=\"elementor-widget-container\">\n\t\t\t\t\t\t\t\t\t<div class=\"elementor-button-wrapper\">\n\t\t\t\t\t<a class=\"elementor-button elementor-button-link elementor-size-lg\" href=\"http:\/\/aikikai-international-geneve.ch\/wp-content\/uploads\/2019\/10\/Initiation-Aikido-ADULTES.pdf\" target=\"_blank\">\n\t\t\t\t\t\t<span class=\"elementor-button-content-wrapper\">\n\t\t\t\t\t\t\t\t\t<span class=\"elementor-button-text\">Initiation \u00e0 l\u2019A\u00efkido<\/span>\n\t\t\t\t\t<\/span>\n\t\t\t\t\t<\/a>\n\t\t\t\t<\/div>\n\t\t\t\t\t\t\t\t<\/div>\n\t\t\t\t<\/div>\n\t\t\t\t\t<\/div>\n\t\t<\/div>\n\t\t\t\t\t<\/div>\n\t\t<\/section>\n\t\t\t\t<div class=\"elementor-element elementor-element-ac7672f elementor-widget elementor-widget-heading\" data-id=\"ac7672f\" data-element_type=\"widget\" data-e-type=\"widget\" data-widget_type=\"heading.default\">\n\t\t\t\t<div class=\"elementor-widget-container\">\n\t\t\t\t\t<h4 class=\"elementor-heading-title elementor-size-default\">\u00ab La Voie de l\u2019union des \u00e9nergies \u00bb<\/h4>\t\t\t\t<\/div>\n\t\t\t\t<\/div>\n\t\t\t\t<div class=\"elementor-element elementor-element-599dc7b elementor-widget elementor-widget-image\" data-id=\"599dc7b\" data-element_type=\"widget\" data-e-type=\"widget\" data-widget_type=\"image.default\">\n\t\t\t\t<div class=\"elementor-widget-container\">\n\t\t\t\t\t\t\t\t\t\t\t\t\t\t\t\t<a href=\"http:\/\/aikikai-international-geneve.ch\/web\/wp-content\/uploads\/2019\/10\/Cours-du-21-02-2018.jpg\" data-elementor-open-lightbox=\"yes\" data-elementor-lightbox-title=\"Cours-du-21-02-2018\" data-e-action-hash=\"#elementor-action%3Aaction%3Dlightbox%26settings%3DeyJpZCI6NjUyMywidXJsIjoiaHR0cHM6XC9cL2Fpa2lrYWktaW50ZXJuYXRpb25hbC1nZW5ldmUuY2hcL3dwLWNvbnRlbnRcL3VwbG9hZHNcLzIwMTlcLzEwXC9Db3Vycy1kdS0yMS0wMi0yMDE4LmpwZyJ9\">\n\t\t\t\t\t\t\t<img fetchpriority=\"high\" decoding=\"async\" width=\"768\" height=\"393\" src=\"https:\/\/aikikai-international-geneve.ch\/wp-content\/uploads\/2019\/10\/Cours-du-21-02-2018-768x393.jpg\" class=\"attachment-medium_large size-medium_large wp-image-6523\" alt=\"\" srcset=\"https:\/\/aikikai-international-geneve.ch\/wp-content\/uploads\/2019\/10\/Cours-du-21-02-2018-768x393.jpg 768w, https:\/\/aikikai-international-geneve.ch\/wp-content\/uploads\/2019\/10\/Cours-du-21-02-2018-300x154.jpg 300w, https:\/\/aikikai-international-geneve.ch\/wp-content\/uploads\/2019\/10\/Cours-du-21-02-2018-1024x525.jpg 1024w, https:\/\/aikikai-international-geneve.ch\/wp-content\/uploads\/2019\/10\/Cours-du-21-02-2018.jpg 1462w\" sizes=\"(max-width: 768px) 100vw, 768px\" \/>\t\t\t\t\t\t\t\t<\/a>\n\t\t\t\t\t\t\t\t\t\t\t\t\t\t\t<\/div>\n\t\t\t\t<\/div>\n\t\t\t\t<div class=\"elementor-element elementor-element-5d3d393 elementor-widget elementor-widget-text-editor\" data-id=\"5d3d393\" data-element_type=\"widget\" data-e-type=\"widget\" data-widget_type=\"text-editor.default\">\n\t\t\t\t<div class=\"elementor-widget-container\">\n\t\t\t\t\t\t\t\t\t<p><img decoding=\"async\" class=\"alignleft wp-image-6516 size-full\" src=\"http:\/\/aikikai-international-geneve.ch\/wp-content\/uploads\/2019\/10\/Aikido01.jpg\" alt=\"\" width=\"116\" height=\"170\" \/>Morihei Ueshiba, fondateur de l\u2019a\u00efkid\u00f4, est n\u00e9 en 1883 dans une petite ville du Japon. Tr\u00e8s jeune, le bud\u00f4 suscite son int\u00e9r\u00eat. Il \u00e9tudie le j\u00fbjutsu et le kenjutsu (escrime au sabre japonais). Curieux, il ne se limite pas \u00e0 la technique seule, mais \u00e9galement \u00e0 l\u2019aspect philosophique de ces disciplines. Malgr\u00e9 sa petite taille (1 m 54), il devient physiquement d\u2019une force sup\u00e9rieure \u00e0 la moyenne.<\/p><p>Une anecdote raconte qu\u2019un officier de la marine imp\u00e9riale, impressionn\u00e9 par la notori\u00e9t\u00e9 de Morihei Ueshiba, le provoqua en duel. A sa grande surprise, pas une seule fois il ne r\u00e9ussit \u00e0 le toucher. Morihei lui expliqua qu\u2019il sentait ses attaques avant m\u00eame qu\u2019elles aient lieu. Il voyait, ou ressentait, un \u00e9clair lumineux avant m\u00eame que l\u2019attaque prenne forme.<\/p><p>C\u2019est \u00e0 cette \u00e9poque que Me Ueshiba comprit que l\u2019essence r\u00e9elle du bud\u00f4 ne r\u00e9sidait pas dans l\u2019utilisation de la force mais dans la recherche de la paix et de la s\u00e9r\u00e9nit\u00e9 dans le but d\u2019un \u00e9panouissement individuel. Le bud\u00f4 devait conduire \u00e0 l\u2019harmonie entre le temporel et le spirituel. C\u2019est cette recherche qu\u2019entreprit l\u2019a\u00efkibud\u00f4, le nom donn\u00e9 \u00e0 cette \u00e9poque \u00e0 l\u2019a\u00efkid\u00f4 qui ne fut appel\u00e9 ainsi qu\u2019apr\u00e8s la Deuxi\u00e8me Guerre mondiale (a\u00ef = harmonie, coordination, union; ki = puissance int\u00e9rieure, esprit, \u00e9nergie; d\u00f4 = \u00e9tude, recherche, voie).<\/p><p>Morihei Ueshiba ne cessa de promouvoir son art par maints \u00e9crits et d\u00e9monstrations jusqu\u2019\u00e0 sa mort en 1969.<\/p>\t\t\t\t\t\t\t\t<\/div>\n\t\t\t\t<\/div>\n\t\t\t\t<div class=\"elementor-element elementor-element-6e8b94b elementor-widget elementor-widget-heading\" data-id=\"6e8b94b\" data-element_type=\"widget\" data-e-type=\"widget\" data-widget_type=\"heading.default\">\n\t\t\t\t<div class=\"elementor-widget-container\">\n\t\t\t\t\t<h4 class=\"elementor-heading-title elementor-size-default\">Historique de l\u2019a\u00efkid\u00f4<\/h4>\t\t\t\t<\/div>\n\t\t\t\t<\/div>\n\t\t\t\t<div class=\"elementor-element elementor-element-979e8b3 elementor-widget elementor-widget-image\" data-id=\"979e8b3\" data-element_type=\"widget\" data-e-type=\"widget\" data-widget_type=\"image.default\">\n\t\t\t\t<div class=\"elementor-widget-container\">\n\t\t\t\t\t\t\t\t\t\t\t\t<figure class=\"wp-caption\">\n\t\t\t\t\t\t\t\t\t\t<img decoding=\"async\" width=\"800\" height=\"533\" src=\"https:\/\/aikikai-international-geneve.ch\/wp-content\/uploads\/2019\/10\/20101002_stage_prague_1.jpg\" class=\"attachment-large size-large wp-image-6515\" alt=\"\" srcset=\"https:\/\/aikikai-international-geneve.ch\/wp-content\/uploads\/2019\/10\/20101002_stage_prague_1.jpg 800w, https:\/\/aikikai-international-geneve.ch\/wp-content\/uploads\/2019\/10\/20101002_stage_prague_1-300x200.jpg 300w, https:\/\/aikikai-international-geneve.ch\/wp-content\/uploads\/2019\/10\/20101002_stage_prague_1-768x512.jpg 768w\" sizes=\"(max-width: 800px) 100vw, 800px\" \/>\t\t\t\t\t\t\t\t\t\t\t<figcaption class=\"widget-image-caption wp-caption-text\">Stage international d\u2019A\u00efkido de Prague du 2-3 Octobre 2010, anim\u00e9 par Gildo Mezzo et la participation d\u2019environs 90 A\u00efkidokas.<\/figcaption>\n\t\t\t\t\t\t\t\t\t\t<\/figure>\n\t\t\t\t\t\t\t\t\t<\/div>\n\t\t\t\t<\/div>\n\t\t\t\t<div class=\"elementor-element elementor-element-df6b6c1 elementor-widget elementor-widget-heading\" data-id=\"df6b6c1\" data-element_type=\"widget\" data-e-type=\"widget\" data-widget_type=\"heading.default\">\n\t\t\t\t<div class=\"elementor-widget-container\">\n\t\t\t\t\t<h4 class=\"elementor-heading-title elementor-size-default\">Historique de la section a\u00efkid\u00f4 du SDK <\/h4>\t\t\t\t<\/div>\n\t\t\t\t<\/div>\n\t\t\t\t<div class=\"elementor-element elementor-element-b5b8cda elementor-widget elementor-widget-text-editor\" data-id=\"b5b8cda\" data-element_type=\"widget\" data-e-type=\"widget\" data-widget_type=\"text-editor.default\">\n\t\t\t\t<div class=\"elementor-widget-container\">\n\t\t\t\t\t\t\t\t\t<p><img loading=\"lazy\" decoding=\"async\" class=\"alignleft size-full wp-image-6525\" src=\"http:\/\/aikikai-international-geneve.ch\/web\/wp-content\/uploads\/2019\/10\/Aikido03.jpg\" alt=\"\" width=\"283\" height=\"359\" srcset=\"https:\/\/aikikai-international-geneve.ch\/wp-content\/uploads\/2019\/10\/Aikido03.jpg 283w, https:\/\/aikikai-international-geneve.ch\/wp-content\/uploads\/2019\/10\/Aikido03-236x300.jpg 236w\" sizes=\"(max-width: 283px) 100vw, 283px\" \/>La section a\u00efkid\u00f4 de notre club a \u00e9t\u00e9 d\u00e9velopp\u00e9e par Gildo Mezzo, 7e dan d\u2019Aikikai. Gildo commen\u00e7a son apprentissage de l\u2019a\u00efkid\u00f4 en 1967. Apr\u00e8s trois ans de pratique \u00e0 Gen\u00e8ve, il part pour le Japon afin d\u2019y suivre les entra\u00eenements intensifs au Hombu D\u00f4j\u00f4 de Tokyo (Centre mondial de l\u2019A\u00efkid\u00f4). Il y reste cinq ans et obtient son 1er dan.<\/p><p>A son retour en Suisse, en 1975, il commence \u00e0 enseigner l\u2019a\u00efkid\u00f4 au SDK. Il n\u2019a alors que peu d\u2019\u00e9l\u00e8ves, l\u2019ancienne section d\u2019a\u00efkid\u00f4 du SDK s\u2019\u00e9tant divis\u00e9e entre ceux qui avaient d\u00e9cid\u00e9 de suivre le style Mochizuki, le yoseikan bud\u00f4, et les autres qui pr\u00e9f\u00e9raient le style Ueshiba et qui n\u2019attendaient qu\u2019un enseignant. A raison d\u2019un cours par semaine, la section s\u2019\u00e9toffa graduellement et prit de l\u2019ampleur. Elle comprend aujourd\u2019hui environ 120 pratiquants (adultes et enfants) avec une trentaine d\u2019\u00e9l\u00e8ves r\u00e9guli\u00e8rement sur les tatami. Le nombre des cours est pass\u00e9 \u00e0 4 cours hebdomadaires pour adultes sous la direction de Gildo Mezzo, et deux cours par semaine pour les enfants donn\u00e9s par deux \u00e0 trois \u00e9l\u00e8ves avanc\u00e9s.<\/p><p><img loading=\"lazy\" decoding=\"async\" class=\"alignright size-full wp-image-6528\" src=\"http:\/\/aikikai-international-geneve.ch\/web\/wp-content\/uploads\/2019\/10\/Gildo-dojo.jpeg\" alt=\"\" width=\"312\" height=\"211\" srcset=\"https:\/\/aikikai-international-geneve.ch\/wp-content\/uploads\/2019\/10\/Gildo-dojo.jpeg 312w, https:\/\/aikikai-international-geneve.ch\/wp-content\/uploads\/2019\/10\/Gildo-dojo-300x203.jpeg 300w\" sizes=\"(max-width: 312px) 100vw, 312px\" \/>La section est tr\u00e8s active. Huit stages environ par ann\u00e9e et la visite de nombreux ma\u00eetres de cette discipline, entre autres : autrefois, Me Kitaura, Me Chiba, et les regrett\u00e9s Me Yamaguchi, Me Fujimoto, Me Tamura, et Me Merit, aujourd\u2019hui Me Tissier, Me Gouttard, Me Orban, Me Bachraty\u2026<\/p><p>Gr\u00e2ce aux efforts constants de Gildo Mezzo, la section compte actuellement une trentaine de ceintures noires qui participent r\u00e9guli\u00e8rement aux entra\u00eenements et motivent ainsi les pratiquants moins exp\u00e9riment\u00e9s.<\/p>\t\t\t\t\t\t\t\t<\/div>\n\t\t\t\t<\/div>\n\t\t\t\t<div class=\"elementor-element elementor-element-0a0596b elementor-widget elementor-widget-heading\" data-id=\"0a0596b\" data-element_type=\"widget\" data-e-type=\"widget\" data-widget_type=\"heading.default\">\n\t\t\t\t<div class=\"elementor-widget-container\">\n\t\t\t\t\t<h4 class=\"elementor-heading-title elementor-size-default\">Techniques<\/h4>\t\t\t\t<\/div>\n\t\t\t\t<\/div>\n\t\t\t\t<div class=\"elementor-element elementor-element-9217633 elementor-widget elementor-widget-text-editor\" data-id=\"9217633\" data-element_type=\"widget\" data-e-type=\"widget\" data-widget_type=\"text-editor.default\">\n\t\t\t\t<div class=\"elementor-widget-container\">\n\t\t\t\t\t\t\t\t\t<p>L\u2019a\u00efkid\u00f4 est bas\u00e9 sur les lois naturelles telles que le cercle et la spirale. Cette discipline, \u00e0 l\u2019instar des autres disciplines martiales japonaises, offre la possibilit\u00e9 de prendre conscience de son propre corps et de d\u00e9velopper des notions d\u2019\u00e9quilibre, de dynamisme, de vigilance, de respect mutuel et d\u2019entraide.<\/p><p>Debout ou \u00e0 genoux, le pratiquant d\u2019a\u00efkid\u00f4 utilise des techniques de projections et d\u2019immobilisations avec un ou plusieurs adversaires, arm\u00e9s ou non. L\u2019\u00e9tude des armes, en particulier du sabre et du b\u00e2ton (symbolisant une lance), contribue \u00e0 la compr\u00e9hension de l\u2019a\u00efkid\u00f4 et permet une progression plus compl\u00e8te. Les chutes (ukemi) ne sont pas, comme en j\u00fbd\u00f4, l\u2019aboutissement du combat, mais s\u2019entendent comme une forme de r\u00e9cup\u00e9ration lors de la rupture d\u2019\u00e9quilibre. Tout en \u00e9vitant les blessures, les ukemi permettent de se retrouver en position d\u2019attaque ou de d\u00e9fense.<\/p><p>Une s\u00e9ance d\u2019entra\u00eenement comprend trois phases: la pr\u00e9paration physique et mentale, le travail technique et, finalement, le retour au calme.<\/p>\t\t\t\t\t\t\t\t<\/div>\n\t\t\t\t<\/div>\n\t\t\t\t\t<\/div>\n\t\t<\/div>\n\t\t\t\t\t<\/div>\n\t\t<\/section>\n\t\t\t\t<\/div>\n\t\t","protected":false},"excerpt":{"rendered":"<p>AIKIDO \u00a0Professeurs principaux : Georges Morisod 6\u00e8me danLuc Girardin 4\u00e8me dan KENJUTSU Professeur : Jean-Michel Kaliszewski 3\u00e8me dan COURS D\u2019INITIATION : Rob van Weelderen 3\u00e8me dan AIKIDO ENFANTS : Tamara Franzova 2\u00e8me dan DOCUMENTATIONS Les attaques et techniques. Examens de KYU Examens de DAN Initiation \u00e0 l\u2019A\u00efkido \u00ab La Voie de l\u2019union des \u00e9nergies \u00bb [&hellip;]<\/p>\n","protected":false},"author":1,"featured_media":0,"parent":0,"menu_order":0,"comment_status":"closed","ping_status":"closed","template":"elementor_header_footer","meta":{"footnotes":""},"folder":[],"class_list":["post-6557","page","type-page","status-publish","hentry"],"yoast_head":"<!-- This site is optimized with the Yoast SEO plugin v28.2 - https:\/\/yoast.com\/product\/yoast-seo-wordpress\/ -->\n<title>A\u00efkido - Aikikai International Geneve<\/title>\n<meta name=\"robots\" content=\"index, follow, max-snippet:-1, max-image-preview:large, max-video-preview:-1\" \/>\n<link rel=\"canonical\" href=\"https:\/\/aikikai-international-geneve.ch\/?page_id=6557\" \/>\n<meta property=\"og:locale\" content=\"fr_FR\" \/>\n<meta property=\"og:type\" content=\"article\" \/>\n<meta property=\"og:title\" content=\"A\u00efkido - Aikikai International Geneve\" \/>\n<meta property=\"og:description\" content=\"AIKIDO \u00a0Professeurs principaux : Georges Morisod 6\u00e8me danLuc Girardin 4\u00e8me dan KENJUTSU Professeur : Jean-Michel Kaliszewski 3\u00e8me dan COURS D\u2019INITIATION : Rob van Weelderen 3\u00e8me dan AIKIDO ENFANTS : Tamara Franzova 2\u00e8me dan DOCUMENTATIONS Les attaques et techniques. Examens de KYU Examens de DAN Initiation \u00e0 l\u2019A\u00efkido \u00ab La Voie de l\u2019union des \u00e9nergies \u00bb [&hellip;]\" \/>\n<meta property=\"og:url\" content=\"https:\/\/aikikai-international-geneve.ch\/?page_id=6557\" \/>\n<meta property=\"og:site_name\" content=\"Aikikai International Geneve\" \/>\n<meta property=\"article:modified_time\" content=\"2026-07-12T14:19:06+00:00\" \/>\n<meta property=\"og:image\" content=\"http:\/\/aikikai-international-geneve.ch\/wp-content\/uploads\/2019\/10\/Cours-du-21-02-2018-768x393.jpg\" \/>\n<meta name=\"twitter:card\" content=\"summary_large_image\" \/>\n<meta name=\"twitter:label1\" content=\"Dur\u00e9e de lecture estim\u00e9e\" \/>\n\t<meta name=\"twitter:data1\" content=\"5 minutes\" \/>\n<script type=\"application\/ld+json\" class=\"yoast-schema-graph\">{\"@context\":\"https:\\\/\\\/schema.org\",\"@graph\":[{\"@type\":\"WebPage\",\"@id\":\"https:\\\/\\\/aikikai-international-geneve.ch\\\/?page_id=6557\",\"url\":\"https:\\\/\\\/aikikai-international-geneve.ch\\\/?page_id=6557\",\"name\":\"A\u00efkido - Aikikai International Geneve\",\"isPartOf\":{\"@id\":\"https:\\\/\\\/aikikai-international-geneve.ch\\\/#website\"},\"primaryImageOfPage\":{\"@id\":\"https:\\\/\\\/aikikai-international-geneve.ch\\\/?page_id=6557#primaryimage\"},\"image\":{\"@id\":\"https:\\\/\\\/aikikai-international-geneve.ch\\\/?page_id=6557#primaryimage\"},\"thumbnailUrl\":\"http:\\\/\\\/aikikai-international-geneve.ch\\\/wp-content\\\/uploads\\\/2019\\\/10\\\/Cours-du-21-02-2018-768x393.jpg\",\"datePublished\":\"2019-10-22T15:23:09+00:00\",\"dateModified\":\"2026-07-12T14:19:06+00:00\",\"breadcrumb\":{\"@id\":\"https:\\\/\\\/aikikai-international-geneve.ch\\\/?page_id=6557#breadcrumb\"},\"inLanguage\":\"fr-FR\",\"potentialAction\":[{\"@type\":\"ReadAction\",\"target\":[\"https:\\\/\\\/aikikai-international-geneve.ch\\\/?page_id=6557\"]}]},{\"@type\":\"ImageObject\",\"inLanguage\":\"fr-FR\",\"@id\":\"https:\\\/\\\/aikikai-international-geneve.ch\\\/?page_id=6557#primaryimage\",\"url\":\"https:\\\/\\\/aikikai-international-geneve.ch\\\/wp-content\\\/uploads\\\/2019\\\/10\\\/Cours-du-21-02-2018.jpg\",\"contentUrl\":\"https:\\\/\\\/aikikai-international-geneve.ch\\\/wp-content\\\/uploads\\\/2019\\\/10\\\/Cours-du-21-02-2018.jpg\",\"width\":1462,\"height\":749},{\"@type\":\"BreadcrumbList\",\"@id\":\"https:\\\/\\\/aikikai-international-geneve.ch\\\/?page_id=6557#breadcrumb\",\"itemListElement\":[{\"@type\":\"ListItem\",\"position\":1,\"name\":\"Home\",\"item\":\"https:\\\/\\\/aikikai-international-geneve.ch\\\/\"},{\"@type\":\"ListItem\",\"position\":2,\"name\":\"A\u00efkido\"}]},{\"@type\":\"WebSite\",\"@id\":\"https:\\\/\\\/aikikai-international-geneve.ch\\\/#website\",\"url\":\"https:\\\/\\\/aikikai-international-geneve.ch\\\/\",\"name\":\"Aikikai International Geneve\",\"description\":\"Les sections A\u00efkido et KenJutsu du Shung Do Kwan Budo Gen\u00e8ve\",\"potentialAction\":[{\"@type\":\"SearchAction\",\"target\":{\"@type\":\"EntryPoint\",\"urlTemplate\":\"https:\\\/\\\/aikikai-international-geneve.ch\\\/?s={search_term_string}\"},\"query-input\":{\"@type\":\"PropertyValueSpecification\",\"valueRequired\":true,\"valueName\":\"search_term_string\"}}],\"inLanguage\":\"fr-FR\"}]}<\/script>\n<!-- \/ Yoast SEO plugin. -->","yoast_head_json":{"title":"A\u00efkido - Aikikai International Geneve","robots":{"index":"index","follow":"follow","max-snippet":"max-snippet:-1","max-image-preview":"max-image-preview:large","max-video-preview":"max-video-preview:-1"},"canonical":"https:\/\/aikikai-international-geneve.ch\/?page_id=6557","og_locale":"fr_FR","og_type":"article","og_title":"A\u00efkido - Aikikai International Geneve","og_description":"AIKIDO \u00a0Professeurs principaux : Georges Morisod 6\u00e8me danLuc Girardin 4\u00e8me dan KENJUTSU Professeur : Jean-Michel Kaliszewski 3\u00e8me dan COURS D\u2019INITIATION : Rob van Weelderen 3\u00e8me dan AIKIDO ENFANTS : Tamara Franzova 2\u00e8me dan DOCUMENTATIONS Les attaques et techniques. Examens de KYU Examens de DAN Initiation \u00e0 l\u2019A\u00efkido \u00ab La Voie de l\u2019union des \u00e9nergies \u00bb [&hellip;]","og_url":"https:\/\/aikikai-international-geneve.ch\/?page_id=6557","og_site_name":"Aikikai International Geneve","article_modified_time":"2026-07-12T14:19:06+00:00","og_image":[{"url":"http:\/\/aikikai-international-geneve.ch\/wp-content\/uploads\/2019\/10\/Cours-du-21-02-2018-768x393.jpg","type":"","width":"","height":""}],"twitter_card":"summary_large_image","twitter_misc":{"Dur\u00e9e de lecture estim\u00e9e":"5 minutes"},"schema":{"@context":"https:\/\/schema.org","@graph":[{"@type":"WebPage","@id":"https:\/\/aikikai-international-geneve.ch\/?page_id=6557","url":"https:\/\/aikikai-international-geneve.ch\/?page_id=6557","name":"A\u00efkido - Aikikai International Geneve","isPartOf":{"@id":"https:\/\/aikikai-international-geneve.ch\/#website"},"primaryImageOfPage":{"@id":"https:\/\/aikikai-international-geneve.ch\/?page_id=6557#primaryimage"},"image":{"@id":"https:\/\/aikikai-international-geneve.ch\/?page_id=6557#primaryimage"},"thumbnailUrl":"http:\/\/aikikai-international-geneve.ch\/wp-content\/uploads\/2019\/10\/Cours-du-21-02-2018-768x393.jpg","datePublished":"2019-10-22T15:23:09+00:00","dateModified":"2026-07-12T14:19:06+00:00","breadcrumb":{"@id":"https:\/\/aikikai-international-geneve.ch\/?page_id=6557#breadcrumb"},"inLanguage":"fr-FR","potentialAction":[{"@type":"ReadAction","target":["https:\/\/aikikai-international-geneve.ch\/?page_id=6557"]}]},{"@type":"ImageObject","inLanguage":"fr-FR","@id":"https:\/\/aikikai-international-geneve.ch\/?page_id=6557#primaryimage","url":"https:\/\/aikikai-international-geneve.ch\/wp-content\/uploads\/2019\/10\/Cours-du-21-02-2018.jpg","contentUrl":"https:\/\/aikikai-international-geneve.ch\/wp-content\/uploads\/2019\/10\/Cours-du-21-02-2018.jpg","width":1462,"height":749},{"@type":"BreadcrumbList","@id":"https:\/\/aikikai-international-geneve.ch\/?page_id=6557#breadcrumb","itemListElement":[{"@type":"ListItem","position":1,"name":"Home","item":"https:\/\/aikikai-international-geneve.ch\/"},{"@type":"ListItem","position":2,"name":"A\u00efkido"}]},{"@type":"WebSite","@id":"https:\/\/aikikai-international-geneve.ch\/#website","url":"https:\/\/aikikai-international-geneve.ch\/","name":"Aikikai International Geneve","description":"Les sections A\u00efkido et KenJutsu du Shung Do Kwan Budo Gen\u00e8ve","potentialAction":[{"@type":"SearchAction","target":{"@type":"EntryPoint","urlTemplate":"https:\/\/aikikai-international-geneve.ch\/?s={search_term_string}"},"query-input":{"@type":"PropertyValueSpecification","valueRequired":true,"valueName":"search_term_string"}}],"inLanguage":"fr-FR"}]}},"_links":{"self":[{"href":"https:\/\/aikikai-international-geneve.ch\/index.php?rest_route=\/wp\/v2\/pages\/6557","targetHints":{"allow":["GET"]}}],"collection":[{"href":"https:\/\/aikikai-international-geneve.ch\/index.php?rest_route=\/wp\/v2\/pages"}],"about":[{"href":"https:\/\/aikikai-international-geneve.ch\/index.php?rest_route=\/wp\/v2\/types\/page"}],"author":[{"embeddable":true,"href":"https:\/\/aikikai-international-geneve.ch\/index.php?rest_route=\/wp\/v2\/users\/1"}],"replies":[{"embeddable":true,"href":"https:\/\/aikikai-international-geneve.ch\/index.php?rest_route=%2Fwp%2Fv2%2Fcomments&post=6557"}],"version-history":[{"count":102,"href":"https:\/\/aikikai-international-geneve.ch\/index.php?rest_route=\/wp\/v2\/pages\/6557\/revisions"}],"predecessor-version":[{"id":26105,"href":"https:\/\/aikikai-international-geneve.ch\/index.php?rest_route=\/wp\/v2\/pages\/6557\/revisions\/26105"}],"wp:attachment":[{"href":"https:\/\/aikikai-international-geneve.ch\/index.php?rest_route=%2Fwp%2Fv2%2Fmedia&parent=6557"}],"wp:term":[{"taxonomy":"folder","embeddable":true,"href":"https:\/\/aikikai-international-geneve.ch\/index.php?rest_route=%2Fwp%2Fv2%2Ffolder&post=6557"}],"curies":[{"name":"wp","href":"https:\/\/api.w.org\/{rel}","templated":true}]}}