{"id":6565,"date":"2019-10-22T15:35:07","date_gmt":"2019-10-22T15:35:07","guid":{"rendered":"http:\/\/aikikai-international-geneve.ch\/web\/?page_id=6565"},"modified":"2026-05-26T14:26:28","modified_gmt":"2026-05-26T14:26:28","slug":"aikido-enfants","status":"publish","type":"page","link":"https:\/\/aikikai-international-geneve.ch\/?page_id=6565","title":{"rendered":"A\u00efkido enfants"},"content":{"rendered":"\t\t<div data-elementor-type=\"wp-page\" data-elementor-id=\"6565\" class=\"elementor elementor-6565\" data-elementor-post-type=\"page\">\n\t\t\t\t\t\t<section class=\"elementor-section elementor-top-section elementor-element elementor-element-2357a103 elementor-section-stretched elementor-section-boxed elementor-section-height-default elementor-section-height-default\" data-id=\"2357a103\" data-element_type=\"section\" data-e-type=\"section\" data-settings=\"{&quot;background_background&quot;:&quot;classic&quot;,&quot;stretch_section&quot;:&quot;section-stretched&quot;}\">\n\t\t\t\t\t\t<div class=\"elementor-container elementor-column-gap-default\">\n\t\t\t\t\t<div class=\"elementor-column elementor-col-100 elementor-top-column elementor-element elementor-element-73c66ac0\" data-id=\"73c66ac0\" data-element_type=\"column\" data-e-type=\"column\" data-settings=\"{&quot;background_background&quot;:&quot;classic&quot;}\">\n\t\t\t<div class=\"elementor-widget-wrap elementor-element-populated\">\n\t\t\t\t\t\t<div class=\"elementor-element elementor-element-80e78fd elementor-widget elementor-widget-heading\" data-id=\"80e78fd\" data-element_type=\"widget\" data-e-type=\"widget\" data-widget_type=\"heading.default\">\n\t\t\t\t<div class=\"elementor-widget-container\">\n\t\t\t\t\t<h4 class=\"elementor-heading-title elementor-size-default\">A\u00efkido Enfants<\/h4>\t\t\t\t<\/div>\n\t\t\t\t<\/div>\n\t\t\t\t<section class=\"elementor-section elementor-inner-section elementor-element elementor-element-aa3346f elementor-section-boxed elementor-section-height-default elementor-section-height-default\" data-id=\"aa3346f\" data-element_type=\"section\" data-e-type=\"section\" data-settings=\"{&quot;background_background&quot;:&quot;classic&quot;}\">\n\t\t\t\t\t\t<div class=\"elementor-container elementor-column-gap-default\">\n\t\t\t\t\t<div class=\"elementor-column elementor-col-50 elementor-inner-column elementor-element elementor-element-789bcb1\" data-id=\"789bcb1\" data-element_type=\"column\" data-e-type=\"column\" data-settings=\"{&quot;background_background&quot;:&quot;classic&quot;}\">\n\t\t\t<div class=\"elementor-widget-wrap elementor-element-populated\">\n\t\t\t\t\t\t<div class=\"elementor-element elementor-element-be1bf88 elementor-button-info elementor-align-center elementor-widget elementor-widget-button\" data-id=\"be1bf88\" data-element_type=\"widget\" data-e-type=\"widget\" data-widget_type=\"button.default\">\n\t\t\t\t<div class=\"elementor-widget-container\">\n\t\t\t\t\t\t\t\t\t<div class=\"elementor-button-wrapper\">\n\t\t\t\t\t<a class=\"elementor-button elementor-button-link elementor-size-sm\" href=\"http:\/\/aikikai-international-geneve.ch\/wp-content\/uploads\/2019\/10\/Techniques-examens.pdf\" target=\"_blank\">\n\t\t\t\t\t\t<span class=\"elementor-button-content-wrapper\">\n\t\t\t\t\t\t\t\t\t<span class=\"elementor-button-text\">Attaques et techniques.<\/span>\n\t\t\t\t\t<\/span>\n\t\t\t\t\t<\/a>\n\t\t\t\t<\/div>\n\t\t\t\t\t\t\t\t<\/div>\n\t\t\t\t<\/div>\n\t\t\t\t\t<\/div>\n\t\t<\/div>\n\t\t\t\t<div class=\"elementor-column elementor-col-50 elementor-inner-column elementor-element elementor-element-829b0ca\" data-id=\"829b0ca\" data-element_type=\"column\" data-e-type=\"column\" data-settings=\"{&quot;background_background&quot;:&quot;classic&quot;}\">\n\t\t\t<div class=\"elementor-widget-wrap elementor-element-populated\">\n\t\t\t\t\t\t<div class=\"elementor-element elementor-element-6fc0eea elementor-button-info elementor-align-center elementor-widget elementor-widget-button\" data-id=\"6fc0eea\" data-element_type=\"widget\" data-e-type=\"widget\" data-widget_type=\"button.default\">\n\t\t\t\t<div class=\"elementor-widget-container\">\n\t\t\t\t\t\t\t\t\t<div class=\"elementor-button-wrapper\">\n\t\t\t\t\t<a class=\"elementor-button elementor-button-link elementor-size-sm\" href=\"#elementor-action%3Aaction%3Dpopup%3Aopen%26settings%3DeyJpZCI6Njc1MywidG9nZ2xlIjpmYWxzZX0%3D\">\n\t\t\t\t\t\t<span class=\"elementor-button-content-wrapper\">\n\t\t\t\t\t\t\t\t\t<span class=\"elementor-button-text\">Manuel jeunes pratiquants.<\/span>\n\t\t\t\t\t<\/span>\n\t\t\t\t\t<\/a>\n\t\t\t\t<\/div>\n\t\t\t\t\t\t\t\t<\/div>\n\t\t\t\t<\/div>\n\t\t\t\t\t<\/div>\n\t\t<\/div>\n\t\t\t\t\t<\/div>\n\t\t<\/section>\n\t\t\t\t<div class=\"elementor-element elementor-element-f5a96ac elementor-widget elementor-widget-heading\" data-id=\"f5a96ac\" data-element_type=\"widget\" data-e-type=\"widget\" data-widget_type=\"heading.default\">\n\t\t\t\t<div class=\"elementor-widget-container\">\n\t\t\t\t\t<h5 class=\"elementor-heading-title elementor-size-default\">Section A\u00efkido enfants \u2013 adolescents<\/h5>\t\t\t\t<\/div>\n\t\t\t\t<\/div>\n\t\t\t\t<div class=\"elementor-element elementor-element-1af1246 elementor-widget elementor-widget-text-editor\" data-id=\"1af1246\" data-element_type=\"widget\" data-e-type=\"widget\" data-widget_type=\"text-editor.default\">\n\t\t\t\t<div class=\"elementor-widget-container\">\n\t\t\t\t\t\t\t\t\t<p><img decoding=\"async\" class=\"alignright wp-image-6535 size-full\" src=\"http:\/\/aikikai-international-geneve.ch\/wp-content\/uploads\/2019\/10\/enfants_01.png\" alt=\"\" width=\"231\" height=\"188\" \/>La section A\u00efkido enfants et adolescents du Shung-Do-Kwan fut fond\u00e9e vers les ann\u00e9es 1980. Plusieurs professeurs se sont succ\u00e9d\u00e9s jusqu\u2019\u00e0 ce jour. Actuellement Mme Tamara Franzova (2\u00e8me DAN) est la professeur, elle est second\u00e9e par plusieurs assistants(es).<\/p><p>L\u2019AIKIDO peut \u00eatre traduit par l\u2019\u00e9tude et la recherche de la coordination physique et mentale de l\u2019\u00e9nergie.<\/p><p>LA PRATIQUE DE L\u2019AIKIDO se pr\u00e9sente ext\u00e9rieurement comme un ensemble de techniques tr\u00e8s \u00e9labor\u00e9es et tr\u00e8s diverses, bas\u00e9es sur les lois naturelles du cercle et de la spirale.<\/p><p>L\u2019A\u00efkido pratiqu\u00e9 par les enfants est de la m\u00eame \u00e9cole que celle des adultes. Par contre les cours sont donn\u00e9s avec une d\u00e9marche tr\u00e8s ludique, tout en gardant l\u2019esprit martial et la philosophie de d\u00e9samorcer l\u2019agression. L\u2019efficacit\u00e9 n\u2019est pas le but principal, mais par contre le respect du partenaire et la prise de conscience de son environnement est primordial. Le d\u00e9veloppement harmonieux de l\u2019enfant et de l\u2019adolescent est notre objectif.<\/p><p>La progression de l\u2019\u00e9l\u00e8ve est jalonn\u00e9e de stages et d\u2019examens qui le font passer d\u2019un grade \u00e0 l\u2019autre. Il y en a 6 (chaque grade \u00e0 sa couleur) pour arriver \u00e0 la ceinture noire (1er DAN). Pour les enfants chaque grade est encore \u00e9chelonn\u00e9 en barrettes (5).<\/p>\t\t\t\t\t\t\t\t<\/div>\n\t\t\t\t<\/div>\n\t\t\t\t<div class=\"elementor-element elementor-element-835f4cc elementor-widget elementor-widget-heading\" data-id=\"835f4cc\" data-element_type=\"widget\" data-e-type=\"widget\" data-widget_type=\"heading.default\">\n\t\t\t\t<div class=\"elementor-widget-container\">\n\t\t\t\t\t<h5 class=\"elementor-heading-title elementor-size-default\">LE COURS EST COMPOSE COMME SUIT :<\/h5>\t\t\t\t<\/div>\n\t\t\t\t<\/div>\n\t\t\t\t<div class=\"elementor-element elementor-element-c584599 elementor-widget elementor-widget-text-editor\" data-id=\"c584599\" data-element_type=\"widget\" data-e-type=\"widget\" data-widget_type=\"text-editor.default\">\n\t\t\t\t<div class=\"elementor-widget-container\">\n\t\t\t\t\t\t\t\t\t<h4><strong>Echauffement:<\/strong><\/h4><p>pr\u00e9paration du corps \u00e0 la pratique<\/p><h4><strong>D\u00e9placements:<\/strong><\/h4><p>debout , \u00e0 genoux<\/p><h4><strong>Les chutes:<\/strong><\/h4><p>avant et arri\u00e8re<\/p><h4><strong>Les attaques, les saisies:<\/strong><\/h4><p>vari\u00e9es et sous divers formes<\/p><h4><strong>Les techniques avec:<\/strong><\/h4><p>l\u2019absorption, l\u2019entr\u00e9e, le d\u00e9s\u00e9quilibre, l\u2019immobilisation ou la projection.<\/p><p>Un enfant peut commencer l\u2019A\u00efkido \u00e0 partir de 8 ans. A 15 ans un adolescent s\u2019entra\u00eene avec les adultes.<\/p><p>La tenue est la m\u00eame qu\u2019en judo ou karat\u00e9.<\/p><p>Un enfant ou adolescent doit \u00eatre accompagn\u00e9 de ses parents pour commencer.<\/p>\t\t\t\t\t\t\t\t<\/div>\n\t\t\t\t<\/div>\n\t\t\t\t\t<\/div>\n\t\t<\/div>\n\t\t\t\t\t<\/div>\n\t\t<\/section>\n\t\t\t\t<\/div>\n\t\t","protected":false},"excerpt":{"rendered":"<p>A\u00efkido Enfants Attaques et techniques. Manuel jeunes pratiquants. Section A\u00efkido enfants \u2013 adolescents La section A\u00efkido enfants et adolescents du Shung-Do-Kwan fut fond\u00e9e vers les ann\u00e9es 1980. Plusieurs professeurs se sont succ\u00e9d\u00e9s jusqu\u2019\u00e0 ce jour. Actuellement Mme Tamara Franzova (2\u00e8me DAN) est la professeur, elle est second\u00e9e par plusieurs assistants(es). L\u2019AIKIDO peut \u00eatre traduit par [&hellip;]<\/p>\n","protected":false},"author":1,"featured_media":0,"parent":0,"menu_order":0,"comment_status":"closed","ping_status":"closed","template":"elementor_header_footer","meta":{"footnotes":""},"folder":[],"class_list":["post-6565","page","type-page","status-publish","hentry"],"yoast_head":"<!-- This site is optimized with the Yoast SEO plugin v28.2 - https:\/\/yoast.com\/product\/yoast-seo-wordpress\/ -->\n<title>A\u00efkido enfants - Aikikai International Geneve<\/title>\n<meta name=\"robots\" content=\"index, follow, max-snippet:-1, max-image-preview:large, max-video-preview:-1\" \/>\n<link rel=\"canonical\" href=\"https:\/\/aikikai-international-geneve.ch\/?page_id=6565\" \/>\n<meta property=\"og:locale\" content=\"fr_FR\" \/>\n<meta property=\"og:type\" content=\"article\" \/>\n<meta property=\"og:title\" content=\"A\u00efkido enfants - Aikikai International Geneve\" \/>\n<meta property=\"og:description\" content=\"A\u00efkido Enfants Attaques et techniques. Manuel jeunes pratiquants. Section A\u00efkido enfants \u2013 adolescents La section A\u00efkido enfants et adolescents du Shung-Do-Kwan fut fond\u00e9e vers les ann\u00e9es 1980. Plusieurs professeurs se sont succ\u00e9d\u00e9s jusqu\u2019\u00e0 ce jour. Actuellement Mme Tamara Franzova (2\u00e8me DAN) est la professeur, elle est second\u00e9e par plusieurs assistants(es). L\u2019AIKIDO peut \u00eatre traduit par [&hellip;]\" \/>\n<meta property=\"og:url\" content=\"https:\/\/aikikai-international-geneve.ch\/?page_id=6565\" \/>\n<meta property=\"og:site_name\" content=\"Aikikai International Geneve\" \/>\n<meta property=\"article:modified_time\" content=\"2026-05-26T14:26:28+00:00\" \/>\n<meta property=\"og:image\" content=\"http:\/\/aikikai-international-geneve.ch\/wp-content\/uploads\/2019\/10\/enfants_01.png\" \/>\n<meta name=\"twitter:card\" content=\"summary_large_image\" \/>\n<meta name=\"twitter:label1\" content=\"Dur\u00e9e de lecture estim\u00e9e\" \/>\n\t<meta name=\"twitter:data1\" content=\"2 minutes\" \/>\n<script type=\"application\/ld+json\" class=\"yoast-schema-graph\">{\"@context\":\"https:\\\/\\\/schema.org\",\"@graph\":[{\"@type\":\"WebPage\",\"@id\":\"https:\\\/\\\/aikikai-international-geneve.ch\\\/?page_id=6565\",\"url\":\"https:\\\/\\\/aikikai-international-geneve.ch\\\/?page_id=6565\",\"name\":\"A\u00efkido enfants - Aikikai International Geneve\",\"isPartOf\":{\"@id\":\"https:\\\/\\\/aikikai-international-geneve.ch\\\/#website\"},\"primaryImageOfPage\":{\"@id\":\"https:\\\/\\\/aikikai-international-geneve.ch\\\/?page_id=6565#primaryimage\"},\"image\":{\"@id\":\"https:\\\/\\\/aikikai-international-geneve.ch\\\/?page_id=6565#primaryimage\"},\"thumbnailUrl\":\"http:\\\/\\\/aikikai-international-geneve.ch\\\/wp-content\\\/uploads\\\/2019\\\/10\\\/enfants_01.png\",\"datePublished\":\"2019-10-22T15:35:07+00:00\",\"dateModified\":\"2026-05-26T14:26:28+00:00\",\"breadcrumb\":{\"@id\":\"https:\\\/\\\/aikikai-international-geneve.ch\\\/?page_id=6565#breadcrumb\"},\"inLanguage\":\"fr-FR\",\"potentialAction\":[{\"@type\":\"ReadAction\",\"target\":[\"https:\\\/\\\/aikikai-international-geneve.ch\\\/?page_id=6565\"]}]},{\"@type\":\"ImageObject\",\"inLanguage\":\"fr-FR\",\"@id\":\"https:\\\/\\\/aikikai-international-geneve.ch\\\/?page_id=6565#primaryimage\",\"url\":\"https:\\\/\\\/aikikai-international-geneve.ch\\\/wp-content\\\/uploads\\\/2019\\\/10\\\/enfants_01.png\",\"contentUrl\":\"https:\\\/\\\/aikikai-international-geneve.ch\\\/wp-content\\\/uploads\\\/2019\\\/10\\\/enfants_01.png\",\"width\":231,\"height\":188},{\"@type\":\"BreadcrumbList\",\"@id\":\"https:\\\/\\\/aikikai-international-geneve.ch\\\/?page_id=6565#breadcrumb\",\"itemListElement\":[{\"@type\":\"ListItem\",\"position\":1,\"name\":\"Home\",\"item\":\"https:\\\/\\\/aikikai-international-geneve.ch\\\/\"},{\"@type\":\"ListItem\",\"position\":2,\"name\":\"A\u00efkido enfants\"}]},{\"@type\":\"WebSite\",\"@id\":\"https:\\\/\\\/aikikai-international-geneve.ch\\\/#website\",\"url\":\"https:\\\/\\\/aikikai-international-geneve.ch\\\/\",\"name\":\"Aikikai International Geneve\",\"description\":\"Les sections A\u00efkido et KenJutsu du Shung Do Kwan Budo Gen\u00e8ve\",\"potentialAction\":[{\"@type\":\"SearchAction\",\"target\":{\"@type\":\"EntryPoint\",\"urlTemplate\":\"https:\\\/\\\/aikikai-international-geneve.ch\\\/?s={search_term_string}\"},\"query-input\":{\"@type\":\"PropertyValueSpecification\",\"valueRequired\":true,\"valueName\":\"search_term_string\"}}],\"inLanguage\":\"fr-FR\"}]}<\/script>\n<!-- \/ Yoast SEO plugin. -->","yoast_head_json":{"title":"A\u00efkido enfants - Aikikai International Geneve","robots":{"index":"index","follow":"follow","max-snippet":"max-snippet:-1","max-image-preview":"max-image-preview:large","max-video-preview":"max-video-preview:-1"},"canonical":"https:\/\/aikikai-international-geneve.ch\/?page_id=6565","og_locale":"fr_FR","og_type":"article","og_title":"A\u00efkido enfants - Aikikai International Geneve","og_description":"A\u00efkido Enfants Attaques et techniques. Manuel jeunes pratiquants. Section A\u00efkido enfants \u2013 adolescents La section A\u00efkido enfants et adolescents du Shung-Do-Kwan fut fond\u00e9e vers les ann\u00e9es 1980. Plusieurs professeurs se sont succ\u00e9d\u00e9s jusqu\u2019\u00e0 ce jour. Actuellement Mme Tamara Franzova (2\u00e8me DAN) est la professeur, elle est second\u00e9e par plusieurs assistants(es). L\u2019AIKIDO peut \u00eatre traduit par [&hellip;]","og_url":"https:\/\/aikikai-international-geneve.ch\/?page_id=6565","og_site_name":"Aikikai International Geneve","article_modified_time":"2026-05-26T14:26:28+00:00","og_image":[{"url":"http:\/\/aikikai-international-geneve.ch\/wp-content\/uploads\/2019\/10\/enfants_01.png","type":"","width":"","height":""}],"twitter_card":"summary_large_image","twitter_misc":{"Dur\u00e9e de lecture estim\u00e9e":"2 minutes"},"schema":{"@context":"https:\/\/schema.org","@graph":[{"@type":"WebPage","@id":"https:\/\/aikikai-international-geneve.ch\/?page_id=6565","url":"https:\/\/aikikai-international-geneve.ch\/?page_id=6565","name":"A\u00efkido enfants - Aikikai International Geneve","isPartOf":{"@id":"https:\/\/aikikai-international-geneve.ch\/#website"},"primaryImageOfPage":{"@id":"https:\/\/aikikai-international-geneve.ch\/?page_id=6565#primaryimage"},"image":{"@id":"https:\/\/aikikai-international-geneve.ch\/?page_id=6565#primaryimage"},"thumbnailUrl":"http:\/\/aikikai-international-geneve.ch\/wp-content\/uploads\/2019\/10\/enfants_01.png","datePublished":"2019-10-22T15:35:07+00:00","dateModified":"2026-05-26T14:26:28+00:00","breadcrumb":{"@id":"https:\/\/aikikai-international-geneve.ch\/?page_id=6565#breadcrumb"},"inLanguage":"fr-FR","potentialAction":[{"@type":"ReadAction","target":["https:\/\/aikikai-international-geneve.ch\/?page_id=6565"]}]},{"@type":"ImageObject","inLanguage":"fr-FR","@id":"https:\/\/aikikai-international-geneve.ch\/?page_id=6565#primaryimage","url":"https:\/\/aikikai-international-geneve.ch\/wp-content\/uploads\/2019\/10\/enfants_01.png","contentUrl":"https:\/\/aikikai-international-geneve.ch\/wp-content\/uploads\/2019\/10\/enfants_01.png","width":231,"height":188},{"@type":"BreadcrumbList","@id":"https:\/\/aikikai-international-geneve.ch\/?page_id=6565#breadcrumb","itemListElement":[{"@type":"ListItem","position":1,"name":"Home","item":"https:\/\/aikikai-international-geneve.ch\/"},{"@type":"ListItem","position":2,"name":"A\u00efkido enfants"}]},{"@type":"WebSite","@id":"https:\/\/aikikai-international-geneve.ch\/#website","url":"https:\/\/aikikai-international-geneve.ch\/","name":"Aikikai International Geneve","description":"Les sections A\u00efkido et KenJutsu du Shung Do Kwan Budo Gen\u00e8ve","potentialAction":[{"@type":"SearchAction","target":{"@type":"EntryPoint","urlTemplate":"https:\/\/aikikai-international-geneve.ch\/?s={search_term_string}"},"query-input":{"@type":"PropertyValueSpecification","valueRequired":true,"valueName":"search_term_string"}}],"inLanguage":"fr-FR"}]}},"_links":{"self":[{"href":"https:\/\/aikikai-international-geneve.ch\/index.php?rest_route=\/wp\/v2\/pages\/6565","targetHints":{"allow":["GET"]}}],"collection":[{"href":"https:\/\/aikikai-international-geneve.ch\/index.php?rest_route=\/wp\/v2\/pages"}],"about":[{"href":"https:\/\/aikikai-international-geneve.ch\/index.php?rest_route=\/wp\/v2\/types\/page"}],"author":[{"embeddable":true,"href":"https:\/\/aikikai-international-geneve.ch\/index.php?rest_route=\/wp\/v2\/users\/1"}],"replies":[{"embeddable":true,"href":"https:\/\/aikikai-international-geneve.ch\/index.php?rest_route=%2Fwp%2Fv2%2Fcomments&post=6565"}],"version-history":[{"count":48,"href":"https:\/\/aikikai-international-geneve.ch\/index.php?rest_route=\/wp\/v2\/pages\/6565\/revisions"}],"predecessor-version":[{"id":25798,"href":"https:\/\/aikikai-international-geneve.ch\/index.php?rest_route=\/wp\/v2\/pages\/6565\/revisions\/25798"}],"wp:attachment":[{"href":"https:\/\/aikikai-international-geneve.ch\/index.php?rest_route=%2Fwp%2Fv2%2Fmedia&parent=6565"}],"wp:term":[{"taxonomy":"folder","embeddable":true,"href":"https:\/\/aikikai-international-geneve.ch\/index.php?rest_route=%2Fwp%2Fv2%2Ffolder&post=6565"}],"curies":[{"name":"wp","href":"https:\/\/api.w.org\/{rel}","templated":true}]}}