{"id":6802,"date":"2019-10-22T15:23:09","date_gmt":"2019-10-22T15:23:09","guid":{"rendered":"http:\/\/aikikai-international-geneve.ch\/web\/index.php\/aikido\/"},"modified":"2026-07-12T14:48:53","modified_gmt":"2026-07-12T14:48:53","slug":"aikido","status":"publish","type":"page","link":"https:\/\/aikikai-international-geneve.ch\/?page_id=6802&lang=de","title":{"rendered":"A\u00efkido"},"content":{"rendered":"\t\t<div data-elementor-type=\"wp-page\" data-elementor-id=\"6802\" class=\"elementor elementor-6802 elementor-6557\" data-elementor-post-type=\"page\">\n\t\t\t\t\t\t<section class=\"elementor-section elementor-top-section elementor-element elementor-element-21f8971e elementor-section-boxed elementor-section-height-default elementor-section-height-default\" data-id=\"21f8971e\" data-element_type=\"section\" data-e-type=\"section\" data-settings=\"{&quot;background_background&quot;:&quot;classic&quot;}\">\n\t\t\t\t\t\t<div class=\"elementor-container elementor-column-gap-default\">\n\t\t\t\t\t<div class=\"elementor-column elementor-col-100 elementor-top-column elementor-element elementor-element-7250423e\" data-id=\"7250423e\" data-element_type=\"column\" data-e-type=\"column\">\n\t\t\t<div class=\"elementor-widget-wrap elementor-element-populated\">\n\t\t\t\t\t\t<section class=\"elementor-section elementor-inner-section elementor-element elementor-element-807f883 elementor-section-boxed elementor-section-height-default elementor-section-height-default\" data-id=\"807f883\" data-element_type=\"section\" data-e-type=\"section\" data-settings=\"{&quot;background_background&quot;:&quot;classic&quot;}\">\n\t\t\t\t\t\t<div class=\"elementor-container elementor-column-gap-default\">\n\t\t\t\t\t<div class=\"elementor-column elementor-col-50 elementor-inner-column elementor-element elementor-element-d79d784\" data-id=\"d79d784\" data-element_type=\"column\" data-e-type=\"column\" data-settings=\"{&quot;background_background&quot;:&quot;classic&quot;}\">\n\t\t\t<div class=\"elementor-widget-wrap elementor-element-populated\">\n\t\t\t\t\t\t<div class=\"elementor-element elementor-element-83ec5da elementor-widget elementor-widget-text-editor\" data-id=\"83ec5da\" data-element_type=\"widget\" data-e-type=\"widget\" data-widget_type=\"text-editor.default\">\n\t\t\t\t<div class=\"elementor-widget-container\">\n\t\t\t\t\t\t\t\t\t<pre id=\"tw-target-text\" class=\"tw-data-text tw-text-large tw-ta\" dir=\"ltr\" tabindex=\"-1\" role=\"text\" data-placeholder=\"Traduction\" data-ved=\"2ahUKEwiFqu7or82VAxVb87sIHY4ZBGgQ3ewLegQIDRAV\" aria-label=\"Texte traduit\u00a0: AIKIDO-Cheftrainer:\"><strong><span class=\"Y2IQFc\" lang=\"de\">AIKIDO-Cheftrainer:<\/span><\/strong><\/pre>\n<p>Georges Morisod, 6. Dan<\/p>\n<p>Luc Girardin, 4. Dan<\/p>\n<pre id=\"tw-target-text\" class=\"tw-data-text tw-text-large tw-ta\" dir=\"ltr\" tabindex=\"-1\" role=\"text\" data-placeholder=\"Traduction\" data-ved=\"2ahUKEwiFqu7or82VAxVb87sIHY4ZBGgQ3ewLegQIDRAV\" aria-label=\"Texte traduit\u00a0: KENJUTSU-Lehrer:\"><strong><span class=\"Y2IQFc\" lang=\"de\">KENJUTSU-Lehrer:<\/span><\/strong><\/pre>\n<p>Jean-Michel Kaliszewski, 3. Dan<\/p>\n<pre>EINF\u00dcHRUNGSKURSE:<\/pre>\n<p>Rob van Weelderen, 3. Dan<\/p>\n<pre>KINDER-AIKIDO:<\/pre>\n<p>Tamara Franzova, 2. Dan<\/p>\n\t\t\t\t\t\t\t\t<\/div>\n\t\t\t\t<\/div>\n\t\t\t\t\t<\/div>\n\t\t<\/div>\n\t\t\t\t<div class=\"elementor-column elementor-col-50 elementor-inner-column elementor-element elementor-element-6b50d07\" data-id=\"6b50d07\" data-element_type=\"column\" data-e-type=\"column\" data-settings=\"{&quot;background_background&quot;:&quot;classic&quot;}\">\n\t\t\t<div class=\"elementor-widget-wrap elementor-element-populated\">\n\t\t\t\t\t\t<div class=\"elementor-element elementor-element-b342deb elementor-widget elementor-widget-heading\" data-id=\"b342deb\" data-element_type=\"widget\" data-e-type=\"widget\" data-widget_type=\"heading.default\">\n\t\t\t\t<div class=\"elementor-widget-container\">\n\t\t\t\t\t<h5 class=\"elementor-heading-title elementor-size-default\">DOKUMENTATION<\/h5>\t\t\t\t<\/div>\n\t\t\t\t<\/div>\n\t\t\t\t<div class=\"elementor-element elementor-element-9dd93a8 elementor-button-info elementor-align-center elementor-widget elementor-widget-button\" data-id=\"9dd93a8\" data-element_type=\"widget\" data-e-type=\"widget\" data-widget_type=\"button.default\">\n\t\t\t\t<div class=\"elementor-widget-container\">\n\t\t\t\t\t\t\t\t\t<div class=\"elementor-button-wrapper\">\n\t\t\t\t\t<a class=\"elementor-button elementor-button-link elementor-size-lg\" href=\"http:\/\/aikikai-international-geneve.ch\/wp-content\/uploads\/2019\/10\/Techniques-examens.pdf\" target=\"_blank\">\n\t\t\t\t\t\t<span class=\"elementor-button-content-wrapper\">\n\t\t\t\t\t\t\t\t\t<span class=\"elementor-button-text\">Angriffe und Techniken.<\/span>\n\t\t\t\t\t<\/span>\n\t\t\t\t\t<\/a>\n\t\t\t\t<\/div>\n\t\t\t\t\t\t\t\t<\/div>\n\t\t\t\t<\/div>\n\t\t\t\t<div class=\"elementor-element elementor-element-50923ef elementor-button-info elementor-align-center elementor-widget elementor-widget-button\" data-id=\"50923ef\" data-element_type=\"widget\" data-e-type=\"widget\" data-widget_type=\"button.default\">\n\t\t\t\t<div class=\"elementor-widget-container\">\n\t\t\t\t\t\t\t\t\t<div class=\"elementor-button-wrapper\">\n\t\t\t\t\t<a class=\"elementor-button elementor-button-link elementor-size-lg\" href=\"http:\/\/aikikai-international-geneve.ch\/wp-content\/uploads\/2019\/10\/Examen-de-Kyu-adultes-A5.pdf\" target=\"_blank\">\n\t\t\t\t\t\t<span class=\"elementor-button-content-wrapper\">\n\t\t\t\t\t\t\t\t\t<span class=\"elementor-button-text\">KYU-Pr\u00fcfungen (Franz\u00f6sisch)<\/span>\n\t\t\t\t\t<\/span>\n\t\t\t\t\t<\/a>\n\t\t\t\t<\/div>\n\t\t\t\t\t\t\t\t<\/div>\n\t\t\t\t<\/div>\n\t\t\t\t<div class=\"elementor-element elementor-element-6505c15 elementor-button-info elementor-align-center elementor-widget elementor-widget-button\" data-id=\"6505c15\" data-element_type=\"widget\" data-e-type=\"widget\" data-widget_type=\"button.default\">\n\t\t\t\t<div class=\"elementor-widget-container\">\n\t\t\t\t\t\t\t\t\t<div class=\"elementor-button-wrapper\">\n\t\t\t\t\t<a class=\"elementor-button elementor-button-link elementor-size-lg\" href=\"http:\/\/aikikai-international-geneve.ch\/wp-content\/uploads\/2019\/10\/Examen-de-DAN-A5.pdf\" target=\"_blank\">\n\t\t\t\t\t\t<span class=\"elementor-button-content-wrapper\">\n\t\t\t\t\t\t\t\t\t<span class=\"elementor-button-text\">DAN-Pr\u00fcfungen (Franz\u00f6sisch)<\/span>\n\t\t\t\t\t<\/span>\n\t\t\t\t\t<\/a>\n\t\t\t\t<\/div>\n\t\t\t\t\t\t\t\t<\/div>\n\t\t\t\t<\/div>\n\t\t\t\t<div class=\"elementor-element elementor-element-461f6ce elementor-button-info elementor-align-center elementor-widget elementor-widget-button\" data-id=\"461f6ce\" data-element_type=\"widget\" data-e-type=\"widget\" data-widget_type=\"button.default\">\n\t\t\t\t<div class=\"elementor-widget-container\">\n\t\t\t\t\t\t\t\t\t<div class=\"elementor-button-wrapper\">\n\t\t\t\t\t<a class=\"elementor-button elementor-button-link elementor-size-lg\" href=\"http:\/\/aikikai-international-geneve.ch\/wp-content\/uploads\/2019\/10\/Initiation-Aikido-ADULTES.pdf\" target=\"_blank\">\n\t\t\t\t\t\t<span class=\"elementor-button-content-wrapper\">\n\t\t\t\t\t\t\t\t\t<span class=\"elementor-button-text\">Einf\u00fchrung in Aikido (Franz\u00f6sisch)<\/span>\n\t\t\t\t\t<\/span>\n\t\t\t\t\t<\/a>\n\t\t\t\t<\/div>\n\t\t\t\t\t\t\t\t<\/div>\n\t\t\t\t<\/div>\n\t\t\t\t\t<\/div>\n\t\t<\/div>\n\t\t\t\t\t<\/div>\n\t\t<\/section>\n\t\t\t\t<div class=\"elementor-element elementor-element-ac7672f elementor-widget elementor-widget-heading\" data-id=\"ac7672f\" data-element_type=\"widget\" data-e-type=\"widget\" data-widget_type=\"heading.default\">\n\t\t\t\t<div class=\"elementor-widget-container\">\n\t\t\t\t\t<h4 class=\"elementor-heading-title elementor-size-default\">\u00ab Der Weg der Harmonie der Energien \u00bb<\/h4>\t\t\t\t<\/div>\n\t\t\t\t<\/div>\n\t\t\t\t<div class=\"elementor-element elementor-element-599dc7b elementor-widget elementor-widget-image\" data-id=\"599dc7b\" data-element_type=\"widget\" data-e-type=\"widget\" data-widget_type=\"image.default\">\n\t\t\t\t<div class=\"elementor-widget-container\">\n\t\t\t\t\t\t\t\t\t\t\t\t\t\t\t\t<a href=\"http:\/\/aikikai-international-geneve.ch\/wp-content\/uploads\/2019\/10\/Cours-du-21-02-2018.jpg\" data-elementor-open-lightbox=\"yes\" data-elementor-lightbox-title=\"Cours-du-21-02-2018\" data-e-action-hash=\"#elementor-action%3Aaction%3Dlightbox%26settings%3DeyJpZCI6MjYxMTYsInVybCI6Imh0dHBzOlwvXC9haWtpa2FpLWludGVybmF0aW9uYWwtZ2VuZXZlLmNoXC93cC1jb250ZW50XC91cGxvYWRzXC8yMDE5XC8xMFwvQ291cnMtZHUtMjEtMDItMjAxOC5qcGcifQ%3D%3D\">\n\t\t\t\t\t\t\t<img fetchpriority=\"high\" decoding=\"async\" width=\"768\" height=\"393\" src=\"https:\/\/aikikai-international-geneve.ch\/wp-content\/uploads\/2019\/10\/Cours-du-21-02-2018-768x393.jpg\" class=\"attachment-medium_large size-medium_large wp-image-26116\" alt=\"\" srcset=\"https:\/\/aikikai-international-geneve.ch\/wp-content\/uploads\/2019\/10\/Cours-du-21-02-2018-768x393.jpg 768w, https:\/\/aikikai-international-geneve.ch\/wp-content\/uploads\/2019\/10\/Cours-du-21-02-2018-300x154.jpg 300w, https:\/\/aikikai-international-geneve.ch\/wp-content\/uploads\/2019\/10\/Cours-du-21-02-2018-1024x525.jpg 1024w, https:\/\/aikikai-international-geneve.ch\/wp-content\/uploads\/2019\/10\/Cours-du-21-02-2018.jpg 1462w\" sizes=\"(max-width: 768px) 100vw, 768px\" \/>\t\t\t\t\t\t\t\t<\/a>\n\t\t\t\t\t\t\t\t\t\t\t\t\t\t\t<\/div>\n\t\t\t\t<\/div>\n\t\t\t\t<div class=\"elementor-element elementor-element-5d3d393 elementor-widget elementor-widget-text-editor\" data-id=\"5d3d393\" data-element_type=\"widget\" data-e-type=\"widget\" data-widget_type=\"text-editor.default\">\n\t\t\t\t<div class=\"elementor-widget-container\">\n\t\t\t\t\t\t\t\t\t<p><img decoding=\"async\" class=\"alignleft wp-image-6516 size-full\" src=\"http:\/\/aikikai-international-geneve.ch\/wp-content\/uploads\/2019\/10\/Aikido01.jpg\" alt=\"\" width=\"116\" height=\"170\" \/><\/p>\n<p>Morihei Ueshiba, der Begr\u00fcnder des Aikido, wurde 1883 in einer kleinen Stadt in Japan geboren. Schon in jungen Jahren interessierte er sich f\u00fcr Budo (Kampfk\u00fcnste). Er studierte Jujutsu und Kenjutsu (japanische Schwertkunst). Von Natur aus neugierig, beschr\u00e4nkte er sich nicht nur auf die Technik, sondern erforschte auch die philosophischen Aspekte dieser Disziplinen. Trotz seiner geringen K\u00f6rpergr\u00f6\u00dfe (1,54 Meter) war er k\u00f6rperlich \u00fcberdurchschnittlich stark.<\/p>\n<p>Eine Anekdote erz\u00e4hlt, dass ein Offizier der Kaiserlichen Marine, beeindruckt von Morihei Ueshibas Ruhm, ihn zum Duell forderte. Zu seinem gro\u00dfen Erstaunen konnte er keinen einzigen Treffer landen. Morihei erkl\u00e4rte, er habe seine Angriffe gesp\u00fcrt, bevor sie \u00fcberhaupt ausgef\u00fchrt wurden. Er sah oder f\u00fchlte einen Lichtblitz, bevor der Angriff Gestalt annahm.<\/p>\n<p>Zu dieser Zeit erkannte Herr Ueshiba, dass das wahre Wesen des Budo nicht im Einsatz von Gewalt, sondern im Streben nach Frieden und Gelassenheit zur individuellen Erf\u00fcllung liegt. Budo sollte zur Harmonie zwischen dem Weltlichen und dem Spirituellen f\u00fchren. Dieses Ziel verfolgte Aikibudo, der damalige Name f\u00fcr Aikido, das erst nach dem Zweiten Weltkrieg diesen Namen erhielt (ai = Harmonie, Koordination, Vereinigung; ki = innere Kraft, Geist, Energie; do = Studium, Forschung, Weg).<\/p>\n<p>Morihei Ueshiba verbreitete seine Kampfkunst unerm\u00fcdlich durch zahlreiche Schriften und Vorf\u00fchrungen bis zu seinem Tod im Jahr 1969.<\/p>\n\t\t\t\t\t\t\t\t<\/div>\n\t\t\t\t<\/div>\n\t\t\t\t<div class=\"elementor-element elementor-element-6e8b94b elementor-widget elementor-widget-heading\" data-id=\"6e8b94b\" data-element_type=\"widget\" data-e-type=\"widget\" data-widget_type=\"heading.default\">\n\t\t\t\t<div class=\"elementor-widget-container\">\n\t\t\t\t\t<h4 class=\"elementor-heading-title elementor-size-default\">Geschichte des Aikido<\/h4>\t\t\t\t<\/div>\n\t\t\t\t<\/div>\n\t\t\t\t<div class=\"elementor-element elementor-element-979e8b3 elementor-widget elementor-widget-image\" data-id=\"979e8b3\" data-element_type=\"widget\" data-e-type=\"widget\" data-widget_type=\"image.default\">\n\t\t\t\t<div class=\"elementor-widget-container\">\n\t\t\t\t\t\t\t\t\t\t\t\t<figure class=\"wp-caption\">\n\t\t\t\t\t\t\t\t\t\t<img decoding=\"async\" width=\"800\" height=\"533\" src=\"https:\/\/aikikai-international-geneve.ch\/wp-content\/uploads\/2019\/10\/20101002_stage_prague_1.jpg\" class=\"attachment-large size-large wp-image-26118\" alt=\"\" srcset=\"https:\/\/aikikai-international-geneve.ch\/wp-content\/uploads\/2019\/10\/20101002_stage_prague_1.jpg 800w, https:\/\/aikikai-international-geneve.ch\/wp-content\/uploads\/2019\/10\/20101002_stage_prague_1-300x200.jpg 300w, https:\/\/aikikai-international-geneve.ch\/wp-content\/uploads\/2019\/10\/20101002_stage_prague_1-768x512.jpg 768w\" sizes=\"(max-width: 800px) 100vw, 800px\" \/>\t\t\t\t\t\t\t\t\t\t\t<figcaption class=\"widget-image-caption wp-caption-text\">Internationales Aikido-Seminar in Prag am 2. und 3. Oktober 2010 unter der Leitung von Gildo Mezzo und mit der Teilnahme von rund 90 Aikido-Praktizierenden.<\/figcaption>\n\t\t\t\t\t\t\t\t\t\t<\/figure>\n\t\t\t\t\t\t\t\t\t<\/div>\n\t\t\t\t<\/div>\n\t\t\t\t<div class=\"elementor-element elementor-element-df6b6c1 elementor-widget elementor-widget-heading\" data-id=\"df6b6c1\" data-element_type=\"widget\" data-e-type=\"widget\" data-widget_type=\"heading.default\">\n\t\t\t\t<div class=\"elementor-widget-container\">\n\t\t\t\t\t<h4 class=\"elementor-heading-title elementor-size-default\">Geschichte des SDK-Aikido-Abschnitts<\/h4>\t\t\t\t<\/div>\n\t\t\t\t<\/div>\n\t\t\t\t<div class=\"elementor-element elementor-element-b5b8cda elementor-widget elementor-widget-text-editor\" data-id=\"b5b8cda\" data-element_type=\"widget\" data-e-type=\"widget\" data-widget_type=\"text-editor.default\">\n\t\t\t\t<div class=\"elementor-widget-container\">\n\t\t\t\t\t\t\t\t\t<p><img loading=\"lazy\" decoding=\"async\" class=\"alignleft wp-image-6525 size-full\" src=\"http:\/\/aikikai-international-geneve.ch\/wp-content\/uploads\/2019\/10\/Aikido03.jpg\" alt=\"\" width=\"283\" height=\"359\" srcset=\"https:\/\/aikikai-international-geneve.ch\/wp-content\/uploads\/2019\/10\/Aikido03.jpg 283w, https:\/\/aikikai-international-geneve.ch\/wp-content\/uploads\/2019\/10\/Aikido03-236x300.jpg 236w\" sizes=\"(max-width: 283px) 100vw, 283px\" \/><\/p>\n<p id=\"tw-target-text\" class=\"tw-data-text tw-text-large tw-ta\" dir=\"ltr\" tabindex=\"-1\" role=\"text\" data-placeholder=\"Traduction\" data-ved=\"2ahUKEwiFqu7or82VAxVb87sIHY4ZBGgQ3ewLegQIDRAV\" aria-label=\"Texte traduit\u00a0: Die Aikido-Abteilung unseres Vereins wurde von Gildo Mezzo, einem Aikikai-Tr\u00e4ger des 7. Dan, aufgebaut.\"><span class=\"Y2IQFc\" lang=\"de\">Die Aikido-Abteilung unseres Vereins wurde von Gildo Mezzo, einem Aikikai-Tr\u00e4ger des 7. Dan, aufgebaut.<\/span> Gildo begann sein Aikido-Training 1967. Nach drei Jahren Training in Genf ging er nach Japan, um im Tokyo Hombu Dojo (Welt-Aikido-Zentrum) ein intensives Training zu absolvieren. Dort blieb er f\u00fcnf Jahre und erwarb seinen 1. Dan.<\/p>\n<p>Nach seiner R\u00fcckkehr in die Schweiz 1975 begann er, Aikido beim SDK (Schweizer Kitesurf-Verband) zu unterrichten. Damals hatte er nur wenige Sch\u00fcler, da sich die damalige Aikido-Abteilung des SDK in zwei Gruppen aufgeteilt hatte: diejenigen, die den Mochizuki-Stil (Yoseikan Budo) praktizierten, und diejenigen, die den Ueshiba-Stil bevorzugten und auf einen Lehrer warteten. Mit einem Kurs pro Woche wuchs die Abteilung allm\u00e4hlich. Heute hat der Verein etwa 120 Mitglieder (Erwachsene und Kinder), von denen rund 30 regelm\u00e4\u00dfig trainieren. Das Kursangebot wurde auf vier w\u00f6chentliche Kurse f\u00fcr Erwachsene unter der Leitung von Gildo Mezzo und zwei w\u00f6chentliche Kurse f\u00fcr Kinder, die von zwei bis drei fortgeschrittenen Sch\u00fclern unterrichtet werden, erweitert.<\/p>\n<p><img loading=\"lazy\" decoding=\"async\" class=\"alignright wp-image-6528 size-full\" src=\"http:\/\/aikikai-international-geneve.ch\/wp-content\/uploads\/2019\/10\/Gildo-dojo.jpeg\" alt=\"\" width=\"312\" height=\"211\" srcset=\"https:\/\/aikikai-international-geneve.ch\/wp-content\/uploads\/2019\/10\/Gildo-dojo.jpeg 312w, https:\/\/aikikai-international-geneve.ch\/wp-content\/uploads\/2019\/10\/Gildo-dojo-300x203.jpeg 300w\" sizes=\"(max-width: 312px) 100vw, 312px\" \/><\/p>\n<p>Der Club ist sehr aktiv. Er veranstaltet j\u00e4hrlich etwa acht Trainingslager und begr\u00fc\u00dft zahlreiche Meister der Disziplin, darunter in der Vergangenheit Meister Kitaura, Meister Chiba und die verstorbenen Meister Yamaguchi, Fujimoto, Tamura und Merit sowie aktuell Meister Tissier, Meister Gouttard, Meister Orban und Meister Bachraty.<\/p>\n<p>Dank Gildo Mezzos kontinuierlichem Engagement kann der Club mittlerweile rund drei\u00dfig Schwarzgurte vorweisen, die regelm\u00e4\u00dfig am Training teilnehmen und so die weniger erfahrenen Trainierenden motivieren.<\/p>\n\t\t\t\t\t\t\t\t<\/div>\n\t\t\t\t<\/div>\n\t\t\t\t<div class=\"elementor-element elementor-element-0a0596b elementor-widget elementor-widget-heading\" data-id=\"0a0596b\" data-element_type=\"widget\" data-e-type=\"widget\" data-widget_type=\"heading.default\">\n\t\t\t\t<div class=\"elementor-widget-container\">\n\t\t\t\t\t<h4 class=\"elementor-heading-title elementor-size-default\">Techniques<\/h4>\t\t\t\t<\/div>\n\t\t\t\t<\/div>\n\t\t\t\t<div class=\"elementor-element elementor-element-9217633 elementor-widget elementor-widget-text-editor\" data-id=\"9217633\" data-element_type=\"widget\" data-e-type=\"widget\" data-widget_type=\"text-editor.default\">\n\t\t\t\t<div class=\"elementor-widget-container\">\n\t\t\t\t\t\t\t\t\t<p>Aikido basiert auf Naturgesetzen wie dem Kreis und der Spirale. Diese Disziplin bietet, wie andere japanische Kampfk\u00fcnste auch, die M\u00f6glichkeit, das eigene K\u00f6rperbewusstsein zu sch\u00e4rfen und ein Gef\u00fchl f\u00fcr Gleichgewicht, Dynamik, Wachsamkeit, gegenseitigen Respekt und gegenseitige Unterst\u00fctzung zu entwickeln.<\/p>\n<p>Im Stehen oder Knien wendet der Aikido-\u00dcbende Wurf- und Fixierungstechniken gegen einen oder mehrere Gegner an, ob bewaffnet oder unbewaffnet. Das Studium der Waffen, insbesondere des Schwertes und des Stabes (der symbolisch f\u00fcr einen Speer steht), tr\u00e4gt zum Verst\u00e4ndnis des Aikido bei und erm\u00f6glicht eine umfassendere Weiterentwicklung. St\u00fcrze (Ukemi) bedeuten nicht wie im Judo das Ende des Kampfes, sondern dienen der Wiederherstellung des Gleichgewichts. Sie beugen Verletzungen vor und erm\u00f6glichen es, eine Angriffs- oder Verteidigungsposition wieder einzunehmen.<\/p>\n<p>Eine Trainingseinheit besteht aus drei Phasen: der k\u00f6rperlichen und mentalen Vorbereitung, dem Techniktraining und schlie\u00dflich der R\u00fcckkehr zur Ruhe.<\/p>\n\t\t\t\t\t\t\t\t<\/div>\n\t\t\t\t<\/div>\n\t\t\t\t\t<\/div>\n\t\t<\/div>\n\t\t\t\t\t<\/div>\n\t\t<\/section>\n\t\t\t\t<\/div>\n\t\t","protected":false},"excerpt":{"rendered":"<p>AIKIDO-Cheftrainer: Georges Morisod, 6. Dan Luc Girardin, 4. Dan KENJUTSU-Lehrer: Jean-Michel Kaliszewski, 3. Dan EINF\u00dcHRUNGSKURSE: Rob van Weelderen, 3. Dan KINDER-AIKIDO: Tamara Franzova, 2. Dan DOKUMENTATION Angriffe und Techniken. KYU-Pr\u00fcfungen (Franz\u00f6sisch) DAN-Pr\u00fcfungen (Franz\u00f6sisch) Einf\u00fchrung in Aikido (Franz\u00f6sisch) \u00ab Der Weg der Harmonie der Energien \u00bb Morihei Ueshiba, der Begr\u00fcnder des Aikido, wurde 1883 in einer [&hellip;]<\/p>\n","protected":false},"author":1,"featured_media":0,"parent":0,"menu_order":0,"comment_status":"closed","ping_status":"closed","template":"elementor_header_footer","meta":{"footnotes":""},"folder":[],"class_list":["post-6802","page","type-page","status-publish","hentry"],"yoast_head":"<!-- This site is optimized with the Yoast SEO plugin v28.2 - https:\/\/yoast.com\/product\/yoast-seo-wordpress\/ -->\n<title>A\u00efkido - Aikikai International Geneve<\/title>\n<meta name=\"robots\" content=\"index, follow, max-snippet:-1, max-image-preview:large, max-video-preview:-1\" \/>\n<link rel=\"canonical\" href=\"https:\/\/aikikai-international-geneve.ch\/?page_id=6802\" \/>\n<meta property=\"og:locale\" content=\"fr_FR\" \/>\n<meta property=\"og:type\" content=\"article\" \/>\n<meta property=\"og:title\" content=\"A\u00efkido - Aikikai International Geneve\" \/>\n<meta property=\"og:description\" content=\"AIKIDO-Cheftrainer: Georges Morisod, 6. Dan Luc Girardin, 4. Dan KENJUTSU-Lehrer: Jean-Michel Kaliszewski, 3. Dan EINF\u00dcHRUNGSKURSE: Rob van Weelderen, 3. Dan KINDER-AIKIDO: Tamara Franzova, 2. Dan DOKUMENTATION Angriffe und Techniken. KYU-Pr\u00fcfungen (Franz\u00f6sisch) DAN-Pr\u00fcfungen (Franz\u00f6sisch) Einf\u00fchrung in Aikido (Franz\u00f6sisch) \u00ab Der Weg der Harmonie der Energien \u00bb Morihei Ueshiba, der Begr\u00fcnder des Aikido, wurde 1883 in einer [&hellip;]\" \/>\n<meta property=\"og:url\" content=\"https:\/\/aikikai-international-geneve.ch\/?page_id=6802&amp;lang=de\" \/>\n<meta property=\"og:site_name\" content=\"Aikikai International Geneve\" \/>\n<meta property=\"article:modified_time\" content=\"2026-07-12T14:48:53+00:00\" \/>\n<meta property=\"og:image\" content=\"https:\/\/aikikai-international-geneve.ch\/wp-content\/uploads\/2019\/10\/Cours-du-21-02-2018.jpg\" \/>\n\t<meta property=\"og:image:width\" content=\"1462\" \/>\n\t<meta property=\"og:image:height\" content=\"749\" \/>\n\t<meta property=\"og:image:type\" content=\"image\/jpeg\" \/>\n<meta name=\"twitter:card\" content=\"summary_large_image\" \/>\n<meta name=\"twitter:label1\" content=\"Dur\u00e9e de lecture estim\u00e9e\" \/>\n\t<meta name=\"twitter:data1\" content=\"3 minutes\" \/>\n<script type=\"application\/ld+json\" class=\"yoast-schema-graph\">{\"@context\":\"https:\\\/\\\/schema.org\",\"@graph\":[{\"@type\":\"WebPage\",\"@id\":\"https:\\\/\\\/aikikai-international-geneve.ch\\\/?page_id=6802&lang=de\",\"url\":\"https:\\\/\\\/aikikai-international-geneve.ch\\\/?page_id=6802&lang=de\",\"name\":\"A\u00efkido - Aikikai International Geneve\",\"isPartOf\":{\"@id\":\"https:\\\/\\\/aikikai-international-geneve.ch\\\/#website\"},\"primaryImageOfPage\":{\"@id\":\"https:\\\/\\\/aikikai-international-geneve.ch\\\/?page_id=6802&lang=de#primaryimage\"},\"image\":{\"@id\":\"https:\\\/\\\/aikikai-international-geneve.ch\\\/?page_id=6802&lang=de#primaryimage\"},\"thumbnailUrl\":\"http:\\\/\\\/aikikai-international-geneve.ch\\\/wp-content\\\/uploads\\\/2019\\\/10\\\/Cours-du-21-02-2018-768x393.jpg\",\"datePublished\":\"2019-10-22T15:23:09+00:00\",\"dateModified\":\"2026-07-12T14:48:53+00:00\",\"breadcrumb\":{\"@id\":\"https:\\\/\\\/aikikai-international-geneve.ch\\\/?page_id=6802&lang=de#breadcrumb\"},\"inLanguage\":\"fr-FR\",\"potentialAction\":[{\"@type\":\"ReadAction\",\"target\":[\"https:\\\/\\\/aikikai-international-geneve.ch\\\/?page_id=6802&lang=de\"]}]},{\"@type\":\"ImageObject\",\"inLanguage\":\"fr-FR\",\"@id\":\"https:\\\/\\\/aikikai-international-geneve.ch\\\/?page_id=6802&lang=de#primaryimage\",\"url\":\"https:\\\/\\\/aikikai-international-geneve.ch\\\/wp-content\\\/uploads\\\/2019\\\/10\\\/Cours-du-21-02-2018.jpg\",\"contentUrl\":\"https:\\\/\\\/aikikai-international-geneve.ch\\\/wp-content\\\/uploads\\\/2019\\\/10\\\/Cours-du-21-02-2018.jpg\",\"width\":1462,\"height\":749},{\"@type\":\"BreadcrumbList\",\"@id\":\"https:\\\/\\\/aikikai-international-geneve.ch\\\/?page_id=6802&lang=de#breadcrumb\",\"itemListElement\":[{\"@type\":\"ListItem\",\"position\":1,\"name\":\"Home\",\"item\":\"https:\\\/\\\/aikikai-international-geneve.ch\\\/\"},{\"@type\":\"ListItem\",\"position\":2,\"name\":\"A\u00efkido\"}]},{\"@type\":\"WebSite\",\"@id\":\"https:\\\/\\\/aikikai-international-geneve.ch\\\/#website\",\"url\":\"https:\\\/\\\/aikikai-international-geneve.ch\\\/\",\"name\":\"Aikikai International Geneve\",\"description\":\"Les sections A\u00efkido et KenJutsu du Shung Do Kwan Budo Gen\u00e8ve\",\"potentialAction\":[{\"@type\":\"SearchAction\",\"target\":{\"@type\":\"EntryPoint\",\"urlTemplate\":\"https:\\\/\\\/aikikai-international-geneve.ch\\\/?s={search_term_string}\"},\"query-input\":{\"@type\":\"PropertyValueSpecification\",\"valueRequired\":true,\"valueName\":\"search_term_string\"}}],\"inLanguage\":\"fr-FR\"}]}<\/script>\n<!-- \/ Yoast SEO plugin. -->","yoast_head_json":{"title":"A\u00efkido - Aikikai International Geneve","robots":{"index":"index","follow":"follow","max-snippet":"max-snippet:-1","max-image-preview":"max-image-preview:large","max-video-preview":"max-video-preview:-1"},"canonical":"https:\/\/aikikai-international-geneve.ch\/?page_id=6802","og_locale":"fr_FR","og_type":"article","og_title":"A\u00efkido - Aikikai International Geneve","og_description":"AIKIDO-Cheftrainer: Georges Morisod, 6. Dan Luc Girardin, 4. Dan KENJUTSU-Lehrer: Jean-Michel Kaliszewski, 3. Dan EINF\u00dcHRUNGSKURSE: Rob van Weelderen, 3. Dan KINDER-AIKIDO: Tamara Franzova, 2. Dan DOKUMENTATION Angriffe und Techniken. KYU-Pr\u00fcfungen (Franz\u00f6sisch) DAN-Pr\u00fcfungen (Franz\u00f6sisch) Einf\u00fchrung in Aikido (Franz\u00f6sisch) \u00ab Der Weg der Harmonie der Energien \u00bb Morihei Ueshiba, der Begr\u00fcnder des Aikido, wurde 1883 in einer [&hellip;]","og_url":"https:\/\/aikikai-international-geneve.ch\/?page_id=6802&lang=de","og_site_name":"Aikikai International Geneve","article_modified_time":"2026-07-12T14:48:53+00:00","og_image":[{"width":1462,"height":749,"url":"https:\/\/aikikai-international-geneve.ch\/wp-content\/uploads\/2019\/10\/Cours-du-21-02-2018.jpg","type":"image\/jpeg"}],"twitter_card":"summary_large_image","twitter_misc":{"Dur\u00e9e de lecture estim\u00e9e":"3 minutes"},"schema":{"@context":"https:\/\/schema.org","@graph":[{"@type":"WebPage","@id":"https:\/\/aikikai-international-geneve.ch\/?page_id=6802&lang=de","url":"https:\/\/aikikai-international-geneve.ch\/?page_id=6802&lang=de","name":"A\u00efkido - Aikikai International Geneve","isPartOf":{"@id":"https:\/\/aikikai-international-geneve.ch\/#website"},"primaryImageOfPage":{"@id":"https:\/\/aikikai-international-geneve.ch\/?page_id=6802&lang=de#primaryimage"},"image":{"@id":"https:\/\/aikikai-international-geneve.ch\/?page_id=6802&lang=de#primaryimage"},"thumbnailUrl":"http:\/\/aikikai-international-geneve.ch\/wp-content\/uploads\/2019\/10\/Cours-du-21-02-2018-768x393.jpg","datePublished":"2019-10-22T15:23:09+00:00","dateModified":"2026-07-12T14:48:53+00:00","breadcrumb":{"@id":"https:\/\/aikikai-international-geneve.ch\/?page_id=6802&lang=de#breadcrumb"},"inLanguage":"fr-FR","potentialAction":[{"@type":"ReadAction","target":["https:\/\/aikikai-international-geneve.ch\/?page_id=6802&lang=de"]}]},{"@type":"ImageObject","inLanguage":"fr-FR","@id":"https:\/\/aikikai-international-geneve.ch\/?page_id=6802&lang=de#primaryimage","url":"https:\/\/aikikai-international-geneve.ch\/wp-content\/uploads\/2019\/10\/Cours-du-21-02-2018.jpg","contentUrl":"https:\/\/aikikai-international-geneve.ch\/wp-content\/uploads\/2019\/10\/Cours-du-21-02-2018.jpg","width":1462,"height":749},{"@type":"BreadcrumbList","@id":"https:\/\/aikikai-international-geneve.ch\/?page_id=6802&lang=de#breadcrumb","itemListElement":[{"@type":"ListItem","position":1,"name":"Home","item":"https:\/\/aikikai-international-geneve.ch\/"},{"@type":"ListItem","position":2,"name":"A\u00efkido"}]},{"@type":"WebSite","@id":"https:\/\/aikikai-international-geneve.ch\/#website","url":"https:\/\/aikikai-international-geneve.ch\/","name":"Aikikai International Geneve","description":"Les sections A\u00efkido et KenJutsu du Shung Do Kwan Budo Gen\u00e8ve","potentialAction":[{"@type":"SearchAction","target":{"@type":"EntryPoint","urlTemplate":"https:\/\/aikikai-international-geneve.ch\/?s={search_term_string}"},"query-input":{"@type":"PropertyValueSpecification","valueRequired":true,"valueName":"search_term_string"}}],"inLanguage":"fr-FR"}]}},"_links":{"self":[{"href":"https:\/\/aikikai-international-geneve.ch\/index.php?rest_route=\/wp\/v2\/pages\/6802","targetHints":{"allow":["GET"]}}],"collection":[{"href":"https:\/\/aikikai-international-geneve.ch\/index.php?rest_route=\/wp\/v2\/pages"}],"about":[{"href":"https:\/\/aikikai-international-geneve.ch\/index.php?rest_route=\/wp\/v2\/types\/page"}],"author":[{"embeddable":true,"href":"https:\/\/aikikai-international-geneve.ch\/index.php?rest_route=\/wp\/v2\/users\/1"}],"replies":[{"embeddable":true,"href":"https:\/\/aikikai-international-geneve.ch\/index.php?rest_route=%2Fwp%2Fv2%2Fcomments&post=6802"}],"version-history":[{"count":51,"href":"https:\/\/aikikai-international-geneve.ch\/index.php?rest_route=\/wp\/v2\/pages\/6802\/revisions"}],"predecessor-version":[{"id":26121,"href":"https:\/\/aikikai-international-geneve.ch\/index.php?rest_route=\/wp\/v2\/pages\/6802\/revisions\/26121"}],"wp:attachment":[{"href":"https:\/\/aikikai-international-geneve.ch\/index.php?rest_route=%2Fwp%2Fv2%2Fmedia&parent=6802"}],"wp:term":[{"taxonomy":"folder","embeddable":true,"href":"https:\/\/aikikai-international-geneve.ch\/index.php?rest_route=%2Fwp%2Fv2%2Ffolder&post=6802"}],"curies":[{"name":"wp","href":"https:\/\/api.w.org\/{rel}","templated":true}]}}