{"id":6803,"date":"2019-10-22T15:23:09","date_gmt":"2019-10-22T15:23:09","guid":{"rendered":"http:\/\/aikikai-international-geneve.ch\/web\/index.php\/aikido\/"},"modified":"2026-07-12T15:02:51","modified_gmt":"2026-07-12T15:02:51","slug":"aikido","status":"publish","type":"page","link":"https:\/\/aikikai-international-geneve.ch\/?page_id=6803&lang=it","title":{"rendered":"A\u00efkido"},"content":{"rendered":"\t\t<div data-elementor-type=\"wp-page\" data-elementor-id=\"6803\" class=\"elementor elementor-6803 elementor-6557\" data-elementor-post-type=\"page\">\n\t\t\t\t\t\t<section class=\"elementor-section elementor-top-section elementor-element elementor-element-21f8971e elementor-section-boxed elementor-section-height-default elementor-section-height-default\" data-id=\"21f8971e\" data-element_type=\"section\" data-e-type=\"section\" data-settings=\"{&quot;background_background&quot;:&quot;classic&quot;}\">\n\t\t\t\t\t\t<div class=\"elementor-container elementor-column-gap-default\">\n\t\t\t\t\t<div class=\"elementor-column elementor-col-100 elementor-top-column elementor-element elementor-element-7250423e\" data-id=\"7250423e\" data-element_type=\"column\" data-e-type=\"column\">\n\t\t\t<div class=\"elementor-widget-wrap elementor-element-populated\">\n\t\t\t\t\t\t<section class=\"elementor-section elementor-inner-section elementor-element elementor-element-807f883 elementor-section-boxed elementor-section-height-default elementor-section-height-default\" data-id=\"807f883\" data-element_type=\"section\" data-e-type=\"section\" data-settings=\"{&quot;background_background&quot;:&quot;classic&quot;}\">\n\t\t\t\t\t\t<div class=\"elementor-container elementor-column-gap-default\">\n\t\t\t\t\t<div class=\"elementor-column elementor-col-50 elementor-inner-column elementor-element elementor-element-d79d784\" data-id=\"d79d784\" data-element_type=\"column\" data-e-type=\"column\" data-settings=\"{&quot;background_background&quot;:&quot;classic&quot;}\">\n\t\t\t<div class=\"elementor-widget-wrap elementor-element-populated\">\n\t\t\t\t\t\t<div class=\"elementor-element elementor-element-83ec5da elementor-widget elementor-widget-text-editor\" data-id=\"83ec5da\" data-element_type=\"widget\" data-e-type=\"widget\" data-widget_type=\"text-editor.default\">\n\t\t\t\t<div class=\"elementor-widget-container\">\n\t\t\t\t\t\t\t\t\t<pre id=\"tw-target-text\" class=\"tw-data-text tw-text-large tw-ta\" dir=\"ltr\" tabindex=\"-1\" role=\"text\" data-placeholder=\"Traduction\" data-ved=\"2ahUKEwiF4NfNsc2VAxUPgP0HHV6WCW8Q3ewLegQIDRAV\" aria-label=\"Texte traduit\u00a0: AIKIDO \u2013 Istruttori capo:\"><strong><span class=\"Y2IQFc\" lang=\"it\">AIKIDO \u2013 Istruttori capo:\r\n\r\n<\/span><\/strong>Georges Morisod, 6\u00b0 Dan\r\nLuc Girardin, 4\u00b0 Dan<\/pre>\n<p><\/p>\n<pre id=\"tw-target-text\" class=\"tw-data-text tw-text-large tw-ta\" dir=\"ltr\" tabindex=\"-1\" role=\"text\" data-placeholder=\"Traduction\" data-ved=\"2ahUKEwiF4NfNsc2VAxUPgP0HHV6WCW8Q3ewLegQIDRAV\" aria-label=\"Texte traduit\u00a0: Insegnante di KENJUTSU:\"><strong><span class=\"Y2IQFc\" lang=\"it\">Insegnante di KENJUTSU:\r\n\r\n<\/span><\/strong>Jean-Michel Kaliszewski, 3\u00b0 Dan<\/pre>\n<p><\/p>\n<pre>LEZIONE INTRODUTTIVA:\r\nRob van Weelderen, 3\u00b0 Dan<\/pre>\n<p><\/p>\n<pre>AIKIDO PER BAMBINI:\r\nTamara Franzova, 2\u00b0 Dan<\/pre>\n\t\t\t\t\t\t\t\t<\/div>\n\t\t\t\t<\/div>\n\t\t\t\t\t<\/div>\n\t\t<\/div>\n\t\t\t\t<div class=\"elementor-column elementor-col-50 elementor-inner-column elementor-element elementor-element-6b50d07\" data-id=\"6b50d07\" data-element_type=\"column\" data-e-type=\"column\" data-settings=\"{&quot;background_background&quot;:&quot;classic&quot;}\">\n\t\t\t<div class=\"elementor-widget-wrap elementor-element-populated\">\n\t\t\t\t\t\t<div class=\"elementor-element elementor-element-b342deb elementor-widget elementor-widget-heading\" data-id=\"b342deb\" data-element_type=\"widget\" data-e-type=\"widget\" data-widget_type=\"heading.default\">\n\t\t\t\t<div class=\"elementor-widget-container\">\n\t\t\t\t\t<h5 class=\"elementor-heading-title elementor-size-default\">DOCUMENTAZIONE<\/h5>\t\t\t\t<\/div>\n\t\t\t\t<\/div>\n\t\t\t\t<div class=\"elementor-element elementor-element-9dd93a8 elementor-button-info elementor-align-center elementor-widget elementor-widget-button\" data-id=\"9dd93a8\" data-element_type=\"widget\" data-e-type=\"widget\" data-widget_type=\"button.default\">\n\t\t\t\t<div class=\"elementor-widget-container\">\n\t\t\t\t\t\t\t\t\t<div class=\"elementor-button-wrapper\">\n\t\t\t\t\t<a class=\"elementor-button elementor-button-link elementor-size-lg\" href=\"http:\/\/aikikai-international-geneve.ch\/wp-content\/uploads\/2019\/10\/Techniques-examens.pdf\" target=\"_blank\">\n\t\t\t\t\t\t<span class=\"elementor-button-content-wrapper\">\n\t\t\t\t\t\t\t\t\t<span class=\"elementor-button-text\">Attacchi e tecniche.<\/span>\n\t\t\t\t\t<\/span>\n\t\t\t\t\t<\/a>\n\t\t\t\t<\/div>\n\t\t\t\t\t\t\t\t<\/div>\n\t\t\t\t<\/div>\n\t\t\t\t<div class=\"elementor-element elementor-element-50923ef elementor-button-info elementor-align-center elementor-widget elementor-widget-button\" data-id=\"50923ef\" data-element_type=\"widget\" data-e-type=\"widget\" data-widget_type=\"button.default\">\n\t\t\t\t<div class=\"elementor-widget-container\">\n\t\t\t\t\t\t\t\t\t<div class=\"elementor-button-wrapper\">\n\t\t\t\t\t<a class=\"elementor-button elementor-button-link elementor-size-lg\" href=\"http:\/\/aikikai-international-geneve.ch\/wp-content\/uploads\/2019\/10\/Examen-de-Kyu-adultes-A5.pdf\" target=\"_blank\">\n\t\t\t\t\t\t<span class=\"elementor-button-content-wrapper\">\n\t\t\t\t\t\t\t\t\t<span class=\"elementor-button-text\">Esami KYU (in francese)<\/span>\n\t\t\t\t\t<\/span>\n\t\t\t\t\t<\/a>\n\t\t\t\t<\/div>\n\t\t\t\t\t\t\t\t<\/div>\n\t\t\t\t<\/div>\n\t\t\t\t<div class=\"elementor-element elementor-element-6505c15 elementor-button-info elementor-align-center elementor-widget elementor-widget-button\" data-id=\"6505c15\" data-element_type=\"widget\" data-e-type=\"widget\" data-widget_type=\"button.default\">\n\t\t\t\t<div class=\"elementor-widget-container\">\n\t\t\t\t\t\t\t\t\t<div class=\"elementor-button-wrapper\">\n\t\t\t\t\t<a class=\"elementor-button elementor-button-link elementor-size-lg\" href=\"http:\/\/aikikai-international-geneve.ch\/wp-content\/uploads\/2019\/10\/Examen-de-DAN-A5.pdf\" target=\"_blank\">\n\t\t\t\t\t\t<span class=\"elementor-button-content-wrapper\">\n\t\t\t\t\t\t\t\t\t<span class=\"elementor-button-text\">Esami DAN (in francese)<\/span>\n\t\t\t\t\t<\/span>\n\t\t\t\t\t<\/a>\n\t\t\t\t<\/div>\n\t\t\t\t\t\t\t\t<\/div>\n\t\t\t\t<\/div>\n\t\t\t\t<div class=\"elementor-element elementor-element-461f6ce elementor-button-info elementor-align-center elementor-widget elementor-widget-button\" data-id=\"461f6ce\" data-element_type=\"widget\" data-e-type=\"widget\" data-widget_type=\"button.default\">\n\t\t\t\t<div class=\"elementor-widget-container\">\n\t\t\t\t\t\t\t\t\t<div class=\"elementor-button-wrapper\">\n\t\t\t\t\t<a class=\"elementor-button elementor-button-link elementor-size-lg\" href=\"http:\/\/aikikai-international-geneve.ch\/wp-content\/uploads\/2019\/10\/Initiation-Aikido-ADULTES.pdf\" target=\"_blank\">\n\t\t\t\t\t\t<span class=\"elementor-button-content-wrapper\">\n\t\t\t\t\t\t\t\t\t<span class=\"elementor-button-text\">Introduzione all'Aikido (in francese)<\/span>\n\t\t\t\t\t<\/span>\n\t\t\t\t\t<\/a>\n\t\t\t\t<\/div>\n\t\t\t\t\t\t\t\t<\/div>\n\t\t\t\t<\/div>\n\t\t\t\t\t<\/div>\n\t\t<\/div>\n\t\t\t\t\t<\/div>\n\t\t<\/section>\n\t\t\t\t<div class=\"elementor-element elementor-element-ac7672f elementor-widget elementor-widget-heading\" data-id=\"ac7672f\" data-element_type=\"widget\" data-e-type=\"widget\" data-widget_type=\"heading.default\">\n\t\t\t\t<div class=\"elementor-widget-container\">\n\t\t\t\t\t<h4 class=\"elementor-heading-title elementor-size-default\">\u00ab La Via dell\u2019unione delle energie \u00bb<\/h4>\t\t\t\t<\/div>\n\t\t\t\t<\/div>\n\t\t\t\t<div class=\"elementor-element elementor-element-599dc7b elementor-widget elementor-widget-image\" data-id=\"599dc7b\" data-element_type=\"widget\" data-e-type=\"widget\" data-widget_type=\"image.default\">\n\t\t\t\t<div class=\"elementor-widget-container\">\n\t\t\t\t\t\t\t\t\t\t\t\t\t\t\t\t<a href=\"http:\/\/aikikai-international-geneve.ch\/wp-content\/uploads\/2019\/10\/Cours-du-21-02-2018.jpg\" data-elementor-open-lightbox=\"yes\" data-elementor-lightbox-title=\"Corso del 21 febbraio 2018\" data-e-action-hash=\"#elementor-action%3Aaction%3Dlightbox%26settings%3DeyJpZCI6MjYxMjIsInVybCI6Imh0dHBzOlwvXC9haWtpa2FpLWludGVybmF0aW9uYWwtZ2VuZXZlLmNoXC93cC1jb250ZW50XC91cGxvYWRzXC8yMDE5XC8xMFwvQ291cnMtZHUtMjEtMDItMjAxOC5qcGcifQ%3D%3D\">\n\t\t\t\t\t\t\t<img fetchpriority=\"high\" decoding=\"async\" width=\"768\" height=\"393\" src=\"https:\/\/aikikai-international-geneve.ch\/wp-content\/uploads\/2019\/10\/Cours-du-21-02-2018-768x393.jpg\" class=\"attachment-medium_large size-medium_large wp-image-26122\" alt=\"\" srcset=\"https:\/\/aikikai-international-geneve.ch\/wp-content\/uploads\/2019\/10\/Cours-du-21-02-2018-768x393.jpg 768w, https:\/\/aikikai-international-geneve.ch\/wp-content\/uploads\/2019\/10\/Cours-du-21-02-2018-300x154.jpg 300w, https:\/\/aikikai-international-geneve.ch\/wp-content\/uploads\/2019\/10\/Cours-du-21-02-2018-1024x525.jpg 1024w, https:\/\/aikikai-international-geneve.ch\/wp-content\/uploads\/2019\/10\/Cours-du-21-02-2018.jpg 1462w\" sizes=\"(max-width: 768px) 100vw, 768px\" \/>\t\t\t\t\t\t\t\t<\/a>\n\t\t\t\t\t\t\t\t\t\t\t\t\t\t\t<\/div>\n\t\t\t\t<\/div>\n\t\t\t\t<div class=\"elementor-element elementor-element-5d3d393 elementor-widget elementor-widget-text-editor\" data-id=\"5d3d393\" data-element_type=\"widget\" data-e-type=\"widget\" data-widget_type=\"text-editor.default\">\n\t\t\t\t<div class=\"elementor-widget-container\">\n\t\t\t\t\t\t\t\t\t<p><img decoding=\"async\" class=\"alignleft wp-image-6516 size-full\" src=\"http:\/\/aikikai-international-geneve.ch\/wp-content\/uploads\/2019\/10\/Aikido01.jpg\" alt=\"\" width=\"116\" height=\"170\" \/><\/p>\n<p>Morihei Ueshiba, il fondatore dell&rsquo;Aikido, nacque nel 1883 in una piccola citt\u00e0 del Giappone. Fin da giovanissimo, si interess\u00f2 al budo (arti marziali). Studi\u00f2 jujutsu e kenjutsu (l&rsquo;arte della spada giapponese). Curioso per natura, non si limit\u00f2 alla sola tecnica, ma esplor\u00f2 anche gli aspetti filosofici di queste discipline. Nonostante la sua bassa statura (1,54 metri), divenne fisicamente pi\u00f9 forte della media.<\/p>\n<p>Un aneddoto narra che un ufficiale della Marina Imperiale, impressionato dalla fama di Morihei Ueshiba, lo sfid\u00f2 a duello. Con sua grande sorpresa, non riusc\u00ec a sferrare un solo colpo. Morihei spieg\u00f2 di percepire i suoi attacchi ancor prima che si verificassero. Vedeva, o sentiva, un lampo di luce prima che l&rsquo;attacco prendesse forma.<\/p>\n<p>Fu in questo periodo che il signor Ueshiba comprese che la vera essenza del budo non risiedeva nell&rsquo;uso della forza, bens\u00ec nella ricerca della pace e della serenit\u00e0 come scopo di realizzazione individuale. Il budo doveva condurre all&rsquo;armonia tra il temporale e lo spirituale. Fu questa la ricerca intrapresa dall&rsquo;aikibudo, il nome dato all&rsquo;epoca all&rsquo;aikido, che assunse tale denominazione solo dopo la Seconda Guerra Mondiale (ai = armonia, coordinazione, unione; ki = forza interiore, spirito, energia; do = studio, ricerca, via).<\/p>\n<p>Morihei Ueshiba promosse instancabilmente la sua arte attraverso numerosi scritti e dimostrazioni fino alla sua morte, avvenuta nel 1969.<\/p>\n\t\t\t\t\t\t\t\t<\/div>\n\t\t\t\t<\/div>\n\t\t\t\t<div class=\"elementor-element elementor-element-6e8b94b elementor-widget elementor-widget-heading\" data-id=\"6e8b94b\" data-element_type=\"widget\" data-e-type=\"widget\" data-widget_type=\"heading.default\">\n\t\t\t\t<div class=\"elementor-widget-container\">\n\t\t\t\t\t<h4 class=\"elementor-heading-title elementor-size-default\">Storia dell'Aikido<\/h4>\t\t\t\t<\/div>\n\t\t\t\t<\/div>\n\t\t\t\t<div class=\"elementor-element elementor-element-979e8b3 elementor-widget elementor-widget-image\" data-id=\"979e8b3\" data-element_type=\"widget\" data-e-type=\"widget\" data-widget_type=\"image.default\">\n\t\t\t\t<div class=\"elementor-widget-container\">\n\t\t\t\t\t\t\t\t\t\t\t\t<figure class=\"wp-caption\">\n\t\t\t\t\t\t\t\t\t\t<img decoding=\"async\" width=\"800\" height=\"533\" src=\"https:\/\/aikikai-international-geneve.ch\/wp-content\/uploads\/2019\/10\/20101002_stage_prague_1.jpg\" class=\"attachment-large size-large wp-image-26124\" alt=\"\" srcset=\"https:\/\/aikikai-international-geneve.ch\/wp-content\/uploads\/2019\/10\/20101002_stage_prague_1.jpg 800w, https:\/\/aikikai-international-geneve.ch\/wp-content\/uploads\/2019\/10\/20101002_stage_prague_1-300x200.jpg 300w, https:\/\/aikikai-international-geneve.ch\/wp-content\/uploads\/2019\/10\/20101002_stage_prague_1-768x512.jpg 768w\" sizes=\"(max-width: 800px) 100vw, 800px\" \/>\t\t\t\t\t\t\t\t\t\t\t<figcaption class=\"widget-image-caption wp-caption-text\">Seminario internazionale di Aikido a Praga, tenutosi il 2 e 3 ottobre 2010, diretto da Gildo Mezzo e con la partecipazione di circa 90 praticanti di Aikido.<\/figcaption>\n\t\t\t\t\t\t\t\t\t\t<\/figure>\n\t\t\t\t\t\t\t\t\t<\/div>\n\t\t\t\t<\/div>\n\t\t\t\t<div class=\"elementor-element elementor-element-df6b6c1 elementor-widget elementor-widget-heading\" data-id=\"df6b6c1\" data-element_type=\"widget\" data-e-type=\"widget\" data-widget_type=\"heading.default\">\n\t\t\t\t<div class=\"elementor-widget-container\">\n\t\t\t\t\t<h4 class=\"elementor-heading-title elementor-size-default\">Storia della sezione Aikido dell'SDK<\/h4>\t\t\t\t<\/div>\n\t\t\t\t<\/div>\n\t\t\t\t<div class=\"elementor-element elementor-element-b5b8cda elementor-widget elementor-widget-text-editor\" data-id=\"b5b8cda\" data-element_type=\"widget\" data-e-type=\"widget\" data-widget_type=\"text-editor.default\">\n\t\t\t\t<div class=\"elementor-widget-container\">\n\t\t\t\t\t\t\t\t\t<p><img loading=\"lazy\" decoding=\"async\" class=\"alignleft wp-image-6525 size-full\" src=\"http:\/\/aikikai-international-geneve.ch\/wp-content\/uploads\/2019\/10\/Aikido03.jpg\" alt=\"\" width=\"283\" height=\"359\" srcset=\"https:\/\/aikikai-international-geneve.ch\/wp-content\/uploads\/2019\/10\/Aikido03.jpg 283w, https:\/\/aikikai-international-geneve.ch\/wp-content\/uploads\/2019\/10\/Aikido03-236x300.jpg 236w\" sizes=\"(max-width: 283px) 100vw, 283px\" \/><\/p>\n<p id=\"tw-target-text\" class=\"tw-data-text tw-text-large tw-ta\" dir=\"ltr\" tabindex=\"-1\" role=\"text\" data-placeholder=\"Traduction\" data-ved=\"2ahUKEwiF4NfNsc2VAxUPgP0HHV6WCW8Q3ewLegQIDRAV\" aria-label=\"Texte traduit\u00a0: La sezione di aikido del nostro club \u00e8 stata sviluppata da Gildo Mezzo, 7\u00b0 dan Aikikai.\"><span class=\"Y2IQFc\" lang=\"it\">La sezione di aikido del nostro club \u00e8 stata sviluppata da Gildo Mezzo, 7\u00b0 dan Aikikai.<\/span> Gildo ha iniziato la sua formazione nell&rsquo;aikido nel 1967. Dopo tre anni di pratica a Ginevra, si \u00e8 recato in Giappone per un addestramento intensivo presso il Tokyo Hombu Dojo (Centro Mondiale di Aikido). Vi \u00e8 rimasto per cinque anni, conseguendo il 1\u00b0 dan.<\/p>\n<p>Al suo ritorno in Svizzera nel 1975, ha iniziato a insegnare aikido presso la SDK (Associazione Svizzera di Kiteboarding). All&rsquo;epoca, aveva pochi allievi, poich\u00e9 la precedente sezione di aikido della SDK si era divisa tra coloro che avevano deciso di seguire lo stile Mochizuki, Yoseikan Budo, e coloro che preferivano lo stile Ueshiba e stavano semplicemente aspettando un istruttore. Con una sola lezione a settimana, la sezione \u00e8 gradualmente cresciuta e si \u00e8 ampliata. Oggi conta circa 120 membri (adulti e bambini), con una trentina di allievi che si allenano regolarmente sul tatami. Il numero dei corsi \u00e8 aumentato e ora comprende quattro lezioni settimanali per adulti, tenute da Gildo Mezzo, e due lezioni settimanali per bambini, tenute da due o tre studenti di livello avanzato.<\/p>\n<p><img loading=\"lazy\" decoding=\"async\" class=\"alignright wp-image-6528 size-full\" src=\"http:\/\/aikikai-international-geneve.ch\/wp-content\/uploads\/2019\/10\/Gildo-dojo.jpeg\" alt=\"\" width=\"312\" height=\"211\" srcset=\"https:\/\/aikikai-international-geneve.ch\/wp-content\/uploads\/2019\/10\/Gildo-dojo.jpeg 312w, https:\/\/aikikai-international-geneve.ch\/wp-content\/uploads\/2019\/10\/Gildo-dojo-300x203.jpeg 300w\" sizes=\"(max-width: 312px) 100vw, 312px\" \/><\/p>\n<p>La sezione \u00e8 molto attiva. Organizza circa otto sessioni di allenamento all&rsquo;anno e accoglie numerosi maestri della disciplina, tra cui: in passato, il Maestro Kitaura, il Maestro Chiba e i compianti Maestri Yamaguchi, Fujimoto, Tamura e Merit; e attualmente, il Maestro Tissier, il Maestro Gouttard, il Maestro Orban e il Maestro Bachraty.<\/p>\n<p>Grazie al costante impegno di Gildo Mezzo, la sezione vanta attualmente una trentina di cinture nere che partecipano regolarmente agli allenamenti e motivano cos\u00ec i praticanti meno esperti.<\/p>\n\t\t\t\t\t\t\t\t<\/div>\n\t\t\t\t<\/div>\n\t\t\t\t<div class=\"elementor-element elementor-element-0a0596b elementor-widget elementor-widget-heading\" data-id=\"0a0596b\" data-element_type=\"widget\" data-e-type=\"widget\" data-widget_type=\"heading.default\">\n\t\t\t\t<div class=\"elementor-widget-container\">\n\t\t\t\t\t<h4 class=\"elementor-heading-title elementor-size-default\">Tecniche<\/h4>\t\t\t\t<\/div>\n\t\t\t\t<\/div>\n\t\t\t\t<div class=\"elementor-element elementor-element-9217633 elementor-widget elementor-widget-text-editor\" data-id=\"9217633\" data-element_type=\"widget\" data-e-type=\"widget\" data-widget_type=\"text-editor.default\">\n\t\t\t\t<div class=\"elementor-widget-container\">\n\t\t\t\t\t\t\t\t\t<p>L&rsquo;aikido si basa su leggi naturali come il cerchio e la spirale. Questa disciplina, come altre arti marziali giapponesi, offre l&rsquo;opportunit\u00e0 di acquisire consapevolezza del proprio corpo e di sviluppare concetti di equilibrio, dinamismo, vigilanza, rispetto reciproco e sostegno reciproco.<\/p>\n<p>In piedi o in ginocchio, il praticante di aikido utilizza tecniche di proiezione e immobilizzazione con uno o pi\u00f9 avversari, armati o disarmati. Lo studio delle armi, in particolare della spada e del bastone (simbolo di lancia), contribuisce alla comprensione dell&rsquo;aikido e permette una progressione pi\u00f9 completa. Le cadute (ukemi) non rappresentano, come nel judo, la fine del combattimento, ma sono intese come una forma di recupero quando si perde l&rsquo;equilibrio. Oltre a prevenire lesioni, le cadute permettono di riacquistare una posizione di attacco o di difesa.<\/p>\n<p>Una sessione di allenamento si articola in tre fasi: preparazione fisica e mentale, lavoro tecnico e, infine, il ritorno alla calma.<\/p>\n\t\t\t\t\t\t\t\t<\/div>\n\t\t\t\t<\/div>\n\t\t\t\t\t<\/div>\n\t\t<\/div>\n\t\t\t\t\t<\/div>\n\t\t<\/section>\n\t\t\t\t<\/div>\n\t\t","protected":false},"excerpt":{"rendered":"<p>AIKIDO \u2013 Istruttori capo: Georges Morisod, 6\u00b0 Dan Luc Girardin, 4\u00b0 Dan Insegnante di KENJUTSU: Jean-Michel Kaliszewski, 3\u00b0 Dan LEZIONE INTRODUTTIVA: Rob van Weelderen, 3\u00b0 Dan AIKIDO PER BAMBINI: Tamara Franzova, 2\u00b0 Dan DOCUMENTAZIONE Attacchi e tecniche. Esami KYU (in francese) Esami DAN (in francese) Introduzione all&rsquo;Aikido (in francese) \u00ab La Via dell\u2019unione delle energie [&hellip;]<\/p>\n","protected":false},"author":1,"featured_media":0,"parent":0,"menu_order":0,"comment_status":"closed","ping_status":"closed","template":"elementor_header_footer","meta":{"footnotes":""},"folder":[],"class_list":["post-6803","page","type-page","status-publish","hentry"],"yoast_head":"<!-- This site is optimized with the Yoast SEO plugin v28.2 - https:\/\/yoast.com\/product\/yoast-seo-wordpress\/ -->\n<title>A\u00efkido - Aikikai International Geneve<\/title>\n<meta name=\"robots\" content=\"index, follow, max-snippet:-1, max-image-preview:large, max-video-preview:-1\" \/>\n<link rel=\"canonical\" href=\"https:\/\/aikikai-international-geneve.ch\/?page_id=6803\" \/>\n<meta property=\"og:locale\" content=\"fr_FR\" \/>\n<meta property=\"og:type\" content=\"article\" \/>\n<meta property=\"og:title\" content=\"A\u00efkido - Aikikai International Geneve\" \/>\n<meta property=\"og:description\" content=\"AIKIDO \u2013 Istruttori capo: Georges Morisod, 6\u00b0 Dan Luc Girardin, 4\u00b0 Dan Insegnante di KENJUTSU: Jean-Michel Kaliszewski, 3\u00b0 Dan LEZIONE INTRODUTTIVA: Rob van Weelderen, 3\u00b0 Dan AIKIDO PER BAMBINI: Tamara Franzova, 2\u00b0 Dan DOCUMENTAZIONE Attacchi e tecniche. Esami KYU (in francese) Esami DAN (in francese) Introduzione all&rsquo;Aikido (in francese) \u00ab La Via dell\u2019unione delle energie [&hellip;]\" \/>\n<meta property=\"og:url\" content=\"https:\/\/aikikai-international-geneve.ch\/?page_id=6803&amp;lang=it\" \/>\n<meta property=\"og:site_name\" content=\"Aikikai International Geneve\" \/>\n<meta property=\"article:modified_time\" content=\"2026-07-12T15:02:51+00:00\" \/>\n<meta property=\"og:image\" content=\"https:\/\/aikikai-international-geneve.ch\/wp-content\/uploads\/2019\/10\/Cours-du-21-02-2018.jpg\" \/>\n\t<meta property=\"og:image:width\" content=\"1462\" \/>\n\t<meta property=\"og:image:height\" content=\"749\" \/>\n\t<meta property=\"og:image:type\" content=\"image\/jpeg\" \/>\n<meta name=\"twitter:card\" content=\"summary_large_image\" \/>\n<meta name=\"twitter:label1\" content=\"Dur\u00e9e de lecture estim\u00e9e\" \/>\n\t<meta name=\"twitter:data1\" content=\"3 minutes\" \/>\n<script type=\"application\/ld+json\" class=\"yoast-schema-graph\">{\"@context\":\"https:\\\/\\\/schema.org\",\"@graph\":[{\"@type\":\"WebPage\",\"@id\":\"https:\\\/\\\/aikikai-international-geneve.ch\\\/?page_id=6803&lang=it\",\"url\":\"https:\\\/\\\/aikikai-international-geneve.ch\\\/?page_id=6803&lang=it\",\"name\":\"A\u00efkido - Aikikai International Geneve\",\"isPartOf\":{\"@id\":\"https:\\\/\\\/aikikai-international-geneve.ch\\\/#website\"},\"primaryImageOfPage\":{\"@id\":\"https:\\\/\\\/aikikai-international-geneve.ch\\\/?page_id=6803&lang=it#primaryimage\"},\"image\":{\"@id\":\"https:\\\/\\\/aikikai-international-geneve.ch\\\/?page_id=6803&lang=it#primaryimage\"},\"thumbnailUrl\":\"http:\\\/\\\/aikikai-international-geneve.ch\\\/wp-content\\\/uploads\\\/2019\\\/10\\\/Cours-du-21-02-2018-768x393.jpg\",\"datePublished\":\"2019-10-22T15:23:09+00:00\",\"dateModified\":\"2026-07-12T15:02:51+00:00\",\"breadcrumb\":{\"@id\":\"https:\\\/\\\/aikikai-international-geneve.ch\\\/?page_id=6803&lang=it#breadcrumb\"},\"inLanguage\":\"fr-FR\",\"potentialAction\":[{\"@type\":\"ReadAction\",\"target\":[\"https:\\\/\\\/aikikai-international-geneve.ch\\\/?page_id=6803&lang=it\"]}]},{\"@type\":\"ImageObject\",\"inLanguage\":\"fr-FR\",\"@id\":\"https:\\\/\\\/aikikai-international-geneve.ch\\\/?page_id=6803&lang=it#primaryimage\",\"url\":\"https:\\\/\\\/aikikai-international-geneve.ch\\\/wp-content\\\/uploads\\\/2019\\\/10\\\/Cours-du-21-02-2018.jpg\",\"contentUrl\":\"https:\\\/\\\/aikikai-international-geneve.ch\\\/wp-content\\\/uploads\\\/2019\\\/10\\\/Cours-du-21-02-2018.jpg\",\"width\":1462,\"height\":749},{\"@type\":\"BreadcrumbList\",\"@id\":\"https:\\\/\\\/aikikai-international-geneve.ch\\\/?page_id=6803&lang=it#breadcrumb\",\"itemListElement\":[{\"@type\":\"ListItem\",\"position\":1,\"name\":\"Home\",\"item\":\"https:\\\/\\\/aikikai-international-geneve.ch\\\/\"},{\"@type\":\"ListItem\",\"position\":2,\"name\":\"A\u00efkido\"}]},{\"@type\":\"WebSite\",\"@id\":\"https:\\\/\\\/aikikai-international-geneve.ch\\\/#website\",\"url\":\"https:\\\/\\\/aikikai-international-geneve.ch\\\/\",\"name\":\"Aikikai International Geneve\",\"description\":\"Les sections A\u00efkido et KenJutsu du Shung Do Kwan Budo Gen\u00e8ve\",\"potentialAction\":[{\"@type\":\"SearchAction\",\"target\":{\"@type\":\"EntryPoint\",\"urlTemplate\":\"https:\\\/\\\/aikikai-international-geneve.ch\\\/?s={search_term_string}\"},\"query-input\":{\"@type\":\"PropertyValueSpecification\",\"valueRequired\":true,\"valueName\":\"search_term_string\"}}],\"inLanguage\":\"fr-FR\"}]}<\/script>\n<!-- \/ Yoast SEO plugin. -->","yoast_head_json":{"title":"A\u00efkido - Aikikai International Geneve","robots":{"index":"index","follow":"follow","max-snippet":"max-snippet:-1","max-image-preview":"max-image-preview:large","max-video-preview":"max-video-preview:-1"},"canonical":"https:\/\/aikikai-international-geneve.ch\/?page_id=6803","og_locale":"fr_FR","og_type":"article","og_title":"A\u00efkido - Aikikai International Geneve","og_description":"AIKIDO \u2013 Istruttori capo: Georges Morisod, 6\u00b0 Dan Luc Girardin, 4\u00b0 Dan Insegnante di KENJUTSU: Jean-Michel Kaliszewski, 3\u00b0 Dan LEZIONE INTRODUTTIVA: Rob van Weelderen, 3\u00b0 Dan AIKIDO PER BAMBINI: Tamara Franzova, 2\u00b0 Dan DOCUMENTAZIONE Attacchi e tecniche. Esami KYU (in francese) Esami DAN (in francese) Introduzione all&rsquo;Aikido (in francese) \u00ab La Via dell\u2019unione delle energie [&hellip;]","og_url":"https:\/\/aikikai-international-geneve.ch\/?page_id=6803&lang=it","og_site_name":"Aikikai International Geneve","article_modified_time":"2026-07-12T15:02:51+00:00","og_image":[{"width":1462,"height":749,"url":"https:\/\/aikikai-international-geneve.ch\/wp-content\/uploads\/2019\/10\/Cours-du-21-02-2018.jpg","type":"image\/jpeg"}],"twitter_card":"summary_large_image","twitter_misc":{"Dur\u00e9e de lecture estim\u00e9e":"3 minutes"},"schema":{"@context":"https:\/\/schema.org","@graph":[{"@type":"WebPage","@id":"https:\/\/aikikai-international-geneve.ch\/?page_id=6803&lang=it","url":"https:\/\/aikikai-international-geneve.ch\/?page_id=6803&lang=it","name":"A\u00efkido - Aikikai International Geneve","isPartOf":{"@id":"https:\/\/aikikai-international-geneve.ch\/#website"},"primaryImageOfPage":{"@id":"https:\/\/aikikai-international-geneve.ch\/?page_id=6803&lang=it#primaryimage"},"image":{"@id":"https:\/\/aikikai-international-geneve.ch\/?page_id=6803&lang=it#primaryimage"},"thumbnailUrl":"http:\/\/aikikai-international-geneve.ch\/wp-content\/uploads\/2019\/10\/Cours-du-21-02-2018-768x393.jpg","datePublished":"2019-10-22T15:23:09+00:00","dateModified":"2026-07-12T15:02:51+00:00","breadcrumb":{"@id":"https:\/\/aikikai-international-geneve.ch\/?page_id=6803&lang=it#breadcrumb"},"inLanguage":"fr-FR","potentialAction":[{"@type":"ReadAction","target":["https:\/\/aikikai-international-geneve.ch\/?page_id=6803&lang=it"]}]},{"@type":"ImageObject","inLanguage":"fr-FR","@id":"https:\/\/aikikai-international-geneve.ch\/?page_id=6803&lang=it#primaryimage","url":"https:\/\/aikikai-international-geneve.ch\/wp-content\/uploads\/2019\/10\/Cours-du-21-02-2018.jpg","contentUrl":"https:\/\/aikikai-international-geneve.ch\/wp-content\/uploads\/2019\/10\/Cours-du-21-02-2018.jpg","width":1462,"height":749},{"@type":"BreadcrumbList","@id":"https:\/\/aikikai-international-geneve.ch\/?page_id=6803&lang=it#breadcrumb","itemListElement":[{"@type":"ListItem","position":1,"name":"Home","item":"https:\/\/aikikai-international-geneve.ch\/"},{"@type":"ListItem","position":2,"name":"A\u00efkido"}]},{"@type":"WebSite","@id":"https:\/\/aikikai-international-geneve.ch\/#website","url":"https:\/\/aikikai-international-geneve.ch\/","name":"Aikikai International Geneve","description":"Les sections A\u00efkido et KenJutsu du Shung Do Kwan Budo Gen\u00e8ve","potentialAction":[{"@type":"SearchAction","target":{"@type":"EntryPoint","urlTemplate":"https:\/\/aikikai-international-geneve.ch\/?s={search_term_string}"},"query-input":{"@type":"PropertyValueSpecification","valueRequired":true,"valueName":"search_term_string"}}],"inLanguage":"fr-FR"}]}},"_links":{"self":[{"href":"https:\/\/aikikai-international-geneve.ch\/index.php?rest_route=\/wp\/v2\/pages\/6803","targetHints":{"allow":["GET"]}}],"collection":[{"href":"https:\/\/aikikai-international-geneve.ch\/index.php?rest_route=\/wp\/v2\/pages"}],"about":[{"href":"https:\/\/aikikai-international-geneve.ch\/index.php?rest_route=\/wp\/v2\/types\/page"}],"author":[{"embeddable":true,"href":"https:\/\/aikikai-international-geneve.ch\/index.php?rest_route=\/wp\/v2\/users\/1"}],"replies":[{"embeddable":true,"href":"https:\/\/aikikai-international-geneve.ch\/index.php?rest_route=%2Fwp%2Fv2%2Fcomments&post=6803"}],"version-history":[{"count":40,"href":"https:\/\/aikikai-international-geneve.ch\/index.php?rest_route=\/wp\/v2\/pages\/6803\/revisions"}],"predecessor-version":[{"id":26139,"href":"https:\/\/aikikai-international-geneve.ch\/index.php?rest_route=\/wp\/v2\/pages\/6803\/revisions\/26139"}],"wp:attachment":[{"href":"https:\/\/aikikai-international-geneve.ch\/index.php?rest_route=%2Fwp%2Fv2%2Fmedia&parent=6803"}],"wp:term":[{"taxonomy":"folder","embeddable":true,"href":"https:\/\/aikikai-international-geneve.ch\/index.php?rest_route=%2Fwp%2Fv2%2Ffolder&post=6803"}],"curies":[{"name":"wp","href":"https:\/\/api.w.org\/{rel}","templated":true}]}}