{"id":6805,"date":"2019-10-22T15:23:09","date_gmt":"2019-10-22T15:23:09","guid":{"rendered":"http:\/\/aikikai-international-geneve.ch\/web\/index.php\/aikido\/"},"modified":"2026-07-12T15:13:06","modified_gmt":"2026-07-12T15:13:06","slug":"aikido","status":"publish","type":"page","link":"https:\/\/aikikai-international-geneve.ch\/?page_id=6805&lang=es","title":{"rendered":"A\u00efkido"},"content":{"rendered":"\t\t<div data-elementor-type=\"wp-page\" data-elementor-id=\"6805\" class=\"elementor elementor-6805 elementor-6557\" data-elementor-post-type=\"page\">\n\t\t\t\t\t\t<section class=\"elementor-section elementor-top-section elementor-element elementor-element-21f8971e elementor-section-boxed elementor-section-height-default elementor-section-height-default\" data-id=\"21f8971e\" data-element_type=\"section\" data-e-type=\"section\" data-settings=\"{&quot;background_background&quot;:&quot;classic&quot;}\">\n\t\t\t\t\t\t<div class=\"elementor-container elementor-column-gap-default\">\n\t\t\t\t\t<div class=\"elementor-column elementor-col-100 elementor-top-column elementor-element elementor-element-7250423e\" data-id=\"7250423e\" data-element_type=\"column\" data-e-type=\"column\">\n\t\t\t<div class=\"elementor-widget-wrap elementor-element-populated\">\n\t\t\t\t\t\t<section class=\"elementor-section elementor-inner-section elementor-element elementor-element-807f883 elementor-section-boxed elementor-section-height-default elementor-section-height-default\" data-id=\"807f883\" data-element_type=\"section\" data-e-type=\"section\" data-settings=\"{&quot;background_background&quot;:&quot;classic&quot;}\">\n\t\t\t\t\t\t<div class=\"elementor-container elementor-column-gap-default\">\n\t\t\t\t\t<div class=\"elementor-column elementor-col-50 elementor-inner-column elementor-element elementor-element-d79d784\" data-id=\"d79d784\" data-element_type=\"column\" data-e-type=\"column\" data-settings=\"{&quot;background_background&quot;:&quot;classic&quot;}\">\n\t\t\t<div class=\"elementor-widget-wrap elementor-element-populated\">\n\t\t\t\t\t\t<div class=\"elementor-element elementor-element-83ec5da elementor-widget elementor-widget-text-editor\" data-id=\"83ec5da\" data-element_type=\"widget\" data-e-type=\"widget\" data-widget_type=\"text-editor.default\">\n\t\t\t\t<div class=\"elementor-widget-container\">\n\t\t\t\t\t\t\t\t\t<pre id=\"tw-target-text\" class=\"tw-data-text tw-text-large tw-ta\" dir=\"ltr\" tabindex=\"-1\" role=\"text\" data-placeholder=\"Traduction\" data-ved=\"2ahUKEwihlpjRtM2VAxWZgv0HHatcBlkQ3ewLegQIDxAV\" aria-label=\"Texte traduit\u00a0: Instructores jefes de Aikido:\"><strong><span class=\"Y2IQFc\" lang=\"es\">Instructores jefes de Aikido:<\/span><\/strong><\/pre>\n<p>Georges Morisod <span class=\"Y2IQFc\" lang=\"es\">6.\u00ba dan<\/span><\/p>\n<p>Luc Girardin <span class=\"Y2IQFc\" lang=\"es\">4.\u00ba dan<\/span><\/p>\n<pre id=\"tw-target-text\" class=\"tw-data-text tw-text-large tw-ta\" dir=\"ltr\" tabindex=\"-1\" role=\"text\" data-placeholder=\"Traduction\" data-ved=\"2ahUKEwihlpjRtM2VAxWZgv0HHatcBlkQ3ewLegQIDxAV\" aria-label=\"Texte traduit\u00a0: Profesor de KENJUTSU:\"><strong><span class=\"Y2IQFc\" lang=\"es\">Profesor de KENJUTSU:<\/span><\/strong><\/pre>\n<p>Jean-Michel Kaliszewski <span class=\"Y2IQFc\" lang=\"es\">3.er dan<\/span><\/p>\n<pre>CURSO DE INTRODUCCI\u00d3N:<\/pre>\n<p>Rob van Weelderen <span class=\"Y2IQFc\" lang=\"es\">3.er dan<\/span><\/p>\n<pre>AIKIDO INFANTIL:<\/pre>\n<p>Tamara Franzova <span class=\"Y2IQFc\" lang=\"es\">2.\u00ba dan<\/span><\/p>\n\t\t\t\t\t\t\t\t<\/div>\n\t\t\t\t<\/div>\n\t\t\t\t\t<\/div>\n\t\t<\/div>\n\t\t\t\t<div class=\"elementor-column elementor-col-50 elementor-inner-column elementor-element elementor-element-6b50d07\" data-id=\"6b50d07\" data-element_type=\"column\" data-e-type=\"column\" data-settings=\"{&quot;background_background&quot;:&quot;classic&quot;}\">\n\t\t\t<div class=\"elementor-widget-wrap elementor-element-populated\">\n\t\t\t\t\t\t<div class=\"elementor-element elementor-element-b342deb elementor-widget elementor-widget-heading\" data-id=\"b342deb\" data-element_type=\"widget\" data-e-type=\"widget\" data-widget_type=\"heading.default\">\n\t\t\t\t<div class=\"elementor-widget-container\">\n\t\t\t\t\t<h5 class=\"elementor-heading-title elementor-size-default\">DOCUMENTACI\u00d3N<\/h5>\t\t\t\t<\/div>\n\t\t\t\t<\/div>\n\t\t\t\t<div class=\"elementor-element elementor-element-9dd93a8 elementor-button-info elementor-align-center elementor-widget elementor-widget-button\" data-id=\"9dd93a8\" data-element_type=\"widget\" data-e-type=\"widget\" data-widget_type=\"button.default\">\n\t\t\t\t<div class=\"elementor-widget-container\">\n\t\t\t\t\t\t\t\t\t<div class=\"elementor-button-wrapper\">\n\t\t\t\t\t<a class=\"elementor-button elementor-button-link elementor-size-lg\" href=\"http:\/\/aikikai-international-geneve.ch\/wp-content\/uploads\/2019\/10\/Techniques-examens.pdf\" target=\"_blank\">\n\t\t\t\t\t\t<span class=\"elementor-button-content-wrapper\">\n\t\t\t\t\t\t\t\t\t<span class=\"elementor-button-text\">Ataques y t\u00e9cnicas.<\/span>\n\t\t\t\t\t<\/span>\n\t\t\t\t\t<\/a>\n\t\t\t\t<\/div>\n\t\t\t\t\t\t\t\t<\/div>\n\t\t\t\t<\/div>\n\t\t\t\t<div class=\"elementor-element elementor-element-50923ef elementor-button-info elementor-align-center elementor-widget elementor-widget-button\" data-id=\"50923ef\" data-element_type=\"widget\" data-e-type=\"widget\" data-widget_type=\"button.default\">\n\t\t\t\t<div class=\"elementor-widget-container\">\n\t\t\t\t\t\t\t\t\t<div class=\"elementor-button-wrapper\">\n\t\t\t\t\t<a class=\"elementor-button elementor-button-link elementor-size-lg\" href=\"http:\/\/aikikai-international-geneve.ch\/wp-content\/uploads\/2019\/10\/Examen-de-Kyu-adultes-A5.pdf\" target=\"_blank\">\n\t\t\t\t\t\t<span class=\"elementor-button-content-wrapper\">\n\t\t\t\t\t\t\t\t\t<span class=\"elementor-button-text\">Ex\u00e1menes de KYU (franc\u00e9s)<\/span>\n\t\t\t\t\t<\/span>\n\t\t\t\t\t<\/a>\n\t\t\t\t<\/div>\n\t\t\t\t\t\t\t\t<\/div>\n\t\t\t\t<\/div>\n\t\t\t\t<div class=\"elementor-element elementor-element-6505c15 elementor-button-info elementor-align-center elementor-widget elementor-widget-button\" data-id=\"6505c15\" data-element_type=\"widget\" data-e-type=\"widget\" data-widget_type=\"button.default\">\n\t\t\t\t<div class=\"elementor-widget-container\">\n\t\t\t\t\t\t\t\t\t<div class=\"elementor-button-wrapper\">\n\t\t\t\t\t<a class=\"elementor-button elementor-button-link elementor-size-lg\" href=\"http:\/\/aikikai-international-geneve.ch\/wp-content\/uploads\/2019\/10\/Examen-de-DAN-A5.pdf\" target=\"_blank\">\n\t\t\t\t\t\t<span class=\"elementor-button-content-wrapper\">\n\t\t\t\t\t\t\t\t\t<span class=\"elementor-button-text\">Ex\u00e1menes de DAN (franc\u00e9s)<\/span>\n\t\t\t\t\t<\/span>\n\t\t\t\t\t<\/a>\n\t\t\t\t<\/div>\n\t\t\t\t\t\t\t\t<\/div>\n\t\t\t\t<\/div>\n\t\t\t\t<div class=\"elementor-element elementor-element-461f6ce elementor-button-info elementor-align-center elementor-widget elementor-widget-button\" data-id=\"461f6ce\" data-element_type=\"widget\" data-e-type=\"widget\" data-widget_type=\"button.default\">\n\t\t\t\t<div class=\"elementor-widget-container\">\n\t\t\t\t\t\t\t\t\t<div class=\"elementor-button-wrapper\">\n\t\t\t\t\t<a class=\"elementor-button elementor-button-link elementor-size-lg\" href=\"http:\/\/aikikai-international-geneve.ch\/wp-content\/uploads\/2019\/10\/Initiation-Aikido-ADULTES.pdf\" target=\"_blank\">\n\t\t\t\t\t\t<span class=\"elementor-button-content-wrapper\">\n\t\t\t\t\t\t\t\t\t<span class=\"elementor-button-text\">Introducci\u00f3n al Aikido (franc\u00e9s)<\/span>\n\t\t\t\t\t<\/span>\n\t\t\t\t\t<\/a>\n\t\t\t\t<\/div>\n\t\t\t\t\t\t\t\t<\/div>\n\t\t\t\t<\/div>\n\t\t\t\t\t<\/div>\n\t\t<\/div>\n\t\t\t\t\t<\/div>\n\t\t<\/section>\n\t\t\t\t<div class=\"elementor-element elementor-element-ac7672f elementor-widget elementor-widget-heading\" data-id=\"ac7672f\" data-element_type=\"widget\" data-e-type=\"widget\" data-widget_type=\"heading.default\">\n\t\t\t\t<div class=\"elementor-widget-container\">\n\t\t\t\t\t<h4 class=\"elementor-heading-title elementor-size-default\">\u00ab El camino de la uni\u00f3n de las energ\u00edas \u00bb<\/h4>\t\t\t\t<\/div>\n\t\t\t\t<\/div>\n\t\t\t\t<div class=\"elementor-element elementor-element-599dc7b elementor-widget elementor-widget-image\" data-id=\"599dc7b\" data-element_type=\"widget\" data-e-type=\"widget\" data-widget_type=\"image.default\">\n\t\t\t\t<div class=\"elementor-widget-container\">\n\t\t\t\t\t\t\t\t\t\t\t\t\t\t\t\t<a href=\"http:\/\/aikikai-international-geneve.ch\/wp-content\/uploads\/2019\/10\/Cours-du-21-02-2018.jpg\" data-elementor-open-lightbox=\"yes\" data-elementor-lightbox-title=\"Curso del 21 de febrero de 2018\" data-e-action-hash=\"#elementor-action%3Aaction%3Dlightbox%26settings%3DeyJpZCI6MjYxNDAsInVybCI6Imh0dHBzOlwvXC9haWtpa2FpLWludGVybmF0aW9uYWwtZ2VuZXZlLmNoXC93cC1jb250ZW50XC91cGxvYWRzXC8yMDE5XC8xMFwvQ291cnMtZHUtMjEtMDItMjAxOC5qcGcifQ%3D%3D\">\n\t\t\t\t\t\t\t<img fetchpriority=\"high\" decoding=\"async\" width=\"768\" height=\"393\" src=\"https:\/\/aikikai-international-geneve.ch\/wp-content\/uploads\/2019\/10\/Cours-du-21-02-2018-768x393.jpg\" class=\"attachment-medium_large size-medium_large wp-image-26140\" alt=\"\" srcset=\"https:\/\/aikikai-international-geneve.ch\/wp-content\/uploads\/2019\/10\/Cours-du-21-02-2018-768x393.jpg 768w, https:\/\/aikikai-international-geneve.ch\/wp-content\/uploads\/2019\/10\/Cours-du-21-02-2018-300x154.jpg 300w, https:\/\/aikikai-international-geneve.ch\/wp-content\/uploads\/2019\/10\/Cours-du-21-02-2018-1024x525.jpg 1024w, https:\/\/aikikai-international-geneve.ch\/wp-content\/uploads\/2019\/10\/Cours-du-21-02-2018.jpg 1462w\" sizes=\"(max-width: 768px) 100vw, 768px\" \/>\t\t\t\t\t\t\t\t<\/a>\n\t\t\t\t\t\t\t\t\t\t\t\t\t\t\t<\/div>\n\t\t\t\t<\/div>\n\t\t\t\t<div class=\"elementor-element elementor-element-5d3d393 elementor-widget elementor-widget-text-editor\" data-id=\"5d3d393\" data-element_type=\"widget\" data-e-type=\"widget\" data-widget_type=\"text-editor.default\">\n\t\t\t\t<div class=\"elementor-widget-container\">\n\t\t\t\t\t\t\t\t\t<p><img decoding=\"async\" class=\"alignleft wp-image-6516 size-full\" src=\"http:\/\/aikikai-international-geneve.ch\/wp-content\/uploads\/2019\/10\/Aikido01.jpg\" alt=\"\" width=\"116\" height=\"170\" data-mce-src=\"http:\/\/aikikai-international-geneve.ch\/wp-content\/uploads\/2019\/10\/Aikido01.jpg\"><\/p>\n<p>Morihei Ueshiba, fundador del Aikido, naci\u00f3 en 1883 en un peque\u00f1o pueblo de Jap\u00f3n. Desde muy joven, mostr\u00f3 inter\u00e9s por el budo (artes marciales). Estudi\u00f3 jujutsu y kenjutsu (esgrima japonesa). De naturaleza curiosa, no se limit\u00f3 a la t\u00e9cnica, sino que tambi\u00e9n explor\u00f3 los aspectos filos\u00f3ficos de estas disciplinas. A pesar de su baja estatura (1,54 metros), lleg\u00f3 a ser f\u00edsicamente m\u00e1s fuerte que el promedio.<\/p>\n<p>Una an\u00e9cdota cuenta que un oficial de la Armada Imperial, impresionado por la fama de Morihei Ueshiba, lo ret\u00f3 a un duelo. Para su gran sorpresa, no pudo asestarle ni un solo golpe. Morihei explic\u00f3 que present\u00eda sus ataques antes incluso de que se produjeran. Ve\u00eda, o sent\u00eda, un destello de luz antes de que el ataque se concretara.<\/p>\n<p>Fue en ese momento cuando el Sr. Ueshiba comprendi\u00f3 que la verdadera esencia del budo no resid\u00eda en el uso de la fuerza, sino en la b\u00fasqueda de la paz y la serenidad para la realizaci\u00f3n personal. El budo deb\u00eda conducir a la armon\u00eda entre lo temporal y lo espiritual. Esta b\u00fasqueda fue la que emprendi\u00f3 el aikibudo, nombre que entonces se le daba al aikido, que solo adopt\u00f3 ese nombre despu\u00e9s de la Segunda Guerra Mundial (ai = armon\u00eda, coordinaci\u00f3n, uni\u00f3n; ki = poder interior, esp\u00edritu, energ\u00eda; do = estudio, investigaci\u00f3n, camino).<\/p>\n<p>Morihei Ueshiba promovi\u00f3 incansablemente su arte a trav\u00e9s de numerosos escritos y demostraciones hasta su fallecimiento en 1969.<\/p>\n\t\t\t\t\t\t\t\t<\/div>\n\t\t\t\t<\/div>\n\t\t\t\t<div class=\"elementor-element elementor-element-6e8b94b elementor-widget elementor-widget-heading\" data-id=\"6e8b94b\" data-element_type=\"widget\" data-e-type=\"widget\" data-widget_type=\"heading.default\">\n\t\t\t\t<div class=\"elementor-widget-container\">\n\t\t\t\t\t<h4 class=\"elementor-heading-title elementor-size-default\">Historia del Aikido<\/h4>\t\t\t\t<\/div>\n\t\t\t\t<\/div>\n\t\t\t\t<div class=\"elementor-element elementor-element-979e8b3 elementor-widget elementor-widget-image\" data-id=\"979e8b3\" data-element_type=\"widget\" data-e-type=\"widget\" data-widget_type=\"image.default\">\n\t\t\t\t<div class=\"elementor-widget-container\">\n\t\t\t\t\t\t\t\t\t\t\t\t<figure class=\"wp-caption\">\n\t\t\t\t\t\t\t\t\t\t<img decoding=\"async\" width=\"800\" height=\"533\" src=\"https:\/\/aikikai-international-geneve.ch\/wp-content\/uploads\/2019\/10\/20101002_stage_prague_1.jpg\" class=\"attachment-large size-large wp-image-26142\" alt=\"\" srcset=\"https:\/\/aikikai-international-geneve.ch\/wp-content\/uploads\/2019\/10\/20101002_stage_prague_1.jpg 800w, https:\/\/aikikai-international-geneve.ch\/wp-content\/uploads\/2019\/10\/20101002_stage_prague_1-300x200.jpg 300w, https:\/\/aikikai-international-geneve.ch\/wp-content\/uploads\/2019\/10\/20101002_stage_prague_1-768x512.jpg 768w\" sizes=\"(max-width: 800px) 100vw, 800px\" \/>\t\t\t\t\t\t\t\t\t\t\t<figcaption class=\"widget-image-caption wp-caption-text\">Seminario internacional de Aikido en Praga, los d\u00edas 2 y 3 de octubre de 2010, dirigido por Gildo Mezzo y con la participaci\u00f3n de alrededor de 90 practicantes de Aikido.<\/figcaption>\n\t\t\t\t\t\t\t\t\t\t<\/figure>\n\t\t\t\t\t\t\t\t\t<\/div>\n\t\t\t\t<\/div>\n\t\t\t\t<div class=\"elementor-element elementor-element-df6b6c1 elementor-widget elementor-widget-heading\" data-id=\"df6b6c1\" data-element_type=\"widget\" data-e-type=\"widget\" data-widget_type=\"heading.default\">\n\t\t\t\t<div class=\"elementor-widget-container\">\n\t\t\t\t\t<h4 class=\"elementor-heading-title elementor-size-default\">Historia de la secci\u00f3n de Aikido de la SDK<\/h4>\t\t\t\t<\/div>\n\t\t\t\t<\/div>\n\t\t\t\t<div class=\"elementor-element elementor-element-b5b8cda elementor-widget elementor-widget-text-editor\" data-id=\"b5b8cda\" data-element_type=\"widget\" data-e-type=\"widget\" data-widget_type=\"text-editor.default\">\n\t\t\t\t<div class=\"elementor-widget-container\">\n\t\t\t\t\t\t\t\t\t<p><img loading=\"lazy\" decoding=\"async\" class=\"alignleft size-full wp-image-6525\" src=\"http:\/\/aikikai-international-geneve.ch\/web\/wp-content\/uploads\/2019\/10\/Aikido03.jpg\" alt=\"\" width=\"283\" height=\"359\" srcset=\"https:\/\/aikikai-international-geneve.ch\/wp-content\/uploads\/2019\/10\/Aikido03.jpg 283w, https:\/\/aikikai-international-geneve.ch\/wp-content\/uploads\/2019\/10\/Aikido03-236x300.jpg 236w\" sizes=\"(max-width: 283px) 100vw, 283px\" \/><\/p>\n<p id=\"tw-target-text\" class=\"tw-data-text tw-text-large tw-ta\" dir=\"ltr\" tabindex=\"-1\" role=\"text\" data-placeholder=\"Traduction\" data-ved=\"2ahUKEwihlpjRtM2VAxWZgv0HHatcBlkQ3ewLegQIDxAV\" aria-label=\"Texte traduit\u00a0: La secci\u00f3n de aikido de nuestro club fue desarrollada por Gildo Mezzo, 7.\u00ba dan de Aikikai.\"><span class=\"Y2IQFc\" lang=\"es\">La secci\u00f3n de aikido de nuestro club fue desarrollada por Gildo Mezzo, 7.\u00ba dan de Aikikai. <\/span>Gildo comenz\u00f3 su entrenamiento de aikido en 1967. Tras tres a\u00f1os de pr\u00e1ctica en Ginebra, viaj\u00f3 a Jap\u00f3n para recibir un entrenamiento intensivo en el Tokyo Hombu Dojo (Centro Mundial de Aikido). Permaneci\u00f3 all\u00ed durante cinco a\u00f1os y obtuvo su 1er dan.<\/p>\n<p>A su regreso a Suiza en 1975, comenz\u00f3 a impartir clases de aikido en la SDK (Asociaci\u00f3n Suiza de Kitesurf). En aquel entonces, ten\u00eda pocos alumnos, ya que la antigua secci\u00f3n de aikido de la SDK se hab\u00eda dividido entre quienes hab\u00edan optado por el estilo Mochizuki, Yoseikan Budo, y quienes prefer\u00edan el estilo Ueshiba y simplemente esperaban un instructor. Con una clase semanal, la secci\u00f3n fue creciendo y expandi\u00e9ndose gradualmente. Hoy cuenta con unos 120 miembros (adultos y ni\u00f1os), con aproximadamente treinta alumnos que entrenan regularmente en el tatami. El n\u00famero de clases ha aumentado a cuatro clases semanales para adultos, impartidas por Gildo Mezzo, y dos clases semanales para ni\u00f1os, impartidas por dos o tres alumnos avanzados.<\/p>\n<p><img loading=\"lazy\" decoding=\"async\" class=\"alignright wp-image-6528 size-full\" src=\"http:\/\/aikikai-international-geneve.ch\/wp-content\/uploads\/2019\/10\/Gildo-dojo.jpeg\" alt=\"\" width=\"312\" height=\"211\" srcset=\"https:\/\/aikikai-international-geneve.ch\/wp-content\/uploads\/2019\/10\/Gildo-dojo.jpeg 312w, https:\/\/aikikai-international-geneve.ch\/wp-content\/uploads\/2019\/10\/Gildo-dojo-300x203.jpeg 300w\" sizes=\"(max-width: 312px) 100vw, 312px\" \/><\/p>\n<p>La secci\u00f3n es muy activa. Realiza aproximadamente ocho sesiones de entrenamiento al a\u00f1o y recibe a numerosos maestros de la disciplina, entre ellos: en el pasado, el Maestro Kitaura, el Maestro Chiba y los ya fallecidos Maestros Yamaguchi, Fujimoto, Tamura y Merit; y actualmente, el Maestro Tissier, el Maestro Gouttard, el Maestro Orban y el Maestro Bachraty.<\/p>\n<p>Gracias al constante esfuerzo de Gildo Mezzo, la secci\u00f3n cuenta actualmente con alrededor de treinta cinturones negros que participan regularmente en los entrenamientos y, por lo tanto, motivan a los practicantes con menos experiencia.<\/p>\n\t\t\t\t\t\t\t\t<\/div>\n\t\t\t\t<\/div>\n\t\t\t\t<div class=\"elementor-element elementor-element-0a0596b elementor-widget elementor-widget-heading\" data-id=\"0a0596b\" data-element_type=\"widget\" data-e-type=\"widget\" data-widget_type=\"heading.default\">\n\t\t\t\t<div class=\"elementor-widget-container\">\n\t\t\t\t\t<h4 class=\"elementor-heading-title elementor-size-default\">Techniques<\/h4>\t\t\t\t<\/div>\n\t\t\t\t<\/div>\n\t\t\t\t<div class=\"elementor-element elementor-element-9217633 elementor-widget elementor-widget-text-editor\" data-id=\"9217633\" data-element_type=\"widget\" data-e-type=\"widget\" data-widget_type=\"text-editor.default\">\n\t\t\t\t<div class=\"elementor-widget-container\">\n\t\t\t\t\t\t\t\t\t<p>El aikido se basa en leyes naturales como el c\u00edrculo y la espiral. Esta disciplina, al igual que otras artes marciales japonesas, ofrece la oportunidad de tomar conciencia del propio cuerpo y desarrollar nociones de equilibrio, dinamismo, vigilancia, respeto mutuo y apoyo mutuo.<\/p>\n<p>De pie o de rodillas, el practicante de aikido utiliza t\u00e9cnicas de lanzamiento e inmovilizaci\u00f3n contra uno o m\u00e1s oponentes, armados o desarmados. El estudio de las armas, en particular la espada y el bast\u00f3n (que simboliza una lanza), contribuye a la comprensi\u00f3n del aikido y permite una progresi\u00f3n m\u00e1s completa. Las ca\u00eddas (ukemi) no son, como en el judo, el final del combate, sino que se entienden como una forma de recuperaci\u00f3n cuando se pierde el equilibrio. Adem\u00e1s de prevenir lesiones, las ukemi permiten recuperar una posici\u00f3n de ataque o defensa.<\/p>\n<p>Una sesi\u00f3n de entrenamiento consta de tres fases: preparaci\u00f3n f\u00edsica y mental, trabajo t\u00e9cnico y, finalmente, el regreso a la calma.<\/p>\n\t\t\t\t\t\t\t\t<\/div>\n\t\t\t\t<\/div>\n\t\t\t\t\t<\/div>\n\t\t<\/div>\n\t\t\t\t\t<\/div>\n\t\t<\/section>\n\t\t\t\t<\/div>\n\t\t","protected":false},"excerpt":{"rendered":"<p>Instructores jefes de Aikido: Georges Morisod 6.\u00ba dan Luc Girardin 4.\u00ba dan Profesor de KENJUTSU: Jean-Michel Kaliszewski 3.er dan CURSO DE INTRODUCCI\u00d3N: Rob van Weelderen 3.er dan AIKIDO INFANTIL: Tamara Franzova 2.\u00ba dan DOCUMENTACI\u00d3N Ataques y t\u00e9cnicas. Ex\u00e1menes de KYU (franc\u00e9s) Ex\u00e1menes de DAN (franc\u00e9s) Introducci\u00f3n al Aikido (franc\u00e9s) \u00ab El camino de la uni\u00f3n [&hellip;]<\/p>\n","protected":false},"author":1,"featured_media":0,"parent":0,"menu_order":0,"comment_status":"closed","ping_status":"closed","template":"elementor_header_footer","meta":{"footnotes":""},"folder":[],"class_list":["post-6805","page","type-page","status-publish","hentry"],"yoast_head":"<!-- This site is optimized with the Yoast SEO plugin v28.2 - https:\/\/yoast.com\/product\/yoast-seo-wordpress\/ -->\n<title>A\u00efkido - Aikikai International Geneve<\/title>\n<meta name=\"robots\" content=\"index, follow, max-snippet:-1, max-image-preview:large, max-video-preview:-1\" \/>\n<link rel=\"canonical\" href=\"https:\/\/aikikai-international-geneve.ch\/?page_id=6805\" \/>\n<meta property=\"og:locale\" content=\"fr_FR\" \/>\n<meta property=\"og:type\" content=\"article\" \/>\n<meta property=\"og:title\" content=\"A\u00efkido - Aikikai International Geneve\" \/>\n<meta property=\"og:description\" content=\"Instructores jefes de Aikido: Georges Morisod 6.\u00ba dan Luc Girardin 4.\u00ba dan Profesor de KENJUTSU: Jean-Michel Kaliszewski 3.er dan CURSO DE INTRODUCCI\u00d3N: Rob van Weelderen 3.er dan AIKIDO INFANTIL: Tamara Franzova 2.\u00ba dan DOCUMENTACI\u00d3N Ataques y t\u00e9cnicas. Ex\u00e1menes de KYU (franc\u00e9s) Ex\u00e1menes de DAN (franc\u00e9s) Introducci\u00f3n al Aikido (franc\u00e9s) \u00ab El camino de la uni\u00f3n [&hellip;]\" \/>\n<meta property=\"og:url\" content=\"https:\/\/aikikai-international-geneve.ch\/?page_id=6805&amp;lang=es\" \/>\n<meta property=\"og:site_name\" content=\"Aikikai International Geneve\" \/>\n<meta property=\"article:modified_time\" content=\"2026-07-12T15:13:06+00:00\" \/>\n<meta property=\"og:image\" content=\"https:\/\/aikikai-international-geneve.ch\/wp-content\/uploads\/2019\/10\/Cours-du-21-02-2018.jpg\" \/>\n\t<meta property=\"og:image:width\" content=\"1462\" \/>\n\t<meta property=\"og:image:height\" content=\"749\" \/>\n\t<meta property=\"og:image:type\" content=\"image\/jpeg\" \/>\n<meta name=\"twitter:card\" content=\"summary_large_image\" \/>\n<meta name=\"twitter:label1\" content=\"Dur\u00e9e de lecture estim\u00e9e\" \/>\n\t<meta name=\"twitter:data1\" content=\"3 minutes\" \/>\n<script type=\"application\/ld+json\" class=\"yoast-schema-graph\">{\"@context\":\"https:\\\/\\\/schema.org\",\"@graph\":[{\"@type\":\"WebPage\",\"@id\":\"https:\\\/\\\/aikikai-international-geneve.ch\\\/?page_id=6805&lang=es\",\"url\":\"https:\\\/\\\/aikikai-international-geneve.ch\\\/?page_id=6805&lang=es\",\"name\":\"A\u00efkido - Aikikai International Geneve\",\"isPartOf\":{\"@id\":\"https:\\\/\\\/aikikai-international-geneve.ch\\\/#website\"},\"primaryImageOfPage\":{\"@id\":\"https:\\\/\\\/aikikai-international-geneve.ch\\\/?page_id=6805&lang=es#primaryimage\"},\"image\":{\"@id\":\"https:\\\/\\\/aikikai-international-geneve.ch\\\/?page_id=6805&lang=es#primaryimage\"},\"thumbnailUrl\":\"http:\\\/\\\/aikikai-international-geneve.ch\\\/wp-content\\\/uploads\\\/2019\\\/10\\\/Cours-du-21-02-2018-768x393.jpg\",\"datePublished\":\"2019-10-22T15:23:09+00:00\",\"dateModified\":\"2026-07-12T15:13:06+00:00\",\"breadcrumb\":{\"@id\":\"https:\\\/\\\/aikikai-international-geneve.ch\\\/?page_id=6805&lang=es#breadcrumb\"},\"inLanguage\":\"fr-FR\",\"potentialAction\":[{\"@type\":\"ReadAction\",\"target\":[\"https:\\\/\\\/aikikai-international-geneve.ch\\\/?page_id=6805&lang=es\"]}]},{\"@type\":\"ImageObject\",\"inLanguage\":\"fr-FR\",\"@id\":\"https:\\\/\\\/aikikai-international-geneve.ch\\\/?page_id=6805&lang=es#primaryimage\",\"url\":\"https:\\\/\\\/aikikai-international-geneve.ch\\\/wp-content\\\/uploads\\\/2019\\\/10\\\/Cours-du-21-02-2018.jpg\",\"contentUrl\":\"https:\\\/\\\/aikikai-international-geneve.ch\\\/wp-content\\\/uploads\\\/2019\\\/10\\\/Cours-du-21-02-2018.jpg\",\"width\":1462,\"height\":749},{\"@type\":\"BreadcrumbList\",\"@id\":\"https:\\\/\\\/aikikai-international-geneve.ch\\\/?page_id=6805&lang=es#breadcrumb\",\"itemListElement\":[{\"@type\":\"ListItem\",\"position\":1,\"name\":\"Home\",\"item\":\"https:\\\/\\\/aikikai-international-geneve.ch\\\/\"},{\"@type\":\"ListItem\",\"position\":2,\"name\":\"A\u00efkido\"}]},{\"@type\":\"WebSite\",\"@id\":\"https:\\\/\\\/aikikai-international-geneve.ch\\\/#website\",\"url\":\"https:\\\/\\\/aikikai-international-geneve.ch\\\/\",\"name\":\"Aikikai International Geneve\",\"description\":\"Les sections A\u00efkido et KenJutsu du Shung Do Kwan Budo Gen\u00e8ve\",\"potentialAction\":[{\"@type\":\"SearchAction\",\"target\":{\"@type\":\"EntryPoint\",\"urlTemplate\":\"https:\\\/\\\/aikikai-international-geneve.ch\\\/?s={search_term_string}\"},\"query-input\":{\"@type\":\"PropertyValueSpecification\",\"valueRequired\":true,\"valueName\":\"search_term_string\"}}],\"inLanguage\":\"fr-FR\"}]}<\/script>\n<!-- \/ Yoast SEO plugin. -->","yoast_head_json":{"title":"A\u00efkido - Aikikai International Geneve","robots":{"index":"index","follow":"follow","max-snippet":"max-snippet:-1","max-image-preview":"max-image-preview:large","max-video-preview":"max-video-preview:-1"},"canonical":"https:\/\/aikikai-international-geneve.ch\/?page_id=6805","og_locale":"fr_FR","og_type":"article","og_title":"A\u00efkido - Aikikai International Geneve","og_description":"Instructores jefes de Aikido: Georges Morisod 6.\u00ba dan Luc Girardin 4.\u00ba dan Profesor de KENJUTSU: Jean-Michel Kaliszewski 3.er dan CURSO DE INTRODUCCI\u00d3N: Rob van Weelderen 3.er dan AIKIDO INFANTIL: Tamara Franzova 2.\u00ba dan DOCUMENTACI\u00d3N Ataques y t\u00e9cnicas. Ex\u00e1menes de KYU (franc\u00e9s) Ex\u00e1menes de DAN (franc\u00e9s) Introducci\u00f3n al Aikido (franc\u00e9s) \u00ab El camino de la uni\u00f3n [&hellip;]","og_url":"https:\/\/aikikai-international-geneve.ch\/?page_id=6805&lang=es","og_site_name":"Aikikai International Geneve","article_modified_time":"2026-07-12T15:13:06+00:00","og_image":[{"width":1462,"height":749,"url":"https:\/\/aikikai-international-geneve.ch\/wp-content\/uploads\/2019\/10\/Cours-du-21-02-2018.jpg","type":"image\/jpeg"}],"twitter_card":"summary_large_image","twitter_misc":{"Dur\u00e9e de lecture estim\u00e9e":"3 minutes"},"schema":{"@context":"https:\/\/schema.org","@graph":[{"@type":"WebPage","@id":"https:\/\/aikikai-international-geneve.ch\/?page_id=6805&lang=es","url":"https:\/\/aikikai-international-geneve.ch\/?page_id=6805&lang=es","name":"A\u00efkido - Aikikai International Geneve","isPartOf":{"@id":"https:\/\/aikikai-international-geneve.ch\/#website"},"primaryImageOfPage":{"@id":"https:\/\/aikikai-international-geneve.ch\/?page_id=6805&lang=es#primaryimage"},"image":{"@id":"https:\/\/aikikai-international-geneve.ch\/?page_id=6805&lang=es#primaryimage"},"thumbnailUrl":"http:\/\/aikikai-international-geneve.ch\/wp-content\/uploads\/2019\/10\/Cours-du-21-02-2018-768x393.jpg","datePublished":"2019-10-22T15:23:09+00:00","dateModified":"2026-07-12T15:13:06+00:00","breadcrumb":{"@id":"https:\/\/aikikai-international-geneve.ch\/?page_id=6805&lang=es#breadcrumb"},"inLanguage":"fr-FR","potentialAction":[{"@type":"ReadAction","target":["https:\/\/aikikai-international-geneve.ch\/?page_id=6805&lang=es"]}]},{"@type":"ImageObject","inLanguage":"fr-FR","@id":"https:\/\/aikikai-international-geneve.ch\/?page_id=6805&lang=es#primaryimage","url":"https:\/\/aikikai-international-geneve.ch\/wp-content\/uploads\/2019\/10\/Cours-du-21-02-2018.jpg","contentUrl":"https:\/\/aikikai-international-geneve.ch\/wp-content\/uploads\/2019\/10\/Cours-du-21-02-2018.jpg","width":1462,"height":749},{"@type":"BreadcrumbList","@id":"https:\/\/aikikai-international-geneve.ch\/?page_id=6805&lang=es#breadcrumb","itemListElement":[{"@type":"ListItem","position":1,"name":"Home","item":"https:\/\/aikikai-international-geneve.ch\/"},{"@type":"ListItem","position":2,"name":"A\u00efkido"}]},{"@type":"WebSite","@id":"https:\/\/aikikai-international-geneve.ch\/#website","url":"https:\/\/aikikai-international-geneve.ch\/","name":"Aikikai International Geneve","description":"Les sections A\u00efkido et KenJutsu du Shung Do Kwan Budo Gen\u00e8ve","potentialAction":[{"@type":"SearchAction","target":{"@type":"EntryPoint","urlTemplate":"https:\/\/aikikai-international-geneve.ch\/?s={search_term_string}"},"query-input":{"@type":"PropertyValueSpecification","valueRequired":true,"valueName":"search_term_string"}}],"inLanguage":"fr-FR"}]}},"_links":{"self":[{"href":"https:\/\/aikikai-international-geneve.ch\/index.php?rest_route=\/wp\/v2\/pages\/6805","targetHints":{"allow":["GET"]}}],"collection":[{"href":"https:\/\/aikikai-international-geneve.ch\/index.php?rest_route=\/wp\/v2\/pages"}],"about":[{"href":"https:\/\/aikikai-international-geneve.ch\/index.php?rest_route=\/wp\/v2\/types\/page"}],"author":[{"embeddable":true,"href":"https:\/\/aikikai-international-geneve.ch\/index.php?rest_route=\/wp\/v2\/users\/1"}],"replies":[{"embeddable":true,"href":"https:\/\/aikikai-international-geneve.ch\/index.php?rest_route=%2Fwp%2Fv2%2Fcomments&post=6805"}],"version-history":[{"count":31,"href":"https:\/\/aikikai-international-geneve.ch\/index.php?rest_route=\/wp\/v2\/pages\/6805\/revisions"}],"predecessor-version":[{"id":26145,"href":"https:\/\/aikikai-international-geneve.ch\/index.php?rest_route=\/wp\/v2\/pages\/6805\/revisions\/26145"}],"wp:attachment":[{"href":"https:\/\/aikikai-international-geneve.ch\/index.php?rest_route=%2Fwp%2Fv2%2Fmedia&parent=6805"}],"wp:term":[{"taxonomy":"folder","embeddable":true,"href":"https:\/\/aikikai-international-geneve.ch\/index.php?rest_route=%2Fwp%2Fv2%2Ffolder&post=6805"}],"curies":[{"name":"wp","href":"https:\/\/api.w.org\/{rel}","templated":true}]}}