{"id":6813,"date":"2019-10-22T15:35:07","date_gmt":"2019-10-22T15:35:07","guid":{"rendered":"http:\/\/aikikai-international-geneve.ch\/web\/index.php\/aikido-enfants\/"},"modified":"2026-05-26T17:09:11","modified_gmt":"2026-05-26T17:09:11","slug":"aikido-enfants","status":"publish","type":"page","link":"https:\/\/aikikai-international-geneve.ch\/?page_id=6813&lang=de","title":{"rendered":"A\u00efkido Kinder"},"content":{"rendered":"\t\t<div data-elementor-type=\"wp-page\" data-elementor-id=\"6813\" class=\"elementor elementor-6813 elementor-6565\" data-elementor-post-type=\"page\">\n\t\t\t\t\t\t<section class=\"elementor-section elementor-top-section elementor-element elementor-element-2357a103 elementor-section-stretched elementor-section-boxed elementor-section-height-default elementor-section-height-default\" data-id=\"2357a103\" data-element_type=\"section\" data-e-type=\"section\" data-settings=\"{&quot;background_background&quot;:&quot;classic&quot;,&quot;stretch_section&quot;:&quot;section-stretched&quot;}\">\n\t\t\t\t\t\t<div class=\"elementor-container elementor-column-gap-default\">\n\t\t\t\t\t<div class=\"elementor-column elementor-col-100 elementor-top-column elementor-element elementor-element-73c66ac0\" data-id=\"73c66ac0\" data-element_type=\"column\" data-e-type=\"column\" data-settings=\"{&quot;background_background&quot;:&quot;classic&quot;}\">\n\t\t\t<div class=\"elementor-widget-wrap elementor-element-populated\">\n\t\t\t\t\t\t<div class=\"elementor-element elementor-element-80e78fd elementor-widget elementor-widget-heading\" data-id=\"80e78fd\" data-element_type=\"widget\" data-e-type=\"widget\" data-widget_type=\"heading.default\">\n\t\t\t\t<div class=\"elementor-widget-container\">\n\t\t\t\t\t<h4 class=\"elementor-heading-title elementor-size-default\">Sektion Aikido f\u00fcr Kinder und Heranwachsende<\/h4>\t\t\t\t<\/div>\n\t\t\t\t<\/div>\n\t\t\t\t<section class=\"elementor-section elementor-inner-section elementor-element elementor-element-aa3346f elementor-section-boxed elementor-section-height-default elementor-section-height-default\" data-id=\"aa3346f\" data-element_type=\"section\" data-e-type=\"section\" data-settings=\"{&quot;background_background&quot;:&quot;classic&quot;}\">\n\t\t\t\t\t\t<div class=\"elementor-container elementor-column-gap-default\">\n\t\t\t\t\t<div class=\"elementor-column elementor-col-50 elementor-inner-column elementor-element elementor-element-789bcb1\" data-id=\"789bcb1\" data-element_type=\"column\" data-e-type=\"column\" data-settings=\"{&quot;background_background&quot;:&quot;classic&quot;}\">\n\t\t\t<div class=\"elementor-widget-wrap elementor-element-populated\">\n\t\t\t\t\t\t<div class=\"elementor-element elementor-element-be1bf88 elementor-button-info elementor-align-center elementor-widget elementor-widget-button\" data-id=\"be1bf88\" data-element_type=\"widget\" data-e-type=\"widget\" data-widget_type=\"button.default\">\n\t\t\t\t<div class=\"elementor-widget-container\">\n\t\t\t\t\t\t\t\t\t<div class=\"elementor-button-wrapper\">\n\t\t\t\t\t<a class=\"elementor-button elementor-button-link elementor-size-sm\" href=\"http:\/\/aikikai-international-geneve.ch\/wp-content\/uploads\/2019\/10\/Techniques-examens.pdf\" target=\"_blank\">\n\t\t\t\t\t\t<span class=\"elementor-button-content-wrapper\">\n\t\t\t\t\t\t\t\t\t<span class=\"elementor-button-text\">Angriffe und Techniken.<\/span>\n\t\t\t\t\t<\/span>\n\t\t\t\t\t<\/a>\n\t\t\t\t<\/div>\n\t\t\t\t\t\t\t\t<\/div>\n\t\t\t\t<\/div>\n\t\t\t\t\t<\/div>\n\t\t<\/div>\n\t\t\t\t<div class=\"elementor-column elementor-col-50 elementor-inner-column elementor-element elementor-element-829b0ca\" data-id=\"829b0ca\" data-element_type=\"column\" data-e-type=\"column\" data-settings=\"{&quot;background_background&quot;:&quot;classic&quot;}\">\n\t\t\t<div class=\"elementor-widget-wrap elementor-element-populated\">\n\t\t\t\t\t\t<div class=\"elementor-element elementor-element-6fc0eea elementor-button-info elementor-align-center elementor-widget elementor-widget-button\" data-id=\"6fc0eea\" data-element_type=\"widget\" data-e-type=\"widget\" data-widget_type=\"button.default\">\n\t\t\t\t<div class=\"elementor-widget-container\">\n\t\t\t\t\t\t\t\t\t<div class=\"elementor-button-wrapper\">\n\t\t\t\t\t<a class=\"elementor-button elementor-button-link elementor-size-sm\" href=\"#elementor-action%3Aaction%3Dpopup%3Aopen%26settings%3DeyJpZCI6Njc1MywidG9nZ2xlIjpmYWxzZX0%3D\">\n\t\t\t\t\t\t<span class=\"elementor-button-content-wrapper\">\n\t\t\t\t\t\t\t\t\t<span class=\"elementor-button-text\">Handbuch f\u00fcr junge Praktiker.<\/span>\n\t\t\t\t\t<\/span>\n\t\t\t\t\t<\/a>\n\t\t\t\t<\/div>\n\t\t\t\t\t\t\t\t<\/div>\n\t\t\t\t<\/div>\n\t\t\t\t\t<\/div>\n\t\t<\/div>\n\t\t\t\t\t<\/div>\n\t\t<\/section>\n\t\t\t\t<div class=\"elementor-element elementor-element-f5a96ac elementor-widget elementor-widget-heading\" data-id=\"f5a96ac\" data-element_type=\"widget\" data-e-type=\"widget\" data-widget_type=\"heading.default\">\n\t\t\t\t<div class=\"elementor-widget-container\">\n\t\t\t\t\t<h5 class=\"elementor-heading-title elementor-size-default\">Aikido-Abteilung f\u00fcr Kinder und Jugendliche<\/h5>\t\t\t\t<\/div>\n\t\t\t\t<\/div>\n\t\t\t\t<div class=\"elementor-element elementor-element-1af1246 elementor-widget elementor-widget-text-editor\" data-id=\"1af1246\" data-element_type=\"widget\" data-e-type=\"widget\" data-widget_type=\"text-editor.default\">\n\t\t\t\t<div class=\"elementor-widget-container\">\n\t\t\t\t\t\t\t\t\t<p><img decoding=\"async\" class=\"alignright wp-image-6535 size-full\" src=\"http:\/\/aikikai-international-geneve.ch\/wp-content\/uploads\/2019\/10\/enfants_01.png\" alt=\"\" width=\"231\" height=\"188\" \/><\/p>\n<p>Die Shung-Do-Kwan-Abteilung f\u00fcr Kinder und Jugendliche im Aikido wurde um 1980 gegr\u00fcndet. Seitdem haben dort verschiedene Trainer unterrichtet. Aktuell leitet Frau Tamara Franzova (2. Dan) die Abteilung und wird von mehreren Assistenten unterst\u00fctzt.<\/p>\n<p>Aikido l\u00e4sst sich als das Studium und die Entwicklung der k\u00f6rperlichen und geistigen Koordination von Energie \u00fcbersetzen.<\/p>\n<p>Die Aikido-Praxis pr\u00e4sentiert sich nach au\u00dfen hin als eine Reihe hoch entwickelter und vielf\u00e4ltiger Techniken, die auf den Naturgesetzen des Kreises und der Spirale basieren.<\/p>\n<p>Das von Kindern praktizierte Aikido geh\u00f6rt derselben Schule an wie das der Erwachsenen. Der Unterricht ist jedoch sehr spielerisch gestaltet, wobei der Kampfgeist und die Philosophie der Aggressionsbew\u00e4ltigung erhalten bleiben. Effektivit\u00e4t steht nicht im Vordergrund; vielmehr sind Respekt vor dem Partner und Achtsamkeit f\u00fcr die Umgebung von gr\u00f6\u00dfter Bedeutung. Die harmonische Entwicklung der Kinder und Jugendlichen ist unser Ziel.<\/p>\n<p>Der Fortschritt der Sch\u00fcler wird durch Trainingseinheiten und Pr\u00fcfungen dokumentiert, die ihnen den Aufstieg zum n\u00e4chsten Grad erm\u00f6glichen. Es gibt sechs Graduierungen (jede mit eigener Farbe), die zum schwarzen G\u00fcrtel (1. Dan) f\u00fchren. Bei Kindern ist jede Graduierung zus\u00e4tzlich in f\u00fcnf Streifen unterteilt.<\/p>\n\t\t\t\t\t\t\t\t<\/div>\n\t\t\t\t<\/div>\n\t\t\t\t<div class=\"elementor-element elementor-element-835f4cc elementor-widget elementor-widget-heading\" data-id=\"835f4cc\" data-element_type=\"widget\" data-e-type=\"widget\" data-widget_type=\"heading.default\">\n\t\t\t\t<div class=\"elementor-widget-container\">\n\t\t\t\t\t<h5 class=\"elementor-heading-title elementor-size-default\">DER KURS IST WIE FOLGT AUFGEBAUT:<\/h5>\t\t\t\t<\/div>\n\t\t\t\t<\/div>\n\t\t\t\t<div class=\"elementor-element elementor-element-c584599 elementor-widget elementor-widget-text-editor\" data-id=\"c584599\" data-element_type=\"widget\" data-e-type=\"widget\" data-widget_type=\"text-editor.default\">\n\t\t\t\t<div class=\"elementor-widget-container\">\n\t\t\t\t\t\t\t\t\t<p>Aufw\u00e4rmen:<\/p>\n<p>Vorbereitung des K\u00f6rpers auf das Training<\/p>\n<p>Bewegung:<\/p>\n<p>Stehen, Knien<\/p>\n<p>St\u00fcrze:<\/p>\n<p>Vorw\u00e4rts und r\u00fcckw\u00e4rts<\/p>\n<p>Angriffe und Haltegriffe:<\/p>\n<p>Vielf\u00e4ltig und in verschiedenen Formen<\/p>\n<p>Techniken, darunter:<\/p>\n<p>Abfangen, Eindringen, Gleichgewichtsst\u00f6rungen, Fixieren und Werfen.<\/p>\n<p>Kinder k\u00f6nnen ab 8 Jahren mit Aikido beginnen. Ab 15 Jahren trainieren Jugendliche mit Erwachsenen.<\/p>\n<p>Die Uniform ist die gleiche wie im Judo oder Karate.<\/p>\n<p>Kinder und Jugendliche m\u00fcssen von ihren Eltern begleitet werden.<\/p>\n\t\t\t\t\t\t\t\t<\/div>\n\t\t\t\t<\/div>\n\t\t\t\t\t<\/div>\n\t\t<\/div>\n\t\t\t\t\t<\/div>\n\t\t<\/section>\n\t\t\t\t<\/div>\n\t\t","protected":false},"excerpt":{"rendered":"<p>Sektion Aikido f\u00fcr Kinder und Heranwachsende Angriffe und Techniken. Handbuch f\u00fcr junge Praktiker. Aikido-Abteilung f\u00fcr Kinder und Jugendliche Die Shung-Do-Kwan-Abteilung f\u00fcr Kinder und Jugendliche im Aikido wurde um 1980 gegr\u00fcndet. Seitdem haben dort verschiedene Trainer unterrichtet. Aktuell leitet Frau Tamara Franzova (2. Dan) die Abteilung und wird von mehreren Assistenten unterst\u00fctzt. Aikido l\u00e4sst sich als [&hellip;]<\/p>\n","protected":false},"author":1,"featured_media":0,"parent":0,"menu_order":0,"comment_status":"closed","ping_status":"closed","template":"elementor_header_footer","meta":{"footnotes":""},"folder":[],"class_list":["post-6813","page","type-page","status-publish","hentry"],"yoast_head":"<!-- This site is optimized with the Yoast SEO plugin v28.2 - https:\/\/yoast.com\/product\/yoast-seo-wordpress\/ -->\n<title>A\u00efkido Kinder - Aikikai International Geneve<\/title>\n<meta name=\"robots\" content=\"index, follow, max-snippet:-1, max-image-preview:large, max-video-preview:-1\" \/>\n<link rel=\"canonical\" href=\"https:\/\/aikikai-international-geneve.ch\/?page_id=6813\" \/>\n<meta property=\"og:locale\" content=\"fr_FR\" \/>\n<meta property=\"og:type\" content=\"article\" \/>\n<meta property=\"og:title\" content=\"A\u00efkido Kinder - Aikikai International Geneve\" \/>\n<meta property=\"og:description\" content=\"Sektion Aikido f\u00fcr Kinder und Heranwachsende Angriffe und Techniken. Handbuch f\u00fcr junge Praktiker. Aikido-Abteilung f\u00fcr Kinder und Jugendliche Die Shung-Do-Kwan-Abteilung f\u00fcr Kinder und Jugendliche im Aikido wurde um 1980 gegr\u00fcndet. Seitdem haben dort verschiedene Trainer unterrichtet. Aktuell leitet Frau Tamara Franzova (2. Dan) die Abteilung und wird von mehreren Assistenten unterst\u00fctzt. Aikido l\u00e4sst sich als [&hellip;]\" \/>\n<meta property=\"og:url\" content=\"https:\/\/aikikai-international-geneve.ch\/?page_id=6813&amp;lang=de\" \/>\n<meta property=\"og:site_name\" content=\"Aikikai International Geneve\" \/>\n<meta property=\"article:modified_time\" content=\"2026-05-26T17:09:11+00:00\" \/>\n<meta property=\"og:image\" content=\"https:\/\/aikikai-international-geneve.ch\/wp-content\/uploads\/2019\/10\/enfants_01.png\" \/>\n\t<meta property=\"og:image:width\" content=\"231\" \/>\n\t<meta property=\"og:image:height\" content=\"188\" \/>\n\t<meta property=\"og:image:type\" content=\"image\/png\" \/>\n<meta name=\"twitter:card\" content=\"summary_large_image\" \/>\n<meta name=\"twitter:label1\" content=\"Dur\u00e9e de lecture estim\u00e9e\" \/>\n\t<meta name=\"twitter:data1\" content=\"2 minutes\" \/>\n<script type=\"application\/ld+json\" class=\"yoast-schema-graph\">{\"@context\":\"https:\\\/\\\/schema.org\",\"@graph\":[{\"@type\":\"WebPage\",\"@id\":\"https:\\\/\\\/aikikai-international-geneve.ch\\\/?page_id=6813&lang=de\",\"url\":\"https:\\\/\\\/aikikai-international-geneve.ch\\\/?page_id=6813&lang=de\",\"name\":\"A\u00efkido Kinder - Aikikai International Geneve\",\"isPartOf\":{\"@id\":\"https:\\\/\\\/aikikai-international-geneve.ch\\\/#website\"},\"primaryImageOfPage\":{\"@id\":\"https:\\\/\\\/aikikai-international-geneve.ch\\\/?page_id=6813&lang=de#primaryimage\"},\"image\":{\"@id\":\"https:\\\/\\\/aikikai-international-geneve.ch\\\/?page_id=6813&lang=de#primaryimage\"},\"thumbnailUrl\":\"http:\\\/\\\/aikikai-international-geneve.ch\\\/wp-content\\\/uploads\\\/2019\\\/10\\\/enfants_01.png\",\"datePublished\":\"2019-10-22T15:35:07+00:00\",\"dateModified\":\"2026-05-26T17:09:11+00:00\",\"breadcrumb\":{\"@id\":\"https:\\\/\\\/aikikai-international-geneve.ch\\\/?page_id=6813&lang=de#breadcrumb\"},\"inLanguage\":\"fr-FR\",\"potentialAction\":[{\"@type\":\"ReadAction\",\"target\":[\"https:\\\/\\\/aikikai-international-geneve.ch\\\/?page_id=6813&lang=de\"]}]},{\"@type\":\"ImageObject\",\"inLanguage\":\"fr-FR\",\"@id\":\"https:\\\/\\\/aikikai-international-geneve.ch\\\/?page_id=6813&lang=de#primaryimage\",\"url\":\"https:\\\/\\\/aikikai-international-geneve.ch\\\/wp-content\\\/uploads\\\/2019\\\/10\\\/enfants_01.png\",\"contentUrl\":\"https:\\\/\\\/aikikai-international-geneve.ch\\\/wp-content\\\/uploads\\\/2019\\\/10\\\/enfants_01.png\",\"width\":231,\"height\":188},{\"@type\":\"BreadcrumbList\",\"@id\":\"https:\\\/\\\/aikikai-international-geneve.ch\\\/?page_id=6813&lang=de#breadcrumb\",\"itemListElement\":[{\"@type\":\"ListItem\",\"position\":1,\"name\":\"Home\",\"item\":\"https:\\\/\\\/aikikai-international-geneve.ch\\\/\"},{\"@type\":\"ListItem\",\"position\":2,\"name\":\"A\u00efkido Kinder\"}]},{\"@type\":\"WebSite\",\"@id\":\"https:\\\/\\\/aikikai-international-geneve.ch\\\/#website\",\"url\":\"https:\\\/\\\/aikikai-international-geneve.ch\\\/\",\"name\":\"Aikikai International Geneve\",\"description\":\"Les sections A\u00efkido et KenJutsu du Shung Do Kwan Budo Gen\u00e8ve\",\"potentialAction\":[{\"@type\":\"SearchAction\",\"target\":{\"@type\":\"EntryPoint\",\"urlTemplate\":\"https:\\\/\\\/aikikai-international-geneve.ch\\\/?s={search_term_string}\"},\"query-input\":{\"@type\":\"PropertyValueSpecification\",\"valueRequired\":true,\"valueName\":\"search_term_string\"}}],\"inLanguage\":\"fr-FR\"}]}<\/script>\n<!-- \/ Yoast SEO plugin. -->","yoast_head_json":{"title":"A\u00efkido Kinder - Aikikai International Geneve","robots":{"index":"index","follow":"follow","max-snippet":"max-snippet:-1","max-image-preview":"max-image-preview:large","max-video-preview":"max-video-preview:-1"},"canonical":"https:\/\/aikikai-international-geneve.ch\/?page_id=6813","og_locale":"fr_FR","og_type":"article","og_title":"A\u00efkido Kinder - Aikikai International Geneve","og_description":"Sektion Aikido f\u00fcr Kinder und Heranwachsende Angriffe und Techniken. Handbuch f\u00fcr junge Praktiker. Aikido-Abteilung f\u00fcr Kinder und Jugendliche Die Shung-Do-Kwan-Abteilung f\u00fcr Kinder und Jugendliche im Aikido wurde um 1980 gegr\u00fcndet. Seitdem haben dort verschiedene Trainer unterrichtet. Aktuell leitet Frau Tamara Franzova (2. Dan) die Abteilung und wird von mehreren Assistenten unterst\u00fctzt. Aikido l\u00e4sst sich als [&hellip;]","og_url":"https:\/\/aikikai-international-geneve.ch\/?page_id=6813&lang=de","og_site_name":"Aikikai International Geneve","article_modified_time":"2026-05-26T17:09:11+00:00","og_image":[{"width":231,"height":188,"url":"https:\/\/aikikai-international-geneve.ch\/wp-content\/uploads\/2019\/10\/enfants_01.png","type":"image\/png"}],"twitter_card":"summary_large_image","twitter_misc":{"Dur\u00e9e de lecture estim\u00e9e":"2 minutes"},"schema":{"@context":"https:\/\/schema.org","@graph":[{"@type":"WebPage","@id":"https:\/\/aikikai-international-geneve.ch\/?page_id=6813&lang=de","url":"https:\/\/aikikai-international-geneve.ch\/?page_id=6813&lang=de","name":"A\u00efkido Kinder - Aikikai International Geneve","isPartOf":{"@id":"https:\/\/aikikai-international-geneve.ch\/#website"},"primaryImageOfPage":{"@id":"https:\/\/aikikai-international-geneve.ch\/?page_id=6813&lang=de#primaryimage"},"image":{"@id":"https:\/\/aikikai-international-geneve.ch\/?page_id=6813&lang=de#primaryimage"},"thumbnailUrl":"http:\/\/aikikai-international-geneve.ch\/wp-content\/uploads\/2019\/10\/enfants_01.png","datePublished":"2019-10-22T15:35:07+00:00","dateModified":"2026-05-26T17:09:11+00:00","breadcrumb":{"@id":"https:\/\/aikikai-international-geneve.ch\/?page_id=6813&lang=de#breadcrumb"},"inLanguage":"fr-FR","potentialAction":[{"@type":"ReadAction","target":["https:\/\/aikikai-international-geneve.ch\/?page_id=6813&lang=de"]}]},{"@type":"ImageObject","inLanguage":"fr-FR","@id":"https:\/\/aikikai-international-geneve.ch\/?page_id=6813&lang=de#primaryimage","url":"https:\/\/aikikai-international-geneve.ch\/wp-content\/uploads\/2019\/10\/enfants_01.png","contentUrl":"https:\/\/aikikai-international-geneve.ch\/wp-content\/uploads\/2019\/10\/enfants_01.png","width":231,"height":188},{"@type":"BreadcrumbList","@id":"https:\/\/aikikai-international-geneve.ch\/?page_id=6813&lang=de#breadcrumb","itemListElement":[{"@type":"ListItem","position":1,"name":"Home","item":"https:\/\/aikikai-international-geneve.ch\/"},{"@type":"ListItem","position":2,"name":"A\u00efkido Kinder"}]},{"@type":"WebSite","@id":"https:\/\/aikikai-international-geneve.ch\/#website","url":"https:\/\/aikikai-international-geneve.ch\/","name":"Aikikai International Geneve","description":"Les sections A\u00efkido et KenJutsu du Shung Do Kwan Budo Gen\u00e8ve","potentialAction":[{"@type":"SearchAction","target":{"@type":"EntryPoint","urlTemplate":"https:\/\/aikikai-international-geneve.ch\/?s={search_term_string}"},"query-input":{"@type":"PropertyValueSpecification","valueRequired":true,"valueName":"search_term_string"}}],"inLanguage":"fr-FR"}]}},"_links":{"self":[{"href":"https:\/\/aikikai-international-geneve.ch\/index.php?rest_route=\/wp\/v2\/pages\/6813","targetHints":{"allow":["GET"]}}],"collection":[{"href":"https:\/\/aikikai-international-geneve.ch\/index.php?rest_route=\/wp\/v2\/pages"}],"about":[{"href":"https:\/\/aikikai-international-geneve.ch\/index.php?rest_route=\/wp\/v2\/types\/page"}],"author":[{"embeddable":true,"href":"https:\/\/aikikai-international-geneve.ch\/index.php?rest_route=\/wp\/v2\/users\/1"}],"replies":[{"embeddable":true,"href":"https:\/\/aikikai-international-geneve.ch\/index.php?rest_route=%2Fwp%2Fv2%2Fcomments&post=6813"}],"version-history":[{"count":43,"href":"https:\/\/aikikai-international-geneve.ch\/index.php?rest_route=\/wp\/v2\/pages\/6813\/revisions"}],"predecessor-version":[{"id":25949,"href":"https:\/\/aikikai-international-geneve.ch\/index.php?rest_route=\/wp\/v2\/pages\/6813\/revisions\/25949"}],"wp:attachment":[{"href":"https:\/\/aikikai-international-geneve.ch\/index.php?rest_route=%2Fwp%2Fv2%2Fmedia&parent=6813"}],"wp:term":[{"taxonomy":"folder","embeddable":true,"href":"https:\/\/aikikai-international-geneve.ch\/index.php?rest_route=%2Fwp%2Fv2%2Ffolder&post=6813"}],"curies":[{"name":"wp","href":"https:\/\/api.w.org\/{rel}","templated":true}]}}