{"id":6816,"date":"2019-10-22T15:35:07","date_gmt":"2019-10-22T15:35:07","guid":{"rendered":"http:\/\/aikikai-international-geneve.ch\/web\/index.php\/aikido-enfants\/"},"modified":"2026-05-26T14:47:45","modified_gmt":"2026-05-26T14:47:45","slug":"aikido-enfants","status":"publish","type":"page","link":"https:\/\/aikikai-international-geneve.ch\/?page_id=6816&lang=es","title":{"rendered":"A\u00efkido Ni\u00f1os"},"content":{"rendered":"\t\t<div data-elementor-type=\"wp-page\" data-elementor-id=\"6816\" class=\"elementor elementor-6816 elementor-6565\" data-elementor-post-type=\"page\">\n\t\t\t\t\t\t<section class=\"elementor-section elementor-top-section elementor-element elementor-element-2357a103 elementor-section-stretched elementor-section-boxed elementor-section-height-default elementor-section-height-default\" data-id=\"2357a103\" data-element_type=\"section\" data-e-type=\"section\" data-settings=\"{&quot;background_background&quot;:&quot;classic&quot;,&quot;stretch_section&quot;:&quot;section-stretched&quot;}\">\n\t\t\t\t\t\t<div class=\"elementor-container elementor-column-gap-default\">\n\t\t\t\t\t<div class=\"elementor-column elementor-col-100 elementor-top-column elementor-element elementor-element-73c66ac0\" data-id=\"73c66ac0\" data-element_type=\"column\" data-e-type=\"column\" data-settings=\"{&quot;background_background&quot;:&quot;classic&quot;}\">\n\t\t\t<div class=\"elementor-widget-wrap elementor-element-populated\">\n\t\t\t\t\t\t<div class=\"elementor-element elementor-element-80e78fd elementor-widget elementor-widget-heading\" data-id=\"80e78fd\" data-element_type=\"widget\" data-e-type=\"widget\" data-widget_type=\"heading.default\">\n\t\t\t\t<div class=\"elementor-widget-container\">\n\t\t\t\t\t<h4 class=\"elementor-heading-title elementor-size-default\">Secci\u00f3n A\u00efkid\u00f4 ni\u00f1os \u2013 adolescentes<\/h4>\t\t\t\t<\/div>\n\t\t\t\t<\/div>\n\t\t\t\t<section class=\"elementor-section elementor-inner-section elementor-element elementor-element-aa3346f elementor-section-boxed elementor-section-height-default elementor-section-height-default\" data-id=\"aa3346f\" data-element_type=\"section\" data-e-type=\"section\" data-settings=\"{&quot;background_background&quot;:&quot;classic&quot;}\">\n\t\t\t\t\t\t<div class=\"elementor-container elementor-column-gap-default\">\n\t\t\t\t\t<div class=\"elementor-column elementor-col-50 elementor-inner-column elementor-element elementor-element-789bcb1\" data-id=\"789bcb1\" data-element_type=\"column\" data-e-type=\"column\" data-settings=\"{&quot;background_background&quot;:&quot;classic&quot;}\">\n\t\t\t<div class=\"elementor-widget-wrap elementor-element-populated\">\n\t\t\t\t\t\t<div class=\"elementor-element elementor-element-be1bf88 elementor-button-info elementor-align-center elementor-widget elementor-widget-button\" data-id=\"be1bf88\" data-element_type=\"widget\" data-e-type=\"widget\" data-widget_type=\"button.default\">\n\t\t\t\t<div class=\"elementor-widget-container\">\n\t\t\t\t\t\t\t\t\t<div class=\"elementor-button-wrapper\">\n\t\t\t\t\t<a class=\"elementor-button elementor-button-link elementor-size-sm\" href=\"http:\/\/aikikai-international-geneve.ch\/wp-content\/uploads\/2019\/10\/Techniques-examens.pdf\" target=\"_blank\">\n\t\t\t\t\t\t<span class=\"elementor-button-content-wrapper\">\n\t\t\t\t\t\t\t\t\t<span class=\"elementor-button-text\">Ataques y t\u00e9cnicas.<\/span>\n\t\t\t\t\t<\/span>\n\t\t\t\t\t<\/a>\n\t\t\t\t<\/div>\n\t\t\t\t\t\t\t\t<\/div>\n\t\t\t\t<\/div>\n\t\t\t\t\t<\/div>\n\t\t<\/div>\n\t\t\t\t<div class=\"elementor-column elementor-col-50 elementor-inner-column elementor-element elementor-element-829b0ca\" data-id=\"829b0ca\" data-element_type=\"column\" data-e-type=\"column\" data-settings=\"{&quot;background_background&quot;:&quot;classic&quot;}\">\n\t\t\t<div class=\"elementor-widget-wrap elementor-element-populated\">\n\t\t\t\t\t\t<div class=\"elementor-element elementor-element-6fc0eea elementor-button-info elementor-align-center elementor-widget elementor-widget-button\" data-id=\"6fc0eea\" data-element_type=\"widget\" data-e-type=\"widget\" data-widget_type=\"button.default\">\n\t\t\t\t<div class=\"elementor-widget-container\">\n\t\t\t\t\t\t\t\t\t<div class=\"elementor-button-wrapper\">\n\t\t\t\t\t<a class=\"elementor-button elementor-button-link elementor-size-sm\" href=\"#elementor-action%3Aaction%3Dpopup%3Aopen%26settings%3DeyJpZCI6Njc1MywidG9nZ2xlIjpmYWxzZX0%3D\">\n\t\t\t\t\t\t<span class=\"elementor-button-content-wrapper\">\n\t\t\t\t\t\t\t\t\t<span class=\"elementor-button-text\">Manual para j\u00f3venes profesionales.<\/span>\n\t\t\t\t\t<\/span>\n\t\t\t\t\t<\/a>\n\t\t\t\t<\/div>\n\t\t\t\t\t\t\t\t<\/div>\n\t\t\t\t<\/div>\n\t\t\t\t\t<\/div>\n\t\t<\/div>\n\t\t\t\t\t<\/div>\n\t\t<\/section>\n\t\t\t\t<div class=\"elementor-element elementor-element-f5a96ac elementor-widget elementor-widget-heading\" data-id=\"f5a96ac\" data-element_type=\"widget\" data-e-type=\"widget\" data-widget_type=\"heading.default\">\n\t\t\t\t<div class=\"elementor-widget-container\">\n\t\t\t\t\t<h5 class=\"elementor-heading-title elementor-size-default\">Secci\u00f3n de Aikido para Ni\u00f1os y Adolescentes<\/h5>\t\t\t\t<\/div>\n\t\t\t\t<\/div>\n\t\t\t\t<div class=\"elementor-element elementor-element-1af1246 elementor-widget elementor-widget-text-editor\" data-id=\"1af1246\" data-element_type=\"widget\" data-e-type=\"widget\" data-widget_type=\"text-editor.default\">\n\t\t\t\t<div class=\"elementor-widget-container\">\n\t\t\t\t\t\t\t\t\t<p><img decoding=\"async\" class=\"alignright wp-image-6535 size-full\" src=\"http:\/\/aikikai-international-geneve.ch\/wp-content\/uploads\/2019\/10\/enfants_01.png\" alt=\"\" width=\"231\" height=\"188\" \/><\/p>\n<p>La secci\u00f3n de Aikido para Ni\u00f1os y Adolescentes de Shung-Do-Kwan se fund\u00f3 alrededor de 1980. Desde entonces, varios instructores han impartido clases all\u00ed. Actualmente, la instructora es la Sra. Tamara Franzova (2.\u00ba Dan), asistida por varios asistentes.<\/p>\n<p>El Aikido se puede traducir como el estudio y la b\u00fasqueda de la coordinaci\u00f3n f\u00edsica y mental de la energ\u00eda.<\/p>\n<p>La pr\u00e1ctica del Aikido se presenta externamente como un conjunto de t\u00e9cnicas muy elaboradas y diversas, basadas en las leyes naturales del c\u00edrculo y la espiral.<\/p>\n<p>El Aikido que se practica para ni\u00f1os pertenece a la misma escuela que el que se practica para adultos. Sin embargo, las clases se imparten con un enfoque muy l\u00fadico, manteniendo el esp\u00edritu marcial y la filosof\u00eda de la neutralizaci\u00f3n de la agresividad. La efectividad no es el objetivo principal; m\u00e1s bien, el respeto por el compa\u00f1ero y la conciencia del entorno son primordiales. Nuestro objetivo es el desarrollo armonioso del ni\u00f1o y el adolescente.<\/p>\n<p>El progreso del alumno se eval\u00faa mediante sesiones de entrenamiento y ex\u00e1menes que le permiten avanzar de un grado al siguiente. Existen seis rangos (cada uno con su propio color) que conducen al cintur\u00f3n negro (1er Dan). Para los ni\u00f1os, cada rango se divide a su vez en cinco franjas.<\/p>\n\t\t\t\t\t\t\t\t<\/div>\n\t\t\t\t<\/div>\n\t\t\t\t<div class=\"elementor-element elementor-element-835f4cc elementor-widget elementor-widget-heading\" data-id=\"835f4cc\" data-element_type=\"widget\" data-e-type=\"widget\" data-widget_type=\"heading.default\">\n\t\t\t\t<div class=\"elementor-widget-container\">\n\t\t\t\t\t<h5 class=\"elementor-heading-title elementor-size-default\">EL CURSO EST\u00c1 ESTRUCTURADO DE LA SIGUIENTE MANERA:<\/h5>\t\t\t\t<\/div>\n\t\t\t\t<\/div>\n\t\t\t\t<div class=\"elementor-element elementor-element-c584599 elementor-widget elementor-widget-text-editor\" data-id=\"c584599\" data-element_type=\"widget\" data-e-type=\"widget\" data-widget_type=\"text-editor.default\">\n\t\t\t\t<div class=\"elementor-widget-container\">\n\t\t\t\t\t\t\t\t\t<p>Calentamiento:<\/p>\n<p>Preparaci\u00f3n del cuerpo para la pr\u00e1ctica<\/p>\n<p>Movimiento:<\/p>\n<p>De pie, de rodillas<\/p>\n<p>Ca\u00eddas:<\/p>\n<p>Hacia adelante y hacia atr\u00e1s<\/p>\n<p>Ataques y agarres:<\/p>\n<p>Variados y de diversas formas<\/p>\n<p>T\u00e9cnicas que incluyen:<\/p>\n<p>absorci\u00f3n, entrada, desequilibrio, inmovilizaci\u00f3n y lanzamiento.<\/p>\n<p>Un ni\u00f1o puede comenzar a practicar Aikido a partir de los 8 a\u00f1os. A los 15 a\u00f1os, un adolescente entrena con adultos.<\/p>\n<p>El uniforme es el mismo que en judo o karate.<\/p>\n<p>Un ni\u00f1o o adolescente debe estar acompa\u00f1ado por sus padres para comenzar.<\/p>\n\t\t\t\t\t\t\t\t<\/div>\n\t\t\t\t<\/div>\n\t\t\t\t\t<\/div>\n\t\t<\/div>\n\t\t\t\t\t<\/div>\n\t\t<\/section>\n\t\t\t\t<\/div>\n\t\t","protected":false},"excerpt":{"rendered":"<p>Secci\u00f3n A\u00efkid\u00f4 ni\u00f1os \u2013 adolescentes Ataques y t\u00e9cnicas. Manual para j\u00f3venes profesionales. Secci\u00f3n de Aikido para Ni\u00f1os y Adolescentes La secci\u00f3n de Aikido para Ni\u00f1os y Adolescentes de Shung-Do-Kwan se fund\u00f3 alrededor de 1980. Desde entonces, varios instructores han impartido clases all\u00ed. Actualmente, la instructora es la Sra. Tamara Franzova (2.\u00ba Dan), asistida por varios [&hellip;]<\/p>\n","protected":false},"author":1,"featured_media":0,"parent":0,"menu_order":0,"comment_status":"closed","ping_status":"closed","template":"elementor_header_footer","meta":{"footnotes":""},"folder":[],"class_list":["post-6816","page","type-page","status-publish","hentry"],"yoast_head":"<!-- This site is optimized with the Yoast SEO plugin v28.2 - https:\/\/yoast.com\/product\/yoast-seo-wordpress\/ -->\n<title>A\u00efkido Ni\u00f1os - Aikikai International Geneve<\/title>\n<meta name=\"robots\" content=\"index, follow, max-snippet:-1, max-image-preview:large, max-video-preview:-1\" \/>\n<link rel=\"canonical\" href=\"https:\/\/aikikai-international-geneve.ch\/?page_id=6816\" \/>\n<meta property=\"og:locale\" content=\"fr_FR\" \/>\n<meta property=\"og:type\" content=\"article\" \/>\n<meta property=\"og:title\" content=\"A\u00efkido Ni\u00f1os - Aikikai International Geneve\" \/>\n<meta property=\"og:description\" content=\"Secci\u00f3n A\u00efkid\u00f4 ni\u00f1os \u2013 adolescentes Ataques y t\u00e9cnicas. Manual para j\u00f3venes profesionales. Secci\u00f3n de Aikido para Ni\u00f1os y Adolescentes La secci\u00f3n de Aikido para Ni\u00f1os y Adolescentes de Shung-Do-Kwan se fund\u00f3 alrededor de 1980. Desde entonces, varios instructores han impartido clases all\u00ed. Actualmente, la instructora es la Sra. Tamara Franzova (2.\u00ba Dan), asistida por varios [&hellip;]\" \/>\n<meta property=\"og:url\" content=\"https:\/\/aikikai-international-geneve.ch\/?page_id=6816&amp;lang=es\" \/>\n<meta property=\"og:site_name\" content=\"Aikikai International Geneve\" \/>\n<meta property=\"article:modified_time\" content=\"2026-05-26T14:47:45+00:00\" \/>\n<meta property=\"og:image\" content=\"https:\/\/aikikai-international-geneve.ch\/wp-content\/uploads\/2019\/10\/enfants_01.png\" \/>\n\t<meta property=\"og:image:width\" content=\"231\" \/>\n\t<meta property=\"og:image:height\" content=\"188\" \/>\n\t<meta property=\"og:image:type\" content=\"image\/png\" \/>\n<meta name=\"twitter:card\" content=\"summary_large_image\" \/>\n<meta name=\"twitter:label1\" content=\"Dur\u00e9e de lecture estim\u00e9e\" \/>\n\t<meta name=\"twitter:data1\" content=\"2 minutes\" \/>\n<script type=\"application\/ld+json\" class=\"yoast-schema-graph\">{\"@context\":\"https:\\\/\\\/schema.org\",\"@graph\":[{\"@type\":\"WebPage\",\"@id\":\"https:\\\/\\\/aikikai-international-geneve.ch\\\/?page_id=6816&lang=es\",\"url\":\"https:\\\/\\\/aikikai-international-geneve.ch\\\/?page_id=6816&lang=es\",\"name\":\"A\u00efkido Ni\u00f1os - Aikikai International Geneve\",\"isPartOf\":{\"@id\":\"https:\\\/\\\/aikikai-international-geneve.ch\\\/#website\"},\"primaryImageOfPage\":{\"@id\":\"https:\\\/\\\/aikikai-international-geneve.ch\\\/?page_id=6816&lang=es#primaryimage\"},\"image\":{\"@id\":\"https:\\\/\\\/aikikai-international-geneve.ch\\\/?page_id=6816&lang=es#primaryimage\"},\"thumbnailUrl\":\"http:\\\/\\\/aikikai-international-geneve.ch\\\/wp-content\\\/uploads\\\/2019\\\/10\\\/enfants_01.png\",\"datePublished\":\"2019-10-22T15:35:07+00:00\",\"dateModified\":\"2026-05-26T14:47:45+00:00\",\"breadcrumb\":{\"@id\":\"https:\\\/\\\/aikikai-international-geneve.ch\\\/?page_id=6816&lang=es#breadcrumb\"},\"inLanguage\":\"fr-FR\",\"potentialAction\":[{\"@type\":\"ReadAction\",\"target\":[\"https:\\\/\\\/aikikai-international-geneve.ch\\\/?page_id=6816&lang=es\"]}]},{\"@type\":\"ImageObject\",\"inLanguage\":\"fr-FR\",\"@id\":\"https:\\\/\\\/aikikai-international-geneve.ch\\\/?page_id=6816&lang=es#primaryimage\",\"url\":\"https:\\\/\\\/aikikai-international-geneve.ch\\\/wp-content\\\/uploads\\\/2019\\\/10\\\/enfants_01.png\",\"contentUrl\":\"https:\\\/\\\/aikikai-international-geneve.ch\\\/wp-content\\\/uploads\\\/2019\\\/10\\\/enfants_01.png\",\"width\":231,\"height\":188},{\"@type\":\"BreadcrumbList\",\"@id\":\"https:\\\/\\\/aikikai-international-geneve.ch\\\/?page_id=6816&lang=es#breadcrumb\",\"itemListElement\":[{\"@type\":\"ListItem\",\"position\":1,\"name\":\"Home\",\"item\":\"https:\\\/\\\/aikikai-international-geneve.ch\\\/\"},{\"@type\":\"ListItem\",\"position\":2,\"name\":\"A\u00efkido Ni\u00f1os\"}]},{\"@type\":\"WebSite\",\"@id\":\"https:\\\/\\\/aikikai-international-geneve.ch\\\/#website\",\"url\":\"https:\\\/\\\/aikikai-international-geneve.ch\\\/\",\"name\":\"Aikikai International Geneve\",\"description\":\"Les sections A\u00efkido et KenJutsu du Shung Do Kwan Budo Gen\u00e8ve\",\"potentialAction\":[{\"@type\":\"SearchAction\",\"target\":{\"@type\":\"EntryPoint\",\"urlTemplate\":\"https:\\\/\\\/aikikai-international-geneve.ch\\\/?s={search_term_string}\"},\"query-input\":{\"@type\":\"PropertyValueSpecification\",\"valueRequired\":true,\"valueName\":\"search_term_string\"}}],\"inLanguage\":\"fr-FR\"}]}<\/script>\n<!-- \/ Yoast SEO plugin. -->","yoast_head_json":{"title":"A\u00efkido Ni\u00f1os - Aikikai International Geneve","robots":{"index":"index","follow":"follow","max-snippet":"max-snippet:-1","max-image-preview":"max-image-preview:large","max-video-preview":"max-video-preview:-1"},"canonical":"https:\/\/aikikai-international-geneve.ch\/?page_id=6816","og_locale":"fr_FR","og_type":"article","og_title":"A\u00efkido Ni\u00f1os - Aikikai International Geneve","og_description":"Secci\u00f3n A\u00efkid\u00f4 ni\u00f1os \u2013 adolescentes Ataques y t\u00e9cnicas. Manual para j\u00f3venes profesionales. Secci\u00f3n de Aikido para Ni\u00f1os y Adolescentes La secci\u00f3n de Aikido para Ni\u00f1os y Adolescentes de Shung-Do-Kwan se fund\u00f3 alrededor de 1980. Desde entonces, varios instructores han impartido clases all\u00ed. Actualmente, la instructora es la Sra. Tamara Franzova (2.\u00ba Dan), asistida por varios [&hellip;]","og_url":"https:\/\/aikikai-international-geneve.ch\/?page_id=6816&lang=es","og_site_name":"Aikikai International Geneve","article_modified_time":"2026-05-26T14:47:45+00:00","og_image":[{"width":231,"height":188,"url":"https:\/\/aikikai-international-geneve.ch\/wp-content\/uploads\/2019\/10\/enfants_01.png","type":"image\/png"}],"twitter_card":"summary_large_image","twitter_misc":{"Dur\u00e9e de lecture estim\u00e9e":"2 minutes"},"schema":{"@context":"https:\/\/schema.org","@graph":[{"@type":"WebPage","@id":"https:\/\/aikikai-international-geneve.ch\/?page_id=6816&lang=es","url":"https:\/\/aikikai-international-geneve.ch\/?page_id=6816&lang=es","name":"A\u00efkido Ni\u00f1os - Aikikai International Geneve","isPartOf":{"@id":"https:\/\/aikikai-international-geneve.ch\/#website"},"primaryImageOfPage":{"@id":"https:\/\/aikikai-international-geneve.ch\/?page_id=6816&lang=es#primaryimage"},"image":{"@id":"https:\/\/aikikai-international-geneve.ch\/?page_id=6816&lang=es#primaryimage"},"thumbnailUrl":"http:\/\/aikikai-international-geneve.ch\/wp-content\/uploads\/2019\/10\/enfants_01.png","datePublished":"2019-10-22T15:35:07+00:00","dateModified":"2026-05-26T14:47:45+00:00","breadcrumb":{"@id":"https:\/\/aikikai-international-geneve.ch\/?page_id=6816&lang=es#breadcrumb"},"inLanguage":"fr-FR","potentialAction":[{"@type":"ReadAction","target":["https:\/\/aikikai-international-geneve.ch\/?page_id=6816&lang=es"]}]},{"@type":"ImageObject","inLanguage":"fr-FR","@id":"https:\/\/aikikai-international-geneve.ch\/?page_id=6816&lang=es#primaryimage","url":"https:\/\/aikikai-international-geneve.ch\/wp-content\/uploads\/2019\/10\/enfants_01.png","contentUrl":"https:\/\/aikikai-international-geneve.ch\/wp-content\/uploads\/2019\/10\/enfants_01.png","width":231,"height":188},{"@type":"BreadcrumbList","@id":"https:\/\/aikikai-international-geneve.ch\/?page_id=6816&lang=es#breadcrumb","itemListElement":[{"@type":"ListItem","position":1,"name":"Home","item":"https:\/\/aikikai-international-geneve.ch\/"},{"@type":"ListItem","position":2,"name":"A\u00efkido Ni\u00f1os"}]},{"@type":"WebSite","@id":"https:\/\/aikikai-international-geneve.ch\/#website","url":"https:\/\/aikikai-international-geneve.ch\/","name":"Aikikai International Geneve","description":"Les sections A\u00efkido et KenJutsu du Shung Do Kwan Budo Gen\u00e8ve","potentialAction":[{"@type":"SearchAction","target":{"@type":"EntryPoint","urlTemplate":"https:\/\/aikikai-international-geneve.ch\/?s={search_term_string}"},"query-input":{"@type":"PropertyValueSpecification","valueRequired":true,"valueName":"search_term_string"}}],"inLanguage":"fr-FR"}]}},"_links":{"self":[{"href":"https:\/\/aikikai-international-geneve.ch\/index.php?rest_route=\/wp\/v2\/pages\/6816","targetHints":{"allow":["GET"]}}],"collection":[{"href":"https:\/\/aikikai-international-geneve.ch\/index.php?rest_route=\/wp\/v2\/pages"}],"about":[{"href":"https:\/\/aikikai-international-geneve.ch\/index.php?rest_route=\/wp\/v2\/types\/page"}],"author":[{"embeddable":true,"href":"https:\/\/aikikai-international-geneve.ch\/index.php?rest_route=\/wp\/v2\/users\/1"}],"replies":[{"embeddable":true,"href":"https:\/\/aikikai-international-geneve.ch\/index.php?rest_route=%2Fwp%2Fv2%2Fcomments&post=6816"}],"version-history":[{"count":26,"href":"https:\/\/aikikai-international-geneve.ch\/index.php?rest_route=\/wp\/v2\/pages\/6816\/revisions"}],"predecessor-version":[{"id":25826,"href":"https:\/\/aikikai-international-geneve.ch\/index.php?rest_route=\/wp\/v2\/pages\/6816\/revisions\/25826"}],"wp:attachment":[{"href":"https:\/\/aikikai-international-geneve.ch\/index.php?rest_route=%2Fwp%2Fv2%2Fmedia&parent=6816"}],"wp:term":[{"taxonomy":"folder","embeddable":true,"href":"https:\/\/aikikai-international-geneve.ch\/index.php?rest_route=%2Fwp%2Fv2%2Ffolder&post=6816"}],"curies":[{"name":"wp","href":"https:\/\/api.w.org\/{rel}","templated":true}]}}